{"id":10435,"date":"2025-09-22T07:31:02","date_gmt":"2025-09-22T05:31:02","guid":{"rendered":"https:\/\/histoire-en-citations.fr\/WP\/blum\/"},"modified":"2025-09-22T07:31:02","modified_gmt":"2025-09-22T05:31:02","slug":"blum","status":"publish","type":"page","link":"https:\/\/histoire-en-citations.fr\/WP\/blum\/","title":{"rendered":"Blum"},"content":{"rendered":"<div class=\"content\">\n<div class=\"view view-index-taxo view-id-index_taxo view-display-id-page view-dom-id-34686025f93aa255d63272abad1051a3\">\n<div class=\"view-header\">Affichage de 1 \u2013 11 sur 11.<\/div>\n<div class=\"view-content\">\n<div class=\"views-row views-row-1 views-row-odd views-row-first\">\n<div class=\"views-field views-field-field-index-collection\">\n<div class=\"field-content\">\n<div class=\"field-collection-view clearfix view-mode-full field-collection-view-final\">\n<div class=\"entity entity-field-collection-item field-collection-item-field-index-collection clearfix\">\n<div class=\"content\">\n<blockquote>\n<p class=\"citation-small\"><a href=\"https:\/\/histoire-en-citations.fr\/WP\/la-guerre-histoire-en-citations-dune-tragedie-seculaire-et-quotidienne-troisieme-republique#2617\">\u00ab\u00a0\u00c0 l\u2019issue d\u2019une longue guerre nationale, la victoire bouleverse comme la d\u00e9faite.\u00a0\u00bb<\/a><\/p>\n<p class=\"auteur\"><span class=\"author\"><span class=\"surname\">L\u00e9on <\/span><span class=\"name\">BLUM<\/span><\/span> (1872-1950), <cite>A l\u2019\u00e9chelle humaine<\/cite> (1945)<\/p>\n<p>\u00a0<\/p>\n<\/blockquote>\n<\/div>\n<\/div>\n<\/div>\n<\/div>\n<\/div>\n<\/div>\n<div class=\"views-row views-row-2 views-row-even\">\n<div class=\"views-field views-field-field-index-collection\">\n<div class=\"field-content\">\n<div class=\"field-collection-view clearfix view-mode-full field-collection-view-final\">\n<div class=\"entity entity-field-collection-item field-collection-item-field-index-collection clearfix\">\n<div class=\"content\">\n<blockquote>\n<p class=\"citation-small\"><a href=\"https:\/\/histoire-en-citations.fr\/WP\/recit-ou-roman-national-une-confusion-inadmissible#2622\">\u00ab\u00a0Toute classe dirigeante qui ne peut maintenir sa coh\u00e9sion qu\u2019\u00e0 la condition de ne pas agir, qui ne peut durer qu\u2019\u00e0 la condition de ne pas changer [\u2026] est condamn\u00e9e \u00e0 dispara\u00eetre de l\u2019histoire.\u00a0\u00bb<\/a><\/p>\n<p class=\"auteur\"><span class=\"author\"><span class=\"surname\">L\u00e9on <\/span><span class=\"name\">BLUM<\/span><\/span> (1872-1950), <cite>\u00c0 l\u2019\u00e9chelle humaine<\/cite> (1945)<\/p>\n<p>\u00a0<\/p>\n<\/blockquote>\n<\/div>\n<\/div>\n<\/div>\n<\/div>\n<\/div>\n<\/div>\n<div class=\"views-row views-row-3 views-row-odd\">\n<div class=\"views-field views-field-field-index-collection\">\n<div class=\"field-content\">\n<div class=\"field-collection-view clearfix view-mode-full field-collection-view-final\">\n<div class=\"entity entity-field-collection-item field-collection-item-field-index-collection clearfix\">\n<div class=\"content\">\n<blockquote>\n<p class=\"citation-small\"><a href=\"https:\/\/histoire-en-citations.fr\/WP\/lecture-recommandee-en-temps-de-vacances-les-memoires-de-la-monarchie-de-juillet-a-nos-jours#2625\">\u00ab\u00a0Les poisons sont quelquefois des rem\u00e8des, mais certains poisons ne sont pourtant que des poisons.\u00a0\u00bb<\/a><\/p>\n<p class=\"auteur\"><span class=\"author\"><span class=\"surname\">L\u00e9on <\/span><span class=\"name\">BLUM<\/span><\/span> (1872-1950), <cite>\u00c0 l\u2019\u00e9chelle humaine<\/cite> (1945)<\/p>\n<p>\u00a0<\/p>\n<\/blockquote>\n<\/div>\n<\/div>\n<\/div>\n<\/div>\n<\/div>\n<\/div>\n<div class=\"views-row views-row-4 views-row-even\">\n<div class=\"views-field views-field-field-index-collection\">\n<div class=\"field-content\">\n<div class=\"field-collection-view clearfix view-mode-full field-collection-view-final\">\n<div class=\"entity entity-field-collection-item field-collection-item-field-index-collection clearfix\">\n<div class=\"content\">\n<blockquote>\n<p class=\"citation-small\"><a href=\"https:\/\/histoire-en-citations.fr\/WP\/qui-a-dit-quoi-de-qui-troisieme-republique#2631\">\u00ab\u00a0Il y eut quelque chose d\u2019effr\u00e9n\u00e9, une fi\u00e8vre de d\u00e9pense, de jouissance et d\u2019entreprise, une intol\u00e9rance de toute r\u00e8gle, un besoin de nouveaut\u00e9 allant jusqu\u2019\u00e0 l\u2019aberration, un besoin de libert\u00e9 allant jusqu\u2019\u00e0 la d\u00e9pravation.\u00a0\u00bb<\/a><\/p>\n<p class=\"auteur\"><span class=\"author\"><span class=\"surname\">L\u00e9on <\/span><span class=\"name\">BLUM<\/span><\/span> (1872-1950), <cite>\u00c0 l\u2019\u00e9chelle humaine<\/cite> (1945)<\/p>\n<p>\u00a0<\/p>\n<\/blockquote>\n<\/div>\n<\/div>\n<\/div>\n<\/div>\n<\/div>\n<\/div>\n<div class=\"views-row views-row-5 views-row-odd\">\n<div class=\"views-field views-field-field-index-collection\">\n<div class=\"field-content\">\n<div class=\"field-collection-view clearfix view-mode-full field-collection-view-final\">\n<div class=\"entity entity-field-collection-item field-collection-item-field-index-collection clearfix\">\n<div class=\"content\">\n<blockquote>\n<p class=\"citation-small\"><a href=\"https:\/\/histoire-en-citations.fr\/WP\/nelly-roussel-faisons-donc-la-greve-camarades-la-greve-des-ventres-plus-denfants-pour-le-capitalisme#2638\">\u00ab\u00a0Pendant que vous irez courir l\u2019aventure, il faut que quelqu\u2019un reste garder la vieille maison.\u00a0\u00bb<\/a><\/p>\n<p class=\"auteur\"><span class=\"author\"><span class=\"surname\">L\u00e9on <\/span><span class=\"name\">BLUM<\/span><\/span> (1872-1950), au Congr\u00e8s de Tours (25-31\u00a0d\u00e9cembre 1920)<\/p>\n<p>\u00a0<\/p>\n<\/blockquote>\n<\/div>\n<\/div>\n<\/div>\n<\/div>\n<\/div>\n<\/div>\n<div class=\"views-row views-row-6 views-row-even\">\n<div class=\"views-field views-field-field-index-collection\">\n<div class=\"field-content\">\n<div class=\"field-collection-view clearfix view-mode-full field-collection-view-final\">\n<div class=\"entity entity-field-collection-item field-collection-item-field-index-collection clearfix\">\n<div class=\"content\">\n<blockquote>\n<p class=\"citation-small\"><a href=\"https:\/\/histoire-en-citations.fr\/WP\/louise-weiss-les-paysannes-restaient-bouche-bee-quand-je-leur-parlais-du-vote#2670\">\u00ab\u00a0Nous n\u2019attendrons ni une semaine, ni trois jours, ni m\u00eame une heure pour le r\u00e9p\u00e9ter solennellement\u00a0: nous ne subirons pas la loi de la sp\u00e9culation internationale.\u00a0\u00bb<\/a><\/p>\n<p class=\"auteur\"><span class=\"author\"><span class=\"surname\">L\u00e9on <\/span><span class=\"name\">BLUM<\/span><\/span> (1872-1950), annon\u00e7ant le programme de la gauche unie, en mai\u00a01935<\/p>\n<p>\u00a0<\/p>\n<\/blockquote>\n<\/div>\n<\/div>\n<\/div>\n<\/div>\n<\/div>\n<\/div>\n<div class=\"views-row views-row-7 views-row-odd\">\n<div class=\"views-field views-field-field-index-collection\">\n<div class=\"field-content\">\n<div class=\"field-collection-view clearfix view-mode-full field-collection-view-final\">\n<div class=\"entity entity-field-collection-item field-collection-item-field-index-collection clearfix\">\n<div class=\"content\">\n<blockquote>\n<p class=\"citation-small\"><a href=\"https:\/\/histoire-en-citations.fr\/WP\/la-foire-aux-utopies-du-plus-classique-au-plus-original-de-1914-a-nos-jours#2676\">Pain. Paix. Libert\u00e9.<\/a><\/p>\n<p class=\"auteur\"><span class=\"author\"><span class=\"surname\">L\u00e9on <\/span><span class=\"name\">BLUM<\/span><\/span> (1872-1950), slogan \u00e9lectoral du Front populaire, inspir\u00e9 du mot d\u2019ordre de <span class=\"author\"><span class=\"surname\">Maurice <\/span><span class=\"name\">THOREZ<\/span><\/span> (1900-1964), 13\u00a0novembre 1934<\/p>\n<p>\u00a0<\/p>\n<\/blockquote>\n<\/div>\n<\/div>\n<\/div>\n<\/div>\n<\/div>\n<\/div>\n<div class=\"views-row views-row-8 views-row-even\">\n<div class=\"views-field views-field-field-index-collection\">\n<div class=\"field-content\">\n<div class=\"field-collection-view clearfix view-mode-full field-collection-view-final\">\n<div class=\"entity entity-field-collection-item field-collection-item-field-index-collection clearfix\">\n<div class=\"content\">\n<blockquote>\n<p class=\"citation-small\"><a href=\"https:\/\/histoire-en-citations.fr\/WP\/lhistoire-en-caricatures-suite-de-la-iiie-troisieme-republique#2681\">\u00ab\u00a0Il est revenu un espoir, un go\u00fbt du travail, un go\u00fbt de la vie.\u00a0\u00bb<\/a><\/p>\n<p class=\"auteur\"><span class=\"author\"><span class=\"surname\">L\u00e9on <\/span><span class=\"name\">BLUM<\/span><\/span> (1872-1950), constat du chef du gouvernement, 31\u00a0d\u00e9cembre 1936<\/p>\n<p>\u00a0<\/p>\n<\/blockquote>\n<\/div>\n<\/div>\n<\/div>\n<\/div>\n<\/div>\n<\/div>\n<div class=\"views-row views-row-9 views-row-odd\">\n<div class=\"views-field views-field-field-index-collection\">\n<div class=\"field-content\">\n<div class=\"field-collection-view clearfix view-mode-full field-collection-view-final\">\n<div class=\"entity entity-field-collection-item field-collection-item-field-index-collection clearfix\">\n<div class=\"content\">\n<blockquote>\n<p class=\"citation-small\"><a href=\"https:\/\/histoire-en-citations.fr\/WP\/lhistoire-en-caricatures-suite-de-la-iiie-troisieme-republique#2697\">\u00ab\u00a0S\u2019ils s\u2019obstinent, ces cannibales, \u00e0 faire de nous des h\u00e9ros, il faut que nos premi\u00e8res balles soient pour Mandel, Blum et Reynaud.\u00a0\u00bb<\/a><\/p>\n<p class=\"auteur\">\u00ab\u00a0\u00c0 bas la guerre\u00a0\u00bb, <cite>l\u2019Action Fran\u00e7aise<\/cite>, num\u00e9ro saisi le 27\u00a0septembre 1938<\/p>\n<p>\u00a0<\/p>\n<\/blockquote>\n<\/div>\n<\/div>\n<\/div>\n<\/div>\n<\/div>\n<\/div>\n<div class=\"views-row views-row-10 views-row-even\">\n<div class=\"views-field views-field-field-index-collection\">\n<div class=\"field-content\">\n<div class=\"field-collection-view clearfix view-mode-full field-collection-view-final\">\n<div class=\"entity entity-field-collection-item field-collection-item-field-index-collection clearfix\">\n<div class=\"content\">\n<blockquote>\n<p class=\"citation-small\"><a href=\"https:\/\/histoire-en-citations.fr\/WP\/histoire-de-lantisemitisme-en-citations-xxe-et-xxie-siecles#2787\">\u00ab\u00a0Le patronat de droit divin est mort.\u00a0\u00bb<\/a><\/p>\n<p class=\"auteur\"><span class=\"author\"><span class=\"surname\">L\u00e9on <\/span><span class=\"name\">BLUM<\/span><\/span> (1872-1950), r\u00e9sumant l\u2019une des id\u00e9es force du Front populaire de 1936<\/p>\n<p>\u00a0<\/p>\n<\/blockquote>\n<\/div>\n<\/div>\n<\/div>\n<\/div>\n<\/div>\n<\/div>\n<div class=\"views-row views-row-11 views-row-odd views-row-last\">\n<div class=\"views-field views-field-field-index-collection\">\n<div class=\"field-content\">\n<div class=\"field-collection-view clearfix view-mode-full field-collection-view-final\">\n<div class=\"entity entity-field-collection-item field-collection-item-field-index-collection clearfix\">\n<div class=\"content\">\n<blockquote>\n<p class=\"citation-small\"><a href=\"https:\/\/histoire-en-citations.fr\/WP\/prix-nobel-les-grands-absents-de-la-liste-officielle#2897\">\u00ab\u00a0Il faudrait \u00eatre bien inattentif pour croire que l\u2019action de Pierre Mend\u00e8s France fut limit\u00e9e aux quelque sept mois et dix-sept jours pass\u00e9s de juin\u00a01954 \u00e0 f\u00e9vrier\u00a01955 \u00e0 la t\u00eate du gouvernement de la R\u00e9publique. Un \u00e9t\u00e9, un automne, quelques jours. L\u2019Histoire ne fait pas ces comptes-l\u00e0. L\u00e9on Blum pour un an, Gambetta et Jaur\u00e8s, pour si peu, pour jamais, pour toujours.\u00a0\u00bb<\/a><\/p>\n<p class=\"auteur\"><span class=\"author\"><span class=\"surname\">Fran\u00e7ois <\/span><span class=\"name\">MITTERRAND<\/span><\/span> (1916-1996), Cour d\u2019honneur de l\u2019Assembl\u00e9e nationale, Discours du 27\u00a0octobre 1982<\/p>\n<p>\u00a0<\/p>\n<\/blockquote>\n<\/div>\n<\/div>\n<\/div>\n<\/div>\n<\/div>\n<\/div>\n<\/div>\n<\/div>\n<\/div>\n<style>\r\n        a .cit-num {\r\n            text-decoration: none !important;\r\n            color: inherit !important;\r\n        }\r\n    <\/style>","protected":false},"excerpt":{"rendered":"<p>Affichage de 1 &#8211; 11 sur 11.\u00ab\u00a0\u00c0 l\u2019issue d\u2019une longue guerre nationale, la victoire bouleverse comme la d\u00e9faite.\u00a0\u00bb2617L\u00e9on BLUM (1872-1950), A l\u2019\u00e9chelle humaine (1945)\u00a0\u00ab\u00a0Toute classe dirigeante qui ne peut maintenir sa coh\u00e9sion qu\u2019\u00e0 la condition de ne pas agir, qui ne peut durer qu\u2019\u00e0 la condition de ne pas changer [\u2026] est condamn\u00e9e \u00e0 dispara\u00eetre [&#8230;]<\/p>\n","protected":false},"author":1,"featured_media":0,"parent":0,"menu_order":0,"comment_status":"closed","ping_status":"closed","template":"","meta":{"site-sidebar-layout":"default","site-content-layout":"","ast-site-content-layout":"default","site-content-style":"default","site-sidebar-style":"default","ast-global-header-display":"","ast-banner-title-visibility":"","ast-main-header-display":"","ast-hfb-above-header-display":"","ast-hfb-below-header-display":"","ast-hfb-mobile-header-display":"","site-post-title":"","ast-breadcrumbs-content":"","ast-featured-img":"","footer-sml-layout":"","theme-transparent-header-meta":"default","adv-header-id-meta":"","stick-header-meta":"","header-above-stick-meta":"","header-main-stick-meta":"","header-below-stick-meta":"","astra-migrate-meta-layouts":"set","ast-page-background-enabled":"default","ast-page-background-meta":{"desktop":{"background-color":"var(--ast-global-color-5)","background-image":"","background-repeat":"repeat","background-position":"center center","background-size":"auto","background-attachment":"scroll","background-type":"","background-media":"","overlay-type":"","overlay-color":"","overlay-opacity":"","overlay-gradient":""},"tablet":{"background-color":"","background-image":"","background-repeat":"repeat","background-position":"center center","background-size":"auto","background-attachment":"scroll","background-type":"","background-media":"","overlay-type":"","overlay-color":"","overlay-opacity":"","overlay-gradient":""},"mobile":{"background-color":"","background-image":"","background-repeat":"repeat","background-position":"center center","background-size":"auto","background-attachment":"scroll","background-type":"","background-media":"","overlay-type":"","overlay-color":"","overlay-opacity":"","overlay-gradient":""}},"ast-content-background-meta":{"desktop":{"background-color":"var(--ast-global-color-4)","background-image":"","background-repeat":"repeat","background-position":"center center","background-size":"auto","background-attachment":"scroll","background-type":"","background-media":"","overlay-type":"","overlay-color":"","overlay-opacity":"","overlay-gradient":""},"tablet":{"background-color":"var(--ast-global-color-4)","background-image":"","background-repeat":"repeat","background-position":"center center","background-size":"auto","background-attachment":"scroll","background-type":"","background-media":"","overlay-type":"","overlay-color":"","overlay-opacity":"","overlay-gradient":""},"mobile":{"background-color":"var(--ast-global-color-4)","background-image":"","background-repeat":"repeat","background-position":"center center","background-size":"auto","background-attachment":"scroll","background-type":"","background-media":"","overlay-type":"","overlay-color":"","overlay-opacity":"","overlay-gradient":""}},"iawp_total_views":23,"footnotes":""},"class_list":["post-10435","page","type-page","status-publish","hentry"],"_links":{"self":[{"href":"https:\/\/histoire-en-citations.fr\/WP\/wp-json\/wp\/v2\/pages\/10435","targetHints":{"allow":["GET"]}}],"collection":[{"href":"https:\/\/histoire-en-citations.fr\/WP\/wp-json\/wp\/v2\/pages"}],"about":[{"href":"https:\/\/histoire-en-citations.fr\/WP\/wp-json\/wp\/v2\/types\/page"}],"author":[{"embeddable":true,"href":"https:\/\/histoire-en-citations.fr\/WP\/wp-json\/wp\/v2\/users\/1"}],"replies":[{"embeddable":true,"href":"https:\/\/histoire-en-citations.fr\/WP\/wp-json\/wp\/v2\/comments?post=10435"}],"version-history":[{"count":4,"href":"https:\/\/histoire-en-citations.fr\/WP\/wp-json\/wp\/v2\/pages\/10435\/revisions"}],"predecessor-version":[{"id":13635,"href":"https:\/\/histoire-en-citations.fr\/WP\/wp-json\/wp\/v2\/pages\/10435\/revisions\/13635"}],"wp:attachment":[{"href":"https:\/\/histoire-en-citations.fr\/WP\/wp-json\/wp\/v2\/media?parent=10435"}],"curies":[{"name":"wp","href":"https:\/\/api.w.org\/{rel}","templated":true}]}}