{"id":10447,"date":"2025-09-22T07:31:02","date_gmt":"2025-09-22T05:31:02","guid":{"rendered":"https:\/\/histoire-en-citations.fr\/WP\/chirac\/"},"modified":"2025-09-22T07:31:02","modified_gmt":"2025-09-22T05:31:02","slug":"chirac","status":"publish","type":"page","link":"https:\/\/histoire-en-citations.fr\/WP\/chirac\/","title":{"rendered":"Chirac"},"content":{"rendered":"<div class=\"content\">\n<div class=\"view view-index-taxo view-id-index_taxo view-display-id-page view-dom-id-a68728189815114fc0a7f64895b54740\">\n<div class=\"view-header\">\n<p class=\"presentation\">Pr\u00e9sident de la R\u00e9publique succ\u00e9dant \u00e0 Mitterrand, professionnel de la politique autant qu\u2019amoureux de la vraie vie, sinc\u00e8re et manipulateur, avec une cote de popularit\u00e9 allant du plus bas au plus haut et vice versa. Homme de droite, mais surtout de bon sens, gaulliste du \u201c\u00a0surlendemain\u00a0\u201d et Europ\u00e9en \u00e0 ses heures, \u00e9cologiste au final et fran\u00e7ais jusqu\u2019au franchouillard.<\/p>\n<p class=\"idxinfo\">Cliquez sur une citation pour la consulter dans son contexte historique.<a class=\"retour\" href=\"https:\/\/histoire-en-citations.fr\/WP\/personnages\/\">Retour aux personnages<\/a><\/p>\n<p> Affichage de 1 \u2013 25 sur 25.    <\/p><\/div>\n<div class=\"view-content\">\n<div class=\"views-row views-row-1 views-row-odd views-row-first\">\n<div class=\"views-field views-field-field-index-collection\">\n<div class=\"field-content\">\n<div class=\"field-collection-view clearfix view-mode-full field-collection-view-final\">\n<div class=\"entity entity-field-collection-item field-collection-item-field-index-collection clearfix\">\n<div class=\"content\">\n<blockquote>\n<p class=\"citation-small\"><a href=\"https:\/\/histoire-en-citations.fr\/WP\/qui-a-dit-quoi-de-qui-cinquieme-republique-de-mitterrand-a-macron#2961\">\u00ab Au regard de l\u2019histoire de la vie sur Terre, celle de l\u2019humanit\u00e9 commence \u00e0 peine. Et pourtant, la voici d\u00e9j\u00e0, par la faute de l\u2019homme, mena\u00e7ante pour la nature et donc elle-m\u00eame menac\u00e9e. \u00bb<\/a><\/p>\n<p class=\"auteur\"><span class=\"author\"><span class=\"surname\">Jacques <\/span><span class=\"name\">CHIRAC<\/span><\/span> (1932-2019), pr\u00e9sident de la R\u00e9publique, Discours au Sommet mondial de Johannesburg (Afrique du Sud), 2\u00a0septembre 2002<\/p>\n\n<\/blockquote><\/div>\n<\/div>\n<\/div>\n<\/div><\/div>\n<\/div>\n<div class=\"views-row views-row-2 views-row-even\">\n<div class=\"views-field views-field-field-index-collection\">\n<div class=\"field-content\">\n<div class=\"field-collection-view clearfix view-mode-full field-collection-view-final\">\n<div class=\"entity entity-field-collection-item field-collection-item-field-index-collection clearfix\">\n<div class=\"content\">\n<blockquote>\n<p class=\"citation-small\"><a href=\"https:\/\/histoire-en-citations.fr\/WP\/qui-a-dit-quoi-de-qui-cinquieme-republique-sous-de-gaulle-pompidou-et-giscard-destaing#3169\">\u00ab\u00a0Je ne dispose pas des moyens que j\u2019estime aujourd\u2019hui n\u00e9cessaires pour assurer efficacement mes fonctions de Premier ministre et, dans ces conditions, j\u2019ai d\u00e9cid\u00e9 d\u2019y mettre fin.\u00a0\u00bb<\/a><\/p>\n<p class=\"auteur\"><span class=\"author\"><span class=\"surname\">Jacques <\/span><span class=\"name\">CHIRAC<\/span><\/span> (1932-2019), D\u00e9claration \u00e0 l\u2019h\u00f4tel Matignon, 25\u00a0ao\u00fbt 1976<\/p>\n\n<\/blockquote><\/div>\n<\/div>\n<\/div>\n<\/div><\/div>\n<\/div>\n<div class=\"views-row views-row-3 views-row-odd\">\n<div class=\"views-field views-field-field-index-collection\">\n<div class=\"field-content\">\n<div class=\"field-collection-view clearfix view-mode-full field-collection-view-final\">\n<div class=\"entity entity-field-collection-item field-collection-item-field-index-collection clearfix\">\n<div class=\"content\">\n<blockquote>\n<p class=\"citation-small\"><a href=\"https:\/\/histoire-en-citations.fr\/WP\/si-paris-nous-etait-conte-de-la-revolution-a-nos-jours#3180\">\u00ab\u00a0J\u2019appr\u00e9cie plus le pain, le p\u00e2t\u00e9, le saucisson, que les limitations de vitesse.\u00a0\u00bb<\/a><\/p>\n<p class=\"auteur\"><span class=\"author\"><span class=\"surname\">Jacques <\/span><span class=\"name\">CHIRAC<\/span><\/span> (1932-2019), <cite>L\u2019Auto-Journal<\/cite>, 1<sup>er<\/sup>\u00a0Ao\u00fbt 1977<\/p>\n\n<\/blockquote><\/div>\n<\/div>\n<\/div>\n<\/div><\/div>\n<\/div>\n<div class=\"views-row views-row-4 views-row-even\">\n<div class=\"views-field views-field-field-index-collection\">\n<div class=\"field-content\">\n<div class=\"field-collection-view clearfix view-mode-full field-collection-view-final\">\n<div class=\"entity entity-field-collection-item field-collection-item-field-index-collection clearfix\">\n<div class=\"content\">\n<blockquote>\n<p class=\"citation-small\"><a href=\"https:\/\/histoire-en-citations.fr\/WP\/lopinion-publique-des-francais-de-la-quatrieme-republique-a-nos-jours#3246\">\u00ab\u00a0Vous avez pris le risque de rallumer la guerre scolaire qui s\u2019\u00e9tait \u00e9teinte en France depuis des d\u00e9cennies [\u2026] Vous allez maintenant tordre le cou \u00e0 la libert\u00e9 des familles de choisir l\u2019\u00e9cole de leurs enfants.\u00a0\u00bb<\/a><\/p>\n<p class=\"auteur\"><span class=\"author\"><span class=\"surname\">Jacques <\/span><span class=\"name\">CHIRAC<\/span><\/span> (1932-2019), Assembl\u00e9e nationale, 24\u00a0mai 1984<\/p>\n\n<\/blockquote><\/div>\n<\/div>\n<\/div>\n<\/div><\/div>\n<\/div>\n<div class=\"views-row views-row-5 views-row-odd\">\n<div class=\"views-field views-field-field-index-collection\">\n<div class=\"field-content\">\n<div class=\"field-collection-view clearfix view-mode-full field-collection-view-final\">\n<div class=\"entity entity-field-collection-item field-collection-item-field-index-collection clearfix\">\n<div class=\"content\">\n<blockquote>\n<p class=\"citation-small\"><a href=\"https:\/\/histoire-en-citations.fr\/WP\/lhistoire-en-caricatures-de-1939-a-nos-jours#3273\">\u00ab\u00a0Les promesses n\u2019engagent que ceux qui les re\u00e7oivent.\u00a0\u00bb<\/a><\/p>\n<p class=\"auteur\"><span class=\"author\"><span class=\"surname\">Jacques <\/span><span class=\"name\">CHIRAC<\/span><\/span> (1932-2019), <cite>Le\u00a0Monde<\/cite>, 22\u00a0f\u00e9vrier 1988<\/p>\n\n<\/blockquote><\/div>\n<\/div>\n<\/div>\n<\/div><\/div>\n<\/div>\n<div class=\"views-row views-row-6 views-row-even\">\n<div class=\"views-field views-field-field-index-collection\">\n<div class=\"field-content\">\n<div class=\"field-collection-view clearfix view-mode-full field-collection-view-final\">\n<div class=\"entity entity-field-collection-item field-collection-item-field-index-collection clearfix\">\n<div class=\"content\">\n<blockquote>\n<p class=\"citation-small\"><a href=\"https:\/\/histoire-en-citations.fr\/WP\/nos-premiers-ministres-de-michel-debre-a-michel-rocard#3275\">\u00ab\u00a0Ce soir, je ne suis pas le Premier ministre et vous n\u2019\u00eates pas le pr\u00e9sident de la R\u00e9publique, nous sommes deux candidats [\u2026] Vous me permettrez donc de vous appeler Monsieur Mitterrand.\u2014 Mais vous avez tout \u00e0 fait raison, Monsieur le Premier ministre.\u00a0\u00bb<\/a><\/p>\n<p class=\"auteur\"><span class=\"author\"><span class=\"surname\">Jacques <\/span><span class=\"name\">CHIRAC<\/span><\/span> (1932-2019) et <span class=\"author\"><span class=\"surname\">Fran\u00e7ois <\/span><span class=\"name\">MITTERRAND<\/span><\/span> (1916-1996), d\u00e9bat t\u00e9l\u00e9vis\u00e9 de l\u2019entre-deux-tours, 28\u00a0avril 1988<\/p>\n\n<\/blockquote><\/div>\n<\/div>\n<\/div>\n<\/div><\/div>\n<\/div>\n<div class=\"views-row views-row-7 views-row-odd\">\n<div class=\"views-field views-field-field-index-collection\">\n<div class=\"field-content\">\n<div class=\"field-collection-view clearfix view-mode-full field-collection-view-final\">\n<div class=\"entity entity-field-collection-item field-collection-item-field-index-collection clearfix\">\n<div class=\"content\">\n<blockquote>\n<p class=\"citation-small\"><a href=\"https:\/\/histoire-en-citations.fr\/WP\/seguin-france-reveille-toi#3298\">\u00ab\u00a0L\u2019Europe, \u00e7a m\u2019en touche une, sans faire bouger l\u2019autre.\u00a0\u00bb<\/a><\/p>\n<p class=\"auteur\"><span class=\"author\"><span class=\"surname\">Jacques <\/span><span class=\"name\">CHIRAC<\/span><\/span> (1932-2019), <cite>Dans la peau de Jacques Chirac<\/cite> (2006), Karl Z\u00e9ro et Michel Royer<\/p>\n\n<\/blockquote><\/div>\n<\/div>\n<\/div>\n<\/div><\/div>\n<\/div>\n<div class=\"views-row views-row-8 views-row-even\">\n<div class=\"views-field views-field-field-index-collection\">\n<div class=\"field-content\">\n<div class=\"field-collection-view clearfix view-mode-full field-collection-view-final\">\n<div class=\"entity entity-field-collection-item field-collection-item-field-index-collection clearfix\">\n<div class=\"content\">\n<blockquote>\n<p class=\"citation-small\"><a href=\"https:\/\/histoire-en-citations.fr\/WP\/sarkozy-dans-un-monde-ou-la-deloyaute-est-la-regle-vous-me-permettrez-dafficher-de-maniere-peut-etre-provocante-ma-loyaute-envers-jacques-chirac#3305\">\u00ab\u00a0Dans un monde o\u00f9 la d\u00e9loyaut\u00e9 est la r\u00e8gle, vous me permettrez d\u2019afficher, de mani\u00e8re peut-\u00eatre provocante, ma loyaut\u00e9 envers Jacques Chirac.\u00a0\u00bb<\/a><\/p>\n<p class=\"auteur\"><span class=\"author\"><span class=\"surname\">Nicolas <\/span><span class=\"name\">SARKOZY<\/span><\/span> (n\u00e9 en 1955), juin\u00a01992<\/p>\n\n<\/blockquote><\/div>\n<\/div>\n<\/div>\n<\/div><\/div>\n<\/div>\n<div class=\"views-row views-row-9 views-row-odd\">\n<div class=\"views-field views-field-field-index-collection\">\n<div class=\"field-content\">\n<div class=\"field-collection-view clearfix view-mode-full field-collection-view-final\">\n<div class=\"entity entity-field-collection-item field-collection-item-field-index-collection clearfix\">\n<div class=\"content\">\n<blockquote>\n<p class=\"citation-small\"><a href=\"https:\/\/histoire-en-citations.fr\/WP\/galerie-presidentielle-vii-chirac-sarkozy-hollande-macron#3307\">\u00ab\u00a0Dans une campagne, il faut aller chercher les \u00e9lecteurs avec les dents.\u00a0\u00bb<\/a><\/p>\n<p class=\"auteur\"><span class=\"author\"><span class=\"surname\">Jacques <\/span><span class=\"name\">CHIRAC<\/span><\/span> (1932-2019)<\/p>\n\n<\/blockquote><\/div>\n<\/div>\n<\/div>\n<\/div><\/div>\n<\/div>\n<div class=\"views-row views-row-10 views-row-even\">\n<div class=\"views-field views-field-field-index-collection\">\n<div class=\"field-content\">\n<div class=\"field-collection-view clearfix view-mode-full field-collection-view-final\">\n<div class=\"entity entity-field-collection-item field-collection-item-field-index-collection clearfix\">\n<div class=\"content\">\n<blockquote>\n<p class=\"citation-small\"><a href=\"https:\/\/histoire-en-citations.fr\/WP\/le-grand-betisier-historique#3308\">\u00ab\u00a0L\u2019\u00e9lectroenc\u00e9phalogramme de la Chiraquie est plat. Ce n\u2019est plus l\u2019H\u00f4tel de Ville, c\u2019est l\u2019antichambre de la morgue. Chirac est mort, il ne manque plus que les trois derni\u00e8res pellet\u00e9es de terre.\u00a0\u00bb<\/a><\/p>\n<p class=\"auteur\"><span class=\"author\"><span class=\"surname\">Nicolas <\/span><span class=\"name\">SARKOZY<\/span><\/span> (n\u00e9 en 1955), 1994<\/p>\n\n<\/blockquote><\/div>\n<\/div>\n<\/div>\n<\/div><\/div>\n<\/div>\n<div class=\"views-row views-row-11 views-row-odd\">\n<div class=\"views-field views-field-field-index-collection\">\n<div class=\"field-content\">\n<div class=\"field-collection-view clearfix view-mode-full field-collection-view-final\">\n<div class=\"entity entity-field-collection-item field-collection-item-field-index-collection clearfix\">\n<div class=\"content\">\n<blockquote>\n<p class=\"citation-small\"><a href=\"https:\/\/histoire-en-citations.fr\/WP\/galerie-presidentielle-vii-chirac-sarkozy-hollande-macron#3309\">\u00ab\u00a0Il ne faut pas blesser une b\u00eate\u00a0: on la caresse ou on la tue.\u00a0\u00bb<\/a><\/p>\n<p class=\"auteur\"><span class=\"author\"><span class=\"surname\">Jacques <\/span><span class=\"name\">CHIRAC<\/span><\/span> (1932-2019)<\/p>\n\n<\/blockquote><\/div>\n<\/div>\n<\/div>\n<\/div><\/div>\n<\/div>\n<div class=\"views-row views-row-12 views-row-even\">\n<div class=\"views-field views-field-field-index-collection\">\n<div class=\"field-content\">\n<div class=\"field-collection-view clearfix view-mode-full field-collection-view-final\">\n<div class=\"entity entity-field-collection-item field-collection-item-field-index-collection clearfix\">\n<div class=\"content\">\n<blockquote>\n<p class=\"citation-small\"><a href=\"https:\/\/histoire-en-citations.fr\/WP\/lhistoire-se-met-a-table-cinquieme-republique#3312\">\u00ab\u00a0Bien s\u00fbr que je suis de gauche\u00a0! Je mange de la choucroute et je bois de la bi\u00e8re.\u00a0\u00bb<\/a><\/p>\n<p class=\"auteur\"><span class=\"author\"><span class=\"surname\">Jacques <\/span><span class=\"name\">CHIRAC<\/span><\/span> (1932-2019), <cite>Lib\u00e9ration<\/cite>, 17\u00a0f\u00e9vrier 1995<\/p>\n\n<\/blockquote><\/div>\n<\/div>\n<\/div>\n<\/div><\/div>\n<\/div>\n<div class=\"views-row views-row-13 views-row-odd\">\n<div class=\"views-field views-field-field-index-collection\">\n<div class=\"field-content\">\n<div class=\"field-collection-view clearfix view-mode-full field-collection-view-final\">\n<div class=\"entity entity-field-collection-item field-collection-item-field-index-collection clearfix\">\n<div class=\"content\">\n<blockquote>\n<p class=\"citation-small\"><a href=\"https:\/\/histoire-en-citations.fr\/WP\/qui-a-dit-quoi-de-qui-cinquieme-republique-de-mitterrand-a-macron#3316\">\u00ab\u00a0Les feux rouges, je les ai grill\u00e9s toute ma vie, tu crois peut-\u00eatre qu\u2019on en arrive l\u00e0 en auto-stop\u00a0?\u00a0\u00bb<\/a><\/p>\n<p class=\"auteur\"><span class=\"author\"><span class=\"surname\">Jacques <\/span><span class=\"name\">CHIRAC<\/span><\/span> (1932-2019), <cite>Dans la peau de Jacques Chirac<\/cite> (2006), Karl Z\u00e9ro et Michel Royer<\/p>\n\n<\/blockquote><\/div>\n<\/div>\n<\/div>\n<\/div><\/div>\n<\/div>\n<div class=\"views-row views-row-14 views-row-even\">\n<div class=\"views-field views-field-field-index-collection\">\n<div class=\"field-content\">\n<div class=\"field-collection-view clearfix view-mode-full field-collection-view-final\">\n<div class=\"entity entity-field-collection-item field-collection-item-field-index-collection clearfix\">\n<div class=\"content\">\n<blockquote>\n<p class=\"citation-small\"><a href=\"https:\/\/histoire-en-citations.fr\/WP\/qui-a-dit-quoi-de-qui-cinquieme-republique-de-mitterrand-a-macron#3317\">\u00ab\u00a0Un chef, c\u2019est fait pour cheffer.\u00a0\u00bb<\/a><\/p>\n<p class=\"auteur\"><span class=\"author\"><span class=\"surname\">Jacques <\/span><span class=\"name\">CHIRAC<\/span><\/span> (1932-2019), <cite>Le Figaro Magazine<\/cite>, 20\u00a0juin 1992<\/p>\n\n<\/blockquote><\/div>\n<\/div>\n<\/div>\n<\/div><\/div>\n<\/div>\n<div class=\"views-row views-row-15 views-row-odd\">\n<div class=\"views-field views-field-field-index-collection\">\n<div class=\"field-content\">\n<div class=\"field-collection-view clearfix view-mode-full field-collection-view-final\">\n<div class=\"entity entity-field-collection-item field-collection-item-field-index-collection clearfix\">\n<div class=\"content\">\n<blockquote>\n<p class=\"citation-small\"><a href=\"https:\/\/histoire-en-citations.fr\/WP\/qui-a-dit-quoi-de-qui-cinquieme-republique-de-mitterrand-a-macron#3320\">\u00ab\u00a0Que voulez-vous, je suis Fran\u00e7ais, et j\u2019adore aller expliquer aux autres ce que je suis infoutu de faire chez moi.\u00a0\u00bb<\/a><\/p>\n<p class=\"auteur\"><span class=\"author\"><span class=\"surname\">Jacques <\/span><span class=\"name\">CHIRAC<\/span><\/span> (1932-2019), <cite>Dans la peau de Jacques Chirac<\/cite> (2006), Karl Z\u00e9ro et Michel Royer<\/p>\n\n<\/blockquote><\/div>\n<\/div>\n<\/div>\n<\/div><\/div>\n<\/div>\n<div class=\"views-row views-row-16 views-row-even\">\n<div class=\"views-field views-field-field-index-collection\">\n<div class=\"field-content\">\n<div class=\"field-collection-view clearfix view-mode-full field-collection-view-final\">\n<div class=\"entity entity-field-collection-item field-collection-item-field-index-collection clearfix\">\n<div class=\"content\">\n<blockquote>\n<p class=\"citation-small\"><a href=\"https:\/\/histoire-en-citations.fr\/WP\/qui-a-dit-quoi-de-qui-cinquieme-republique-de-mitterrand-a-macron#3321\">\u00ab\u00a0Si vous saviez le plaisir que j\u2019ai pu \u00e9prouver \u00e0 passer pour un blaireau, surtout au milieu de corniauds.\u00a0\u00bb<\/a><\/p>\n<p class=\"auteur\"><span class=\"author\"><span class=\"surname\">Jacques <\/span><span class=\"name\">CHIRAC<\/span><\/span> (1932-2019), <cite>Dans la peau de Jacques Chirac<\/cite> (2006), Karl Z\u00e9ro et Michel Royer<\/p>\n\n<\/blockquote><\/div>\n<\/div>\n<\/div>\n<\/div><\/div>\n<\/div>\n<div class=\"views-row views-row-17 views-row-odd\">\n<div class=\"views-field views-field-field-index-collection\">\n<div class=\"field-content\">\n<div class=\"field-collection-view clearfix view-mode-full field-collection-view-final\">\n<div class=\"entity entity-field-collection-item field-collection-item-field-index-collection clearfix\">\n<div class=\"content\">\n<blockquote>\n<p class=\"citation-small\"><a href=\"https:\/\/histoire-en-citations.fr\/WP\/histoires-de-famille-de-la-troisieme-republique-a-nos-jours#3322\">\u00ab\u00a0Buvons \u00e0 nos femmes, \u00e0 nos chevaux, et \u00e0 ceux qui les montent.\u00a0\u00bb<\/a><\/p>\n<p class=\"auteur\"><span class=\"author\"><span class=\"surname\">Jacques <\/span><span class=\"name\">CHIRAC<\/span><\/span> (1932-2019), cit\u00e9 dans <cite>Marianne<\/cite> n\u00b0\u00a0184 (mars\u00a02012)<\/p>\n\n<\/blockquote><\/div>\n<\/div>\n<\/div>\n<\/div><\/div>\n<\/div>\n<div class=\"views-row views-row-18 views-row-even\">\n<div class=\"views-field views-field-field-index-collection\">\n<div class=\"field-content\">\n<div class=\"field-collection-view clearfix view-mode-full field-collection-view-final\">\n<div class=\"entity entity-field-collection-item field-collection-item-field-index-collection clearfix\">\n<div class=\"content\">\n<blockquote>\n<p class=\"citation-small\"><a href=\"https:\/\/histoire-en-citations.fr\/WP\/chirac-chaque-pas-doit-etre-un-but#3323\">\u00ab\u00a0Le contact humain est le v\u00e9hicule essentiel de la d\u00e9mocratie.\u00a0\u00bb<\/a><\/p>\n<p class=\"auteur\"><span class=\"author\"><span class=\"surname\">Jacques <\/span><span class=\"name\">CHIRAC<\/span><\/span> (1932-2019), Conf\u00e9rence de presse \u00e0 Rio de Janeiro, 29\u00a0juin 1999<\/p>\n\n<\/blockquote><\/div>\n<\/div>\n<\/div>\n<\/div><\/div>\n<\/div>\n<div class=\"views-row views-row-19 views-row-odd\">\n<div class=\"views-field views-field-field-index-collection\">\n<div class=\"field-content\">\n<div class=\"field-collection-view clearfix view-mode-full field-collection-view-final\">\n<div class=\"entity entity-field-collection-item field-collection-item-field-index-collection clearfix\">\n<div class=\"content\">\n<blockquote>\n<p class=\"citation-small\"><a href=\"https:\/\/histoire-en-citations.fr\/WP\/qui-a-dit-quoi-de-qui-cinquieme-republique-de-mitterrand-a-macron#3325\">\u00ab\u00a0Nerveux, imp\u00e9tueux, ne doutant de rien et surtout pas de lui-m\u00eame\u2026\u00a0\u00bb<\/a><\/p>\n<p class=\"auteur\"><span class=\"author\"><span class=\"surname\">Jacques <\/span><span class=\"name\">CHIRAC<\/span><\/span> (1932-2019), <cite>M\u00e9moires<\/cite>, tome II, <cite>Le Temps pr\u00e9sidentiel<\/cite> (2011)<\/p>\n\n<\/blockquote><\/div>\n<\/div>\n<\/div>\n<\/div><\/div>\n<\/div>\n<div class=\"views-row views-row-20 views-row-even\">\n<div class=\"views-field views-field-field-index-collection\">\n<div class=\"field-content\">\n<div class=\"field-collection-view clearfix view-mode-full field-collection-view-final\">\n<div class=\"entity entity-field-collection-item field-collection-item-field-index-collection clearfix\">\n<div class=\"content\">\n<blockquote>\n<p class=\"citation-small\"><a href=\"https:\/\/histoire-en-citations.fr\/WP\/galerie-presidentielle-vii-chirac-sarkozy-hollande-macron#3340\">\u00ab\u00a0On attend tout de l\u2019\u00e9cole, ce qui est le plus s\u00fbr moyen de ne rien obtenir d\u2019elle.\u00a0\u00bb<\/a><\/p>\n<p class=\"auteur\"><span class=\"author\"><span class=\"surname\">Jacques <\/span><span class=\"name\">CHIRAC<\/span><\/span> (1932-2019), <cite>Une nouvelle France<\/cite> (1992)<\/p>\n\n<\/blockquote><\/div>\n<\/div>\n<\/div>\n<\/div><\/div>\n<\/div>\n<div class=\"views-row views-row-21 views-row-odd\">\n<div class=\"views-field views-field-field-index-collection\">\n<div class=\"field-content\">\n<div class=\"field-collection-view clearfix view-mode-full field-collection-view-final\">\n<div class=\"entity entity-field-collection-item field-collection-item-field-index-collection clearfix\">\n<div class=\"content\">\n<blockquote>\n<p class=\"citation-small\"><a href=\"https:\/\/histoire-en-citations.fr\/WP\/lhistoire-en-caricatures-de-1939-a-nos-jours#3341\">\u00ab\u00a0Mes chers compatriotes, apr\u00e8s consultation du Premier ministre, du pr\u00e9sident du S\u00e9nat et du pr\u00e9sident de l\u2019Assembl\u00e9e nationale, j\u2019ai d\u00e9cid\u00e9 de dissoudre l\u2019Assembl\u00e9e nationale.\u00a0\u00bb<\/a><\/p>\n<p class=\"auteur\"><span class=\"author\"><span class=\"surname\">Jacques <\/span><span class=\"name\">CHIRAC<\/span><\/span> (1932-2019), Allocution t\u00e9l\u00e9vis\u00e9e en direct de l\u2019\u00c9lys\u00e9e, 21\u00a0avril 1997<\/p>\n\n<\/blockquote><\/div>\n<\/div>\n<\/div>\n<\/div><\/div>\n<\/div>\n<div class=\"views-row views-row-22 views-row-even\">\n<div class=\"views-field views-field-field-index-collection\">\n<div class=\"field-content\">\n<div class=\"field-collection-view clearfix view-mode-full field-collection-view-final\">\n<div class=\"entity entity-field-collection-item field-collection-item-field-index-collection clearfix\">\n<div class=\"content\">\n<blockquote>\n<p class=\"citation-small\"><a href=\"https:\/\/histoire-en-citations.fr\/WP\/lhistoire-en-caricatures-de-1939-a-nos-jours#3342\">\u00ab\u00a0On \u00e9tait dans un appartement avec une fuite de gaz. Chirac a craqu\u00e9 une allumette pour y voir clair.\u00a0\u00bb<\/a><\/p>\n<p class=\"auteur\"><span class=\"author\"><span class=\"surname\">Patrick <\/span><span class=\"name\">DEVEDJIAN<\/span><\/span> (1944-2020), commentant la dissolution et le r\u00e9sultat des \u00e9lections, en 1997<\/p>\n\n<\/blockquote><\/div>\n<\/div>\n<\/div>\n<\/div><\/div>\n<\/div>\n<div class=\"views-row views-row-23 views-row-odd\">\n<div class=\"views-field views-field-field-index-collection\">\n<div class=\"field-content\">\n<div class=\"field-collection-view clearfix view-mode-full field-collection-view-final\">\n<div class=\"entity entity-field-collection-item field-collection-item-field-index-collection clearfix\">\n<div class=\"content\">\n<blockquote>\n<p class=\"citation-small\"><a href=\"https:\/\/histoire-en-citations.fr\/WP\/les-mysteres-de-lhistoire-dalain-juppe-a-labbe-pierre#3362\">\u00ab\u00a0Pschitt.\u00a0\u00bb<\/a><\/p>\n<p class=\"auteur\"><span class=\"author\"><span class=\"surname\">Jacques <\/span><span class=\"name\">CHIRAC<\/span><\/span> (1932-2019), une onomatop\u00e9e, dans la traditionnelle interview du 14\u00a0juillet 2001<\/p>\n\n<\/blockquote><\/div>\n<\/div>\n<\/div>\n<\/div><\/div>\n<\/div>\n<div class=\"views-row views-row-24 views-row-even\">\n<div class=\"views-field views-field-field-index-collection\">\n<div class=\"field-content\">\n<div class=\"field-collection-view clearfix view-mode-full field-collection-view-final\">\n<div class=\"entity entity-field-collection-item field-collection-item-field-index-collection clearfix\">\n<div class=\"content\">\n<blockquote>\n<p class=\"citation-small\"><a href=\"https:\/\/histoire-en-citations.fr\/WP\/qui-a-dit-quoi-de-qui-cinquieme-republique-de-mitterrand-a-macron#3382\">\u00ab\u00a0Je d\u00e9cide, il ex\u00e9cute.\u00a0\u00bb<\/a><\/p>\n<p class=\"auteur\"><span class=\"author\"><span class=\"surname\">Jacques <\/span><span class=\"name\">CHIRAC<\/span><\/span> (1932-2019) parlant de son ministre des Finances, Nicolas Sarkozy, 14\u00a0juillet 2004<\/p>\n\n<\/blockquote><\/div>\n<\/div>\n<\/div>\n<\/div><\/div>\n<\/div>\n<div class=\"views-row views-row-25 views-row-odd views-row-last\">\n<div class=\"views-field views-field-field-index-collection\">\n<div class=\"field-content\">\n<div class=\"field-collection-view clearfix view-mode-full field-collection-view-final\">\n<div class=\"entity entity-field-collection-item field-collection-item-field-index-collection clearfix\">\n<div class=\"content\">\n<blockquote>\n<p class=\"citation-small\"><a href=\"https:\/\/histoire-en-citations.fr\/WP\/histoire-de-lantisemitisme-en-citations-xxe-et-xxie-siecles#3413\">\u00ab\u00a0Ne composez jamais avec l\u2019extr\u00e9misme, le racisme, l\u2019antis\u00e9mitisme ou le rejet de l\u2019autre.\u00a0\u00bb<\/a><\/p>\n<p class=\"auteur\"><span class=\"author\"><span class=\"surname\">Jacques <\/span><span class=\"name\">CHIRAC<\/span><\/span> (1932-2019), allocution radiot\u00e9l\u00e9vis\u00e9e, 11\u00a0mars 2007<\/p>\n\n<\/blockquote><\/div>\n<\/div>\n<\/div>\n<\/div><\/div>\n<\/div>\n<\/div>\n<\/div>\n<\/div>\n<style>\r\n        a .cit-num {\r\n            text-decoration: none !important;\r\n            color: inherit !important;\r\n        }\r\n    <\/style>","protected":false},"excerpt":{"rendered":"<p>Pr\u00e9sident de la R\u00e9publique succ\u00e9dant \u00e0 Mitterrand, professionnel de la politique autant qu\u2019amoureux de la vraie vie, sinc\u00e8re et manipulateur, avec une cote de popularit\u00e9 allant du plus bas au plus haut et vice versa. Homme de droite, mais surtout de bon sens, gaulliste du \u201c\u00a0surlendemain\u00a0\u201d et Europ\u00e9en \u00e0 ses heures, \u00e9cologiste au final et [&#8230;]<\/p>\n","protected":false},"author":1,"featured_media":0,"parent":0,"menu_order":0,"comment_status":"closed","ping_status":"closed","template":"","meta":{"site-sidebar-layout":"default","site-content-layout":"","ast-site-content-layout":"default","site-content-style":"default","site-sidebar-style":"default","ast-global-header-display":"","ast-banner-title-visibility":"","ast-main-header-display":"","ast-hfb-above-header-display":"","ast-hfb-below-header-display":"","ast-hfb-mobile-header-display":"","site-post-title":"","ast-breadcrumbs-content":"","ast-featured-img":"","footer-sml-layout":"","theme-transparent-header-meta":"","adv-header-id-meta":"","stick-header-meta":"","header-above-stick-meta":"","header-main-stick-meta":"","header-below-stick-meta":"","astra-migrate-meta-layouts":"default","ast-page-background-enabled":"default","ast-page-background-meta":{"desktop":{"background-color":"var(--ast-global-color-5)","background-image":"","background-repeat":"repeat","background-position":"center center","background-size":"auto","background-attachment":"scroll","background-type":"","background-media":"","overlay-type":"","overlay-color":"","overlay-opacity":"","overlay-gradient":""},"tablet":{"background-color":"","background-image":"","background-repeat":"repeat","background-position":"center center","background-size":"auto","background-attachment":"scroll","background-type":"","background-media":"","overlay-type":"","overlay-color":"","overlay-opacity":"","overlay-gradient":""},"mobile":{"background-color":"","background-image":"","background-repeat":"repeat","background-position":"center center","background-size":"auto","background-attachment":"scroll","background-type":"","background-media":"","overlay-type":"","overlay-color":"","overlay-opacity":"","overlay-gradient":""}},"ast-content-background-meta":{"desktop":{"background-color":"var(--ast-global-color-4)","background-image":"","background-repeat":"repeat","background-position":"center center","background-size":"auto","background-attachment":"scroll","background-type":"","background-media":"","overlay-type":"","overlay-color":"","overlay-opacity":"","overlay-gradient":""},"tablet":{"background-color":"var(--ast-global-color-4)","background-image":"","background-repeat":"repeat","background-position":"center center","background-size":"auto","background-attachment":"scroll","background-type":"","background-media":"","overlay-type":"","overlay-color":"","overlay-opacity":"","overlay-gradient":""},"mobile":{"background-color":"var(--ast-global-color-4)","background-image":"","background-repeat":"repeat","background-position":"center center","background-size":"auto","background-attachment":"scroll","background-type":"","background-media":"","overlay-type":"","overlay-color":"","overlay-opacity":"","overlay-gradient":""}},"iawp_total_views":42,"footnotes":""},"class_list":["post-10447","page","type-page","status-publish","hentry"],"_links":{"self":[{"href":"https:\/\/histoire-en-citations.fr\/WP\/wp-json\/wp\/v2\/pages\/10447","targetHints":{"allow":["GET"]}}],"collection":[{"href":"https:\/\/histoire-en-citations.fr\/WP\/wp-json\/wp\/v2\/pages"}],"about":[{"href":"https:\/\/histoire-en-citations.fr\/WP\/wp-json\/wp\/v2\/types\/page"}],"author":[{"embeddable":true,"href":"https:\/\/histoire-en-citations.fr\/WP\/wp-json\/wp\/v2\/users\/1"}],"replies":[{"embeddable":true,"href":"https:\/\/histoire-en-citations.fr\/WP\/wp-json\/wp\/v2\/comments?post=10447"}],"version-history":[{"count":4,"href":"https:\/\/histoire-en-citations.fr\/WP\/wp-json\/wp\/v2\/pages\/10447\/revisions"}],"predecessor-version":[{"id":13641,"href":"https:\/\/histoire-en-citations.fr\/WP\/wp-json\/wp\/v2\/pages\/10447\/revisions\/13641"}],"wp:attachment":[{"href":"https:\/\/histoire-en-citations.fr\/WP\/wp-json\/wp\/v2\/media?parent=10447"}],"curies":[{"name":"wp","href":"https:\/\/api.w.org\/{rel}","templated":true}]}}