{"id":10453,"date":"2025-09-22T07:31:52","date_gmt":"2025-09-22T05:31:52","guid":{"rendered":"https:\/\/histoire-en-citations.fr\/WP\/colbert\/"},"modified":"2025-09-22T07:31:52","modified_gmt":"2025-09-22T05:31:52","slug":"colbert","status":"publish","type":"page","link":"https:\/\/histoire-en-citations.fr\/WP\/colbert\/","title":{"rendered":"Colbert"},"content":{"rendered":"<div class=\"content\">\n<div class=\"view view-index-taxo view-id-index_taxo view-display-id-page view-dom-id-42bda3ad3497520c052108268873ce97\">\n<div class=\"view-header\">\n<p class=\"presentation\">Arch\u00e9type du grand commis de l\u2019\u00c9tat, incarn\u00e9 par Louis\u00a0<span class=\"caps\">XIV<\/span>. Il fut son ministre \u00e0 tout faire \u2013 sauf la guerre. Il inspire la politique commerciale, maritime, industrielle, fiscale, recherchant la puissance de l\u2018\u00c9tat plus que le bien-\u00eatre des Fran\u00e7ais. On lui doit le colbertisme (mercantilisme \u00e0 la fran\u00e7aise).<\/p>\n<p class=\"idxinfo\">Cliquez sur une citation pour la consulter dans son contexte historique.<a class=\"retour\" href=\"https:\/\/histoire-en-citations.fr\/WP\/personnages\/\">Retour aux personnages<\/a><\/p>\n<p> Affichage de 1 \u2013 11 sur 11.    <\/p><\/div>\n<div class=\"view-content\">\n<div class=\"views-row views-row-1 views-row-odd views-row-first\">\n<div class=\"views-field views-field-field-index-collection\">\n<div class=\"field-content\">\n<div class=\"field-collection-view clearfix view-mode-full field-collection-view-final\">\n<div class=\"entity entity-field-collection-item field-collection-item-field-index-collection clearfix\">\n<div class=\"content\">\n<blockquote>\n<p class=\"citation-small\"><a href=\"https:\/\/histoire-en-citations.fr\/WP\/ces-etrangers-qui-firent-lhistoire-de-france-ii#805\">\u00ab\u00a0Sire, je vous dois tout, mais je m\u2019acquitte envers Votre Majest\u00e9 en lui donnant Colbert.\u00a0\u00bb<\/a><\/p>\n<p class=\"auteur\"><span class=\"author\"><span class=\"name\">MAZARIN<\/span><\/span> (1602-1661) \u00e0 Louis\u00a0XIV, le 9\u00a0mars 1661. C\u2019est son \u00ab\u00a0mot de la fin\u00a0\u00bb politique<\/p>\n\n<\/blockquote><\/div>\n<\/div>\n<\/div>\n<\/div><\/div>\n<\/div>\n<div class=\"views-row views-row-2 views-row-even\">\n<div class=\"views-field views-field-field-index-collection\">\n<div class=\"field-content\">\n<div class=\"field-collection-view clearfix view-mode-full field-collection-view-final\">\n<div class=\"entity entity-field-collection-item field-collection-item-field-index-collection clearfix\">\n<div class=\"content\">\n<blockquote>\n<p class=\"citation-small\"><a href=\"https:\/\/histoire-en-citations.fr\/WP\/la-guerre-histoire-en-citations-dune-tragedie-seculaire-et-quotidienne-siecle-de-louis-xiv-et-siecle-des-lumieres#818\">\u00ab\u00a0Au d\u00e9faut des actions \u00e9clatantes de la guerre, rien ne marque davantage la grandeur et l\u2019esprit des princes que les b\u00e2timents.\u00a0\u00bb<\/a><\/p>\n<p class=\"auteur\"><span class=\"author\"><span class=\"surname\">Jean-Baptiste <\/span><span class=\"name\">COLBERT<\/span><\/span> (1619-1683), <cite>Lettres, instructions et m\u00e9moires de Colbert<\/cite> (posthume, 1863)<\/p>\n\n<\/blockquote><\/div>\n<\/div>\n<\/div>\n<\/div><\/div>\n<\/div>\n<div class=\"views-row views-row-3 views-row-odd\">\n<div class=\"views-field views-field-field-index-collection\">\n<div class=\"field-content\">\n<div class=\"field-collection-view clearfix view-mode-full field-collection-view-final\">\n<div class=\"entity entity-field-collection-item field-collection-item-field-index-collection clearfix\">\n<div class=\"content\">\n<blockquote>\n<p class=\"citation-small\"><a href=\"https:\/\/histoire-en-citations.fr\/WP\/haro-sur-limpot-une-tragedie-historique-jusqua-la-revolution#832\">\u00ab\u00a0Qui presse trop la mamelle pour en tirer du lait, en l\u2019\u00e9chauffant et en la tourmentant, tire du beurre\u00a0; qui se mouche trop fortement fait venir le sang\u00a0; qui presse trop les hommes excite des r\u00e9voltes et des s\u00e9ditions. C\u2019est la r\u00e8gle que donne Salomon.\u00a0\u00bb<\/a><\/p>\n<p class=\"auteur\"><span class=\"author\"><span class=\"name\">BOSSUET<\/span><\/span> (1627-1704), <cite>Politique tir\u00e9e de l\u2019\u00c9criture sainte<\/cite> (posthume)<\/p>\n\n<\/blockquote><\/div>\n<\/div>\n<\/div>\n<\/div><\/div>\n<\/div>\n<div class=\"views-row views-row-4 views-row-even\">\n<div class=\"views-field views-field-field-index-collection\">\n<div class=\"field-content\">\n<div class=\"field-collection-view clearfix view-mode-full field-collection-view-final\">\n<div class=\"entity entity-field-collection-item field-collection-item-field-index-collection clearfix\">\n<div class=\"content\">\n<blockquote>\n<p class=\"citation-small\"><a href=\"https:\/\/histoire-en-citations.fr\/WP\/la-guerre-histoire-en-citations-dune-tragedie-seculaire-et-quotidienne-siecle-de-louis-xiv-et-siecle-des-lumieres#835\">\u00ab\u00a0Il n\u2019y a rien de plus n\u00e9cessaire dans un \u00c9tat que le commerce [\u2026] Le commerce est une guerre d\u2019argent.\u00a0\u00bb<\/a><\/p>\n<p class=\"auteur\"><span class=\"author\"><span class=\"surname\">Jean-Baptiste <\/span><span class=\"name\">COLBERT<\/span><\/span> (1619-1683), <cite>M\u00e9moire sur le commerce<\/cite> (1664)<\/p>\n\n<\/blockquote><\/div>\n<\/div>\n<\/div>\n<\/div><\/div>\n<\/div>\n<div class=\"views-row views-row-5 views-row-odd\">\n<div class=\"views-field views-field-field-index-collection\">\n<div class=\"field-content\">\n<div class=\"field-collection-view clearfix view-mode-full field-collection-view-final\">\n<div class=\"entity entity-field-collection-item field-collection-item-field-index-collection clearfix\">\n<div class=\"content\">\n<blockquote>\n<p class=\"citation-small\"><a href=\"https:\/\/histoire-en-citations.fr\/WP\/qui-a-dit-quoi-de-qui-siecle-de-louis-xiv#855\">\u00ab\u00a0Je r\u00e9solus sur toutes choses de ne point prendre de Premier ministre [\u2026] rien n\u2019\u00e9tant plus indigne que de voir d\u2019un c\u00f4t\u00e9 toute la fonction et de l\u2019autre le seul titre de Roi.\u00a0\u00bb<\/a><\/p>\n<p class=\"auteur\"><span class=\"author\"><span class=\"name\">LOUIS XIV<\/span><\/span> (1638-1715), <cite>M\u00e9moires pour l\u2019instruction du Dauphin<\/cite> (1662)<\/p>\n\n<\/blockquote><\/div>\n<\/div>\n<\/div>\n<\/div><\/div>\n<\/div>\n<div class=\"views-row views-row-6 views-row-even\">\n<div class=\"views-field views-field-field-index-collection\">\n<div class=\"field-content\">\n<div class=\"field-collection-view clearfix view-mode-full field-collection-view-final\">\n<div class=\"entity entity-field-collection-item field-collection-item-field-index-collection clearfix\">\n<div class=\"content\">\n<blockquote>\n<p class=\"citation-small\"><a href=\"https:\/\/histoire-en-citations.fr\/WP\/honneur-aux-perdantes-du-regne-dhenri-iv-a-la-revolution#861\">\u00ab\u00a0Fouquet a sauv\u00e9 sa vie profonde, laissant Colbert condamn\u00e9 \u00e0 ramer sur la gal\u00e8re mondaine, avec des gants parfum\u00e9s. Les dieux n\u2019aiment pas l\u2019homme heureux.\u00a0\u00bb<\/a><\/p>\n<p class=\"auteur\"><span class=\"author\"><span class=\"surname\">Paul <\/span><span class=\"name\">MORAND<\/span><\/span> (1888-1976), <cite>Fouquet ou le soleil offusqu\u00e9<\/cite> (1961)<\/p>\n\n<\/blockquote><\/div>\n<\/div>\n<\/div>\n<\/div><\/div>\n<\/div>\n<div class=\"views-row views-row-7 views-row-odd\">\n<div class=\"views-field views-field-field-index-collection\">\n<div class=\"field-content\">\n<div class=\"field-collection-view clearfix view-mode-full field-collection-view-final\">\n<div class=\"entity entity-field-collection-item field-collection-item-field-index-collection clearfix\">\n<div class=\"content\">\n<blockquote>\n<p class=\"citation-small\"><a href=\"https:\/\/histoire-en-citations.fr\/WP\/qui-a-dit-quoi-de-qui-siecle-de-louis-xiv#862\">\u00ab\u00a0Pro rege saepe\u00a0; pro patria semper.\u00a0\u00bb \u00ab\u00a0Pour le roi souvent\u00a0; pour la patrie toujours.\u00a0\u00bb<\/a><\/p>\n<p class=\"auteur\"><span class=\"author\"><span class=\"surname\">Jean-Baptiste <\/span><span class=\"name\">COLBERT<\/span><\/span> (1619-1683), sa devise<\/p>\n\n<\/blockquote><\/div>\n<\/div>\n<\/div>\n<\/div><\/div>\n<\/div>\n<div class=\"views-row views-row-8 views-row-even\">\n<div class=\"views-field views-field-field-index-collection\">\n<div class=\"field-content\">\n<div class=\"field-collection-view clearfix view-mode-full field-collection-view-final\">\n<div class=\"entity entity-field-collection-item field-collection-item-field-index-collection clearfix\">\n<div class=\"content\">\n<blockquote>\n<p class=\"citation-small\"><a href=\"https:\/\/histoire-en-citations.fr\/WP\/haro-sur-limpot-une-tragedie-historique-jusqua-la-revolution#866\">\u00ab\u00a0Sollicitez fortement le particulier qui veut entreprendre un \u00e9tablissement de le r\u00e9ussir et, s\u2019il a besoin de la protection du roi, vous pouvez lui assurer qu\u2019elle ne lui manquera pas.\u00a0\u00bb<\/a><\/p>\n<p class=\"auteur\"><span class=\"author\"><span class=\"surname\">Jean-Baptiste <\/span><span class=\"name\">COLBERT<\/span><\/span> (1619-1683), Conseil donn\u00e9 \u00e0 l\u2019un de ses mandataires \u00e0 Lille, vers 1665<\/p>\n\n<\/blockquote><\/div>\n<\/div>\n<\/div>\n<\/div><\/div>\n<\/div>\n<div class=\"views-row views-row-9 views-row-odd\">\n<div class=\"views-field views-field-field-index-collection\">\n<div class=\"field-content\">\n<div class=\"field-collection-view clearfix view-mode-full field-collection-view-final\">\n<div class=\"entity entity-field-collection-item field-collection-item-field-index-collection clearfix\">\n<div class=\"content\">\n<blockquote>\n<p class=\"citation-small\"><a href=\"https:\/\/histoire-en-citations.fr\/WP\/lopinion-publique-des-francais-des-origines-au-siecle-des-lumieres#881\">\u00ab\u00a0Colbert avait un grand-p\u00e8re \/ Qui n\u2019\u00e9tait pas si savantNi si riche que son p\u00e8re \/ Ni si dur aux pauvres gens.\u00a0\u00bb<\/a><\/p>\n<p class=\"auteur\"><cite>Colbert avait un grand-p\u00e8re<\/cite>, chanson<\/p>\n\n<\/blockquote><\/div>\n<\/div>\n<\/div>\n<\/div><\/div>\n<\/div>\n<div class=\"views-row views-row-10 views-row-even\">\n<div class=\"views-field views-field-field-index-collection\">\n<div class=\"field-content\">\n<div class=\"field-collection-view clearfix view-mode-full field-collection-view-final\">\n<div class=\"entity entity-field-collection-item field-collection-item-field-index-collection clearfix\">\n<div class=\"content\">\n<blockquote>\n<p class=\"citation-small\"><a href=\"https:\/\/histoire-en-citations.fr\/WP\/qui-a-dit-quoi-de-qui-siecle-de-louis-xiv#891\">\u00ab\u00a0Si j\u2019avais fait pour Dieu ce que j\u2019ai fait pour cet homme, je serais sauv\u00e9 dix fois.\u00a0\u00bb<\/a><\/p>\n<p class=\"auteur\"><span class=\"author\"><span class=\"surname\">Jean-Baptiste <\/span><span class=\"name\">COLBERT<\/span><\/span> (1619-1683), sur son lit de mort, parlant de Louis\u00a0XIV, d\u00e9but septembre\u00a01683. Mot de la fin<\/p>\n\n<\/blockquote><\/div>\n<\/div>\n<\/div>\n<\/div><\/div>\n<\/div>\n<div class=\"views-row views-row-11 views-row-odd views-row-last\">\n<div class=\"views-field views-field-field-index-collection\">\n<div class=\"field-content\">\n<div class=\"field-collection-view clearfix view-mode-full field-collection-view-final\">\n<div class=\"entity entity-field-collection-item field-collection-item-field-index-collection clearfix\">\n<div class=\"content\">\n<blockquote>\n<p class=\"citation-small\"><a href=\"https:\/\/histoire-en-citations.fr\/WP\/qui-a-dit-quoi-de-qui-siecle-de-louis-xiv#892\">\u00ab\u00a0Ci-g\u00eet l\u2019auteur de tous imp\u00f4ts \/ Dont \u00e0 pr\u00e9sent la France abonde.Ne priez point pour son repos \/ Puisqu\u2019il l\u2019\u00f4tait \u00e0 tout le monde.\u00a0\u00bb<\/a><\/p>\n<p class=\"auteur\">\u00c9pitaphe (anonyme) de Colbert, 1683<\/p>\n\n<\/blockquote><\/div>\n<\/div>\n<\/div>\n<\/div><\/div>\n<\/div>\n<\/div>\n<\/div>\n<\/div>\n<style>\r\n        a .cit-num {\r\n            text-decoration: none !important;\r\n            color: inherit !important;\r\n        }\r\n    <\/style>","protected":false},"excerpt":{"rendered":"<p>Arch\u00e9type du grand commis de l\u2019\u00c9tat, incarn\u00e9 par Louis\u00a0XIV. Il fut son ministre \u00e0 tout faire &#8211; sauf la guerre. Il inspire la politique commerciale, maritime, industrielle, fiscale, recherchant la puissance de l\u2018\u00c9tat plus que le bien-\u00eatre des Fran\u00e7ais. On lui doit le colbertisme (mercantilisme \u00e0 la fran\u00e7aise). Cliquez sur une citation pour la consulter [&#8230;]<\/p>\n","protected":false},"author":1,"featured_media":0,"parent":0,"menu_order":0,"comment_status":"closed","ping_status":"closed","template":"","meta":{"site-sidebar-layout":"default","site-content-layout":"","ast-site-content-layout":"default","site-content-style":"default","site-sidebar-style":"default","ast-global-header-display":"","ast-banner-title-visibility":"","ast-main-header-display":"","ast-hfb-above-header-display":"","ast-hfb-below-header-display":"","ast-hfb-mobile-header-display":"","site-post-title":"","ast-breadcrumbs-content":"","ast-featured-img":"","footer-sml-layout":"","theme-transparent-header-meta":"","adv-header-id-meta":"","stick-header-meta":"","header-above-stick-meta":"","header-main-stick-meta":"","header-below-stick-meta":"","astra-migrate-meta-layouts":"default","ast-page-background-enabled":"default","ast-page-background-meta":{"desktop":{"background-color":"var(--ast-global-color-5)","background-image":"","background-repeat":"repeat","background-position":"center center","background-size":"auto","background-attachment":"scroll","background-type":"","background-media":"","overlay-type":"","overlay-color":"","overlay-opacity":"","overlay-gradient":""},"tablet":{"background-color":"","background-image":"","background-repeat":"repeat","background-position":"center center","background-size":"auto","background-attachment":"scroll","background-type":"","background-media":"","overlay-type":"","overlay-color":"","overlay-opacity":"","overlay-gradient":""},"mobile":{"background-color":"","background-image":"","background-repeat":"repeat","background-position":"center center","background-size":"auto","background-attachment":"scroll","background-type":"","background-media":"","overlay-type":"","overlay-color":"","overlay-opacity":"","overlay-gradient":""}},"ast-content-background-meta":{"desktop":{"background-color":"var(--ast-global-color-4)","background-image":"","background-repeat":"repeat","background-position":"center center","background-size":"auto","background-attachment":"scroll","background-type":"","background-media":"","overlay-type":"","overlay-color":"","overlay-opacity":"","overlay-gradient":""},"tablet":{"background-color":"var(--ast-global-color-4)","background-image":"","background-repeat":"repeat","background-position":"center center","background-size":"auto","background-attachment":"scroll","background-type":"","background-media":"","overlay-type":"","overlay-color":"","overlay-opacity":"","overlay-gradient":""},"mobile":{"background-color":"var(--ast-global-color-4)","background-image":"","background-repeat":"repeat","background-position":"center center","background-size":"auto","background-attachment":"scroll","background-type":"","background-media":"","overlay-type":"","overlay-color":"","overlay-opacity":"","overlay-gradient":""}},"iawp_total_views":115,"footnotes":""},"class_list":["post-10453","page","type-page","status-publish","hentry"],"_links":{"self":[{"href":"https:\/\/histoire-en-citations.fr\/WP\/wp-json\/wp\/v2\/pages\/10453","targetHints":{"allow":["GET"]}}],"collection":[{"href":"https:\/\/histoire-en-citations.fr\/WP\/wp-json\/wp\/v2\/pages"}],"about":[{"href":"https:\/\/histoire-en-citations.fr\/WP\/wp-json\/wp\/v2\/types\/page"}],"author":[{"embeddable":true,"href":"https:\/\/histoire-en-citations.fr\/WP\/wp-json\/wp\/v2\/users\/1"}],"replies":[{"embeddable":true,"href":"https:\/\/histoire-en-citations.fr\/WP\/wp-json\/wp\/v2\/comments?post=10453"}],"version-history":[{"count":4,"href":"https:\/\/histoire-en-citations.fr\/WP\/wp-json\/wp\/v2\/pages\/10453\/revisions"}],"predecessor-version":[{"id":13644,"href":"https:\/\/histoire-en-citations.fr\/WP\/wp-json\/wp\/v2\/pages\/10453\/revisions\/13644"}],"wp:attachment":[{"href":"https:\/\/histoire-en-citations.fr\/WP\/wp-json\/wp\/v2\/media?parent=10453"}],"curies":[{"name":"wp","href":"https:\/\/api.w.org\/{rel}","templated":true}]}}