{"id":10459,"date":"2025-09-22T07:34:43","date_gmt":"2025-09-22T05:34:43","guid":{"rendered":"https:\/\/histoire-en-citations.fr\/WP\/flaubert\/"},"modified":"2025-11-19T08:51:46","modified_gmt":"2025-11-19T07:51:46","slug":"flaubert","status":"publish","type":"page","link":"https:\/\/histoire-en-citations.fr\/WP\/flaubert\/","title":{"rendered":"Flaubert"},"content":{"rendered":"<div class=\"content\">\n<div class=\"view view-index-taxo view-id-index_taxo view-display-id-page view-dom-id-de387631b3d3851267bbe8d3afa326af\">\n<div class=\"view-header\">       Affichage de 1 \u2013 13 sur 13.    <\/div>\n<div class=\"view-content\">\n<div class=\"views-row views-row-1 views-row-odd views-row-first\">\n<div class=\"views-field views-field-field-index-collection\">\n<div class=\"field-content\">\n<div class=\"field-collection-view clearfix view-mode-full field-collection-view-final\">\n<div class=\"entity entity-field-collection-item field-collection-item-field-index-collection clearfix\">\n<div class=\"content\">\n<blockquote>\n<p class=\"citation-small\"><a href=\"https:\/\/histoire-en-citations.fr\/WP\/portrait-de-danton-en-citations\/#1585\">\u00ab \u00c9chafaud. \u2013 S\u2019arranger quand on y monte pour prononcer quelques mots \u00e9loquents avant de mourir. \u00bb<\/a><\/p>\n<p class=\"auteur\"><span class=\"author\"><span class=\"surname\">Gustave <\/span><span class=\"name\">FLAUBERT<\/span><\/span> (1821-1880), <cite>Dictionnaire des id\u00e9es re\u00e7ues<\/cite> (posthume, 1913)<\/p>\n\n<\/blockquote><\/div>\n<\/div>\n<\/div>\n<\/div><\/div>\n<\/div>\n<div class=\"views-row views-row-2 views-row-even\">\n<div class=\"views-field views-field-field-index-collection\">\n<div class=\"field-content\">\n<div class=\"field-collection-view clearfix view-mode-full field-collection-view-final\">\n<div class=\"entity entity-field-collection-item field-collection-item-field-index-collection clearfix\">\n<div class=\"content\">\n<blockquote>\n<p class=\"citation-small\"><a href=\"https:\/\/histoire-en-citations.fr\/WP\/eloge-des-citations-apocryphes\/#1946\">\u00ab\u00a0Garde. \u2013\u00a0La garde meurt et ne se rend pas\u00a0! Huit mots pour remplacer cinq lettres.\u00a0\u00bb<\/a><\/p>\n<p class=\"auteur\"><span class=\"author\"><span class=\"surname\">Gustave <\/span><span class=\"name\">FLAUBERT<\/span><\/span> (1821-1880), <cite>Dictionnaire des id\u00e9es re\u00e7ues<\/cite> (posthume, 1913)<\/p>\n\n<\/blockquote><\/div>\n<\/div>\n<\/div>\n<\/div><\/div>\n<\/div>\n<div class=\"views-row views-row-3 views-row-odd\">\n<div class=\"views-field views-field-field-index-collection\">\n<div class=\"field-content\">\n<div class=\"field-collection-view clearfix view-mode-full field-collection-view-final\">\n<div class=\"entity entity-field-collection-item field-collection-item-field-index-collection clearfix\">\n<div class=\"content\">\n<blockquote>\n<p class=\"citation-small\"><a href=\"https:\/\/histoire-en-citations.fr\/WP\/le-cv-des-acteurs-de-lhistoire-xixe-siecle\/#2040\">\u00ab\u00a0La plupart des hommes qui \u00e9taient l\u00e0 avaient servi, au moins, quatre gouvernements\u00a0; et ils auraient vendu la France ou le genre humain, pour garantir leur fortune, s\u2019\u00e9pargner un malaise, un embarras, ou m\u00eame par simple bassesse, adoration instinctive de la force.\u00a0\u00bb<\/a><\/p>\n<p class=\"auteur\"><span class=\"author\"><span class=\"surname\">Gustave <\/span><span class=\"name\">FLAUBERT<\/span><\/span> (1821-1880), <cite>L\u2019\u00c9ducation sentimentale<\/cite> (1869)<\/p>\n\n<\/blockquote><\/div>\n<\/div>\n<\/div>\n<\/div><\/div>\n<\/div>\n<div class=\"views-row views-row-4 views-row-even\">\n<div class=\"views-field views-field-field-index-collection\">\n<div class=\"field-content\">\n<div class=\"field-collection-view clearfix view-mode-full field-collection-view-final\">\n<div class=\"entity entity-field-collection-item field-collection-item-field-index-collection clearfix\">\n<div class=\"content\">\n<blockquote>\n<p class=\"citation-small\"><a href=\"https:\/\/histoire-en-citations.fr\/WP\/qui-a-dit-quoi-de-qui-restauration-et-monarchie-de-juillet\/#2053\">\u00ab\u00a0J\u2019appelle bourgeois quiconque pense bassement.\u00a0\u00bb<\/a><\/p>\n<p class=\"auteur\"><span class=\"author\"><span class=\"surname\">Gustave <\/span><span class=\"name\">FLAUBERT<\/span><\/span> (1821-1880), <cite>Correspondance<\/cite> (1842)<\/p>\n\n<\/blockquote><\/div>\n<\/div>\n<\/div>\n<\/div><\/div>\n<\/div>\n<div class=\"views-row views-row-5 views-row-odd\">\n<div class=\"views-field views-field-field-index-collection\">\n<div class=\"field-content\">\n<div class=\"field-collection-view clearfix view-mode-full field-collection-view-final\">\n<div class=\"entity entity-field-collection-item field-collection-item-field-index-collection clearfix\">\n<div class=\"content\">\n<blockquote>\n<p class=\"citation-small\"><a href=\"https:\/\/histoire-en-citations.fr\/WP\/lhistoire-en-caricatures-monarchie-de-juillet-et-deuxieme-republique\/#2147\">\u00ab\u00a0On se redit, pendant un mois, la phrase de Lamartine sur le drapeau rouge, \u00ab\u00a0qui n\u2019avait fait que le tour du Champ de Mars tandis que le drapeau tricolore\u00a0\u00bb, etc.\u00a0; et tous se rang\u00e8rent sous son ombre, chaque parti ne voyant des trois couleurs que la sienne \u2013 et se promettant bien, d\u00e8s qu\u2019il serait le plus fort, d\u2019arracher les deux autres.\u00a0\u00bb<\/a><\/p>\n<p class=\"auteur\"><span class=\"author\"><span class=\"surname\">Gustave <\/span><span class=\"name\">FLAUBERT<\/span><\/span> (1821-1880), <cite>L\u2019\u00c9ducation sentimentale<\/cite> (1869)<\/p>\n\n<\/blockquote><\/div>\n<\/div>\n<\/div>\n<\/div><\/div>\n<\/div>\n<div class=\"views-row views-row-6 views-row-even\">\n<div class=\"views-field views-field-field-index-collection\">\n<div class=\"field-content\">\n<div class=\"field-collection-view clearfix view-mode-full field-collection-view-final\">\n<div class=\"entity entity-field-collection-item field-collection-item-field-index-collection clearfix\">\n<div class=\"content\">\n<blockquote>\n<p class=\"citation-small\"><a href=\"https:\/\/histoire-en-citations.fr\/WP\/qui-a-dit-quoi-de-qui-deuxieme-republique-et-second-empire\/#2173\">\u00ab\u00a0Le bonnet de coton ne se montra pas moins hideux que le bonnet rouge.\u00a0\u00bb<\/a><\/p>\n<p class=\"auteur\"><span class=\"author\"><span class=\"surname\">Gustave <\/span><span class=\"name\">FLAUBERT<\/span><\/span> (1821-1880), <cite>L\u2019\u00c9ducation sentimentale<\/cite> (1869)<\/p>\n\n<\/blockquote><\/div>\n<\/div>\n<\/div>\n<\/div><\/div>\n<\/div>\n<div class=\"views-row views-row-7 views-row-odd\">\n<div class=\"views-field views-field-field-index-collection\">\n<div class=\"field-content\">\n<div class=\"field-collection-view clearfix view-mode-full field-collection-view-final\">\n<div class=\"entity entity-field-collection-item field-collection-item-field-index-collection clearfix\">\n<div class=\"content\">\n<blockquote>\n<p class=\"citation-small\"><a href=\"https:\/\/histoire-en-citations.fr\/WP\/galerie-presidentielle-i-premiere-et-deuxieme-republiques\/#2225\">\u00ab\u00a0La censure quelle qu\u2019elle soit me para\u00eet une monstruosit\u00e9, une chose pire que l\u2019homicide\u00a0; l\u2019attentat contre la pens\u00e9e est un crime de l\u00e8se-\u00e2me. La mort de Socrate p\u00e8se encore sur le genre humain.\u00a0\u00bb<\/a><\/p>\n<p class=\"auteur\"><span class=\"author\"><span class=\"surname\">Gustave <\/span><span class=\"name\">FLAUBERT<\/span><\/span> (1821-1880), Lettre \u00e0 Louise Colet (1852), <cite>Correspondance<\/cite> (posthume)<\/p>\n\n<\/blockquote><\/div>\n<\/div>\n<\/div>\n<\/div><\/div>\n<\/div>\n<div class=\"views-row views-row-8 views-row-even\">\n<div class=\"views-field views-field-field-index-collection\">\n<div class=\"field-content\">\n<div class=\"field-collection-view clearfix view-mode-full field-collection-view-final\">\n<div class=\"entity entity-field-collection-item field-collection-item-field-index-collection clearfix\">\n<div class=\"content\">\n<blockquote>\n<p class=\"citation-small\"><a href=\"https:\/\/histoire-en-citations.fr\/WP\/lopinion-publique-des-francais-de-la-revolution-a-la-troisieme-republique\/#2244\">\u00ab\u00a0La grande moralit\u00e9 de ce r\u00e8gne-ci sera de prouver que le suffrage universel est aussi b\u00eate que le droit divin, quoique un peu moins odieux.\u00a0\u00bb<\/a><\/p>\n<p class=\"auteur\"><span class=\"author\"><span class=\"surname\">Gustave <\/span><span class=\"name\">FLAUBERT<\/span><\/span> (1821-1880), Lettre \u00e0 George Sand, 1869<\/p>\n\n<\/blockquote><\/div>\n<\/div>\n<\/div>\n<\/div><\/div>\n<\/div>\n<div class=\"views-row views-row-9 views-row-odd\">\n<div class=\"views-field views-field-field-index-collection\">\n<div class=\"field-content\">\n<div class=\"field-collection-view clearfix view-mode-full field-collection-view-final\">\n<div class=\"entity entity-field-collection-item field-collection-item-field-index-collection clearfix\">\n<div class=\"content\">\n<blockquote>\n<p class=\"citation-small\"><a href=\"https:\/\/histoire-en-citations.fr\/WP\/les-perles-de-la-langue-francaise-du-xviie-siecle-a-nos-jours\/#2293\">\u00ab\u00a0Rugissons contre Monsieur Thiers\u00a0! Peut-on voir un plus triomphant imb\u00e9cile, un cro\u00fbtard plus abject, un plus \u00e9troniforme bourgeois\u00a0! Non, rien ne peut donner l\u2019id\u00e9e du vomissement que m\u2019inspire ce vieux melon diplomatique, arrondissant sa b\u00eatise sur le fumier de la bourgeoisie.\u00a0\u00bb<\/a><\/p>\n<p class=\"auteur\"><span class=\"author\"><span class=\"surname\">Gustave <\/span><span class=\"name\">FLAUBERT<\/span><\/span> (1821-1880), Lettre \u00e0 George Sand (1867)<\/p>\n\n<\/blockquote><\/div>\n<\/div>\n<\/div>\n<\/div><\/div>\n<\/div>\n<div class=\"views-row views-row-10 views-row-even\">\n<div class=\"views-field views-field-field-index-collection\">\n<div class=\"field-content\">\n<div class=\"field-collection-view clearfix view-mode-full field-collection-view-final\">\n<div class=\"entity entity-field-collection-item field-collection-item-field-index-collection clearfix\">\n<div class=\"content\">\n<blockquote>\n<p class=\"citation-small\"><a href=\"https:\/\/histoire-en-citations.fr\/WP\/lopinion-publique-des-francais-de-la-revolution-a-la-troisieme-republique\/#2389\">\u00ab\u00a0R\u00e9publicains. \u2013 Les r\u00e9publicains ne sont pas tous des voleurs, mais les voleurs sont tous r\u00e9publicains.\u00a0\u00bb<\/a><\/p>\n<p class=\"auteur\"><span class=\"author\"><span class=\"surname\">Gustave <\/span><span class=\"name\">FLAUBERT<\/span><\/span> (1821-1880), <cite>Dictionnaire des id\u00e9es re\u00e7ues<\/cite> (posthume, 1913)<\/p>\n\n<\/blockquote><\/div>\n<\/div>\n<\/div>\n<\/div><\/div>\n<\/div>\n<div class=\"views-row views-row-11 views-row-odd\">\n<div class=\"views-field views-field-field-index-collection\">\n<div class=\"field-content\">\n<div class=\"field-collection-view clearfix view-mode-full field-collection-view-final\">\n<div class=\"entity entity-field-collection-item field-collection-item-field-index-collection clearfix\">\n<div class=\"content\">\n<blockquote>\n<p class=\"citation-small\"><a href=\"https:\/\/histoire-en-citations.fr\/WP\/paroles-de-papes-breve-histoire-de-la-religion-en-france-du-siecle-de-louis-xiv-a-nos-jours\/#2452\">\u00ab\u00a0L\u2019ordre moral atteint au d\u00e9lire de la stupidit\u00e9.\u00a0\u00bb<\/a><\/p>\n<p class=\"auteur\"><span class=\"author\"><span class=\"surname\">Gustave <\/span><span class=\"name\">FLAUBERT<\/span><\/span> (1821-1880), <cite>Correspondance<\/cite>, volume\u00a0IV (1893)<\/p>\n\n<\/blockquote><\/div>\n<\/div>\n<\/div>\n<\/div><\/div>\n<\/div>\n<div class=\"views-row views-row-12 views-row-even\">\n<div class=\"views-field views-field-field-index-collection\">\n<div class=\"field-content\">\n<div class=\"field-collection-view clearfix view-mode-full field-collection-view-final\">\n<div class=\"entity entity-field-collection-item field-collection-item-field-index-collection clearfix\">\n<div class=\"content\">\n<blockquote>\n<p class=\"citation-small\"><a href=\"https:\/\/histoire-en-citations.fr\/WP\/lhistoire-en-caricatures-troisieme-republique\/#2456\">\u00ab\u00a0Je n\u2019aimais pas ce roi des prud\u2019hommes. N\u2019importe\u00a0! compar\u00e9 aux autres, c\u2019est un g\u00e9ant.\u00a0\u00bb<\/a><\/p>\n<p class=\"auteur\"><span class=\"author\"><span class=\"surname\">Gustave <\/span><span class=\"name\">FLAUBERT<\/span><\/span> (1821-1880), \u00e0 la mort de Thiers, <cite>Correspondance<\/cite> (1893)<\/p>\n\n<\/blockquote><\/div>\n<\/div>\n<\/div>\n<\/div><\/div>\n<\/div>\n<div class=\"views-row views-row-13 views-row-odd views-row-last\">\n<div class=\"views-field views-field-field-index-collection\">\n<div class=\"field-content\">\n<div class=\"field-collection-view clearfix view-mode-full field-collection-view-final\">\n<div class=\"entity entity-field-collection-item field-collection-item-field-index-collection clearfix\">\n<div class=\"content\">\n<blockquote>\n<p class=\"citation-small\"><a href=\"https:\/\/histoire-en-citations.fr\/WP\/lecture-recommandee-en-temps-de-vacances-les-memoires-de-la-monarchie-de-juillet-a-nos-jours\/#2532\">\u00ab\u00a0Radicalisme. \u2013 D\u2019autant plus dangereux qu\u2019il est latent. La r\u00e9publique nous m\u00e8ne au radicalisme.\u00a0\u00bb<\/a><\/p>\n<p class=\"auteur\"><span class=\"author\"><span class=\"surname\">Gustave <\/span><span class=\"name\">FLAUBERT<\/span><\/span> (1821-1880), <cite>Dictionnaire des id\u00e9es re\u00e7ues<\/cite> (posthume, 1913)<\/p>\n\n<\/blockquote><\/div>\n<\/div>\n<\/div>\n<\/div><\/div>\n<\/div>\n<\/div>\n<\/div>\n<\/div>\n<style>\r\n        a .cit-num {\r\n            text-decoration: none !important;\r\n            color: inherit !important;\r\n        }\r\n    <\/style>","protected":false},"excerpt":{"rendered":"<p>Affichage de 1 &#8211; 13 sur 13. \u00ab \u00c9chafaud. \u2013 S\u2019arranger quand on y monte pour prononcer quelques mots \u00e9loquents avant de mourir. \u00bb1585Gustave FLAUBERT (1821-1880), Dictionnaire des id\u00e9es re\u00e7ues (posthume, 1913) \u00ab&nbsp;Garde. \u2013&nbsp;La garde meurt et ne se rend pas&nbsp;! Huit mots pour remplacer cinq lettres.&nbsp;\u00bb1946Gustave FLAUBERT (1821-1880), Dictionnaire des id\u00e9es re\u00e7ues (posthume, 1913) [&#8230;]<\/p>\n","protected":false},"author":1,"featured_media":0,"parent":0,"menu_order":0,"comment_status":"closed","ping_status":"closed","template":"","meta":{"site-sidebar-layout":"default","site-content-layout":"","ast-site-content-layout":"default","site-content-style":"default","site-sidebar-style":"default","ast-global-header-display":"","ast-banner-title-visibility":"","ast-main-header-display":"","ast-hfb-above-header-display":"","ast-hfb-below-header-display":"","ast-hfb-mobile-header-display":"","site-post-title":"","ast-breadcrumbs-content":"","ast-featured-img":"","footer-sml-layout":"","theme-transparent-header-meta":"","adv-header-id-meta":"","stick-header-meta":"","header-above-stick-meta":"","header-main-stick-meta":"","header-below-stick-meta":"","astra-migrate-meta-layouts":"default","ast-page-background-enabled":"default","ast-page-background-meta":{"desktop":{"background-color":"var(--ast-global-color-5)","background-image":"","background-repeat":"repeat","background-position":"center center","background-size":"auto","background-attachment":"scroll","background-type":"","background-media":"","overlay-type":"","overlay-color":"","overlay-opacity":"","overlay-gradient":""},"tablet":{"background-color":"","background-image":"","background-repeat":"repeat","background-position":"center center","background-size":"auto","background-attachment":"scroll","background-type":"","background-media":"","overlay-type":"","overlay-color":"","overlay-opacity":"","overlay-gradient":""},"mobile":{"background-color":"","background-image":"","background-repeat":"repeat","background-position":"center center","background-size":"auto","background-attachment":"scroll","background-type":"","background-media":"","overlay-type":"","overlay-color":"","overlay-opacity":"","overlay-gradient":""}},"ast-content-background-meta":{"desktop":{"background-color":"var(--ast-global-color-4)","background-image":"","background-repeat":"repeat","background-position":"center center","background-size":"auto","background-attachment":"scroll","background-type":"","background-media":"","overlay-type":"","overlay-color":"","overlay-opacity":"","overlay-gradient":""},"tablet":{"background-color":"var(--ast-global-color-4)","background-image":"","background-repeat":"repeat","background-position":"center center","background-size":"auto","background-attachment":"scroll","background-type":"","background-media":"","overlay-type":"","overlay-color":"","overlay-opacity":"","overlay-gradient":""},"mobile":{"background-color":"var(--ast-global-color-4)","background-image":"","background-repeat":"repeat","background-position":"center center","background-size":"auto","background-attachment":"scroll","background-type":"","background-media":"","overlay-type":"","overlay-color":"","overlay-opacity":"","overlay-gradient":""}},"iawp_total_views":20,"footnotes":""},"class_list":["post-10459","page","type-page","status-publish","hentry"],"_links":{"self":[{"href":"https:\/\/histoire-en-citations.fr\/WP\/wp-json\/wp\/v2\/pages\/10459","targetHints":{"allow":["GET"]}}],"collection":[{"href":"https:\/\/histoire-en-citations.fr\/WP\/wp-json\/wp\/v2\/pages"}],"about":[{"href":"https:\/\/histoire-en-citations.fr\/WP\/wp-json\/wp\/v2\/types\/page"}],"author":[{"embeddable":true,"href":"https:\/\/histoire-en-citations.fr\/WP\/wp-json\/wp\/v2\/users\/1"}],"replies":[{"embeddable":true,"href":"https:\/\/histoire-en-citations.fr\/WP\/wp-json\/wp\/v2\/comments?post=10459"}],"version-history":[{"count":5,"href":"https:\/\/histoire-en-citations.fr\/WP\/wp-json\/wp\/v2\/pages\/10459\/revisions"}],"predecessor-version":[{"id":15096,"href":"https:\/\/histoire-en-citations.fr\/WP\/wp-json\/wp\/v2\/pages\/10459\/revisions\/15096"}],"wp:attachment":[{"href":"https:\/\/histoire-en-citations.fr\/WP\/wp-json\/wp\/v2\/media?parent=10459"}],"curies":[{"name":"wp","href":"https:\/\/api.w.org\/{rel}","templated":true}]}}