{"id":10479,"date":"2025-09-22T07:34:32","date_gmt":"2025-09-22T05:34:32","guid":{"rendered":"https:\/\/histoire-en-citations.fr\/WP\/jesus-christ-jesus-christ\/"},"modified":"2025-11-19T08:52:00","modified_gmt":"2025-11-19T07:52:00","slug":"jesus-christ-jesus-christ","status":"publish","type":"page","link":"https:\/\/histoire-en-citations.fr\/WP\/jesus-christ-jesus-christ\/","title":{"rendered":"J\u00e9sus (Christ, J\u00e9sus-Christ)"},"content":{"rendered":"<div class=\"content\">\n<div class=\"view view-index-taxo view-id-index_taxo view-display-id-page view-dom-id-ae170c2eff213d95265157a70ed9927f\">\n<div class=\"view-header\">\n<p class=\"presentation\">Comme dit Malraux dans <i>l\u2019Espoir<\/i>\u00a0: \u201c\u00a0Le Christ\u00a0? C\u2019est un anarchiste qui a r\u00e9ussi. C\u2019est le seul.\u00a0\u201d Et quelle r\u00e9ussite en mati\u00e8re de culture et de civilisation \u2013 hors les croisades et les guerres de religion\u00a0!<\/p>\n<p class=\"idxinfo\">Cliquez sur une citation pour la consulter dans son contexte historique.<a href=\"https:\/\/histoire-en-citations.fr\/WP\/personnages\/\" class=\"retour\">Retour aux personnages<\/a><\/p>\n<p> Affichage de 1 \u2013 17 sur 17.    <\/p><\/div>\n<div class=\"view-content\">\n<div class=\"views-row views-row-1 views-row-odd views-row-first\">\n<div class=\"views-field views-field-field-index-collection\">\n<div class=\"field-content\">\n<div class=\"field-collection-view clearfix view-mode-full field-collection-view-final\">\n<div class=\"entity entity-field-collection-item field-collection-item-field-index-collection clearfix\">\n<div class=\"content\">\n<blockquote>\n<p class=\"citation-small\"><a href=\"https:\/\/histoire-en-citations.fr\/WP\/plus-de-50-idees-recues-qui-faussent-lhistoire\/#11\">\u00ab\u00a0Et le Christ\u00a0? \u2014\u00a0C\u2019est un anarchiste qui a r\u00e9ussi. C\u2019est le seul.\u00a0\u00bb<\/a><\/p>\n<p class=\"auteur\"><span class=\"author\"><span class=\"surname\">Andr\u00e9 <\/span><span class=\"name\">MALRAUX<\/span><\/span> (1901-1976), <cite>L\u2019Espoir<\/cite> (1937)<\/p>\n\n<\/blockquote><\/div>\n<\/div>\n<\/div>\n<\/div><\/div>\n<\/div>\n<div class=\"views-row views-row-2 views-row-even\">\n<div class=\"views-field views-field-field-index-collection\">\n<div class=\"field-content\">\n<div class=\"field-collection-view clearfix view-mode-full field-collection-view-final\">\n<div class=\"entity entity-field-collection-item field-collection-item-field-index-collection clearfix\">\n<div class=\"content\">\n<blockquote>\n<p class=\"citation-small\"><a href=\"https:\/\/histoire-en-citations.fr\/WP\/claude-jamais-depuis-quelle-a-ete-domptee-par-le-divin-jules-cesar-la-fidelite-de-la-gaule-na-ete-ebranlee\/#31\">\u00ab\u00a0Son corps \u00e9tait \u00e9puis\u00e9 de vieillesse et de maladie, mais il conservait son \u00e2me en lui, afin que, par elle, le Christ triomph\u00e2t.\u00a0\u00bb<\/a><\/p>\n<p class=\"auteur\"><span class=\"author\"><span class=\"name\">EUS\u00c8BE de C\u00c9SAR\u00c9E<\/span><\/span> (vers 265-340), <cite>Histoire eccl\u00e9siastique<\/cite> (premier document sur les d\u00e9buts de l\u2019\u00c9glise, diverses \u00e9ditions et traductions)<\/p>\n\n<\/blockquote><\/div>\n<\/div>\n<\/div>\n<\/div><\/div>\n<\/div>\n<div class=\"views-row views-row-3 views-row-odd\">\n<div class=\"views-field views-field-field-index-collection\">\n<div class=\"field-content\">\n<div class=\"field-collection-view clearfix view-mode-full field-collection-view-final\">\n<div class=\"entity entity-field-collection-item field-collection-item-field-index-collection clearfix\">\n<div class=\"content\">\n<blockquote>\n<p class=\"citation-small\"><a href=\"https:\/\/histoire-en-citations.fr\/WP\/qui-a-dit-quoi-de-qui-1-gaule-et-moyen-age\/#37\">\u00ab\u00a0Tu as vaincu, Galil\u00e9en.\u00a0\u00bb<\/a><\/p>\n<p class=\"auteur\"><span class=\"author\"><span class=\"name\">JULIEN l\u2019Apostat<\/span><\/span> (331-363), mourant en 363<\/p>\n\n<\/blockquote><\/div>\n<\/div>\n<\/div>\n<\/div><\/div>\n<\/div>\n<div class=\"views-row views-row-4 views-row-even\">\n<div class=\"views-field views-field-field-index-collection\">\n<div class=\"field-content\">\n<div class=\"field-collection-view clearfix view-mode-full field-collection-view-final\">\n<div class=\"entity entity-field-collection-item field-collection-item-field-index-collection clearfix\">\n<div class=\"content\">\n<blockquote>\n<p class=\"citation-small\"><a href=\"https:\/\/histoire-en-citations.fr\/WP\/ces-etrangers-qui-firent-lhistoire-de-france-i\/#73\">\u00ab\u00a0Il a \u00e9t\u00e9 baptis\u00e9 au nom de votre Christ. Il faudra donc qu\u2019il meure, comme meurt tout ce qui est vou\u00e9 \u00e0 ce malfaisant personnage.\u00a0\u00bb<\/a><\/p>\n<p class=\"auteur\"><span class=\"author\"><span class=\"name\">CLOVIS<\/span><\/span> (vers 466-511), \u00e0 Clotilde<\/p>\n\n<\/blockquote><\/div>\n<\/div>\n<\/div>\n<\/div><\/div>\n<\/div>\n<div class=\"views-row views-row-5 views-row-odd\">\n<div class=\"views-field views-field-field-index-collection\">\n<div class=\"field-content\">\n<div class=\"field-collection-view clearfix view-mode-full field-collection-view-final\">\n<div class=\"entity entity-field-collection-item field-collection-item-field-index-collection clearfix\">\n<div class=\"content\">\n<blockquote>\n<p class=\"citation-small\"><a href=\"https:\/\/histoire-en-citations.fr\/WP\/la-politique-est-elle-en-panne-de-reve\/#175\">\u00ab\u00a0Sache que cette guerre n\u2019est pas charnelle, mais spirituelle. Sois donc le tr\u00e8s courageux athl\u00e8te de Christ\u00a0!\u00a0\u00bb<\/a><\/p>\n<p class=\"auteur\"><span class=\"author\"><span class=\"name\">BOH\u00c9MOND\u00a0I<sup>er<\/sup><\/span><\/span> (vers 1057-1111), au conn\u00e9table Robert, f\u00e9vrier\u00a01098<\/p>\n\n<\/blockquote><\/div>\n<\/div>\n<\/div>\n<\/div><\/div>\n<\/div>\n<div class=\"views-row views-row-6 views-row-even\">\n<div class=\"views-field views-field-field-index-collection\">\n<div class=\"field-content\">\n<div class=\"field-collection-view clearfix view-mode-full field-collection-view-final\">\n<div class=\"entity entity-field-collection-item field-collection-item-field-index-collection clearfix\">\n<div class=\"content\">\n<blockquote>\n<p class=\"citation-small\"><a href=\"https:\/\/histoire-en-citations.fr\/WP\/paroles-de-papes-breve-histoire-de-la-religion-en-france-des-origines-jusquau-xvie-siecle\/#193\">\u00ab Je me suis d\u00e9j\u00e0 rendu au Christ. \u00c0 Dieu ne plaise que je [me] rende maintenant \u00e0 ses ennemis. \u00bb<\/a><\/p>\n<p class=\"auteur\">Un chevalier crois\u00e9, vers 1212<\/p>\n\n<\/blockquote><\/div>\n<\/div>\n<\/div>\n<\/div><\/div>\n<\/div>\n<div class=\"views-row views-row-7 views-row-odd\">\n<div class=\"views-field views-field-field-index-collection\">\n<div class=\"field-content\">\n<div class=\"field-collection-view clearfix view-mode-full field-collection-view-final\">\n<div class=\"entity entity-field-collection-item field-collection-item-field-index-collection clearfix\">\n<div class=\"content\">\n<blockquote>\n<p class=\"citation-small\"><a href=\"https:\/\/histoire-en-citations.fr\/WP\/histoire-litterature-lhistoire-ecrite-par-les-historiens-de-la-gaule-au-siecle-de-louis-xiv\/#486\">\u00ab\u00a0J\u00e9sus\u00a0! Qu\u2019a donc cette jeunesse pour vouloir ainsi se faire br\u00fbler pour rien\u00a0?\u00a0\u00bb<\/a><\/p>\n<p class=\"auteur\">Pr\u00e9sident du tribunal charg\u00e9 de juger des calvinistes<\/p>\n\n<\/blockquote><\/div>\n<\/div>\n<\/div>\n<\/div><\/div>\n<\/div>\n<div class=\"views-row views-row-8 views-row-even\">\n<div class=\"views-field views-field-field-index-collection\">\n<div class=\"field-content\">\n<div class=\"field-collection-view clearfix view-mode-full field-collection-view-final\">\n<div class=\"entity entity-field-collection-item field-collection-item-field-index-collection clearfix\">\n<div class=\"content\">\n<blockquote>\n<p class=\"citation-small\"><a href=\"https:\/\/histoire-en-citations.fr\/WP\/portrait-de-michel-de-lhospital-en-citations\/#510\">\u00ab\u00a0Doux est le p\u00e9ril pour Christ et le pays\u00a0!\u00a0\u00bb<\/a><\/p>\n<p class=\"auteur\"><span class=\"author\"><span class=\"surname\">Prince Louis de <\/span><span class=\"name\">COND\u00c9<\/span><\/span> (1530-1569), mort \u00e0 Jarnac, 13\u00a0mars 1569. Sa devise<\/p>\n\n<\/blockquote><\/div>\n<\/div>\n<\/div>\n<\/div><\/div>\n<\/div>\n<div class=\"views-row views-row-9 views-row-odd\">\n<div class=\"views-field views-field-field-index-collection\">\n<div class=\"field-content\">\n<div class=\"field-collection-view clearfix view-mode-full field-collection-view-final\">\n<div class=\"entity entity-field-collection-item field-collection-item-field-index-collection clearfix\">\n<div class=\"content\">\n<blockquote>\n<p class=\"citation-small\"><a href=\"https:\/\/histoire-en-citations.fr\/WP\/ces-etrangers-qui-firent-lhistoire-de-france-iii\/#1000\">\u00ab\u00a0Depuis l\u2019\u00c9vangile jusqu\u2019au Contrat social, ce sont les livres qui ont fait les r\u00e9volutions.\u00a0\u00bb<\/a><\/p>\n<p class=\"auteur\"><span class=\"author\"><span class=\"surname\">Louis de <\/span><span class=\"name\">BONALD<\/span><\/span> (1754-1840), <cite>M\u00e9langes litt\u00e9raires, politiques et philosophiques<\/cite>, \u00ab\u00a0Sur les \u00e9loges historiques de MM.\u00a0S\u00e9guier et de Malesherbes\u00a0\u00bb<\/p>\n\n<\/blockquote><\/div>\n<\/div>\n<\/div>\n<\/div><\/div>\n<\/div>\n<div class=\"views-row views-row-10 views-row-even\">\n<div class=\"views-field views-field-field-index-collection\">\n<div class=\"field-content\">\n<div class=\"field-collection-view clearfix view-mode-full field-collection-view-final\">\n<div class=\"entity entity-field-collection-item field-collection-item-field-index-collection clearfix\">\n<div class=\"content\">\n<blockquote>\n<p class=\"citation-small\"><a href=\"https:\/\/histoire-en-citations.fr\/WP\/portrait-de-marie-antoinette-en-citations\/#1353\">\u00ab\u00a0La Reine a \u00e9t\u00e9 tromp\u00e9e, elle promet qu\u2019elle ne le sera plus [\u2026] elle promet d\u2019\u00eatre attach\u00e9e au peuple comme J\u00e9sus-Christ \u00e0 son \u00c9glise.\u00a0\u00bb<\/a><\/p>\n<p class=\"auteur\"><span class=\"author\"><span class=\"surname\">Marquis de <\/span><span class=\"name\">LA FAYETTE<\/span><\/span> (1757-1834), \u00e0 la foule, <cite>Versailles<\/cite>, 6\u00a0octobre 1789<\/p>\n\n<\/blockquote><\/div>\n<\/div>\n<\/div>\n<\/div><\/div>\n<\/div>\n<div class=\"views-row views-row-11 views-row-odd\">\n<div class=\"views-field views-field-field-index-collection\">\n<div class=\"field-content\">\n<div class=\"field-collection-view clearfix view-mode-full field-collection-view-final\">\n<div class=\"entity entity-field-collection-item field-collection-item-field-index-collection clearfix\">\n<div class=\"content\">\n<blockquote>\n<p class=\"citation-small\"><a href=\"https:\/\/histoire-en-citations.fr\/WP\/citations-referentielles-le-miroir-de-lhistoire-revolution\/#1536\">\u00ab\u00a0Le citoyen J\u00e9sus-Christ a \u00e9t\u00e9 le premier sans-culotte du monde.\u00a0\u00bb<\/a><\/p>\n<p class=\"auteur\"><span class=\"author\"><span class=\"surname\">Fran\u00e7ois <\/span><span class=\"name\">CHABOT<\/span><\/span> (1759-1794), Discours, 7 septembre 1793<\/p>\n\n<\/blockquote><\/div>\n<\/div>\n<\/div>\n<\/div><\/div>\n<\/div>\n<div class=\"views-row views-row-12 views-row-even\">\n<div class=\"views-field views-field-field-index-collection\">\n<div class=\"field-content\">\n<div class=\"field-collection-view clearfix view-mode-full field-collection-view-final\">\n<div class=\"entity entity-field-collection-item field-collection-item-field-index-collection clearfix\">\n<div class=\"content\">\n<blockquote>\n<p class=\"citation-small\"><a href=\"https:\/\/histoire-en-citations.fr\/WP\/40-petites-et-grandes-erreurs-historiques-en-citations\/#1583\">\u00ab\u00a0J\u2019ai l\u2019\u00e2ge du sans-culotte J\u00e9sus\u00a0; c\u2019est-\u00e0-dire trente-trois ans, \u00e2ge fatal aux r\u00e9volutionnaires\u00a0!\u00a0\u00bb<\/a><\/p>\n<p class=\"auteur\"><span class=\"author\"><span class=\"surname\">Camille <\/span><span class=\"name\">DESMOULINS<\/span><\/span> (1760-1794), au Tribunal r\u00e9volutionnaire lui demandant son nom, son \u00e2ge, 2\u00a0avril 1794<\/p>\n\n<\/blockquote><\/div>\n<\/div>\n<\/div>\n<\/div><\/div>\n<\/div>\n<div class=\"views-row views-row-13 views-row-odd\">\n<div class=\"views-field views-field-field-index-collection\">\n<div class=\"field-content\">\n<div class=\"field-collection-view clearfix view-mode-full field-collection-view-final\">\n<div class=\"entity entity-field-collection-item field-collection-item-field-index-collection clearfix\">\n<div class=\"content\">\n<blockquote>\n<p class=\"citation-small\"><a href=\"https:\/\/histoire-en-citations.fr\/WP\/recit-ou-roman-national-une-confusion-inadmissible\/#1631\">\u00ab\u00a0La R\u00e9volution fran\u00e7aise est le plus puissant pas du genre humain depuis l\u2019av\u00e8nement du Christ.\u00a0\u00bb<\/a><\/p>\n<p class=\"auteur\"><span class=\"author\"><span class=\"surname\">Victor <\/span><span class=\"name\">HUGO<\/span><\/span> (1802-1885), <cite>Les Mis\u00e9rables<\/cite> (1862)<\/p>\n\n<\/blockquote><\/div>\n<\/div>\n<\/div>\n<\/div><\/div>\n<\/div>\n<div class=\"views-row views-row-14 views-row-even\">\n<div class=\"views-field views-field-field-index-collection\">\n<div class=\"field-content\">\n<div class=\"field-collection-view clearfix view-mode-full field-collection-view-final\">\n<div class=\"entity entity-field-collection-item field-collection-item-field-index-collection clearfix\">\n<div class=\"content\">\n<blockquote>\n<p class=\"citation-small\"><a href=\"https:\/\/histoire-en-citations.fr\/WP\/40-petites-et-grandes-erreurs-historiques-en-citations\/#2000\">\u00ab\u00a0Non seulement J\u00e9sus-Christ \u00e9tait fils de Dieu, mais encore il \u00e9tait d\u2019excellente famille du c\u00f4t\u00e9 de sa m\u00e8re.\u00a0\u00bb<\/a><\/p>\n<p class=\"auteur\"><span class=\"author\"><span class=\"surname\">Mgr Hyacinthe-Louis de <\/span><span class=\"name\">QU\u00c9LEN<\/span><\/span> (1778-1839), 125<sup>e<\/sup> archev\u00eaque de Paris (de 1821 \u00e0 sa mort)<\/p>\n\n<\/blockquote><\/div>\n<\/div>\n<\/div>\n<\/div><\/div>\n<\/div>\n<div class=\"views-row views-row-15 views-row-odd\">\n<div class=\"views-field views-field-field-index-collection\">\n<div class=\"field-content\">\n<div class=\"field-collection-view clearfix view-mode-full field-collection-view-final\">\n<div class=\"entity entity-field-collection-item field-collection-item-field-index-collection clearfix\">\n<div class=\"content\">\n<blockquote>\n<p class=\"citation-small\"><a href=\"https:\/\/histoire-en-citations.fr\/WP\/lhistoire-en-caricatures-monarchie-de-juillet-et-deuxieme-republique\/#2155\">\u00ab\u00a0Le gouvernement est compos\u00e9 d\u2019hommes excellents pour la plupart, tous un peu incomplets et insuffisants \u00e0 une t\u00e2che qui demanderait le g\u00e9nie de Napol\u00e9on et le c\u0153ur de J\u00e9sus.\u00a0\u00bb<\/a><\/p>\n<p class=\"auteur\"><span class=\"author\"><span class=\"surname\">George <\/span><span class=\"name\">SAND<\/span><\/span> (1804-1876), Lettre au po\u00e8te ouvrier Charles Poncy, mars\u00a01848<\/p>\n\n<\/blockquote><\/div>\n<\/div>\n<\/div>\n<\/div><\/div>\n<\/div>\n<div class=\"views-row views-row-16 views-row-even\">\n<div class=\"views-field views-field-field-index-collection\">\n<div class=\"field-content\">\n<div class=\"field-collection-view clearfix view-mode-full field-collection-view-final\">\n<div class=\"entity entity-field-collection-item field-collection-item-field-index-collection clearfix\">\n<div class=\"content\">\n<blockquote>\n<p class=\"citation-small\"><a href=\"https:\/\/histoire-en-citations.fr\/WP\/le-grand-betisier-historique\/#2533\">\u00ab\u00a0Vous avez \u00e0 choisir entre J\u00e9sus et Barabbas\u00a0!\u00a0\u00bb<\/a><\/p>\n<p class=\"auteur\">Parole d\u2019un pr\u00e9dicateur<\/p>\n\n<\/blockquote><\/div>\n<\/div>\n<\/div>\n<\/div><\/div>\n<\/div>\n<div class=\"views-row views-row-17 views-row-odd views-row-last\">\n<div class=\"views-field views-field-field-index-collection\">\n<div class=\"field-content\">\n<div class=\"field-collection-view clearfix view-mode-full field-collection-view-final\">\n<div class=\"entity entity-field-collection-item field-collection-item-field-index-collection clearfix\">\n<div class=\"content\">\n<blockquote>\n<p class=\"citation-small\"><a href=\"https:\/\/histoire-en-citations.fr\/WP\/portrait-de-georges-clemenceau-en-citations\/#2554\">\u00ab\u00a0Que voulez-vous que je fasse entre Caillaux qui se prend pour Napol\u00e9on et Briand pour J\u00e9sus-Christ\u00a0!\u00a0\u00bb<\/a><\/p>\n<p class=\"auteur\"><span class=\"author\"><span class=\"surname\">Georges <\/span><span class=\"name\">CLEMENCEAU<\/span><\/span> (1841-1929), 12\u00a0juillet 1909<\/p>\n\n<\/blockquote><\/div>\n<\/div>\n<\/div>\n<\/div><\/div>\n<\/div>\n<\/div>\n<\/div>\n<\/div>\n<style>\r\n        a .cit-num {\r\n            text-decoration: none !important;\r\n            color: inherit !important;\r\n        }\r\n    <\/style>","protected":false},"excerpt":{"rendered":"<p>Comme dit Malraux dans l\u2019Espoir\u00a0: \u201c\u00a0Le Christ\u00a0? C\u2019est un anarchiste qui a r\u00e9ussi. C\u2019est le seul.\u00a0\u201d Et quelle r\u00e9ussite en mati\u00e8re de culture et de civilisation &#8211; hors les croisades et les guerres de religion\u00a0! Cliquez sur une citation pour la consulter dans son contexte historique.Retour aux personnages Affichage de 1 &#8211; 17 sur 17. [&#8230;]<\/p>\n","protected":false},"author":1,"featured_media":0,"parent":0,"menu_order":0,"comment_status":"closed","ping_status":"closed","template":"","meta":{"site-sidebar-layout":"default","site-content-layout":"","ast-site-content-layout":"default","site-content-style":"default","site-sidebar-style":"default","ast-global-header-display":"","ast-banner-title-visibility":"","ast-main-header-display":"","ast-hfb-above-header-display":"","ast-hfb-below-header-display":"","ast-hfb-mobile-header-display":"","site-post-title":"","ast-breadcrumbs-content":"","ast-featured-img":"","footer-sml-layout":"","theme-transparent-header-meta":"","adv-header-id-meta":"","stick-header-meta":"","header-above-stick-meta":"","header-main-stick-meta":"","header-below-stick-meta":"","astra-migrate-meta-layouts":"default","ast-page-background-enabled":"default","ast-page-background-meta":{"desktop":{"background-color":"var(--ast-global-color-5)","background-image":"","background-repeat":"repeat","background-position":"center center","background-size":"auto","background-attachment":"scroll","background-type":"","background-media":"","overlay-type":"","overlay-color":"","overlay-opacity":"","overlay-gradient":""},"tablet":{"background-color":"","background-image":"","background-repeat":"repeat","background-position":"center center","background-size":"auto","background-attachment":"scroll","background-type":"","background-media":"","overlay-type":"","overlay-color":"","overlay-opacity":"","overlay-gradient":""},"mobile":{"background-color":"","background-image":"","background-repeat":"repeat","background-position":"center center","background-size":"auto","background-attachment":"scroll","background-type":"","background-media":"","overlay-type":"","overlay-color":"","overlay-opacity":"","overlay-gradient":""}},"ast-content-background-meta":{"desktop":{"background-color":"var(--ast-global-color-4)","background-image":"","background-repeat":"repeat","background-position":"center center","background-size":"auto","background-attachment":"scroll","background-type":"","background-media":"","overlay-type":"","overlay-color":"","overlay-opacity":"","overlay-gradient":""},"tablet":{"background-color":"var(--ast-global-color-4)","background-image":"","background-repeat":"repeat","background-position":"center center","background-size":"auto","background-attachment":"scroll","background-type":"","background-media":"","overlay-type":"","overlay-color":"","overlay-opacity":"","overlay-gradient":""},"mobile":{"background-color":"var(--ast-global-color-4)","background-image":"","background-repeat":"repeat","background-position":"center center","background-size":"auto","background-attachment":"scroll","background-type":"","background-media":"","overlay-type":"","overlay-color":"","overlay-opacity":"","overlay-gradient":""}},"iawp_total_views":11,"footnotes":""},"class_list":["post-10479","page","type-page","status-publish","hentry"],"_links":{"self":[{"href":"https:\/\/histoire-en-citations.fr\/WP\/wp-json\/wp\/v2\/pages\/10479","targetHints":{"allow":["GET"]}}],"collection":[{"href":"https:\/\/histoire-en-citations.fr\/WP\/wp-json\/wp\/v2\/pages"}],"about":[{"href":"https:\/\/histoire-en-citations.fr\/WP\/wp-json\/wp\/v2\/types\/page"}],"author":[{"embeddable":true,"href":"https:\/\/histoire-en-citations.fr\/WP\/wp-json\/wp\/v2\/users\/1"}],"replies":[{"embeddable":true,"href":"https:\/\/histoire-en-citations.fr\/WP\/wp-json\/wp\/v2\/comments?post=10479"}],"version-history":[{"count":4,"href":"https:\/\/histoire-en-citations.fr\/WP\/wp-json\/wp\/v2\/pages\/10479\/revisions"}],"predecessor-version":[{"id":15120,"href":"https:\/\/histoire-en-citations.fr\/WP\/wp-json\/wp\/v2\/pages\/10479\/revisions\/15120"}],"wp:attachment":[{"href":"https:\/\/histoire-en-citations.fr\/WP\/wp-json\/wp\/v2\/media?parent=10479"}],"curies":[{"name":"wp","href":"https:\/\/api.w.org\/{rel}","templated":true}]}}