{"id":10495,"date":"2025-09-22T07:34:20","date_gmt":"2025-09-22T05:34:20","guid":{"rendered":"https:\/\/histoire-en-citations.fr\/WP\/louis-xviii\/"},"modified":"2025-11-19T08:52:10","modified_gmt":"2025-11-19T07:52:10","slug":"louis-xviii","status":"publish","type":"page","link":"https:\/\/histoire-en-citations.fr\/WP\/louis-xviii\/","title":{"rendered":"Louis\u00a0XVIII"},"content":{"rendered":"<div class=\"content\">\n<div class=\"view view-index-taxo view-id-index_taxo view-display-id-page view-dom-id-7a07cf51e3620acc60af0585d339988e\">\n<div class=\"view-header\">\n<p class=\"presentation\">Physique ingrat, avec une goutte (rhumatisme) qui le rend quasi infirme. R\u00f4le ingrat pour ce premier roi de la Restauration, qui succ\u00e8de \u00e0 Napol\u00e9on et supporte mal son fr\u00e8re impatient d\u2019\u00eatre sacr\u00e9 Charles\u00a0X. L\u2019humour sauve Louis\u00a0<span class=\"caps\">XVIII<\/span> du ridicule et lui permet de r\u00e9gner tant bien que mal avec une Charte constitutionnelle\u2026 insupportable \u00e0 son successeur.<\/p>\n<p class=\"idxinfo\">Cliquez sur une citation pour la consulter dans son contexte historique.<a class=\"retour\" href=\"https:\/\/histoire-en-citations.fr\/WP\/personnages\/\">Retour aux personnages<\/a><\/p>\n<p> Affichage de 1 \u2013 18 sur 18.    <\/p><\/div>\n<div class=\"view-content\">\n<div class=\"views-row views-row-1 views-row-odd views-row-first\">\n<div class=\"views-field views-field-field-index-collection\">\n<div class=\"field-content\">\n<div class=\"field-collection-view clearfix view-mode-full field-collection-view-final\">\n<div class=\"entity entity-field-collection-item field-collection-item-field-index-collection clearfix\">\n<div class=\"content\">\n<blockquote>\n<p class=\"citation-small\"><a href=\"https:\/\/histoire-en-citations.fr\/WP\/portrait-de-louis-xviii-en-citations\/#1201\">\u00ab\u00a0Pour vous faire une id\u00e9e de son caract\u00e8re, imaginez des boules d\u2019ivoire huil\u00e9es que vous vous efforceriez vainement de faire tenir ensemble.\u00a0\u00bb<\/a><\/p>\n<p class=\"auteur\"><span class=\"author\"><span class=\"surname\">Comte de <\/span><span class=\"name\">PROVENCE<\/span><\/span> (1755-1824), entretien avec le comte de La Marck<\/p>\n\n<\/blockquote><\/div>\n<\/div>\n<\/div>\n<\/div><\/div>\n<\/div>\n<div class=\"views-row views-row-2 views-row-even\">\n<div class=\"views-field views-field-field-index-collection\">\n<div class=\"field-content\">\n<div class=\"field-collection-view clearfix view-mode-full field-collection-view-final\">\n<div class=\"entity entity-field-collection-item field-collection-item-field-index-collection clearfix\">\n<div class=\"content\">\n<blockquote>\n<p class=\"citation-small\"><a href=\"https:\/\/histoire-en-citations.fr\/WP\/qui-a-dit-quoi-de-qui-restauration-et-monarchie-de-juillet\/#1904\">\u00ab\u00a0Il monta p\u00e9niblement ce tr\u00f4ne que son pr\u00e9d\u00e9cesseur avait eu l\u2019air d\u2019escalader.\u00a0\u00bb<\/a><\/p>\n<p class=\"auteur\"><span class=\"author\"><span class=\"surname\">Charles Fran\u00e7ois Marie, comte de <\/span><span class=\"name\">R\u00c9MUSAT<\/span><\/span> (1797-1875)<\/p>\n\n<\/blockquote><\/div>\n<\/div>\n<\/div>\n<\/div><\/div>\n<\/div>\n<div class=\"views-row views-row-3 views-row-odd\">\n<div class=\"views-field views-field-field-index-collection\">\n<div class=\"field-content\">\n<div class=\"field-collection-view clearfix view-mode-full field-collection-view-final\">\n<div class=\"entity entity-field-collection-item field-collection-item-field-index-collection clearfix\">\n<div class=\"content\">\n<blockquote>\n<p class=\"citation-small\"><a href=\"https:\/\/histoire-en-citations.fr\/WP\/lhistoire-en-chantant-de-napoleon-a-la-monarchie-de-juillet\/#1905\">\u00ab\u00a0Voulez-vous conna\u00eetre l\u2019histoire \/ D\u2019un gros roi nomm\u00e9 Cotillon\u00a0?Ton ton, ton ton, tontaine, ton ton. \/ Boire, manger, manger et boire,Voil\u00e0 le plaisir de Bourbon \/ Ton ton, tontaine, ton ton.\u00a0\u00bb<\/a><\/p>\n<p class=\"auteur\"><cite>Voulez-vous conna\u00eetre l\u2019histoire\u00a0?<\/cite> (1814), chanson<\/p>\n\n<\/blockquote><\/div>\n<\/div>\n<\/div>\n<\/div><\/div>\n<\/div>\n<div class=\"views-row views-row-4 views-row-even\">\n<div class=\"views-field views-field-field-index-collection\">\n<div class=\"field-content\">\n<div class=\"field-collection-view clearfix view-mode-full field-collection-view-final\">\n<div class=\"entity entity-field-collection-item field-collection-item-field-index-collection clearfix\">\n<div class=\"content\">\n<blockquote>\n<p class=\"citation-small\"><a href=\"https:\/\/histoire-en-citations.fr\/WP\/lhistoire-en-caricatures-de-la-restauration-a-la-monarchie-de-juillet\/#1906\">\u00ab\u00a0Je suis comme les femmes pas tr\u00e8s jolies, que l\u2019on s\u2019efforce d\u2019aimer par raison. Apr\u00e8s tout, c\u2019est encore la n\u00e9cessit\u00e9 qui fait les meilleurs mariages.\u00a0\u00bb<\/a><\/p>\n<p class=\"auteur\"><span class=\"author\"><span class=\"name\">LOUIS XVIII<\/span><\/span> (1755-1824)<\/p>\n\n<\/blockquote><\/div>\n<\/div>\n<\/div>\n<\/div><\/div>\n<\/div>\n<div class=\"views-row views-row-5 views-row-odd\">\n<div class=\"views-field views-field-field-index-collection\">\n<div class=\"field-content\">\n<div class=\"field-collection-view clearfix view-mode-full field-collection-view-final\">\n<div class=\"entity entity-field-collection-item field-collection-item-field-index-collection clearfix\">\n<div class=\"content\">\n<blockquote>\n<p class=\"citation-small\"><a href=\"https:\/\/histoire-en-citations.fr\/WP\/portrait-de-louis-xviii-en-citations\/#1907\">\u00ab\u00a0L\u2019exactitude est la politesse des rois.\u00a0\u00bb<\/a><\/p>\n<p class=\"auteur\"><span class=\"author\"><span class=\"name\">LOUIS XVIII<\/span><\/span> (1755-1824)<\/p>\n\n<\/blockquote><\/div>\n<\/div>\n<\/div>\n<\/div><\/div>\n<\/div>\n<div class=\"views-row views-row-6 views-row-even\">\n<div class=\"views-field views-field-field-index-collection\">\n<div class=\"field-content\">\n<div class=\"field-collection-view clearfix view-mode-full field-collection-view-final\">\n<div class=\"entity entity-field-collection-item field-collection-item-field-index-collection clearfix\">\n<div class=\"content\">\n<blockquote>\n<p class=\"citation-small\"><a href=\"https:\/\/histoire-en-citations.fr\/WP\/lhistoire-en-caricatures-de-la-restauration-a-la-monarchie-de-juillet\/#1908\">\u00ab\u00a0Vous vous plaignez d\u2019un roi sans jambes, vous verrez ce que c\u2019est qu\u2019un roi sans t\u00eate.\u00a0\u00bb<\/a><\/p>\n<p class=\"auteur\"><span class=\"author\"><span class=\"name\">LOUIS XVIII<\/span><\/span> (1755-1824), qui ne conna\u00eet que trop bien son fr\u00e8re, le comte d\u2019Artois<\/p>\n\n<\/blockquote><\/div>\n<\/div>\n<\/div>\n<\/div><\/div>\n<\/div>\n<div class=\"views-row views-row-7 views-row-odd\">\n<div class=\"views-field views-field-field-index-collection\">\n<div class=\"field-content\">\n<div class=\"field-collection-view clearfix view-mode-full field-collection-view-final\">\n<div class=\"entity entity-field-collection-item field-collection-item-field-index-collection clearfix\">\n<div class=\"content\">\n<blockquote>\n<p class=\"citation-small\"><a href=\"https:\/\/histoire-en-citations.fr\/WP\/portrait-de-louis-xviii-en-citations\/#1922\">\u00ab\u00a0Maintenant, Sire, la coalition est dissoute et elle l\u2019est pour toujours. La France n\u2019est plus isol\u00e9e en Europe.\u00a0\u00bb<\/a><\/p>\n<p class=\"auteur\"><span class=\"author\"><span class=\"name\">TALLEYRAND<\/span><\/span> (1754-1838), Lettre \u00e0 Louis XVIII, 4\u00a0janvier 1815<\/p>\n\n<\/blockquote><\/div>\n<\/div>\n<\/div>\n<\/div><\/div>\n<\/div>\n<div class=\"views-row views-row-8 views-row-even\">\n<div class=\"views-field views-field-field-index-collection\">\n<div class=\"field-content\">\n<div class=\"field-collection-view clearfix view-mode-full field-collection-view-final\">\n<div class=\"entity entity-field-collection-item field-collection-item-field-index-collection clearfix\">\n<div class=\"content\">\n<blockquote>\n<p class=\"citation-small\"><a href=\"https:\/\/histoire-en-citations.fr\/WP\/lhistoire-en-chantant-de-napoleon-a-la-monarchie-de-juillet\/#1925\">\u00ab\u00a0D\u2019sus l\u2019tr\u00f4ne Louis XVIII plac\u00e9, \/ Notre Emp\u2019reur que rien n\u2019inqui\u00e8te,Lui dit\u00a0: pour un an j\u2019t\u2019ai laiss\u00e9, \/ Ot\u2019-toi d\u2019l\u00e0 que j\u2019m\u2019y mette\u00a0!\u00a0\u00bb<\/a><\/p>\n<p class=\"auteur\"><cite>Ot\u2019-toi d\u2019l\u00e0 que j\u2019m\u2019y mette<\/cite>, chanson de 1815<\/p>\n\n<\/blockquote><\/div>\n<\/div>\n<\/div>\n<\/div><\/div>\n<\/div>\n<div class=\"views-row views-row-9 views-row-odd\">\n<div class=\"views-field views-field-field-index-collection\">\n<div class=\"field-content\">\n<div class=\"field-collection-view clearfix view-mode-full field-collection-view-final\">\n<div class=\"entity entity-field-collection-item field-collection-item-field-index-collection clearfix\">\n<div class=\"content\">\n<blockquote>\n<p class=\"citation-small\"><a href=\"https:\/\/histoire-en-citations.fr\/WP\/portrait-de-louis-xviii-en-citations\/#1928\">\u00ab\u00a0La grande mesure d\u00e9cr\u00e9t\u00e9e contre Bonaparte fut un ordre de \u00ab\u00a0courir sus\u00a0\u00bb\u00a0: Louis\u00a0XVIII, sans jambes, \u00ab\u00a0courir sus\u00a0\u00bb le conqu\u00e9rant qui enjambait la terre.\u00a0\u00bb<\/a><\/p>\n<p class=\"auteur\"><span class=\"author\"><span class=\"surname\">Fran\u00e7ois Ren\u00e9 de <\/span><span class=\"name\">CHATEAUBRIAND<\/span><\/span> (1768-1848), <cite>M\u00e9moires d\u2019outre-tombe<\/cite> (posthume)<\/p>\n\n<\/blockquote><\/div>\n<\/div>\n<\/div>\n<\/div><\/div>\n<\/div>\n<div class=\"views-row views-row-10 views-row-even\">\n<div class=\"views-field views-field-field-index-collection\">\n<div class=\"field-content\">\n<div class=\"field-collection-view clearfix view-mode-full field-collection-view-final\">\n<div class=\"entity entity-field-collection-item field-collection-item-field-index-collection clearfix\">\n<div class=\"content\">\n<blockquote>\n<p class=\"citation-small\"><a href=\"https:\/\/histoire-en-citations.fr\/WP\/qui-a-dit-quoi-de-qui-restauration-et-monarchie-de-juillet\/#1937\">\u00ab\u00a0Ce diable d\u2019homme m\u2019a g\u00e2t\u00e9 la France.\u00a0\u00bb<\/a><\/p>\n<p class=\"auteur\"><span class=\"author\"><span class=\"name\">NAPOL\u00c9ON\u00a0I<sup>er<\/sup><\/span><\/span> (1769-1821)<\/p>\n\n<\/blockquote><\/div>\n<\/div>\n<\/div>\n<\/div><\/div>\n<\/div>\n<div class=\"views-row views-row-11 views-row-odd\">\n<div class=\"views-field views-field-field-index-collection\">\n<div class=\"field-content\">\n<div class=\"field-collection-view clearfix view-mode-full field-collection-view-final\">\n<div class=\"entity entity-field-collection-item field-collection-item-field-index-collection clearfix\">\n<div class=\"content\">\n<blockquote>\n<p class=\"citation-small\"><a href=\"https:\/\/histoire-en-citations.fr\/WP\/portrait-de-louis-xviii-en-citations\/#1938\">\u00ab\u00a0La l\u00e9gitimit\u00e9 gisait en d\u00e9p\u00f4t \u00e0 l\u2019h\u00f4tel d\u2019Hane de Steenhuyse comme un vieux fourgon bris\u00e9.\u00a0\u00bb<\/a><\/p>\n<p class=\"auteur\"><span class=\"author\"><span class=\"surname\">Fran\u00e7ois Ren\u00e9 de <\/span><span class=\"name\">CHATEAUBRIAND<\/span><\/span> (1768-1848), <cite>M\u00e9moires d\u2019outre-tombe<\/cite> (posthume)<\/p>\n\n<\/blockquote><\/div>\n<\/div>\n<\/div>\n<\/div><\/div>\n<\/div>\n<div class=\"views-row views-row-12 views-row-even\">\n<div class=\"views-field views-field-field-index-collection\">\n<div class=\"field-content\">\n<div class=\"field-collection-view clearfix view-mode-full field-collection-view-final\">\n<div class=\"entity entity-field-collection-item field-collection-item-field-index-collection clearfix\">\n<div class=\"content\">\n<blockquote>\n<p class=\"citation-small\"><a href=\"https:\/\/histoire-en-citations.fr\/WP\/lhistoire-en-caricatures-de-la-restauration-a-la-monarchie-de-juillet\/#1973\">\u00ab\u00a0Le Roi, dont la sagesse exquise \/ Sait mettre le temps \u00e0 profit,Passe trois heures \u00e0 l\u2019\u00e9glise, \/ Quatre \u00e0 table et quatorze au lit.Restent pour le soin de l\u2019Empire, \/ Trois autres, mais h\u00e9las,Ce temps peut \u00e0 peine suffire \/ Pour \u00f4ter et mettre ses bas.\u00a0\u00bb<\/a><\/p>\n<p class=\"auteur\"><cite>Le Roi dont la sagesse exquise<\/cite>, chanson<\/p>\n\n<\/blockquote><\/div>\n<\/div>\n<\/div>\n<\/div><\/div>\n<\/div>\n<div class=\"views-row views-row-13 views-row-odd\">\n<div class=\"views-field views-field-field-index-collection\">\n<div class=\"field-content\">\n<div class=\"field-collection-view clearfix view-mode-full field-collection-view-final\">\n<div class=\"entity entity-field-collection-item field-collection-item-field-index-collection clearfix\">\n<div class=\"content\">\n<blockquote>\n<p class=\"citation-small\"><a href=\"https:\/\/histoire-en-citations.fr\/WP\/qui-a-dit-quoi-de-qui-restauration-et-monarchie-de-juillet\/#1979\">\u00ab\u00a0Le r\u00e8gne du roi est fini, celui de son successeur commence.\u00a0\u00bb<\/a><\/p>\n<p class=\"auteur\"><span class=\"author\"><span class=\"surname\">Duc de <\/span><span class=\"name\">BROGLIE<\/span><\/span> (1785-1870), apr\u00e8s la chute du minist\u00e8re Decazes, fin f\u00e9vrier\u00a01820<\/p>\n\n<\/blockquote><\/div>\n<\/div>\n<\/div>\n<\/div><\/div>\n<\/div>\n<div class=\"views-row views-row-14 views-row-even\">\n<div class=\"views-field views-field-field-index-collection\">\n<div class=\"field-content\">\n<div class=\"field-collection-view clearfix view-mode-full field-collection-view-final\">\n<div class=\"entity entity-field-collection-item field-collection-item-field-index-collection clearfix\">\n<div class=\"content\">\n<blockquote>\n<p class=\"citation-small\"><a href=\"https:\/\/histoire-en-citations.fr\/WP\/qui-a-dit-quoi-de-qui-restauration-et-monarchie-de-juillet\/#1986\">\u00ab\u00a0Que voulez-vous\u00a0? Il a conspir\u00e9 contre Louis\u00a0XVI, il a conspir\u00e9 contre moi, il conspirera contre lui-m\u00eame.\u00a0\u00bb<\/a><\/p>\n<p class=\"auteur\"><span class=\"author\"><span class=\"name\">LOUIS XVIII<\/span><\/span> (1755-1824), parlant de son fr\u00e8re au duc de Richelieu, 12\u00a0d\u00e9cembre\u00a01821<\/p>\n\n<\/blockquote><\/div>\n<\/div>\n<\/div>\n<\/div><\/div>\n<\/div>\n<div class=\"views-row views-row-15 views-row-odd\">\n<div class=\"views-field views-field-field-index-collection\">\n<div class=\"field-content\">\n<div class=\"field-collection-view clearfix view-mode-full field-collection-view-final\">\n<div class=\"entity entity-field-collection-item field-collection-item-field-index-collection clearfix\">\n<div class=\"content\">\n<blockquote>\n<p class=\"citation-small\"><a href=\"https:\/\/histoire-en-citations.fr\/WP\/qui-a-dit-quoi-de-qui-restauration-et-monarchie-de-juillet\/#1987\">\u00ab\u00a0J\u2019ai du moins la paix du m\u00e9nage.\u00a0\u00bb<\/a><\/p>\n<p class=\"auteur\"><span class=\"author\"><span class=\"name\">LOUIS XVIII<\/span><\/span> (1755-1824)<\/p>\n\n<\/blockquote><\/div>\n<\/div>\n<\/div>\n<\/div><\/div>\n<\/div>\n<div class=\"views-row views-row-16 views-row-even\">\n<div class=\"views-field views-field-field-index-collection\">\n<div class=\"field-content\">\n<div class=\"field-collection-view clearfix view-mode-full field-collection-view-final\">\n<div class=\"entity entity-field-collection-item field-collection-item-field-index-collection clearfix\">\n<div class=\"content\">\n<blockquote>\n<p class=\"citation-small\"><a href=\"https:\/\/histoire-en-citations.fr\/WP\/portrait-de-louis-xviii-en-citations\/#1988\">\u00ab\u00a0En somme, le roi a voulu voir de son vivant comment cela irait apr\u00e8s sa mort, et il a constitu\u00e9 le premier cabinet de Monsieur\u00a0!\u00a0\u00bb<\/a><\/p>\n<p class=\"auteur\"><span class=\"author\"><span class=\"surname\">Marquis de <\/span><span class=\"name\">S\u00c9MONVILLE<\/span><\/span> (1759-1839)<\/p>\n\n<\/blockquote><\/div>\n<\/div>\n<\/div>\n<\/div><\/div>\n<\/div>\n<div class=\"views-row views-row-17 views-row-odd\">\n<div class=\"views-field views-field-field-index-collection\">\n<div class=\"field-content\">\n<div class=\"field-collection-view clearfix view-mode-full field-collection-view-final\">\n<div class=\"entity entity-field-collection-item field-collection-item-field-index-collection clearfix\">\n<div class=\"content\">\n<blockquote>\n<p class=\"citation-small\"><a href=\"https:\/\/histoire-en-citations.fr\/WP\/qui-a-dit-quoi-de-qui-restauration-et-monarchie-de-juillet\/#1989\">\u00ab\u00a0Il ne se remue pas et cependant, je m\u2019aper\u00e7ois qu\u2019il chemine.\u00a0\u00bb<\/a><\/p>\n<p class=\"auteur\"><span class=\"author\"><span class=\"name\">LOUIS XVIII<\/span><\/span> (1755-1824)<\/p>\n\n<\/blockquote><\/div>\n<\/div>\n<\/div>\n<\/div><\/div>\n<\/div>\n<div class=\"views-row views-row-18 views-row-even views-row-last\">\n<div class=\"views-field views-field-field-index-collection\">\n<div class=\"field-content\">\n<div class=\"field-collection-view clearfix view-mode-full field-collection-view-final\">\n<div class=\"entity entity-field-collection-item field-collection-item-field-index-collection clearfix\">\n<div class=\"content\">\n<blockquote>\n<p class=\"citation-small\"><a href=\"https:\/\/histoire-en-citations.fr\/WP\/portrait-de-louis-xviii-en-citations\/#1992\">\u00ab\u00a0Sire, je suis vieux.\u2014 Non, Monsieur de Talleyrand, non, vous n\u2019\u00eates point vieux\u00a0; l\u2019ambition ne vieillit point.\u00a0\u00bb<\/a><\/p>\n<p class=\"auteur\"><span class=\"author\"><span class=\"name\">LOUIS XVIII<\/span><\/span> (1755-1824), qui r\u00e9plique au \u00ab\u00a0Discours au roi pour l\u2019emp\u00eacher de faire la guerre\u00a0\u00bb<\/p>\n\n<\/blockquote><\/div>\n<\/div>\n<\/div>\n<\/div><\/div>\n<\/div>\n<\/div>\n<\/div>\n<\/div>\n<style>\r\n        a .cit-num {\r\n            text-decoration: none !important;\r\n            color: inherit !important;\r\n        }\r\n    <\/style>","protected":false},"excerpt":{"rendered":"<p>Physique ingrat, avec une goutte (rhumatisme) qui le rend quasi infirme. R\u00f4le ingrat pour ce premier roi de la Restauration, qui succ\u00e8de \u00e0 Napol\u00e9on et supporte mal son fr\u00e8re impatient d\u2019\u00eatre sacr\u00e9 Charles\u00a0X. L\u2019humour sauve Louis\u00a0XVIII du ridicule et lui permet de r\u00e9gner tant bien que mal avec une Charte constitutionnelle&#8230; insupportable \u00e0 son successeur. [&#8230;]<\/p>\n","protected":false},"author":1,"featured_media":0,"parent":0,"menu_order":0,"comment_status":"closed","ping_status":"closed","template":"","meta":{"site-sidebar-layout":"default","site-content-layout":"","ast-site-content-layout":"default","site-content-style":"default","site-sidebar-style":"default","ast-global-header-display":"","ast-banner-title-visibility":"","ast-main-header-display":"","ast-hfb-above-header-display":"","ast-hfb-below-header-display":"","ast-hfb-mobile-header-display":"","site-post-title":"","ast-breadcrumbs-content":"","ast-featured-img":"","footer-sml-layout":"","theme-transparent-header-meta":"","adv-header-id-meta":"","stick-header-meta":"","header-above-stick-meta":"","header-main-stick-meta":"","header-below-stick-meta":"","astra-migrate-meta-layouts":"default","ast-page-background-enabled":"default","ast-page-background-meta":{"desktop":{"background-color":"var(--ast-global-color-5)","background-image":"","background-repeat":"repeat","background-position":"center center","background-size":"auto","background-attachment":"scroll","background-type":"","background-media":"","overlay-type":"","overlay-color":"","overlay-opacity":"","overlay-gradient":""},"tablet":{"background-color":"","background-image":"","background-repeat":"repeat","background-position":"center center","background-size":"auto","background-attachment":"scroll","background-type":"","background-media":"","overlay-type":"","overlay-color":"","overlay-opacity":"","overlay-gradient":""},"mobile":{"background-color":"","background-image":"","background-repeat":"repeat","background-position":"center center","background-size":"auto","background-attachment":"scroll","background-type":"","background-media":"","overlay-type":"","overlay-color":"","overlay-opacity":"","overlay-gradient":""}},"ast-content-background-meta":{"desktop":{"background-color":"var(--ast-global-color-4)","background-image":"","background-repeat":"repeat","background-position":"center center","background-size":"auto","background-attachment":"scroll","background-type":"","background-media":"","overlay-type":"","overlay-color":"","overlay-opacity":"","overlay-gradient":""},"tablet":{"background-color":"var(--ast-global-color-4)","background-image":"","background-repeat":"repeat","background-position":"center center","background-size":"auto","background-attachment":"scroll","background-type":"","background-media":"","overlay-type":"","overlay-color":"","overlay-opacity":"","overlay-gradient":""},"mobile":{"background-color":"var(--ast-global-color-4)","background-image":"","background-repeat":"repeat","background-position":"center center","background-size":"auto","background-attachment":"scroll","background-type":"","background-media":"","overlay-type":"","overlay-color":"","overlay-opacity":"","overlay-gradient":""}},"iawp_total_views":46,"footnotes":""},"class_list":["post-10495","page","type-page","status-publish","hentry"],"_links":{"self":[{"href":"https:\/\/histoire-en-citations.fr\/WP\/wp-json\/wp\/v2\/pages\/10495","targetHints":{"allow":["GET"]}}],"collection":[{"href":"https:\/\/histoire-en-citations.fr\/WP\/wp-json\/wp\/v2\/pages"}],"about":[{"href":"https:\/\/histoire-en-citations.fr\/WP\/wp-json\/wp\/v2\/types\/page"}],"author":[{"embeddable":true,"href":"https:\/\/histoire-en-citations.fr\/WP\/wp-json\/wp\/v2\/users\/1"}],"replies":[{"embeddable":true,"href":"https:\/\/histoire-en-citations.fr\/WP\/wp-json\/wp\/v2\/comments?post=10495"}],"version-history":[{"count":5,"href":"https:\/\/histoire-en-citations.fr\/WP\/wp-json\/wp\/v2\/pages\/10495\/revisions"}],"predecessor-version":[{"id":15138,"href":"https:\/\/histoire-en-citations.fr\/WP\/wp-json\/wp\/v2\/pages\/10495\/revisions\/15138"}],"wp:attachment":[{"href":"https:\/\/histoire-en-citations.fr\/WP\/wp-json\/wp\/v2\/media?parent=10495"}],"curies":[{"name":"wp","href":"https:\/\/api.w.org\/{rel}","templated":true}]}}