{"id":10511,"date":"2025-09-22T07:34:08","date_gmt":"2025-09-22T05:34:08","guid":{"rendered":"https:\/\/histoire-en-citations.fr\/WP\/mirabeau\/"},"modified":"2025-09-22T07:34:08","modified_gmt":"2025-09-22T05:34:08","slug":"mirabeau","status":"publish","type":"page","link":"https:\/\/histoire-en-citations.fr\/WP\/mirabeau\/","title":{"rendered":"Mirabeau"},"content":{"rendered":"<div class=\"content\">\n<div class=\"view view-index-taxo view-id-index_taxo view-display-id-page view-dom-id-c593ffaf6fb39944b64ef959a02dd16c\">\n<div class=\"view-header\">\n<p class=\"presentation\">Premier grand homme de la R\u00e9volution, l\u2019Orateur du peuple est une mine de Mots qu\u2019il improvise avec g\u00e9nie. Reste \u00e0 les remettre en situation et \u00e0 prendre ses distances avec le personnage dont la trahison fut prouv\u00e9e post mortem \u2013 d\u2019o\u00f9 sa rapide d\u00e9panth\u00e9onisation.<\/p>\n<p class=\"idxinfo\">Cliquez sur une citation pour la consulter dans son contexte historique.<a class=\"retour\" href=\"https:\/\/histoire-en-citations.fr\/WP\/personnages\/\">Retour aux personnages<\/a><\/p>\n<p> Affichage de 1 \u2013 19 sur 19.    <\/p><\/div>\n<div class=\"view-content\">\n<div class=\"views-row views-row-1 views-row-odd views-row-first\">\n<div class=\"views-field views-field-field-index-collection\">\n<div class=\"field-content\">\n<div class=\"field-collection-view clearfix view-mode-full field-collection-view-final\">\n<div class=\"entity entity-field-collection-item field-collection-item-field-index-collection clearfix\">\n<div class=\"content\">\n<blockquote>\n<p class=\"citation-small\"><a href=\"https:\/\/histoire-en-citations.fr\/WP\/recit-ou-roman-national-une-confusion-inadmissible-ii#1268\">\u00ab\u00a0Quand on se m\u00eale de diriger une r\u00e9volution, la difficult\u00e9 n\u2019est pas de la faire aller, mais de la retenir.\u00a0\u00bb<\/a><\/p>\n<p class=\"auteur\"><span class=\"author\"><span class=\"surname\">Comte de <\/span><span class=\"name\">MIRABEAU<\/span><\/span> (1749-1791)<\/p>\n\n<\/blockquote><\/div>\n<\/div>\n<\/div>\n<\/div><\/div>\n<\/div>\n<div class=\"views-row views-row-2 views-row-even\">\n<div class=\"views-field views-field-field-index-collection\">\n<div class=\"field-content\">\n<div class=\"field-collection-view clearfix view-mode-full field-collection-view-final\">\n<div class=\"entity entity-field-collection-item field-collection-item-field-index-collection clearfix\">\n<div class=\"content\">\n<blockquote>\n<p class=\"citation-small\"><a href=\"https:\/\/histoire-en-citations.fr\/WP\/portrait-de-mirabeau-en-citations#1291\">\u00ab\u00a0On ne conna\u00eet pas la toute-puissance de ma laideur. Quand je secoue ma terrible hure, il n\u2019y a personne qui os\u00e2t m\u2019interrompre.\u00a0\u00bb<\/a><\/p>\n<p class=\"auteur\"><span class=\"author\"><span class=\"surname\">Comte de <\/span><span class=\"name\">MIRABEAU<\/span><\/span> (1749-1791)<\/p>\n\n<\/blockquote><\/div>\n<\/div>\n<\/div>\n<\/div><\/div>\n<\/div>\n<div class=\"views-row views-row-3 views-row-odd\">\n<div class=\"views-field views-field-field-index-collection\">\n<div class=\"field-content\">\n<div class=\"field-collection-view clearfix view-mode-full field-collection-view-final\">\n<div class=\"entity entity-field-collection-item field-collection-item-field-index-collection clearfix\">\n<div class=\"content\">\n<blockquote>\n<p class=\"citation-small\"><a href=\"https:\/\/histoire-en-citations.fr\/WP\/les-mysteres-de-lhistoire-de-louis-xiv-a-napoleon#1292\">\u00ab\u00a0La nature semblait avoir moul\u00e9 sa t\u00eate pour l\u2019Empire ou pour le gibet, taill\u00e9 ses bras pour \u00e9treindre une nation ou pour enlever une femme.\u00a0\u00bb<\/a><\/p>\n<p class=\"auteur\"><span class=\"author\"><span class=\"surname\">Fran\u00e7ois Ren\u00e9 de <\/span><span class=\"name\">CHATEAUBRIAND<\/span><\/span> (1768-1848), <cite>M\u00e9moires d\u2019outre-tombe<\/cite> (posthume)<\/p>\n\n<\/blockquote><\/div>\n<\/div>\n<\/div>\n<\/div><\/div>\n<\/div>\n<div class=\"views-row views-row-4 views-row-even\">\n<div class=\"views-field views-field-field-index-collection\">\n<div class=\"field-content\">\n<div class=\"field-collection-view clearfix view-mode-full field-collection-view-final\">\n<div class=\"entity entity-field-collection-item field-collection-item-field-index-collection clearfix\">\n<div class=\"content\">\n<blockquote>\n<p class=\"citation-small\"><a href=\"https:\/\/histoire-en-citations.fr\/WP\/les-mysteres-de-lhistoire-de-louis-xiv-a-napoleon#1293\">\u00ab\u00a0Voyez ce Mirabeau qui a tant marqu\u00e9 dans la R\u00e9volution\u00a0: au fond, c\u2019\u00e9tait le roi de la halle.\u00a0\u00bb<\/a><\/p>\n<p class=\"auteur\"><span class=\"author\"><span class=\"surname\">Joseph de <\/span><span class=\"name\">MAISTRE<\/span><\/span> (1753-1821), <cite>Consid\u00e9rations sur la France<\/cite> (1797)<\/p>\n\n<\/blockquote><\/div>\n<\/div>\n<\/div>\n<\/div><\/div>\n<\/div>\n<div class=\"views-row views-row-5 views-row-odd\">\n<div class=\"views-field views-field-field-index-collection\">\n<div class=\"field-content\">\n<div class=\"field-collection-view clearfix view-mode-full field-collection-view-final\">\n<div class=\"entity entity-field-collection-item field-collection-item-field-index-collection clearfix\">\n<div class=\"content\">\n<blockquote>\n<p class=\"citation-small\"><a href=\"https:\/\/histoire-en-citations.fr\/WP\/les-mysteres-de-lhistoire-de-louis-xiv-a-napoleon#1294\">\u00ab\u00a0Mirabeau (le comte de). \u2013 Ce grand homme a senti de bonne heure que la moindre vertu pouvait l\u2019arr\u00eater sur le chemin de la gloire, et jusqu\u2019\u00e0 ce jour, il ne s\u2019en est permis aucune.\u00a0\u00bb<\/a><\/p>\n<p class=\"auteur\"><span class=\"author\"><span class=\"name\">RIVAROL<\/span><\/span> (1753-1801), <cite>Petit Dictionnaire des grands hommes de la R\u00e9volution<\/cite> (1790)<\/p>\n\n<\/blockquote><\/div>\n<\/div>\n<\/div>\n<\/div><\/div>\n<\/div>\n<div class=\"views-row views-row-6 views-row-even\">\n<div class=\"views-field views-field-field-index-collection\">\n<div class=\"field-content\">\n<div class=\"field-collection-view clearfix view-mode-full field-collection-view-final\">\n<div class=\"entity entity-field-collection-item field-collection-item-field-index-collection clearfix\">\n<div class=\"content\">\n<blockquote>\n<p class=\"citation-small\"><a href=\"https:\/\/histoire-en-citations.fr\/WP\/portrait-de-danton-en-citations#1295\">\u00ab\u00a0Danton fut l\u2019action dont Mirabeau avait \u00e9t\u00e9 la parole.\u00a0\u00bb<\/a><\/p>\n<p class=\"auteur\"><span class=\"author\"><span class=\"surname\">Victor <\/span><span class=\"name\">HUGO<\/span><\/span> (1802-1885), <cite>Quatre-vingt-treize<\/cite> (1874)<\/p>\n\n<\/blockquote><\/div>\n<\/div>\n<\/div>\n<\/div><\/div>\n<\/div>\n<div class=\"views-row views-row-7 views-row-odd\">\n<div class=\"views-field views-field-field-index-collection\">\n<div class=\"field-content\">\n<div class=\"field-collection-view clearfix view-mode-full field-collection-view-final\">\n<div class=\"entity entity-field-collection-item field-collection-item-field-index-collection clearfix\">\n<div class=\"content\">\n<blockquote>\n<p class=\"citation-small\"><a href=\"https:\/\/histoire-en-citations.fr\/WP\/qui-a-dit-quoi-de-qui-revolution#1306\">\u00ab\u00a0Cet homme ira loin car il croit tout ce qu\u2019il dit.\u00a0\u00bb<\/a><\/p>\n<p class=\"auteur\"><span class=\"author\"><span class=\"surname\">Comte de <\/span><span class=\"name\">MIRABEAU<\/span><\/span> (1749-1791), <cite>M\u00e9moires biographiques, litt\u00e9raires et politiques de Mirabeau<\/cite> (posthume)<\/p>\n\n<\/blockquote><\/div>\n<\/div>\n<\/div>\n<\/div><\/div>\n<\/div>\n<div class=\"views-row views-row-8 views-row-even\">\n<div class=\"views-field views-field-field-index-collection\">\n<div class=\"field-content\">\n<div class=\"field-collection-view clearfix view-mode-full field-collection-view-final\">\n<div class=\"entity entity-field-collection-item field-collection-item-field-index-collection clearfix\">\n<div class=\"content\">\n<blockquote>\n<p class=\"citation-small\"><a href=\"https:\/\/histoire-en-citations.fr\/WP\/limpertinence-a-la-francaise-une-vertu-nationale-de-la-revolution-a-nos-jours#1320\">\u00ab\u00a0Allez dire \u00e0 votre ma\u00eetre que nous sommes ici par la volont\u00e9 du peuple et qu\u2019on ne nous en arrachera que par la puissance des ba\u00efonnettes.\u00a0\u00bb<\/a><\/p>\n<p class=\"auteur\"><span class=\"author\"><span class=\"surname\">Comte de <\/span><span class=\"name\">MIRABEAU<\/span><\/span> (1749-1791), au marquis de Dreux-Br\u00e9z\u00e9, salle du Jeu de paume, 23\u00a0juin\u00a01789<\/p>\n\n<\/blockquote><\/div>\n<\/div>\n<\/div>\n<\/div><\/div>\n<\/div>\n<div class=\"views-row views-row-9 views-row-odd\">\n<div class=\"views-field views-field-field-index-collection\">\n<div class=\"field-content\">\n<div class=\"field-collection-view clearfix view-mode-full field-collection-view-final\">\n<div class=\"entity entity-field-collection-item field-collection-item-field-index-collection clearfix\">\n<div class=\"content\">\n<blockquote>\n<p class=\"citation-small\"><a href=\"https:\/\/histoire-en-citations.fr\/WP\/limpertinence-a-la-francaise-une-vertu-nationale-de-la-revolution-a-nos-jours#1321\">\u00ab\u00a0\u2018Allez dire \u00e0 votre ma\u00eetre\u2026\u2019 Votre ma\u00eetre\u00a0! c\u00a0\u2018est le roi de France devenu \u00e9tranger. C\u2019est toute une fronti\u00e8re trac\u00e9e entre le tr\u00f4ne et le peuple. C\u2019est la r\u00e9volution qui laisse \u00e9chapper son cri. Personne ne l\u2019eut os\u00e9 avant Mirabeau. Il n\u2019appartient qu\u2019aux grands hommes de prononcer les mots d\u00e9cisifs des grandes \u00e9poques.\u00a0\u00bb<\/a><\/p>\n<p class=\"auteur\"><span class=\"author\"><span class=\"surname\">Victor <\/span><span class=\"name\">HUGO<\/span><\/span> (1802-1885), <cite>Litt\u00e9rature et philosophie m\u00eal\u00e9es<\/cite> (1834)<\/p>\n\n<\/blockquote><\/div>\n<\/div>\n<\/div>\n<\/div><\/div>\n<\/div>\n<div class=\"views-row views-row-10 views-row-even\">\n<div class=\"views-field views-field-field-index-collection\">\n<div class=\"field-content\">\n<div class=\"field-collection-view clearfix view-mode-full field-collection-view-final\">\n<div class=\"entity entity-field-collection-item field-collection-item-field-index-collection clearfix\">\n<div class=\"content\">\n<blockquote>\n<p class=\"citation-small\"><a href=\"https:\/\/histoire-en-citations.fr\/WP\/lhistoire-en-caricatures-sous-la-revolution#1324\">\u00ab\u00a0L\u2019histoire n\u2019a trop souvent racont\u00e9 les actions que de b\u00eates f\u00e9roces parmi lesquelles on distingue de loin en loin des h\u00e9ros. Il nous est permis d\u2019esp\u00e9rer que nous commen\u00e7ons l\u2019histoire des hommes, celle de fr\u00e8res n\u00e9s pour se rendre mutuellement heureux.\u00a0\u00bb<\/a><\/p>\n<p class=\"auteur\"><span class=\"author\"><span class=\"surname\">Comte de <\/span><span class=\"name\">MIRABEAU<\/span><\/span> (1749-1791), Assembl\u00e9e nationale, 27\u00a0juin 1789<\/p>\n\n<\/blockquote><\/div>\n<\/div>\n<\/div>\n<\/div><\/div>\n<\/div>\n<div class=\"views-row views-row-11 views-row-odd\">\n<div class=\"views-field views-field-field-index-collection\">\n<div class=\"field-content\">\n<div class=\"field-collection-view clearfix view-mode-full field-collection-view-final\">\n<div class=\"entity entity-field-collection-item field-collection-item-field-index-collection clearfix\">\n<div class=\"content\">\n<blockquote>\n<p class=\"citation-small\"><a href=\"https:\/\/histoire-en-citations.fr\/WP\/portrait-de-mirabeau-en-citations#1334\">\u00ab\u00a0Le silence des peuples est la le\u00e7on des rois.\u00a0\u00bb<\/a><\/p>\n<p class=\"auteur\"><span class=\"author\"><span class=\"surname\">Comte de <\/span><span class=\"name\">MIRABEAU<\/span><\/span> (1749-1791), Constituante, Versailles, 15\u00a0juillet 1789<\/p>\n\n<\/blockquote><\/div>\n<\/div>\n<\/div>\n<\/div><\/div>\n<\/div>\n<div class=\"views-row views-row-12 views-row-even\">\n<div class=\"views-field views-field-field-index-collection\">\n<div class=\"field-content\">\n<div class=\"field-collection-view clearfix view-mode-full field-collection-view-final\">\n<div class=\"entity entity-field-collection-item field-collection-item-field-index-collection clearfix\">\n<div class=\"content\">\n<blockquote>\n<p class=\"citation-small\"><a href=\"https:\/\/histoire-en-citations.fr\/WP\/portrait-de-mirabeau-en-citations#1348\">\u00ab\u00a0Gardez-vous de demander du temps\u00a0; le malheur n\u2019en accorde jamais.\u00a0\u00bb<\/a><\/p>\n<p class=\"auteur\"><span class=\"author\"><span class=\"surname\">Comte de <\/span><span class=\"name\">MIRABEAU<\/span><\/span> (1749-1791), Discours \u00e0 la Constituante, 26\u00a0septembre 1789<\/p>\n\n<\/blockquote><\/div>\n<\/div>\n<\/div>\n<\/div><\/div>\n<\/div>\n<div class=\"views-row views-row-13 views-row-odd\">\n<div class=\"views-field views-field-field-index-collection\">\n<div class=\"field-content\">\n<div class=\"field-collection-view clearfix view-mode-full field-collection-view-final\">\n<div class=\"entity entity-field-collection-item field-collection-item-field-index-collection clearfix\">\n<div class=\"content\">\n<blockquote>\n<p class=\"citation-small\"><a href=\"https:\/\/histoire-en-citations.fr\/WP\/portrait-de-mirabeau-en-citations#1349\">\u00ab\u00a0Choisissez parmi les plus riches, afin de sacrifier moins de citoyens\u00a0; mais choisissez\u00a0; car ne faut-il pas qu\u2019un petit nombre p\u00e9risse pour sauver la masse du peuple\u00a0? Allons, ces deux mille notables poss\u00e8dent de quoi combler le d\u00e9ficit.\u00a0\u00bb<\/a><\/p>\n<p class=\"auteur\"><span class=\"author\"><span class=\"surname\">Comte de <\/span><span class=\"name\">MIRABEAU<\/span><\/span> (1749-1791), Discours \u00e0 la Constituante, 26\u00a0septembre 1789<\/p>\n\n<\/blockquote><\/div>\n<\/div>\n<\/div>\n<\/div><\/div>\n<\/div>\n<div class=\"views-row views-row-14 views-row-even\">\n<div class=\"views-field views-field-field-index-collection\">\n<div class=\"field-content\">\n<div class=\"field-collection-view clearfix view-mode-full field-collection-view-final\">\n<div class=\"entity entity-field-collection-item field-collection-item-field-index-collection clearfix\">\n<div class=\"content\">\n<blockquote>\n<p class=\"citation-small\"><a href=\"https:\/\/histoire-en-citations.fr\/WP\/les-surnoms-jeu-de-mots-entre-petite-et-grande-histoire-la-revolution#1361\">\u00ab\u00a0Lorsque le roi brise son sceptre, ses serviteurs doivent briser leur \u00e9p\u00e9e\u00a0!\u00a0\u00bb<\/a><\/p>\n<p class=\"auteur\"><span class=\"author\"><span class=\"surname\">Comte de <\/span><span class=\"name\">MIRABEAU<\/span><\/span> (1749-1791), 4\u00a0f\u00e9vrier 1790 \u00e0 l\u2019Assembl\u00e9e<\/p>\n\n<\/blockquote><\/div>\n<\/div>\n<\/div>\n<\/div><\/div>\n<\/div>\n<div class=\"views-row views-row-15 views-row-odd\">\n<div class=\"views-field views-field-field-index-collection\">\n<div class=\"field-content\">\n<div class=\"field-collection-view clearfix view-mode-full field-collection-view-final\">\n<div class=\"entity entity-field-collection-item field-collection-item-field-index-collection clearfix\">\n<div class=\"content\">\n<blockquote>\n<p class=\"citation-small\"><a href=\"https:\/\/histoire-en-citations.fr\/WP\/les-mysteres-de-lhistoire-de-louis-xiv-a-napoleon#1363\">\u00ab\u00a0Il ne se fait payer que dans le sens de ses convictions.\u00a0\u00bb<\/a><\/p>\n<p class=\"auteur\"><span class=\"author\"><span class=\"surname\">Marquis de <\/span><span class=\"name\">LA FAYETTE<\/span><\/span> (1757-1834) parlant de Mirabeau qui offre ses services au roi et \u00e0 la reine, en mars\u00a01790<\/p>\n\n<\/blockquote><\/div>\n<\/div>\n<\/div>\n<\/div><\/div>\n<\/div>\n<div class=\"views-row views-row-16 views-row-even\">\n<div class=\"views-field views-field-field-index-collection\">\n<div class=\"field-content\">\n<div class=\"field-collection-view clearfix view-mode-full field-collection-view-final\">\n<div class=\"entity entity-field-collection-item field-collection-item-field-index-collection clearfix\">\n<div class=\"content\">\n<blockquote>\n<p class=\"citation-small\"><a href=\"https:\/\/histoire-en-citations.fr\/WP\/les-mysteres-de-lhistoire-de-louis-xiv-a-napoleon#1367\">\u00ab\u00a0Le roi n\u2019a qu\u2019un homme, c\u2019est sa femme.\u00a0\u00bb<\/a><\/p>\n<p class=\"auteur\"><span class=\"author\"><span class=\"surname\">Comte de <\/span><span class=\"name\">MIRABEAU<\/span><\/span> (1749-1791)<\/p>\n\n<\/blockquote><\/div>\n<\/div>\n<\/div>\n<\/div><\/div>\n<\/div>\n<div class=\"views-row views-row-17 views-row-odd\">\n<div class=\"views-field views-field-field-index-collection\">\n<div class=\"field-content\">\n<div class=\"field-collection-view clearfix view-mode-full field-collection-view-final\">\n<div class=\"entity entity-field-collection-item field-collection-item-field-index-collection clearfix\">\n<div class=\"content\">\n<blockquote>\n<p class=\"citation-small\"><a href=\"https:\/\/histoire-en-citations.fr\/WP\/les-mysteres-de-lhistoire-de-louis-xiv-a-napoleon#1368\">\u00ab\u00a0Madame, la monarchie est sauv\u00e9e.\u00a0\u00bb<\/a><\/p>\n<p class=\"auteur\"><span class=\"author\"><span class=\"surname\">Comte de <\/span><span class=\"name\">MIRABEAU<\/span><\/span> (1749-1791), \u00e0 la reine, Ch\u00e2teau de Saint-Cloud, 3\u00a0juillet 1790<\/p>\n\n<\/blockquote><\/div>\n<\/div>\n<\/div>\n<\/div><\/div>\n<\/div>\n<div class=\"views-row views-row-18 views-row-even\">\n<div class=\"views-field views-field-field-index-collection\">\n<div class=\"field-content\">\n<div class=\"field-collection-view clearfix view-mode-full field-collection-view-final\">\n<div class=\"entity entity-field-collection-item field-collection-item-field-index-collection clearfix\">\n<div class=\"content\">\n<blockquote>\n<p class=\"citation-small\"><a href=\"https:\/\/histoire-en-citations.fr\/WP\/les-mysteres-de-lhistoire-de-louis-xiv-a-napoleon#1384\">\u00ab\u00a0Mon ami, j\u2019emporte avec moi les derniers lambeaux de la monarchie.\u00a0\u00bb<\/a><\/p>\n<p class=\"auteur\"><span class=\"author\"><span class=\"surname\">Comte de <\/span><span class=\"name\">MIRABEAU<\/span><\/span> (1749-1791), \u00e0 Talleyrand, fin mars\u00a01791. Son \u00ab\u00a0mot de la fin politique\u00a0\u00bb<\/p>\n\n<\/blockquote><\/div>\n<\/div>\n<\/div>\n<\/div><\/div>\n<\/div>\n<div class=\"views-row views-row-19 views-row-odd views-row-last\">\n<div class=\"views-field views-field-field-index-collection\">\n<div class=\"field-content\">\n<div class=\"field-collection-view clearfix view-mode-full field-collection-view-final\">\n<div class=\"entity entity-field-collection-item field-collection-item-field-index-collection clearfix\">\n<div class=\"content\">\n<blockquote>\n<p class=\"citation-small\"><a href=\"https:\/\/histoire-en-citations.fr\/WP\/lhistoire-en-caricatures-de-la-restauration-a-la-monarchie-de-juillet#1788\">\u00ab\u00a0On me croit immoral et machiav\u00e9lique, je ne suis qu\u2019impassible et d\u00e9daigneux.\u00a0\u00bb<\/a><\/p>\n<p class=\"auteur\"><span class=\"author\"><span class=\"name\">TALLEYRAND<\/span><\/span> (1754-1838), \u00e0 Lamartine<\/p>\n\n<\/blockquote><\/div>\n<\/div>\n<\/div>\n<\/div><\/div>\n<\/div>\n<\/div>\n<\/div>\n<\/div>\n<style>\r\n        a .cit-num {\r\n            text-decoration: none !important;\r\n            color: inherit !important;\r\n        }\r\n    <\/style>","protected":false},"excerpt":{"rendered":"<p>Premier grand homme de la R\u00e9volution, l\u2019Orateur du peuple est une mine de Mots qu\u2019il improvise avec g\u00e9nie. Reste \u00e0 les remettre en situation et \u00e0 prendre ses distances avec le personnage dont la trahison fut prouv\u00e9e post mortem \u2013 d\u2019o\u00f9 sa rapide d\u00e9panth\u00e9onisation. Cliquez sur une citation pour la consulter dans son contexte historique.Retour [&#8230;]<\/p>\n","protected":false},"author":1,"featured_media":0,"parent":0,"menu_order":0,"comment_status":"closed","ping_status":"closed","template":"","meta":{"site-sidebar-layout":"default","site-content-layout":"","ast-site-content-layout":"default","site-content-style":"default","site-sidebar-style":"default","ast-global-header-display":"","ast-banner-title-visibility":"","ast-main-header-display":"","ast-hfb-above-header-display":"","ast-hfb-below-header-display":"","ast-hfb-mobile-header-display":"","site-post-title":"","ast-breadcrumbs-content":"","ast-featured-img":"","footer-sml-layout":"","theme-transparent-header-meta":"","adv-header-id-meta":"","stick-header-meta":"","header-above-stick-meta":"","header-main-stick-meta":"","header-below-stick-meta":"","astra-migrate-meta-layouts":"default","ast-page-background-enabled":"default","ast-page-background-meta":{"desktop":{"background-color":"var(--ast-global-color-5)","background-image":"","background-repeat":"repeat","background-position":"center center","background-size":"auto","background-attachment":"scroll","background-type":"","background-media":"","overlay-type":"","overlay-color":"","overlay-opacity":"","overlay-gradient":""},"tablet":{"background-color":"","background-image":"","background-repeat":"repeat","background-position":"center center","background-size":"auto","background-attachment":"scroll","background-type":"","background-media":"","overlay-type":"","overlay-color":"","overlay-opacity":"","overlay-gradient":""},"mobile":{"background-color":"","background-image":"","background-repeat":"repeat","background-position":"center center","background-size":"auto","background-attachment":"scroll","background-type":"","background-media":"","overlay-type":"","overlay-color":"","overlay-opacity":"","overlay-gradient":""}},"ast-content-background-meta":{"desktop":{"background-color":"var(--ast-global-color-4)","background-image":"","background-repeat":"repeat","background-position":"center center","background-size":"auto","background-attachment":"scroll","background-type":"","background-media":"","overlay-type":"","overlay-color":"","overlay-opacity":"","overlay-gradient":""},"tablet":{"background-color":"var(--ast-global-color-4)","background-image":"","background-repeat":"repeat","background-position":"center center","background-size":"auto","background-attachment":"scroll","background-type":"","background-media":"","overlay-type":"","overlay-color":"","overlay-opacity":"","overlay-gradient":""},"mobile":{"background-color":"var(--ast-global-color-4)","background-image":"","background-repeat":"repeat","background-position":"center center","background-size":"auto","background-attachment":"scroll","background-type":"","background-media":"","overlay-type":"","overlay-color":"","overlay-opacity":"","overlay-gradient":""}},"iawp_total_views":97,"footnotes":""},"class_list":["post-10511","page","type-page","status-publish","hentry"],"_links":{"self":[{"href":"https:\/\/histoire-en-citations.fr\/WP\/wp-json\/wp\/v2\/pages\/10511","targetHints":{"allow":["GET"]}}],"collection":[{"href":"https:\/\/histoire-en-citations.fr\/WP\/wp-json\/wp\/v2\/pages"}],"about":[{"href":"https:\/\/histoire-en-citations.fr\/WP\/wp-json\/wp\/v2\/types\/page"}],"author":[{"embeddable":true,"href":"https:\/\/histoire-en-citations.fr\/WP\/wp-json\/wp\/v2\/users\/1"}],"replies":[{"embeddable":true,"href":"https:\/\/histoire-en-citations.fr\/WP\/wp-json\/wp\/v2\/comments?post=10511"}],"version-history":[{"count":3,"href":"https:\/\/histoire-en-citations.fr\/WP\/wp-json\/wp\/v2\/pages\/10511\/revisions"}],"predecessor-version":[{"id":13672,"href":"https:\/\/histoire-en-citations.fr\/WP\/wp-json\/wp\/v2\/pages\/10511\/revisions\/13672"}],"wp:attachment":[{"href":"https:\/\/histoire-en-citations.fr\/WP\/wp-json\/wp\/v2\/media?parent=10511"}],"curies":[{"name":"wp","href":"https:\/\/api.w.org\/{rel}","templated":true}]}}