{"id":10513,"date":"2025-09-22T07:34:08","date_gmt":"2025-09-22T05:34:08","guid":{"rendered":"https:\/\/histoire-en-citations.fr\/WP\/mitterrand\/"},"modified":"2025-09-22T07:34:08","modified_gmt":"2025-09-22T05:34:08","slug":"mitterrand","status":"publish","type":"page","link":"https:\/\/histoire-en-citations.fr\/WP\/mitterrand\/","title":{"rendered":"Mitterrand"},"content":{"rendered":"<div class=\"content\">\n<div class=\"view view-index-taxo view-id-index_taxo view-display-id-page view-dom-id-18a486d5e31de8b8d01739901b4b6725\">\n<div class=\"view-header\">\n<p class=\"presentation\">Notre dernier homme d\u2019\u00c9tat\u00a0? En tout cas, le myst\u00e8re fascine (ou irrite). En 1981, il ram\u00e8ne la gauche unie au pouvoir et ressuscite le parti socialiste en cocufiant les communistes. Quoiqu\u2019opportuniste par nature, il d\u00e9fendit jusqu\u2019au bout certaines valeurs \u2013 abolition de la peine de mort, politique culturelle, Europe. La maladie a marqu\u00e9 son second septennat.<\/p>\n<p class=\"idxinfo\">Cliquez sur une citation pour la consulter dans son contexte historique.<a href=\"https:\/\/histoire-en-citations.fr\/WP\/personnages\/\" class=\"retour\">Retour aux personnages<\/a><\/p>\n<p> Affichage de 1 \u2013 25 sur 49.    <\/p><\/div>\n<div class=\"view-content\">\n<div class=\"views-row views-row-1 views-row-odd views-row-first\">\n<div class=\"views-field views-field-field-index-collection\">\n<div class=\"field-content\">\n<div class=\"field-collection-view clearfix view-mode-full field-collection-view-final\">\n<div class=\"entity entity-field-collection-item field-collection-item-field-index-collection clearfix\">\n<div class=\"content\">\n<blockquote>\n<p class=\"citation-small\"><a href=\"https:\/\/histoire-en-citations.fr\/WP\/bainville-ayant-dit-un-nombre-prodigieux-de-sottises-la-revolution-en-a-fait-dire-encore-plus#1637\">\u00ab\u00a0Ne faudrait-il pas dire que la R\u00e9volution est un tout [\u2026] complexe comme la vie elle-m\u00eame, o\u00f9 il y a de l\u2019enthousiasmant et de l\u2019inacceptable\u00a0?\u00a0\u00bb<\/a><\/p>\n<p class=\"auteur\"><span class=\"author\"><span class=\"surname\">Fran\u00e7ois <\/span><span class=\"name\">MITTERRAND<\/span><\/span> (1916-1996), 15\u00a0janvier 1988<\/p>\n\n<\/blockquote><\/div>\n<\/div>\n<\/div>\n<\/div><\/div>\n<\/div>\n<div class=\"views-row views-row-2 views-row-even\">\n<div class=\"views-field views-field-field-index-collection\">\n<div class=\"field-content\">\n<div class=\"field-collection-view clearfix view-mode-full field-collection-view-final\">\n<div class=\"entity entity-field-collection-item field-collection-item-field-index-collection clearfix\">\n<div class=\"content\">\n<blockquote>\n<p class=\"citation-small\"><a href=\"https:\/\/histoire-en-citations.fr\/WP\/un-tour-de-france-historique-et-inedit-de-la-seconde-guerre-mondiale-a-nos-jours#2895\">\u00ab\u00a0L\u2019Alg\u00e9rie, c\u2019est la France.\u00a0\u00bb<\/a><\/p>\n<p class=\"auteur\"><span class=\"author\"><span class=\"surname\">Fran\u00e7ois <\/span><span class=\"name\">MITTERRAND<\/span><\/span> (1916-1996), ministre de l\u2019Int\u00e9rieur du gouvernement Mend\u00e8s France, 5\u00a0novembre 1954<\/p>\n\n<\/blockquote><\/div>\n<\/div>\n<\/div>\n<\/div><\/div>\n<\/div>\n<div class=\"views-row views-row-3 views-row-odd\">\n<div class=\"views-field views-field-field-index-collection\">\n<div class=\"field-content\">\n<div class=\"field-collection-view clearfix view-mode-full field-collection-view-final\">\n<div class=\"entity entity-field-collection-item field-collection-item-field-index-collection clearfix\">\n<div class=\"content\">\n<blockquote>\n<p class=\"citation-small\"><a href=\"https:\/\/histoire-en-citations.fr\/WP\/prix-nobel-les-grands-absents-de-la-liste-officielle#2897\">\u00ab\u00a0Il faudrait \u00eatre bien inattentif pour croire que l\u2019action de Pierre Mend\u00e8s France fut limit\u00e9e aux quelque sept mois et dix-sept jours pass\u00e9s de juin\u00a01954 \u00e0 f\u00e9vrier\u00a01955 \u00e0 la t\u00eate du gouvernement de la R\u00e9publique. Un \u00e9t\u00e9, un automne, quelques jours. L\u2019Histoire ne fait pas ces comptes-l\u00e0. L\u00e9on Blum pour un an, Gambetta et Jaur\u00e8s, pour si peu, pour jamais, pour toujours.\u00a0\u00bb<\/a><\/p>\n<p class=\"auteur\"><span class=\"author\"><span class=\"surname\">Fran\u00e7ois <\/span><span class=\"name\">MITTERRAND<\/span><\/span> (1916-1996), Cour d\u2019honneur de l\u2019Assembl\u00e9e nationale, Discours du 27\u00a0octobre 1982<\/p>\n\n<\/blockquote><\/div>\n<\/div>\n<\/div>\n<\/div><\/div>\n<\/div>\n<div class=\"views-row views-row-4 views-row-even\">\n<div class=\"views-field views-field-field-index-collection\">\n<div class=\"field-content\">\n<div class=\"field-collection-view clearfix view-mode-full field-collection-view-final\">\n<div class=\"entity entity-field-collection-item field-collection-item-field-index-collection clearfix\">\n<div class=\"content\">\n<blockquote>\n<p class=\"citation-small\"><a href=\"https:\/\/histoire-en-citations.fr\/WP\/qui-a-dit-quoi-de-qui-seconde-guerre-mondiale-et-quatrieme-republique#2927\">\u00ab\u00a0Ses compagnons d\u2019aujourd\u2019hui, qu\u2019il n\u2019a sans doute pas choisis mais qui l\u2019ont suivi jusqu\u2019ici, se nomment le coup de force et la s\u00e9dition.\u00a0\u00bb<\/a><\/p>\n<p class=\"auteur\"><span class=\"author\"><span class=\"surname\">Fran\u00e7ois <\/span><span class=\"name\">MITTERRAND<\/span><\/span> (1916-1996), Assembl\u00e9e nationale, 1<sup>er<\/sup>\u00a0juin 1958<\/p>\n\n<\/blockquote><\/div>\n<\/div>\n<\/div>\n<\/div><\/div>\n<\/div>\n<div class=\"views-row views-row-5 views-row-odd\">\n<div class=\"views-field views-field-field-index-collection\">\n<div class=\"field-content\">\n<div class=\"field-collection-view clearfix view-mode-full field-collection-view-final\">\n<div class=\"entity entity-field-collection-item field-collection-item-field-index-collection clearfix\">\n<div class=\"content\">\n<blockquote>\n<p class=\"citation-small\"><a href=\"https:\/\/histoire-en-citations.fr\/WP\/lopinion-publique-des-francais-de-la-quatrieme-republique-a-nos-jours#2933\">\u00ab\u00a0Qu\u2019est-ce que la Ve\u00a0R\u00e9publique, sinon la possession du pouvoir par un seul homme dont la moindre d\u00e9faillance est guett\u00e9e avec une \u00e9gale attention par ses adversaires et par le clan de ses amis\u00a0?\u00a0\u00bb<\/a><\/p>\n<p class=\"auteur\"><span class=\"author\"><span class=\"surname\">Fran\u00e7ois <\/span><span class=\"name\">MITTERRAND<\/span><\/span> (1916-1996), <cite>Le Coup d\u2019\u00c9tat permanent<\/cite> (1964)<\/p>\n\n<\/blockquote><\/div>\n<\/div>\n<\/div>\n<\/div><\/div>\n<\/div>\n<div class=\"views-row views-row-6 views-row-even\">\n<div class=\"views-field views-field-field-index-collection\">\n<div class=\"field-content\">\n<div class=\"field-collection-view clearfix view-mode-full field-collection-view-final\">\n<div class=\"entity entity-field-collection-item field-collection-item-field-index-collection clearfix\">\n<div class=\"content\">\n<blockquote>\n<p class=\"citation-small\"><a href=\"https:\/\/histoire-en-citations.fr\/WP\/limpertinence-a-la-francaise-une-vertu-nationale-de-la-revolution-a-nos-jours#3020\">\u00ab\u00a0Qu\u2019est-ce que le gaullisme depuis qu\u2019issu de l\u2019insurrection il s\u2019est empar\u00e9 de la nation\u00a0? Un coup d\u2019\u00c9tat de tous les jours.\u00a0\u00bb<\/a><\/p>\n<p class=\"auteur\"><span class=\"author\"><span class=\"surname\">Fran\u00e7ois <\/span><span class=\"name\">MITTERRAND<\/span><\/span> (1916-1996), <cite>Le Coup d\u2019\u00c9tat permanent<\/cite> (1964)<\/p>\n\n<\/blockquote><\/div>\n<\/div>\n<\/div>\n<\/div><\/div>\n<\/div>\n<div class=\"views-row views-row-7 views-row-odd\">\n<div class=\"views-field views-field-field-index-collection\">\n<div class=\"field-content\">\n<div class=\"field-collection-view clearfix view-mode-full field-collection-view-final\">\n<div class=\"entity entity-field-collection-item field-collection-item-field-index-collection clearfix\">\n<div class=\"content\">\n<blockquote>\n<p class=\"citation-small\"><a href=\"https:\/\/histoire-en-citations.fr\/WP\/galerie-presidentielle-v-quatrieme-republique-et-charles-de-gaulle#3025\">\u00ab\u00a0Contre le r\u00e9gime du pouvoir personnel, il faut recr\u00e9er la r\u00e9publique des citoyens.\u00a0\u00bb<\/a><\/p>\n<p class=\"auteur\"><span class=\"author\"><span class=\"surname\">Fran\u00e7ois <\/span><span class=\"name\">MITTERRAND<\/span><\/span> (1916-1996), Conf\u00e9rence de presse, 21\u00a0septembre 1965<\/p>\n\n<\/blockquote><\/div>\n<\/div>\n<\/div>\n<\/div><\/div>\n<\/div>\n<div class=\"views-row views-row-8 views-row-even\">\n<div class=\"views-field views-field-field-index-collection\">\n<div class=\"field-content\">\n<div class=\"field-collection-view clearfix view-mode-full field-collection-view-final\">\n<div class=\"entity entity-field-collection-item field-collection-item-field-index-collection clearfix\">\n<div class=\"content\">\n<blockquote>\n<p class=\"citation-small\"><a href=\"https:\/\/histoire-en-citations.fr\/WP\/les-mysteres-de-lhistoire-de-malraux-aux-diamants-de-bokassa#3075\">\u00ab\u00a0Mitterrand, c\u2019est rat\u00e9\u00a0! Les cocos, chez Mao\u00a0! Le Rouquin, \u00e0 P\u00e9kin\u00a0! Giscard, avec nous\u00a0! De Gaulle n\u2019est pas seul\u00a0!\u00a0\u00bb<\/a><\/p>\n<p class=\"auteur\">Cris scand\u00e9s par la foule sur les Champs-\u00c9lys\u00e9es, 30\u00a0mai 1968<\/p>\n\n<\/blockquote><\/div>\n<\/div>\n<\/div>\n<\/div><\/div>\n<\/div>\n<div class=\"views-row views-row-9 views-row-odd\">\n<div class=\"views-field views-field-field-index-collection\">\n<div class=\"field-content\">\n<div class=\"field-collection-view clearfix view-mode-full field-collection-view-final\">\n<div class=\"entity entity-field-collection-item field-collection-item-field-index-collection clearfix\">\n<div class=\"content\">\n<blockquote>\n<p class=\"citation-small\"><a href=\"https:\/\/histoire-en-citations.fr\/WP\/liberte-egalite-fraternite-la-trilogie-republicaine-de-la-restauration-a-nos-jours#3096\">\u00ab\u00a0L\u2019homme de droite honn\u00eate parle de la libert\u00e9 comme d\u2019un axiome de droit public, et non comme d\u2019une r\u00e9alit\u00e9 vivante et quotidienne. Il fait un beau discours, rentre chez lui et dort en paix. On devine qu\u2019il sera tr\u00e8s surpris le jour o\u00f9 la libert\u00e9, passant sous sa fen\u00eatre, chantera le \u00ab\u00a0\u00c7a ira\u00a0\u00bb.\u00a0\u00bb<\/a><\/p>\n<p class=\"auteur\"><span class=\"author\"><span class=\"surname\">Fran\u00e7ois <\/span><span class=\"name\">MITTERRAND<\/span><\/span> (1916-1996), <cite>La Paille et le Grain<\/cite> (1975)<\/p>\n\n<\/blockquote><\/div>\n<\/div>\n<\/div>\n<\/div><\/div>\n<\/div>\n<div class=\"views-row views-row-10 views-row-even\">\n<div class=\"views-field views-field-field-index-collection\">\n<div class=\"field-content\">\n<div class=\"field-collection-view clearfix view-mode-full field-collection-view-final\">\n<div class=\"entity entity-field-collection-item field-collection-item-field-index-collection clearfix\">\n<div class=\"content\">\n<blockquote>\n<p class=\"citation-small\"><a href=\"https:\/\/histoire-en-citations.fr\/WP\/galerie-presidentielle-vi-les-annees-pompidou-vge-mitterrand#3098\">\u00ab\u00a0J\u2019aime la France d\u2019une fa\u00e7on charnelle. Lorsqu\u2019on me disait\u00a0: \u00ab\u00a0Est-ce que vous avez une certaine id\u00e9e de la France\u00a0?\u00a0\u00bb Je disais\u00a0: \u00ab\u00a0Non, ce n\u2019est pas abstrait chez moi, je vis la France dans mes veines, je la sens avec mon odorat.\u00a0\u00bb\u00a0\u00bb<\/a><\/p>\n<p class=\"auteur\"><span class=\"author\"><span class=\"surname\">Fran\u00e7ois <\/span><span class=\"name\">MITTERRAND<\/span><\/span> (1916-1996), \u00e9mission \u00ab\u00a0Bouillon de culture\u00a0\u00bb, France 2, 14\u00a0avril 1995<\/p>\n\n<\/blockquote><\/div>\n<\/div>\n<\/div>\n<\/div><\/div>\n<\/div>\n<div class=\"views-row views-row-11 views-row-odd\">\n<div class=\"views-field views-field-field-index-collection\">\n<div class=\"field-content\">\n<div class=\"field-collection-view clearfix view-mode-full field-collection-view-final\">\n<div class=\"entity entity-field-collection-item field-collection-item-field-index-collection clearfix\">\n<div class=\"content\">\n<blockquote>\n<p class=\"citation-small\"><a href=\"https:\/\/histoire-en-citations.fr\/WP\/citations-referentielles-le-miroir-de-lhistoire-cinquieme-republique-apres-de-gaulle#3099\">\u00ab\u00a0Quand la France rencontre une grande id\u00e9e, elles font ensemble le tour du monde.\u00a0\u00bb<\/a><\/p>\n<p class=\"auteur\"><span class=\"author\"><span class=\"surname\">Fran\u00e7ois <\/span><span class=\"name\">MITTERRAND<\/span><\/span> (1916-1996), <cite>Ici et maintenant<\/cite> (1980)<\/p>\n\n<\/blockquote><\/div>\n<\/div>\n<\/div>\n<\/div><\/div>\n<\/div>\n<div class=\"views-row views-row-12 views-row-even\">\n<div class=\"views-field views-field-field-index-collection\">\n<div class=\"field-content\">\n<div class=\"field-collection-view clearfix view-mode-full field-collection-view-final\">\n<div class=\"entity entity-field-collection-item field-collection-item-field-index-collection clearfix\">\n<div class=\"content\">\n<blockquote>\n<p class=\"citation-small\"><a href=\"https:\/\/histoire-en-citations.fr\/WP\/citations-referentielles-le-miroir-de-lhistoire-cinquieme-republique-apres-de-gaulle#3100\">\u00ab\u00a0Laissez la tyrannie r\u00e9gner sur un m\u00e8tre carr\u00e9, elle gagnera bient\u00f4t la surface de la Terre.\u00a0\u00bb<\/a><\/p>\n<p class=\"auteur\"><span class=\"author\"><span class=\"surname\">Fran\u00e7ois <\/span><span class=\"name\">MITTERRAND<\/span><\/span> (1916-1996), <cite>L\u2019Abeille et l\u2019Architecte<\/cite> (1978)<\/p>\n\n<\/blockquote><\/div>\n<\/div>\n<\/div>\n<\/div><\/div>\n<\/div>\n<div class=\"views-row views-row-13 views-row-odd\">\n<div class=\"views-field views-field-field-index-collection\">\n<div class=\"field-content\">\n<div class=\"field-collection-view clearfix view-mode-full field-collection-view-final\">\n<div class=\"entity entity-field-collection-item field-collection-item-field-index-collection clearfix\">\n<div class=\"content\">\n<blockquote>\n<p class=\"citation-small\"><a href=\"https:\/\/histoire-en-citations.fr\/WP\/lopinion-publique-des-francais-de-la-quatrieme-republique-a-nos-jours#3101\">\u00ab\u00a0R\u00e9gime oblige\u00a0: le pouvoir absolu a des raisons que la R\u00e9publique ne conna\u00eet pas.\u00a0\u00bb<\/a><\/p>\n<p class=\"auteur\"><span class=\"author\"><span class=\"surname\">Fran\u00e7ois <\/span><span class=\"name\">MITTERRAND<\/span><\/span> (1916-1996), <cite>Le Coup d\u2019\u00c9tat permanent<\/cite> (1964)<\/p>\n\n<\/blockquote><\/div>\n<\/div>\n<\/div>\n<\/div><\/div>\n<\/div>\n<div class=\"views-row views-row-14 views-row-even\">\n<div class=\"views-field views-field-field-index-collection\">\n<div class=\"field-content\">\n<div class=\"field-collection-view clearfix view-mode-full field-collection-view-final\">\n<div class=\"entity entity-field-collection-item field-collection-item-field-index-collection clearfix\">\n<div class=\"content\">\n<blockquote>\n<p class=\"citation-small\"><a href=\"https:\/\/histoire-en-citations.fr\/WP\/lhistoire-en-caricatures-de-1939-a-nos-jours#3102\">\u00ab\u00a0Qu\u2019appelez-vous pouvoir\u00a0? Un logement dans un palais\u00a0? Le grand cordon de la L\u00e9gion d\u2019honneur\u00a0? Le droit de gr\u00e2ce r\u00e9galien\u00a0? La curiosit\u00e9 des foules\u00a0? La ma\u00eetrise des d\u00e9crets\u00a0? Les hommes qui se courbent\u00a0? Les hommes qui se couchent\u00a0? La t\u00e9l\u00e9vision \u00e0 la botte\u00a0? La chasse au li\u00e8vre, au tigre, au pauvre\u00a0? [\u2026] Le doigt sur le bouton de la guerre atomique\u00a0? Un Pr\u00e9sident qui r\u00e8gne, qui gouverne, qui juge, qui l\u00e9gif\u00e8re, qui commente lui-m\u00eame les nouvelles qu\u2019il inspire, monarque souverain d\u2019un pouvoir absolu\u00a0? J\u2019ai prononc\u00e9 le mot qu\u2019il fallait taire, l\u2019absolu.\u00a0\u00bb<\/a><\/p>\n<p class=\"auteur\"><span class=\"author\"><span class=\"surname\">Fran\u00e7ois <\/span><span class=\"name\">MITTERRAND<\/span><\/span> (1916-1996), <cite>Ici et maintenant<\/cite> (1980)<\/p>\n\n<\/blockquote><\/div>\n<\/div>\n<\/div>\n<\/div><\/div>\n<\/div>\n<div class=\"views-row views-row-15 views-row-odd\">\n<div class=\"views-field views-field-field-index-collection\">\n<div class=\"field-content\">\n<div class=\"field-collection-view clearfix view-mode-full field-collection-view-final\">\n<div class=\"entity entity-field-collection-item field-collection-item-field-index-collection clearfix\">\n<div class=\"content\">\n<blockquote>\n<p class=\"citation-small\"><a href=\"https:\/\/histoire-en-citations.fr\/WP\/qui-a-dit-quoi-de-qui-cinquieme-republique-de-mitterrand-a-macron#3103\">\u00ab\u00a0D\u00e9tenir \u00e0 la fois les clefs du pouvoir pr\u00e9sidentiel et donc du long terme sans pour autant avoir la responsabilit\u00e9 de la gestion gouvernementale directe, tout en ayant un pied dans l\u2019opposition par l\u2019interm\u00e9diaire du PS, c\u2019est vraisemblablement pour lui la forme la plus achev\u00e9e du bonheur politique, celle qui, de toute \u00e9vidence, convient le mieux \u00e0 son mode de pens\u00e9e.\u00a0\u00bb<\/a><\/p>\n<p class=\"auteur\"><span class=\"author\"><span class=\"surname\">Serge <\/span><span class=\"name\">JULY<\/span><\/span> (n\u00e9 en 1942), SOFRES, Opinion publique 1986, <cite>Revue fran\u00e7aise de science politique<\/cite>, volume\u00a0XXXVI, n\u00b0\u00a02 (1986)<\/p>\n\n<\/blockquote><\/div>\n<\/div>\n<\/div>\n<\/div><\/div>\n<\/div>\n<div class=\"views-row views-row-16 views-row-even\">\n<div class=\"views-field views-field-field-index-collection\">\n<div class=\"field-content\">\n<div class=\"field-collection-view clearfix view-mode-full field-collection-view-final\">\n<div class=\"entity entity-field-collection-item field-collection-item-field-index-collection clearfix\">\n<div class=\"content\">\n<blockquote>\n<p class=\"citation-small\"><a href=\"https:\/\/histoire-en-citations.fr\/WP\/qui-a-dit-quoi-de-qui-cinquieme-republique-de-mitterrand-a-macron#3104\">\u00ab\u00a0Je dissimule, je biaise, j\u2019adoucis, j\u2019accommode tout autant qu\u2019il est possible.\u00a0\u00bb<\/a><\/p>\n<p class=\"auteur\"><span class=\"author\"><span class=\"surname\">Fran\u00e7ois <\/span><span class=\"name\">MITTERRAND<\/span><\/span> (1916-1996)<\/p>\n\n<\/blockquote><\/div>\n<\/div>\n<\/div>\n<\/div><\/div>\n<\/div>\n<div class=\"views-row views-row-17 views-row-odd\">\n<div class=\"views-field views-field-field-index-collection\">\n<div class=\"field-content\">\n<div class=\"field-collection-view clearfix view-mode-full field-collection-view-final\">\n<div class=\"entity entity-field-collection-item field-collection-item-field-index-collection clearfix\">\n<div class=\"content\">\n<blockquote>\n<p class=\"citation-small\"><a href=\"https:\/\/histoire-en-citations.fr\/WP\/les-mysteres-de-lhistoire-les-annees-mitterrand#3106\">\u00ab\u00a0Cet homme est un myst\u00e8re, habit\u00e9 par mille personnages, du tacticien sceptique au socialiste saisi par la ferveur.\u00a0\u00bb<\/a><\/p>\n<p class=\"auteur\"><span class=\"author\"><span class=\"surname\">Franz-Olivier <\/span><span class=\"name\">GIESBERT<\/span><\/span> (n\u00e9 en 1949), <cite>Fran\u00e7ois Mitterrand ou la Tentation de l\u2019histoire<\/cite> (1977)<\/p>\n\n<\/blockquote><\/div>\n<\/div>\n<\/div>\n<\/div><\/div>\n<\/div>\n<div class=\"views-row views-row-18 views-row-even\">\n<div class=\"views-field views-field-field-index-collection\">\n<div class=\"field-content\">\n<div class=\"field-collection-view clearfix view-mode-full field-collection-view-final\">\n<div class=\"entity entity-field-collection-item field-collection-item-field-index-collection clearfix\">\n<div class=\"content\">\n<blockquote>\n<p class=\"citation-small\"><a href=\"https:\/\/histoire-en-citations.fr\/WP\/les-mysteres-de-lhistoire-les-annees-mitterrand#3107\">\u00ab\u00a0Vous \u00eates purs, parce que vous n\u2019avez pas eu l\u2019occasion de ne pas l\u2019\u00eatre.\u00a0\u00bb<\/a><\/p>\n<p class=\"auteur\"><span class=\"author\"><span class=\"surname\">Fran\u00e7ois <\/span><span class=\"name\">MITTERRAND<\/span><\/span> (1916-1996), au Congr\u00e8s des Jeunesses Socialistes (JS), Pau, 1975<\/p>\n\n<\/blockquote><\/div>\n<\/div>\n<\/div>\n<\/div><\/div>\n<\/div>\n<div class=\"views-row views-row-19 views-row-odd\">\n<div class=\"views-field views-field-field-index-collection\">\n<div class=\"field-content\">\n<div class=\"field-collection-view clearfix view-mode-full field-collection-view-final\">\n<div class=\"entity entity-field-collection-item field-collection-item-field-index-collection clearfix\">\n<div class=\"content\">\n<blockquote>\n<p class=\"citation-small\"><a href=\"https:\/\/histoire-en-citations.fr\/WP\/lopinion-publique-des-francais-de-la-quatrieme-republique-a-nos-jours#3108\">\u00ab\u00a0Si la jeunesse n\u2019a pas toujours raison, la soci\u00e9t\u00e9 qui la m\u00e9conna\u00eet et qui la frappe a toujours tort.\u00a0\u00bb<\/a><\/p>\n<p class=\"auteur\"><span class=\"author\"><span class=\"surname\">Fran\u00e7ois <\/span><span class=\"name\">MITTERRAND<\/span><\/span> (1916-1996), Discours \u00e0 l\u2019Assembl\u00e9e nationale, 8\u00a0mai 1968<\/p>\n\n<\/blockquote><\/div>\n<\/div>\n<\/div>\n<\/div><\/div>\n<\/div>\n<div class=\"views-row views-row-20 views-row-even\">\n<div class=\"views-field views-field-field-index-collection\">\n<div class=\"field-content\">\n<div class=\"field-collection-view clearfix view-mode-full field-collection-view-final\">\n<div class=\"entity entity-field-collection-item field-collection-item-field-index-collection clearfix\">\n<div class=\"content\">\n<blockquote>\n<p class=\"citation-small\"><a href=\"https:\/\/histoire-en-citations.fr\/WP\/mitterrand-celui-qui-naccepte-pas-la-rupture-avec-lordre-etabli-avec-la-societe-capitaliste-celui-la-je-le-dis-ne-peut-etre-adherent-au-parti-socialiste#3133\">\u00ab\u00a0Celui qui n\u2019accepte pas la rupture avec l\u2019ordre \u00e9tabli, avec la soci\u00e9t\u00e9 capitaliste, celui-l\u00e0, je le dis, ne peut \u00eatre adh\u00e9rent au Parti socialiste.\u00a0\u00bb<\/a><\/p>\n<p class=\"auteur\"><span class=\"author\"><span class=\"surname\">Fran\u00e7ois <\/span><span class=\"name\">MITTERRAND<\/span><\/span> (1916-1996), Premi\u00e8re d\u00e9claration du Premier secr\u00e9taire du PS, Congr\u00e8s d\u2019\u00c9pinay, 13\u00a0juin 1971<\/p>\n\n<\/blockquote><\/div>\n<\/div>\n<\/div>\n<\/div><\/div>\n<\/div>\n<div class=\"views-row views-row-21 views-row-odd\">\n<div class=\"views-field views-field-field-index-collection\">\n<div class=\"field-content\">\n<div class=\"field-collection-view clearfix view-mode-full field-collection-view-final\">\n<div class=\"entity entity-field-collection-item field-collection-item-field-index-collection clearfix\">\n<div class=\"content\">\n<blockquote>\n<p class=\"citation-small\"><a href=\"https:\/\/histoire-en-citations.fr\/WP\/qui-a-dit-quoi-de-qui-cinquieme-republique-sous-de-gaulle-pompidou-et-giscard-destaing#3152\">\u00ab\u00a0Vous n\u2019avez pas le monopole du c\u0153ur.\u00a0\u00bb<\/a><\/p>\n<p class=\"auteur\"><span class=\"author\"><span class=\"surname\">Val\u00e9ry <\/span><span class=\"name\">GISCARD D\u2019ESTAING<\/span><\/span> (1926-2020), \u00e0 Fran\u00e7ois Mitterrand, ORTF, 10\u00a0mai 1974<\/p>\n\n<\/blockquote><\/div>\n<\/div>\n<\/div>\n<\/div><\/div>\n<\/div>\n<div class=\"views-row views-row-22 views-row-even\">\n<div class=\"views-field views-field-field-index-collection\">\n<div class=\"field-content\">\n<div class=\"field-collection-view clearfix view-mode-full field-collection-view-final\">\n<div class=\"entity entity-field-collection-item field-collection-item-field-index-collection clearfix\">\n<div class=\"content\">\n<blockquote>\n<p class=\"citation-small\"><a href=\"https:\/\/histoire-en-citations.fr\/WP\/debat-dentre-deux-tours-leternel-retour-en-campagne-avant-2002#3153\">\u00ab\u00a0Vous serez surpris par l\u2019ampleur et la rapidit\u00e9 du changement.\u00a0\u00bb<\/a><\/p>\n<p class=\"auteur\"><span class=\"author\"><span class=\"surname\">Val\u00e9ry <\/span><span class=\"name\">GISCARD D\u2019ESTAING<\/span><\/span> (1926-2020), ORTF, 10\u00a0mai 1974<\/p>\n\n<\/blockquote><\/div>\n<\/div>\n<\/div>\n<\/div><\/div>\n<\/div>\n<div class=\"views-row views-row-23 views-row-odd\">\n<div class=\"views-field views-field-field-index-collection\">\n<div class=\"field-content\">\n<div class=\"field-collection-view clearfix view-mode-full field-collection-view-final\">\n<div class=\"entity entity-field-collection-item field-collection-item-field-index-collection clearfix\">\n<div class=\"content\">\n<blockquote>\n<p class=\"citation-small\"><a href=\"https:\/\/histoire-en-citations.fr\/WP\/galerie-presidentielle-vi-les-annees-pompidou-vge-mitterrand#3162\">\u00ab\u00a0Val\u00e9ry Giscard d\u2019Estaing a pour r\u00f4le historique d\u2019assurer la domination des couches sociales qui l\u2019ont plac\u00e9 l\u00e0 o\u00f9 il est. Il n\u2019y peut rien et moi non plus.\u00a0\u00bb<\/a><\/p>\n<p class=\"auteur\"><span class=\"author\"><span class=\"surname\">Fran\u00e7ois <\/span><span class=\"name\">MITTERRAND<\/span><\/span> (1916-1996), <cite>L\u2019Abeille et l\u2019Architecte<\/cite> (1978)<\/p>\n\n<\/blockquote><\/div>\n<\/div>\n<\/div>\n<\/div><\/div>\n<\/div>\n<div class=\"views-row views-row-24 views-row-even\">\n<div class=\"views-field views-field-field-index-collection\">\n<div class=\"field-content\">\n<div class=\"field-collection-view clearfix view-mode-full field-collection-view-final\">\n<div class=\"entity entity-field-collection-item field-collection-item-field-index-collection clearfix\">\n<div class=\"content\">\n<blockquote>\n<p class=\"citation-small\"><a href=\"https:\/\/histoire-en-citations.fr\/WP\/la-politique-est-elle-en-panne-de-reve-de-napoleon-a-nos-jours#3195\">\u00ab\u00a0Comment ne pas r\u00eaver \u00e0 une soci\u00e9t\u00e9 id\u00e9ale o\u00f9 des hommes \u00e9gaux et justes dans une cit\u00e9 ordonn\u00e9e par leurs soins se r\u00e9partiraient les fruits de leur travail, toute forme de profit \u00e9cart\u00e9e, quand il n\u2019y a autour de soi qu\u2019exploitation de l\u2019homme par l\u2019homme.\u00a0\u00bb<\/a><\/p>\n<p class=\"auteur\"><span class=\"author\"><span class=\"surname\">Fran\u00e7ois <\/span><span class=\"name\">MITTERRAND<\/span><\/span> (1916-1996), <cite>Ici et maintenant<\/cite> (1980)<\/p>\n\n<\/blockquote><\/div>\n<\/div>\n<\/div>\n<\/div><\/div>\n<\/div>\n<div class=\"views-row views-row-25 views-row-odd views-row-last\">\n<div class=\"views-field views-field-field-index-collection\">\n<div class=\"field-content\">\n<div class=\"field-collection-view clearfix view-mode-full field-collection-view-final\">\n<div class=\"entity entity-field-collection-item field-collection-item-field-index-collection clearfix\">\n<div class=\"content\">\n<blockquote>\n<p class=\"citation-small\"><a href=\"https:\/\/histoire-en-citations.fr\/WP\/qui-a-dit-quoi-de-qui-cinquieme-republique-sous-de-gaulle-pompidou-et-giscard-destaing#3204\">\u00ab\u00a0Vous avez tendance \u00e0 reprendre le refrain d\u2019il y a sept ans, \u00ab\u00a0l\u2019homme du pass\u00e9\u00a0\u00bb. C\u2019est quand m\u00eame ennuyeux que dans l\u2019intervalle, vous soyez devenu l\u2019homme du passif.\u00a0\u00bb<\/a><\/p>\n<p class=\"auteur\"><span class=\"author\"><span class=\"surname\">Fran\u00e7ois <\/span><span class=\"name\">MITTERRAND<\/span><\/span> (1916-1996), d\u00e9bat t\u00e9l\u00e9vis\u00e9 de l\u2019entre-deux-tours, 5\u00a0mai 1981<\/p>\n\n<\/blockquote><\/div>\n<\/div>\n<\/div>\n<\/div><\/div>\n<\/div>\n<\/div>\n<h2 class=\"element-invisible\">Pages<\/h2>\n<ul class=\"pagination pagination-lg pull-right\">\n<li class=\"active\"><a href=\"https:\/\/histoire-en-citations.fr\/WP\/indexation\/\">1<\/a><\/li>\n<li class=\"pager-item\"><a title=\"Aller \u00e0 la page 2\" href=\"https:\/\/histoire-en-citations.fr\/WP\/mitterrand\/\">2<\/a><\/li>\n<li class=\"pager-next\"><a title=\"Aller \u00e0 la page suivante\" href=\"https:\/\/histoire-en-citations.fr\/WP\/mitterrand\/\">suivant\u00a0\u203a<\/a><\/li>\n<li class=\"pager-last\"><a title=\"Aller \u00e0 la derni\u00e8re page\" href=\"https:\/\/histoire-en-citations.fr\/WP\/mitterrand\/\">dernier\u00a0\u00bb<\/a><\/li>\n<\/ul>\n<\/div><\/div>\n<style>\r\n        a .cit-num {\r\n            text-decoration: none !important;\r\n            color: inherit !important;\r\n        }\r\n    <\/style>","protected":false},"excerpt":{"rendered":"<p>Notre dernier homme d\u2019\u00c9tat\u00a0? En tout cas, le myst\u00e8re fascine (ou irrite). En 1981, il ram\u00e8ne la gauche unie au pouvoir et ressuscite le parti socialiste en cocufiant les communistes. Quoiqu\u2019opportuniste par nature, il d\u00e9fendit jusqu\u2019au bout certaines valeurs \u2013 abolition de la peine de mort, politique culturelle, Europe. La maladie a marqu\u00e9 son second [&#8230;]<\/p>\n","protected":false},"author":1,"featured_media":0,"parent":0,"menu_order":0,"comment_status":"closed","ping_status":"closed","template":"","meta":{"site-sidebar-layout":"default","site-content-layout":"","ast-site-content-layout":"default","site-content-style":"default","site-sidebar-style":"default","ast-global-header-display":"","ast-banner-title-visibility":"","ast-main-header-display":"","ast-hfb-above-header-display":"","ast-hfb-below-header-display":"","ast-hfb-mobile-header-display":"","site-post-title":"","ast-breadcrumbs-content":"","ast-featured-img":"","footer-sml-layout":"","theme-transparent-header-meta":"","adv-header-id-meta":"","stick-header-meta":"","header-above-stick-meta":"","header-main-stick-meta":"","header-below-stick-meta":"","astra-migrate-meta-layouts":"default","ast-page-background-enabled":"default","ast-page-background-meta":{"desktop":{"background-color":"var(--ast-global-color-5)","background-image":"","background-repeat":"repeat","background-position":"center center","background-size":"auto","background-attachment":"scroll","background-type":"","background-media":"","overlay-type":"","overlay-color":"","overlay-opacity":"","overlay-gradient":""},"tablet":{"background-color":"","background-image":"","background-repeat":"repeat","background-position":"center center","background-size":"auto","background-attachment":"scroll","background-type":"","background-media":"","overlay-type":"","overlay-color":"","overlay-opacity":"","overlay-gradient":""},"mobile":{"background-color":"","background-image":"","background-repeat":"repeat","background-position":"center center","background-size":"auto","background-attachment":"scroll","background-type":"","background-media":"","overlay-type":"","overlay-color":"","overlay-opacity":"","overlay-gradient":""}},"ast-content-background-meta":{"desktop":{"background-color":"var(--ast-global-color-4)","background-image":"","background-repeat":"repeat","background-position":"center center","background-size":"auto","background-attachment":"scroll","background-type":"","background-media":"","overlay-type":"","overlay-color":"","overlay-opacity":"","overlay-gradient":""},"tablet":{"background-color":"var(--ast-global-color-4)","background-image":"","background-repeat":"repeat","background-position":"center center","background-size":"auto","background-attachment":"scroll","background-type":"","background-media":"","overlay-type":"","overlay-color":"","overlay-opacity":"","overlay-gradient":""},"mobile":{"background-color":"var(--ast-global-color-4)","background-image":"","background-repeat":"repeat","background-position":"center center","background-size":"auto","background-attachment":"scroll","background-type":"","background-media":"","overlay-type":"","overlay-color":"","overlay-opacity":"","overlay-gradient":""}},"iawp_total_views":150,"footnotes":""},"class_list":["post-10513","page","type-page","status-publish","hentry"],"_links":{"self":[{"href":"https:\/\/histoire-en-citations.fr\/WP\/wp-json\/wp\/v2\/pages\/10513","targetHints":{"allow":["GET"]}}],"collection":[{"href":"https:\/\/histoire-en-citations.fr\/WP\/wp-json\/wp\/v2\/pages"}],"about":[{"href":"https:\/\/histoire-en-citations.fr\/WP\/wp-json\/wp\/v2\/types\/page"}],"author":[{"embeddable":true,"href":"https:\/\/histoire-en-citations.fr\/WP\/wp-json\/wp\/v2\/users\/1"}],"replies":[{"embeddable":true,"href":"https:\/\/histoire-en-citations.fr\/WP\/wp-json\/wp\/v2\/comments?post=10513"}],"version-history":[{"count":4,"href":"https:\/\/histoire-en-citations.fr\/WP\/wp-json\/wp\/v2\/pages\/10513\/revisions"}],"predecessor-version":[{"id":13673,"href":"https:\/\/histoire-en-citations.fr\/WP\/wp-json\/wp\/v2\/pages\/10513\/revisions\/13673"}],"wp:attachment":[{"href":"https:\/\/histoire-en-citations.fr\/WP\/wp-json\/wp\/v2\/media?parent=10513"}],"curies":[{"name":"wp","href":"https:\/\/api.w.org\/{rel}","templated":true}]}}