{"id":10517,"date":"2025-09-22T07:34:08","date_gmt":"2025-09-22T05:34:08","guid":{"rendered":"https:\/\/histoire-en-citations.fr\/WP\/napoleon\/"},"modified":"2025-09-22T07:34:08","modified_gmt":"2025-09-22T05:34:08","slug":"napoleon","status":"publish","type":"page","link":"https:\/\/histoire-en-citations.fr\/WP\/napoleon\/","title":{"rendered":"Napol\u00e9on"},"content":{"rendered":"<div class=\"content\">\n<div class=\"view view-index-taxo view-id-index_taxo view-display-id-page view-dom-id-85e5e216aa47ae27f72f0fe7c0368ac8\">\n<div class=\"view-header\">\n<p class=\"presentation\">Personnage le plus cit\u00e9, aim\u00e9, voire ador\u00e9, en m\u00eame temps que d\u00e9test\u00e9. C\u2019est la star de <em>l\u2019Histoire en citations<\/em>. On ne se lasse pas de son \u00e9loquence face aux soldats, de sa mauvaise foi contre le pape, de sa misogynie proverbiale. Et son auto portrait r\u00e9serve quelques surprises. Exemple\u00a0: \u201c\u00a0Quand j\u2019ai besoin de quelqu\u2019un, je n\u2019y regarde pas de si pr\u00e8s, je le baiserais au cul.\u00a0\u201d<\/p>\n<p class=\"idxinfo\">Cliquez sur une citation pour la consulter dans son contexte historique.<a class=\"retour\" href=\"https:\/\/histoire-en-citations.fr\/WP\/personnages\/\">Retour aux personnages<\/a><\/p>\n<p> Affichage de 1 \u2013 25 sur 162.    <\/p><\/div>\n<div class=\"view-content\">\n<div class=\"views-row views-row-1 views-row-odd views-row-first\">\n<div class=\"views-field views-field-field-index-collection\">\n<div class=\"field-content\">\n<div class=\"field-collection-view clearfix view-mode-full field-collection-view-final\">\n<div class=\"entity entity-field-collection-item field-collection-item-field-index-collection clearfix\">\n<div class=\"content\">\n<blockquote>\n<p class=\"citation-small\"><a href=\"https:\/\/histoire-en-citations.fr\/WP\/napoleon-super-star-de-lhistoire-1er-episode-autoportrait-et-entree-dans-lhistoire#1280\">\u00ab\u00a0Dans un \u00e9tat r\u00e9volutionnaire, il y a deux classes, les suspects et les patriotes.\u00a0\u00bb<\/a><\/p>\n<p class=\"auteur\"><span class=\"author\"><span class=\"surname\">Napol\u00e9on <\/span><span class=\"name\">BONAPARTE<\/span><\/span> (1769-1821), aux repr\u00e9sentants en mission Salicetti, Albitti et Laporte, 1794<\/p>\n\n<\/blockquote><\/div>\n<\/div>\n<\/div>\n<\/div><\/div>\n<\/div>\n<div class=\"views-row views-row-2 views-row-even\">\n<div class=\"views-field views-field-field-index-collection\">\n<div class=\"field-content\">\n<div class=\"field-collection-view clearfix view-mode-full field-collection-view-final\">\n<div class=\"entity entity-field-collection-item field-collection-item-field-index-collection clearfix\">\n<div class=\"content\">\n<blockquote>\n<p class=\"citation-small\"><a href=\"https:\/\/histoire-en-citations.fr\/WP\/les-surnoms-jeu-de-mots-entre-petite-et-grande-histoire-la-grande-armee#1562\">\u00ab\u00a0Bien, je n\u2019aurai pas besoin de sable.\u00a0\u00bb<\/a><\/p>\n<p class=\"auteur\"><span class=\"author\"><span class=\"surname\">Andoche <\/span><span class=\"name\">JUNOT<\/span><\/span> (1771-1813), au si\u00e8ge de Toulon, d\u00e9cembre\u00a01793<\/p>\n\n<\/blockquote><\/div>\n<\/div>\n<\/div>\n<\/div><\/div>\n<\/div>\n<div class=\"views-row views-row-3 views-row-odd\">\n<div class=\"views-field views-field-field-index-collection\">\n<div class=\"field-content\">\n<div class=\"field-collection-view clearfix view-mode-full field-collection-view-final\">\n<div class=\"entity entity-field-collection-item field-collection-item-field-index-collection clearfix\">\n<div class=\"content\">\n<blockquote>\n<p class=\"citation-small\"><a href=\"https:\/\/histoire-en-citations.fr\/WP\/la-guerre-histoire-en-citations-dune-tragedie-seculaire-et-quotidienne-napoleon#1645\">\u00ab\u00a0Les Fran\u00e7ais, las de se gouverner, se massacr\u00e8rent\u00a0; las de se massacrer au dedans, ils subirent le joug de Bonaparte qui les fit massacrer au dehors.\u00a0\u00bb<\/a><\/p>\n<p class=\"auteur\"><span class=\"author\"><span class=\"name\">RIVAROL<\/span><\/span> (1753-1801), <cite>Fragments et pens\u00e9es politiques<\/cite> (s.d.)<\/p>\n\n<\/blockquote><\/div>\n<\/div>\n<\/div>\n<\/div><\/div>\n<\/div>\n<div class=\"views-row views-row-4 views-row-even\">\n<div class=\"views-field views-field-field-index-collection\">\n<div class=\"field-content\">\n<div class=\"field-collection-view clearfix view-mode-full field-collection-view-final\">\n<div class=\"entity entity-field-collection-item field-collection-item-field-index-collection clearfix\">\n<div class=\"content\">\n<blockquote>\n<p class=\"citation-small\"><a href=\"https:\/\/histoire-en-citations.fr\/WP\/liberte-egalite-fraternite-la-trilogie-republicaine-fin-de-la-revolution-et-et-chronique-napoleonienne#1646\">\u00ab\u00a0Napol\u00e9on, en arrivant sur la sc\u00e8ne du monde, vit que son r\u00f4le \u00e9tait d\u2019\u00eatre l\u2019ex\u00e9cuteur testamentaire de la R\u00e9volution.\u00a0\u00bb<\/a><\/p>\n<p class=\"auteur\"><span class=\"author\"><span class=\"name\">NAPOL\u00c9ON\u00a0III<\/span><\/span> (1808-1873), <cite>Id\u00e9es napol\u00e9oniennes<\/cite> (1839)<\/p>\n\n<\/blockquote><\/div>\n<\/div>\n<\/div>\n<\/div><\/div>\n<\/div>\n<div class=\"views-row views-row-5 views-row-odd\">\n<div class=\"views-field views-field-field-index-collection\">\n<div class=\"field-content\">\n<div class=\"field-collection-view clearfix view-mode-full field-collection-view-final\">\n<div class=\"entity entity-field-collection-item field-collection-item-field-index-collection clearfix\">\n<div class=\"content\">\n<blockquote>\n<p class=\"citation-small\"><a href=\"https:\/\/histoire-en-citations.fr\/WP\/la-guerre-histoire-en-citations-dune-tragedie-seculaire-et-quotidienne-napoleon#1649\">\u00ab\u00a0Napol\u00e9on vole comme l\u2019\u00e9clair et frappe comme la foudre. Il est partout et il voit tout. Il sait qu\u2019il est des hommes dont le pouvoir n\u2019a d\u2019autres bornes que leur volont\u00e9, quand la vertu des plus sublimes vertus seconde un vaste g\u00e9nie.\u00a0\u00bb<\/a><\/p>\n<p class=\"auteur\"><cite>La France vue de l\u2019arm\u00e9e d\u2019Italie<\/cite>, 1797<\/p>\n\n<\/blockquote><\/div>\n<\/div>\n<\/div>\n<\/div><\/div>\n<\/div>\n<div class=\"views-row views-row-6 views-row-even\">\n<div class=\"views-field views-field-field-index-collection\">\n<div class=\"field-content\">\n<div class=\"field-collection-view clearfix view-mode-full field-collection-view-final\">\n<div class=\"entity entity-field-collection-item field-collection-item-field-index-collection clearfix\">\n<div class=\"content\">\n<blockquote>\n<p class=\"citation-small\"><a href=\"https:\/\/histoire-en-citations.fr\/WP\/la-guerre-histoire-en-citations-dune-tragedie-seculaire-et-quotidienne-napoleon#1656\">\u00ab\u00a0Vous n\u2019avez ni souliers, ni habits, ni chemises, presque pas de pain, et nos magasins sont vides\u00a0; ceux de l\u2019ennemi regorgent de tout. C\u2019est \u00e0 vous de les conqu\u00e9rir. Vous le voulez, vous le pouvez, partons\u00a0!\u00a0\u00bb<\/a><\/p>\n<p class=\"auteur\"><span class=\"author\"><span class=\"surname\">Napol\u00e9on <\/span><span class=\"name\">BONAPARTE<\/span><\/span> (1769-1821), \u00e0 ses soldats, Toulon, 29\u00a0mars 1796<\/p>\n\n<\/blockquote><\/div>\n<\/div>\n<\/div>\n<\/div><\/div>\n<\/div>\n<div class=\"views-row views-row-7 views-row-odd\">\n<div class=\"views-field views-field-field-index-collection\">\n<div class=\"field-content\">\n<div class=\"field-collection-view clearfix view-mode-full field-collection-view-final\">\n<div class=\"entity entity-field-collection-item field-collection-item-field-index-collection clearfix\">\n<div class=\"content\">\n<blockquote>\n<p class=\"citation-small\"><a href=\"https:\/\/histoire-en-citations.fr\/WP\/la-guerre-histoire-en-citations-dune-tragedie-seculaire-et-quotidienne-napoleon#1657\">\u00ab\u00a0Soldats, vous avez en quinze jours remport\u00e9 six victoires, pris vingt et un drapeaux, cinquante-cinq pi\u00e8ces de canon, plusieurs places fortes, conquis la partie la plus riche du Pi\u00e9mont\u00a0; vous avez fait quinze mille prisonniers, tu\u00e9 ou bless\u00e9 plus de dix mille hommes. Mais soldats vous n\u2019avez rien fait puisque ni Turin, ni Milan ne sont \u00e0 vous.\u00a0\u00bb<\/a><\/p>\n<p class=\"auteur\"><span class=\"author\"><span class=\"surname\">Napol\u00e9on <\/span><span class=\"name\">BONAPARTE<\/span><\/span> (1769-1821), \u00e0 l\u2019arm\u00e9e d\u2019Italie, Proclamation de Cherasco, 26\u00a0avril\u00a01796 (7 flor\u00e9al an\u00a0IV)<\/p>\n\n<\/blockquote><\/div>\n<\/div>\n<\/div>\n<\/div><\/div>\n<\/div>\n<div class=\"views-row views-row-8 views-row-even\">\n<div class=\"views-field views-field-field-index-collection\">\n<div class=\"field-content\">\n<div class=\"field-collection-view clearfix view-mode-full field-collection-view-final\">\n<div class=\"entity entity-field-collection-item field-collection-item-field-index-collection clearfix\">\n<div class=\"content\">\n<blockquote>\n<p class=\"citation-small\"><a href=\"https:\/\/histoire-en-citations.fr\/WP\/qui-a-dit-quoi-de-qui-directoire-consulat-et-premier-empire#1659\">\u00ab Chacun de ses pas d\u00e9sormais est marqu\u00e9 par une parole, par un de ces mots historiques qu\u2019on retient parce qu\u2019il est \u00e9clair\u00e9 de gloire. \u00bb<\/a><\/p>\n<p class=\"auteur\"><span class=\"author\"><span class=\"surname\">Charles-Augustin <\/span><span class=\"name\">SAINTE-BEUVE<\/span><\/span> (1804-1869), <cite>Causeries du lundi<\/cite>, volume I (1857), 17\u00a0d\u00e9cembre 1849<\/p>\n\n<\/blockquote><\/div>\n<\/div>\n<\/div>\n<\/div><\/div>\n<\/div>\n<div class=\"views-row views-row-9 views-row-odd\">\n<div class=\"views-field views-field-field-index-collection\">\n<div class=\"field-content\">\n<div class=\"field-collection-view clearfix view-mode-full field-collection-view-final\">\n<div class=\"entity entity-field-collection-item field-collection-item-field-index-collection clearfix\">\n<div class=\"content\">\n<blockquote>\n<p class=\"citation-small\"><a href=\"https:\/\/histoire-en-citations.fr\/WP\/recit-ou-roman-national-une-confusion-inadmissible#1662\">\u00ab\u00a0Je me regardai pour la premi\u00e8re fois non plus comme un simple g\u00e9n\u00e9ral, mais comme un homme appel\u00e9 \u00e0 influer sur le sort des peuples. Je me vis dans l\u2019histoire.\u00a0\u00bb<\/a><\/p>\n<p class=\"auteur\"><span class=\"author\"><span class=\"surname\">Napol\u00e9on <\/span><span class=\"name\">BONAPARTE<\/span><\/span> (1769-1821), au soir de Lodi, 10\u00a0mai 1796<\/p>\n\n<\/blockquote><\/div>\n<\/div>\n<\/div>\n<\/div><\/div>\n<\/div>\n<div class=\"views-row views-row-10 views-row-even\">\n<div class=\"views-field views-field-field-index-collection\">\n<div class=\"field-content\">\n<div class=\"field-collection-view clearfix view-mode-full field-collection-view-final\">\n<div class=\"entity entity-field-collection-item field-collection-item-field-index-collection clearfix\">\n<div class=\"content\">\n<blockquote>\n<p class=\"citation-small\"><a href=\"https:\/\/histoire-en-citations.fr\/WP\/la-guerre-histoire-en-citations-dune-tragedie-seculaire-et-quotidienne-napoleon#1669\">\u00ab\u00a0Comme Carthage, l\u2019Angleterre sera d\u00e9truite.\u00a0\u00bb<\/a><\/p>\n<p class=\"auteur\">Les Directeurs, 18\u00a0janvier 1798<\/p>\n\n<\/blockquote><\/div>\n<\/div>\n<\/div>\n<\/div><\/div>\n<\/div>\n<div class=\"views-row views-row-11 views-row-odd\">\n<div class=\"views-field views-field-field-index-collection\">\n<div class=\"field-content\">\n<div class=\"field-collection-view clearfix view-mode-full field-collection-view-final\">\n<div class=\"entity entity-field-collection-item field-collection-item-field-index-collection clearfix\">\n<div class=\"content\">\n<blockquote>\n<p class=\"citation-small\"><a href=\"https:\/\/histoire-en-citations.fr\/WP\/la-guerre-histoire-en-citations-dune-tragedie-seculaire-et-quotidienne-napoleon#1670\">\u00ab\u00a0Soldats\u00a0! Vous allez entreprendre une conqu\u00eate dont les effets sur la civilisation et le commerce du monde sont incalculables. Vous porterez \u00e0 l\u2019Angleterre le coup le plus s\u00fbr et le plus sensible en attendant que vous puissiez lui donner le coup de mort.\u00a0\u00bb<\/a><\/p>\n<p class=\"auteur\"><span class=\"author\"><span class=\"surname\">Napol\u00e9on <\/span><span class=\"name\">BONAPARTE<\/span><\/span> (1769-1821), Proclamation \u00e0 ses troupes le 22\u00a0juin 1798, en mer, avant le d\u00e9barquement du 28\u00a0juin en \u00c9gypte<\/p>\n\n<\/blockquote><\/div>\n<\/div>\n<\/div>\n<\/div><\/div>\n<\/div>\n<div class=\"views-row views-row-12 views-row-even\">\n<div class=\"views-field views-field-field-index-collection\">\n<div class=\"field-content\">\n<div class=\"field-collection-view clearfix view-mode-full field-collection-view-final\">\n<div class=\"entity entity-field-collection-item field-collection-item-field-index-collection clearfix\">\n<div class=\"content\">\n<blockquote>\n<p class=\"citation-small\"><a href=\"https:\/\/histoire-en-citations.fr\/WP\/eloge-des-citations-apocryphes#1671\">\u00ab\u00a0Soldats, songez que du haut de ces pyramides, quarante si\u00e8cles vous contemplent.\u00a0\u00bb<\/a><\/p>\n<p class=\"auteur\"><span class=\"author\"><span class=\"surname\">Napol\u00e9on <\/span><span class=\"name\">BONAPARTE<\/span><\/span> (1769-1821), Proclamation suppos\u00e9e, avant la bataille des Pyramides du 21\u00a0juillet 1798<\/p>\n\n<\/blockquote><\/div>\n<\/div>\n<\/div>\n<\/div><\/div>\n<\/div>\n<div class=\"views-row views-row-13 views-row-odd\">\n<div class=\"views-field views-field-field-index-collection\">\n<div class=\"field-content\">\n<div class=\"field-collection-view clearfix view-mode-full field-collection-view-final\">\n<div class=\"entity entity-field-collection-item field-collection-item-field-index-collection clearfix\">\n<div class=\"content\">\n<blockquote>\n<p class=\"citation-small\"><a href=\"https:\/\/histoire-en-citations.fr\/WP\/qui-a-dit-quoi-de-qui-directoire-consulat-et-premier-empire#1675\">\u00ab\u00a0Voil\u00e0 votre homme, il fera votre coup d\u2019\u00c9tat bien mieux que moi.\u00a0\u00bb<\/a><\/p>\n<p class=\"auteur\"><span class=\"author\"><span class=\"surname\">G\u00e9n\u00e9ral <\/span><span class=\"name\">MOREAU<\/span><\/span> (1763-1813), \u00e0 l\u2019abb\u00e9 Siey\u00e8s, quand il apprend le retour de Bonaparte, 17\u00a0octobre 1799<\/p>\n\n<\/blockquote><\/div>\n<\/div>\n<\/div>\n<\/div><\/div>\n<\/div>\n<div class=\"views-row views-row-14 views-row-even\">\n<div class=\"views-field views-field-field-index-collection\">\n<div class=\"field-content\">\n<div class=\"field-collection-view clearfix view-mode-full field-collection-view-final\">\n<div class=\"entity entity-field-collection-item field-collection-item-field-index-collection clearfix\">\n<div class=\"content\">\n<blockquote>\n<p class=\"citation-small\"><a href=\"https:\/\/histoire-en-citations.fr\/WP\/la-guerre-histoire-en-citations-dune-tragedie-seculaire-et-quotidienne-napoleon#1679\">\u00ab\u00a0Souvenez-vous que je marche accompagn\u00e9 du dieu de la guerre et du dieu de la fortune.\u00a0\u00bb<\/a><\/p>\n<p class=\"auteur\"><span class=\"author\"><span class=\"surname\">Napol\u00e9on <\/span><span class=\"name\">BONAPARTE<\/span><\/span> (1769-1821), Conseil des Anciens, 19 brumaire an\u00a0VIII (10\u00a0novembre\u00a01799)<\/p>\n\n<\/blockquote><\/div>\n<\/div>\n<\/div>\n<\/div><\/div>\n<\/div>\n<div class=\"views-row views-row-15 views-row-odd\">\n<div class=\"views-field views-field-field-index-collection\">\n<div class=\"field-content\">\n<div class=\"field-collection-view clearfix view-mode-full field-collection-view-final\">\n<div class=\"entity entity-field-collection-item field-collection-item-field-index-collection clearfix\">\n<div class=\"content\">\n<blockquote>\n<p class=\"citation-small\"><a href=\"https:\/\/histoire-en-citations.fr\/WP\/recit-ou-roman-national-une-confusion-inadmissible#1683\">\u00ab\u00a0Nous avons fini le roman de la R\u00e9volution\u00a0: il faut en commencer l\u2019histoire\u2026\u00a0\u00bb<\/a><\/p>\n<p class=\"auteur\"><span class=\"author\"><span class=\"surname\">Napol\u00e9on <\/span><span class=\"name\">BONAPARTE<\/span><\/span> (1769-1821), au Conseil d\u2019\u00c9tat, le lendemain du coup d\u2019\u00c9tat du 18 Brumaire (9 novembre\u00a01799)<\/p>\n\n<\/blockquote><\/div>\n<\/div>\n<\/div>\n<\/div><\/div>\n<\/div>\n<div class=\"views-row views-row-16 views-row-even\">\n<div class=\"views-field views-field-field-index-collection\">\n<div class=\"field-content\">\n<div class=\"field-collection-view clearfix view-mode-full field-collection-view-final\">\n<div class=\"entity entity-field-collection-item field-collection-item-field-index-collection clearfix\">\n<div class=\"content\">\n<blockquote>\n<p class=\"citation-small\"><a href=\"https:\/\/histoire-en-citations.fr\/WP\/recit-ou-roman-national-une-confusion-inadmissible#1684\">\u00ab\u00a0Ces cinq ans de Consulat \u2013 l\u2019une des plus belles pages de la plus belle des histoires, l\u2019histoire de France.\u00a0\u00bb<\/a><\/p>\n<p class=\"auteur\"><span class=\"author\"><span class=\"surname\">Louis <\/span><span class=\"name\">MADELIN<\/span><\/span> (1871-1956), <cite>Histoire du Consulat et de l\u2019Empire. L\u2019Av\u00e8nement de l\u2019Empire<\/cite> (1937-1954)<\/p>\n\n<\/blockquote><\/div>\n<\/div>\n<\/div>\n<\/div><\/div>\n<\/div>\n<div class=\"views-row views-row-17 views-row-odd\">\n<div class=\"views-field views-field-field-index-collection\">\n<div class=\"field-content\">\n<div class=\"field-collection-view clearfix view-mode-full field-collection-view-final\">\n<div class=\"entity entity-field-collection-item field-collection-item-field-index-collection clearfix\">\n<div class=\"content\">\n<blockquote>\n<p class=\"citation-small\"><a href=\"https:\/\/histoire-en-citations.fr\/WP\/lhistoire-en-caricatures-monarchie-de-juillet-et-deuxieme-republique#1685\">\u00ab\u00a0Bonaparte n\u2019est point grand par ses paroles, ses discours, ses \u00e9crits, par l\u2019amour des libert\u00e9s qu\u2019il n\u2019a jamais eu [\u2026] Il est grand pour avoir cr\u00e9\u00e9 un gouvernement r\u00e9gulier, un code de lois, des cours de justice, des \u00e9coles, une administration forte, active, intelligente [\u2026] Il est grand pour avoir fait rena\u00eetre en France l\u2019ordre au sein du chaos [\u2026] Il est grand surtout pour \u00eatre n\u00e9 de lui seul, pour avoir su, sans autre autorit\u00e9 que celle de son g\u00e9nie, se faire ob\u00e9ir par trente-six millions de sujets [\u2026] Il est grand pour avoir surpass\u00e9 tous les vainqueurs qui le pr\u00e9c\u00e9d\u00e8rent, pour avoir rempli dix ann\u00e9es de tels prodiges qu\u2019on a peine aujourd\u2019hui \u00e0 les comprendre.\u00a0\u00bb<\/a><\/p>\n<p class=\"auteur\"><span class=\"author\"><span class=\"surname\">Fran\u00e7ois Ren\u00e9 de <\/span><span class=\"name\">CHATEAUBRIAND<\/span><\/span> (1768-1848), <cite>M\u00e9moires d\u2019outre-tombe<\/cite> (posthume)<\/p>\n\n<\/blockquote><\/div>\n<\/div>\n<\/div>\n<\/div><\/div>\n<\/div>\n<div class=\"views-row views-row-18 views-row-even\">\n<div class=\"views-field views-field-field-index-collection\">\n<div class=\"field-content\">\n<div class=\"field-collection-view clearfix view-mode-full field-collection-view-final\">\n<div class=\"entity entity-field-collection-item field-collection-item-field-index-collection clearfix\">\n<div class=\"content\">\n<blockquote>\n<p class=\"citation-small\"><a href=\"https:\/\/histoire-en-citations.fr\/WP\/qui-a-dit-quoi-de-qui-directoire-consulat-et-premier-empire#1686\">\u00ab\u00a0De Clovis jusqu\u2019au Comit\u00e9 de salut public, je me sens solidaire de tout.\u00a0\u00bb<\/a><\/p>\n<p class=\"auteur\"><span class=\"author\"><span class=\"surname\">Napol\u00e9on <\/span><span class=\"name\">BONAPARTE<\/span><\/span> (1769-1821)<\/p>\n\n<\/blockquote><\/div>\n<\/div>\n<\/div>\n<\/div><\/div>\n<\/div>\n<div class=\"views-row views-row-19 views-row-odd\">\n<div class=\"views-field views-field-field-index-collection\">\n<div class=\"field-content\">\n<div class=\"field-collection-view clearfix view-mode-full field-collection-view-final\">\n<div class=\"entity entity-field-collection-item field-collection-item-field-index-collection clearfix\">\n<div class=\"content\">\n<blockquote>\n<p class=\"citation-small\"><a href=\"https:\/\/histoire-en-citations.fr\/WP\/napoleon-super-star-de-lhistoire-2e-episode-un-quinquennat-eblouissant#1689\">\u00ab\u00a0La R\u00e9volution est finie.\u00a0\u00bb<\/a><\/p>\n<p class=\"auteur\"><span class=\"author\"><span class=\"surname\">Napol\u00e9on <\/span><span class=\"name\">BONAPARTE<\/span><\/span> (1769-1821), D\u00e9claration consulaire (r\u00e9sum\u00e9e), 25\u00a0d\u00e9cembre\u00a01799<\/p>\n\n<\/blockquote><\/div>\n<\/div>\n<\/div>\n<\/div><\/div>\n<\/div>\n<div class=\"views-row views-row-20 views-row-even\">\n<div class=\"views-field views-field-field-index-collection\">\n<div class=\"field-content\">\n<div class=\"field-collection-view clearfix view-mode-full field-collection-view-final\">\n<div class=\"entity entity-field-collection-item field-collection-item-field-index-collection clearfix\">\n<div class=\"content\">\n<blockquote>\n<p class=\"citation-small\"><a href=\"https:\/\/histoire-en-citations.fr\/WP\/napoleon-super-star-de-lhistoire-2e-episode-un-quinquennat-eblouissant#1690\">\u00ab\u00a0Rendre la R\u00e9publique ch\u00e8re aux citoyens, respectable aux \u00e9trangers, formidable aux ennemis, telles sont les obligations que nous avons contract\u00e9es en acceptant la premi\u00e8re magistrature.\u00a0\u00bb<\/a><\/p>\n<p class=\"auteur\"><span class=\"author\"><span class=\"surname\">Napol\u00e9on <\/span><span class=\"name\">BONAPARTE<\/span><\/span> (1769-1821), D\u00e9claration consulaire, 25\u00a0d\u00e9cembre 1799<\/p>\n\n<\/blockquote><\/div>\n<\/div>\n<\/div>\n<\/div><\/div>\n<\/div>\n<div class=\"views-row views-row-21 views-row-odd\">\n<div class=\"views-field views-field-field-index-collection\">\n<div class=\"field-content\">\n<div class=\"field-collection-view clearfix view-mode-full field-collection-view-final\">\n<div class=\"entity entity-field-collection-item field-collection-item-field-index-collection clearfix\">\n<div class=\"content\">\n<blockquote>\n<p class=\"citation-small\"><a href=\"https:\/\/histoire-en-citations.fr\/WP\/napoleon-super-star-de-lhistoire-2e-episode-un-quinquennat-eblouissant#1695\">\u00ab\u00a0On ne fait de grandes choses en France qu\u2019en s\u2019appuyant sur les masses\u00a0; d\u2019ailleurs un gouvernement doit aller chercher son point d\u2019appui l\u00e0 o\u00f9 il est.\u00a0\u00bb<\/a><\/p>\n<p class=\"auteur\"><span class=\"author\"><span class=\"surname\">Napol\u00e9on <\/span><span class=\"name\">BONAPARTE<\/span><\/span> (1769-1821)<\/p>\n\n<\/blockquote><\/div>\n<\/div>\n<\/div>\n<\/div><\/div>\n<\/div>\n<div class=\"views-row views-row-22 views-row-even\">\n<div class=\"views-field views-field-field-index-collection\">\n<div class=\"field-content\">\n<div class=\"field-collection-view clearfix view-mode-full field-collection-view-final\">\n<div class=\"entity entity-field-collection-item field-collection-item-field-index-collection clearfix\">\n<div class=\"content\">\n<blockquote>\n<p class=\"citation-small\"><a href=\"https:\/\/histoire-en-citations.fr\/WP\/citations-referentielles-le-miroir-de-lhistoire-directoire-consulat-et-empire-de-napoleon#1696\">\u00ab\u00a0Qu\u2019y a-t-il dans la Constitution\u00a0? \u2014\u00a0Il y a Bonaparte.\u00a0\u00bb<\/a><\/p>\n<p class=\"auteur\">Le mot circule dans Paris en 1800<\/p>\n\n<\/blockquote><\/div>\n<\/div>\n<\/div>\n<\/div><\/div>\n<\/div>\n<div class=\"views-row views-row-23 views-row-odd\">\n<div class=\"views-field views-field-field-index-collection\">\n<div class=\"field-content\">\n<div class=\"field-collection-view clearfix view-mode-full field-collection-view-final\">\n<div class=\"entity entity-field-collection-item field-collection-item-field-index-collection clearfix\">\n<div class=\"content\">\n<blockquote>\n<p class=\"citation-small\"><a href=\"https:\/\/histoire-en-citations.fr\/WP\/ces-etrangers-qui-firent-lhistoire-de-france-iii#1697\">\u00ab\u00a0Une nation n\u2019a de caract\u00e8re que lorsqu\u2019elle est libre.\u00a0\u00bb<\/a><\/p>\n<p class=\"auteur\"><span class=\"author\"><span class=\"surname\">Mme de <\/span><span class=\"name\">STA\u00cbL<\/span><\/span> (1766-1817), <cite>De la litt\u00e9rature consid\u00e9r\u00e9e dans ses rapports avec les institutions sociales<\/cite> (1800)<\/p>\n\n<\/blockquote><\/div>\n<\/div>\n<\/div>\n<\/div><\/div>\n<\/div>\n<div class=\"views-row views-row-24 views-row-even\">\n<div class=\"views-field views-field-field-index-collection\">\n<div class=\"field-content\">\n<div class=\"field-collection-view clearfix view-mode-full field-collection-view-final\">\n<div class=\"entity entity-field-collection-item field-collection-item-field-index-collection clearfix\">\n<div class=\"content\">\n<blockquote>\n<p class=\"citation-small\"><a href=\"https:\/\/histoire-en-citations.fr\/WP\/lhistoire-en-caricatures-napoleon#1701\">\u00ab\u00a0Sans trop de respect pour notre esp\u00e8ce, [Bonaparte] ordonna de nous transformer sur-le-champ en b\u00eates de somme et de trait, ce qui fut effectu\u00e9 comme par enchantement.\u00a0\u00bb<\/a><\/p>\n<p class=\"auteur\"><span class=\"author\"><span class=\"surname\">Capitaine <\/span><span class=\"name\">GERVAIS<\/span><\/span> (1779-1858), \u00e9voquant le passage du col du Grand-Saint-Bernard, 18-20 mai 1800<\/p>\n\n<\/blockquote><\/div>\n<\/div>\n<\/div>\n<\/div><\/div>\n<\/div>\n<div class=\"views-row views-row-25 views-row-odd views-row-last\">\n<div class=\"views-field views-field-field-index-collection\">\n<div class=\"field-content\">\n<div class=\"field-collection-view clearfix view-mode-full field-collection-view-final\">\n<div class=\"entity entity-field-collection-item field-collection-item-field-index-collection clearfix\">\n<div class=\"content\">\n<blockquote>\n<p class=\"citation-small\"><a href=\"https:\/\/histoire-en-citations.fr\/WP\/les-surnoms-jeu-de-mots-entre-petite-et-grande-histoire-la-grande-armee#1706\">\u00ab\u00a0Allez dire au Premier Consul que je meurs avec le seul regret de n\u2019avoir pas assez fait pour la post\u00e9rit\u00e9.\u00a0\u00bb<\/a><\/p>\n<p class=\"auteur\"><span class=\"author\"><span class=\"surname\">Louis Charles Antoine <\/span><span class=\"name\">DESAIX<\/span><\/span> (1768-1800), au jeune Lebrun, son aide de camp, mot de la fin \u00e0 Marengo, 14\u00a0juin 1800<\/p>\n\n<\/blockquote><\/div>\n<\/div>\n<\/div>\n<\/div><\/div>\n<\/div>\n<\/div>\n<h2 class=\"element-invisible\">Pages<\/h2>\n<ul class=\"pagination pagination-lg pull-right\">\n<li class=\"active\"><a href=\"https:\/\/histoire-en-citations.fr\/WP\/indexation\/\">1<\/a><\/li>\n<li class=\"pager-item\"><a title=\"Aller \u00e0 la page 2\" href=\"https:\/\/histoire-en-citations.fr\/WP\/indexation\/\">2<\/a><\/li>\n<li class=\"pager-item\"><a title=\"Aller \u00e0 la page 3\" href=\"https:\/\/histoire-en-citations.fr\/WP\/indexation\/\">3<\/a><\/li>\n<li class=\"pager-item\"><a title=\"Aller \u00e0 la page 4\" href=\"https:\/\/histoire-en-citations.fr\/WP\/indexation\/\">4<\/a><\/li>\n<li class=\"pager-item\"><a title=\"Aller \u00e0 la page 5\" href=\"https:\/\/histoire-en-citations.fr\/WP\/indexation\/\">5<\/a><\/li>\n<li class=\"pager-item\"><a title=\"Aller \u00e0 la page 6\" href=\"https:\/\/histoire-en-citations.fr\/WP\/indexation\/\">6<\/a><\/li>\n<li class=\"pager-item\"><a title=\"Aller \u00e0 la page 7\" href=\"https:\/\/histoire-en-citations.fr\/WP\/indexation\/\">7<\/a><\/li>\n<li class=\"pager-next\"><a title=\"Aller \u00e0 la page suivante\" href=\"https:\/\/histoire-en-citations.fr\/WP\/indexation\/\">suivant\u00a0\u203a<\/a><\/li>\n<li class=\"pager-last\"><a title=\"Aller \u00e0 la derni\u00e8re page\" href=\"https:\/\/histoire-en-citations.fr\/WP\/indexation\/\">dernier\u00a0\u00bb<\/a><\/li>\n<\/ul>\n<\/div><\/div>\n<style>\r\n        a .cit-num {\r\n            text-decoration: none !important;\r\n            color: inherit !important;\r\n        }\r\n    <\/style>","protected":false},"excerpt":{"rendered":"<p>Personnage le plus cit\u00e9, aim\u00e9, voire ador\u00e9, en m\u00eame temps que d\u00e9test\u00e9. C\u2019est la star de l\u2019Histoire en citations. On ne se lasse pas de son \u00e9loquence face aux soldats, de sa mauvaise foi contre le pape, de sa misogynie proverbiale. Et son auto portrait r\u00e9serve quelques surprises. Exemple\u00a0: \u201c\u00a0Quand j\u2019ai besoin de quelqu\u2019un, je [&#8230;]<\/p>\n","protected":false},"author":1,"featured_media":0,"parent":0,"menu_order":0,"comment_status":"closed","ping_status":"closed","template":"","meta":{"site-sidebar-layout":"default","site-content-layout":"","ast-site-content-layout":"default","site-content-style":"default","site-sidebar-style":"default","ast-global-header-display":"","ast-banner-title-visibility":"","ast-main-header-display":"","ast-hfb-above-header-display":"","ast-hfb-below-header-display":"","ast-hfb-mobile-header-display":"","site-post-title":"","ast-breadcrumbs-content":"","ast-featured-img":"","footer-sml-layout":"","theme-transparent-header-meta":"","adv-header-id-meta":"","stick-header-meta":"","header-above-stick-meta":"","header-main-stick-meta":"","header-below-stick-meta":"","astra-migrate-meta-layouts":"default","ast-page-background-enabled":"default","ast-page-background-meta":{"desktop":{"background-color":"var(--ast-global-color-5)","background-image":"","background-repeat":"repeat","background-position":"center center","background-size":"auto","background-attachment":"scroll","background-type":"","background-media":"","overlay-type":"","overlay-color":"","overlay-opacity":"","overlay-gradient":""},"tablet":{"background-color":"","background-image":"","background-repeat":"repeat","background-position":"center center","background-size":"auto","background-attachment":"scroll","background-type":"","background-media":"","overlay-type":"","overlay-color":"","overlay-opacity":"","overlay-gradient":""},"mobile":{"background-color":"","background-image":"","background-repeat":"repeat","background-position":"center center","background-size":"auto","background-attachment":"scroll","background-type":"","background-media":"","overlay-type":"","overlay-color":"","overlay-opacity":"","overlay-gradient":""}},"ast-content-background-meta":{"desktop":{"background-color":"var(--ast-global-color-4)","background-image":"","background-repeat":"repeat","background-position":"center center","background-size":"auto","background-attachment":"scroll","background-type":"","background-media":"","overlay-type":"","overlay-color":"","overlay-opacity":"","overlay-gradient":""},"tablet":{"background-color":"var(--ast-global-color-4)","background-image":"","background-repeat":"repeat","background-position":"center center","background-size":"auto","background-attachment":"scroll","background-type":"","background-media":"","overlay-type":"","overlay-color":"","overlay-opacity":"","overlay-gradient":""},"mobile":{"background-color":"var(--ast-global-color-4)","background-image":"","background-repeat":"repeat","background-position":"center center","background-size":"auto","background-attachment":"scroll","background-type":"","background-media":"","overlay-type":"","overlay-color":"","overlay-opacity":"","overlay-gradient":""}},"iawp_total_views":254,"footnotes":""},"class_list":["post-10517","page","type-page","status-publish","hentry"],"_links":{"self":[{"href":"https:\/\/histoire-en-citations.fr\/WP\/wp-json\/wp\/v2\/pages\/10517","targetHints":{"allow":["GET"]}}],"collection":[{"href":"https:\/\/histoire-en-citations.fr\/WP\/wp-json\/wp\/v2\/pages"}],"about":[{"href":"https:\/\/histoire-en-citations.fr\/WP\/wp-json\/wp\/v2\/types\/page"}],"author":[{"embeddable":true,"href":"https:\/\/histoire-en-citations.fr\/WP\/wp-json\/wp\/v2\/users\/1"}],"replies":[{"embeddable":true,"href":"https:\/\/histoire-en-citations.fr\/WP\/wp-json\/wp\/v2\/comments?post=10517"}],"version-history":[{"count":4,"href":"https:\/\/histoire-en-citations.fr\/WP\/wp-json\/wp\/v2\/pages\/10517\/revisions"}],"predecessor-version":[{"id":13675,"href":"https:\/\/histoire-en-citations.fr\/WP\/wp-json\/wp\/v2\/pages\/10517\/revisions\/13675"}],"wp:attachment":[{"href":"https:\/\/histoire-en-citations.fr\/WP\/wp-json\/wp\/v2\/media?parent=10517"}],"curies":[{"name":"wp","href":"https:\/\/api.w.org\/{rel}","templated":true}]}}