{"id":10521,"date":"2025-09-22T07:33:56","date_gmt":"2025-09-22T05:33:56","guid":{"rendered":"https:\/\/histoire-en-citations.fr\/WP\/petain\/"},"modified":"2025-09-22T07:33:56","modified_gmt":"2025-09-22T05:33:56","slug":"petain","status":"publish","type":"page","link":"https:\/\/histoire-en-citations.fr\/WP\/petain\/","title":{"rendered":"P\u00e9tain"},"content":{"rendered":"<div class=\"content\">\n<div class=\"view view-index-taxo view-id-index_taxo view-display-id-page view-dom-id-4233ad7f858ab87cc9cbb545b568e69e\">\n<div class=\"view-header\">       Affichage de 1 \u2013 12 sur 12.    <\/div>\n<div class=\"view-content\">\n<div class=\"views-row views-row-1 views-row-odd views-row-first\">\n<div class=\"views-field views-field-field-index-collection\">\n<div class=\"field-content\">\n<div class=\"field-collection-view clearfix view-mode-full field-collection-view-final\">\n<div class=\"entity entity-field-collection-item field-collection-item-field-index-collection clearfix\">\n<div class=\"content\">\n<blockquote>\n<p class=\"citation-small\"><a href=\"https:\/\/histoire-en-citations.fr\/WP\/la-guerre-histoire-en-citations-dune-tragedie-seculaire-et-quotidienne-troisieme-republique#2595\">\u00ab\u00a0Verdun est le c\u0153ur de la France.\u00a0\u00bb<\/a><\/p>\n<p class=\"auteur\"><span class=\"author\"><span class=\"name\">GUILLAUME\u00a0II<\/span><\/span> (1859-1941), empereur d\u2019Allemagne, 14\u00a0f\u00e9vrier 1916<\/p>\n\n<\/blockquote><\/div>\n<\/div>\n<\/div>\n<\/div><\/div>\n<\/div>\n<div class=\"views-row views-row-2 views-row-even\">\n<div class=\"views-field views-field-field-index-collection\">\n<div class=\"field-content\">\n<div class=\"field-collection-view clearfix view-mode-full field-collection-view-final\">\n<div class=\"entity entity-field-collection-item field-collection-item-field-index-collection clearfix\">\n<div class=\"content\">\n<blockquote>\n<p class=\"citation-small\"><a href=\"https:\/\/histoire-en-citations.fr\/WP\/la-guerre-histoire-en-citations-dune-tragedie-seculaire-et-quotidienne-troisieme-republique#2597\">\u00ab\u00a0Courage\u00a0! On les aura\u00a0!\u00a0\u00bb<\/a><\/p>\n<p class=\"auteur\"><span class=\"author\"><span class=\"surname\">Philippe <\/span><span class=\"name\">P\u00c9TAIN<\/span><\/span> (1856-1951), derniers mots de l\u2019Ordre du jour r\u00e9dig\u00e9 le 10\u00a0avril 1916<\/p>\n\n<\/blockquote><\/div>\n<\/div>\n<\/div>\n<\/div><\/div>\n<\/div>\n<div class=\"views-row views-row-3 views-row-odd\">\n<div class=\"views-field views-field-field-index-collection\">\n<div class=\"field-content\">\n<div class=\"field-collection-view clearfix view-mode-full field-collection-view-final\">\n<div class=\"entity entity-field-collection-item field-collection-item-field-index-collection clearfix\">\n<div class=\"content\">\n<blockquote>\n<p class=\"citation-small\"><a href=\"https:\/\/histoire-en-citations.fr\/WP\/la-guerre-histoire-en-citations-dune-tragedie-seculaire-et-quotidienne-troisieme-republique#2600\">\u00ab\u00a0L\u2019artillerie conquiert, l\u2019infanterie occupe.\u00a0\u00bb<\/a><\/p>\n<p class=\"auteur\"><span class=\"author\"><span class=\"surname\">Philippe <\/span><span class=\"name\">P\u00c9TAIN<\/span><\/span> (1856-1951)<\/p>\n\n<\/blockquote><\/div>\n<\/div>\n<\/div>\n<\/div><\/div>\n<\/div>\n<div class=\"views-row views-row-4 views-row-even\">\n<div class=\"views-field views-field-field-index-collection\">\n<div class=\"field-content\">\n<div class=\"field-collection-view clearfix view-mode-full field-collection-view-final\">\n<div class=\"entity entity-field-collection-item field-collection-item-field-index-collection clearfix\">\n<div class=\"content\">\n<blockquote>\n<p class=\"citation-small\"><a href=\"https:\/\/histoire-en-citations.fr\/WP\/portrait-de-charles-de-gaulle-en-citations#2708\">\u00ab\u00a0La vieillesse est un naufrage. Pour que rien ne nous f\u00fbt \u00e9pargn\u00e9, la vieillesse du mar\u00e9chal P\u00e9tain allait s\u2019identifier avec le naufrage de la France.\u00a0\u00bb<\/a><\/p>\n<p class=\"auteur\"><span class=\"author\"><span class=\"surname\">Charles de <\/span><span class=\"name\">GAULLE<\/span><\/span> (1890-1970), <cite>M\u00e9moires de guerre<\/cite>, tome\u00a0I, <cite>L\u2019Appel, 1940-1942<\/cite> (1954)<\/p>\n\n<\/blockquote><\/div>\n<\/div>\n<\/div>\n<\/div><\/div>\n<\/div>\n<div class=\"views-row views-row-5 views-row-odd\">\n<div class=\"views-field views-field-field-index-collection\">\n<div class=\"field-content\">\n<div class=\"field-collection-view clearfix view-mode-full field-collection-view-final\">\n<div class=\"entity entity-field-collection-item field-collection-item-field-index-collection clearfix\">\n<div class=\"content\">\n<blockquote>\n<p class=\"citation-small\"><a href=\"https:\/\/histoire-en-citations.fr\/WP\/qui-a-dit-quoi-de-qui-seconde-guerre-mondiale-et-quatrieme-republique#2750\">\u00ab\u00a0Je fais \u00e0 la France le don de ma personne pour att\u00e9nuer son malheur.\u00a0\u00bb<\/a><\/p>\n<p class=\"auteur\"><span class=\"author\"><span class=\"surname\">Philippe <\/span><span class=\"name\">P\u00c9TAIN<\/span><\/span> (1856-1951), Allocution \u00e0 la radio, 17\u00a0juin 1940<\/p>\n\n<\/blockquote><\/div>\n<\/div>\n<\/div>\n<\/div><\/div>\n<\/div>\n<div class=\"views-row views-row-6 views-row-even\">\n<div class=\"views-field views-field-field-index-collection\">\n<div class=\"field-content\">\n<div class=\"field-collection-view clearfix view-mode-full field-collection-view-final\">\n<div class=\"entity entity-field-collection-item field-collection-item-field-index-collection clearfix\">\n<div class=\"content\">\n<blockquote>\n<p class=\"citation-small\"><a href=\"https:\/\/histoire-en-citations.fr\/WP\/la-guerre-histoire-en-citations-dune-tragedie-seculaire-et-quotidienne-de-la-seconde-guerre-mondiale-a-nos-jours#2752\">\u00ab\u00a0C\u2019est le c\u0153ur serr\u00e9 que je vous dis aujourd\u2019hui qu\u2019il faut cesser le combat.\u00a0\u00bb<\/a><\/p>\n<p class=\"auteur\"><span class=\"author\"><span class=\"surname\">Philippe <\/span><span class=\"name\">P\u00c9TAIN<\/span><\/span> (1856-1951), Allocution \u00e0 la radio, 17\u00a0juin 1940<\/p>\n\n<\/blockquote><\/div>\n<\/div>\n<\/div>\n<\/div><\/div>\n<\/div>\n<div class=\"views-row views-row-7 views-row-odd\">\n<div class=\"views-field views-field-field-index-collection\">\n<div class=\"field-content\">\n<div class=\"field-collection-view clearfix view-mode-full field-collection-view-final\">\n<div class=\"entity entity-field-collection-item field-collection-item-field-index-collection clearfix\">\n<div class=\"content\">\n<blockquote>\n<p class=\"citation-small\"><a href=\"https:\/\/histoire-en-citations.fr\/WP\/la-guerre-histoire-en-citations-dune-tragedie-seculaire-et-quotidienne-de-la-seconde-guerre-mondiale-a-nos-jours#2757\">\u00ab\u00a0J\u2019ai \u00e9t\u00e9 avec vous dans les jours glorieux. Chef du gouvernement, je suis et je resterai avec vous dans les jours sombres. Soyez \u00e0 mes c\u00f4t\u00e9s. Le combat reste le m\u00eame. Il s\u2019agit de la France, de son sol, de ses fils.\u00a0\u00bb<\/a><\/p>\n<p class=\"auteur\"><span class=\"author\"><span class=\"surname\">Philippe <\/span><span class=\"name\">P\u00c9TAIN<\/span><\/span> (1856-1951), Conclusion de l\u2019appel lanc\u00e9 \u00e0 la radio, 20\u00a0juin 1940<\/p>\n\n<\/blockquote><\/div>\n<\/div>\n<\/div>\n<\/div><\/div>\n<\/div>\n<div class=\"views-row views-row-8 views-row-even\">\n<div class=\"views-field views-field-field-index-collection\">\n<div class=\"field-content\">\n<div class=\"field-collection-view clearfix view-mode-full field-collection-view-final\">\n<div class=\"entity entity-field-collection-item field-collection-item-field-index-collection clearfix\">\n<div class=\"content\">\n<blockquote>\n<p class=\"citation-small\"><a href=\"https:\/\/histoire-en-citations.fr\/WP\/les-surnoms-jeu-de-mots-entre-petite-et-grande-histoire-seconde-guerre-mondiale-quatrieme-et-cinquieme-republiques-avec-de-gaulle#2759\">\u00ab\u00a0Vous avez souffert. Vous souffrirez encore [\u2026] Votre vie sera dure. Ce n\u2019est pas moi qui vous bercerai de paroles trompeuses.\u00a0\u00bb<\/a><\/p>\n<p class=\"auteur\"><span class=\"author\"><span class=\"surname\">Philippe <\/span><span class=\"name\">P\u00c9TAIN<\/span><\/span> (1856-1951), Discours du 25\u00a0juin 1940<\/p>\n\n<\/blockquote><\/div>\n<\/div>\n<\/div>\n<\/div><\/div>\n<\/div>\n<div class=\"views-row views-row-9 views-row-odd\">\n<div class=\"views-field views-field-field-index-collection\">\n<div class=\"field-content\">\n<div class=\"field-collection-view clearfix view-mode-full field-collection-view-final\">\n<div class=\"entity entity-field-collection-item field-collection-item-field-index-collection clearfix\">\n<div class=\"content\">\n<blockquote>\n<p class=\"citation-small\"><a href=\"https:\/\/histoire-en-citations.fr\/WP\/la-terre-dans-tous-ses-etats-de-la-revolution-a-nos-jours#2760\">\u00ab\u00a0Je hais les mensonges qui vous ont fait tant de mal. La terre, elle, ne ment pas. Elle demeure votre recours. Elle est la Patrie elle-m\u00eame. Un champ qui tombe en friche, c\u2019est une portion de la France qui meurt. Une jach\u00e8re de nouveau emblav\u00e9e, c\u2019est une portion de France qui rena\u00eet.\u00a0\u00bb<\/a><\/p>\n<p class=\"auteur\"><span class=\"author\"><span class=\"surname\">Philippe <\/span><span class=\"name\">P\u00c9TAIN<\/span><\/span> (1856-1951), Discours du 25\u00a0juin 1940<\/p>\n\n<\/blockquote><\/div>\n<\/div>\n<\/div>\n<\/div><\/div>\n<\/div>\n<div class=\"views-row views-row-10 views-row-even\">\n<div class=\"views-field views-field-field-index-collection\">\n<div class=\"field-content\">\n<div class=\"field-collection-view clearfix view-mode-full field-collection-view-final\">\n<div class=\"entity entity-field-collection-item field-collection-item-field-index-collection clearfix\">\n<div class=\"content\">\n<blockquote>\n<p class=\"citation-small\"><a href=\"https:\/\/histoire-en-citations.fr\/WP\/les-mysteres-de-lhistoire-de-malraux-aux-diamants-de-bokassa#2763\">\u00ab\u00a0C\u2019est sous le triple signe du Travail, de la Famille et de la Patrie que nous devons aller vers l\u2019ordre nouveau.\u00a0\u00bb<\/a><\/p>\n<p class=\"auteur\"><span class=\"author\"><span class=\"surname\">Pierre <\/span><span class=\"name\">LAVAL<\/span><\/span> (1883-1945), \u00ab\u00a0R\u00e9union d\u2019information\u00a0\u00bb des d\u00e9put\u00e9s, 8\u00a0juillet 1940<\/p>\n\n<\/blockquote><\/div>\n<\/div>\n<\/div>\n<\/div><\/div>\n<\/div>\n<div class=\"views-row views-row-11 views-row-odd\">\n<div class=\"views-field views-field-field-index-collection\">\n<div class=\"field-content\">\n<div class=\"field-collection-view clearfix view-mode-full field-collection-view-final\">\n<div class=\"entity entity-field-collection-item field-collection-item-field-index-collection clearfix\">\n<div class=\"content\">\n<blockquote>\n<p class=\"citation-small\"><a href=\"https:\/\/histoire-en-citations.fr\/WP\/qui-a-dit-quoi-de-qui-seconde-guerre-mondiale-et-quatrieme-republique#2765\">\u00ab\u00a0Seul, le mar\u00e9chal peut r\u00e9aliser l\u2019union de la France, c\u2019est un drapeau, un drapeau un peu tach\u00e9, un peu souill\u00e9, mais c\u2019est un drapeau tout de m\u00eame.\u00a0\u00bb<\/a><\/p>\n<p class=\"auteur\"><span class=\"author\"><span class=\"surname\">G\u00e9n\u00e9ral <\/span><span class=\"name\">WEYGAND<\/span><\/span> (1867-1965), \u00e0 Stanislas Mangin venu lui demander de se rallier aux Forces fran\u00e7aises libres (FFL), \u00e9t\u00e9 1940<\/p>\n\n<\/blockquote><\/div>\n<\/div>\n<\/div>\n<\/div><\/div>\n<\/div>\n<div class=\"views-row views-row-12 views-row-even views-row-last\">\n<div class=\"views-field views-field-field-index-collection\">\n<div class=\"field-content\">\n<div class=\"field-collection-view clearfix view-mode-full field-collection-view-final\">\n<div class=\"entity entity-field-collection-item field-collection-item-field-index-collection clearfix\">\n<div class=\"content\">\n<blockquote>\n<p class=\"citation-small\"><a href=\"https:\/\/histoire-en-citations.fr\/WP\/citations-referentielles-le-miroir-de-lhistoire-seconde-guerre-mondiale-quatrieme-republique#2772\">\u00ab\u00a0J\u2019entre aujourd\u2019hui dans la voie de la collaboration.\u00a0\u00bb<\/a><\/p>\n<p class=\"auteur\"><span class=\"author\"><span class=\"surname\">Philippe <\/span><span class=\"name\">P\u00c9TAIN<\/span><\/span> (1856-1951), Annonce faite aux Fran\u00e7ais, 30\u00a0octobre 1940<\/p>\n\n<\/blockquote><\/div>\n<\/div>\n<\/div>\n<\/div><\/div>\n<\/div>\n<\/div>\n<\/div>\n<\/div>\n<style>\r\n        a .cit-num {\r\n            text-decoration: none !important;\r\n            color: inherit !important;\r\n        }\r\n    <\/style>","protected":false},"excerpt":{"rendered":"<p>Affichage de 1 &#8211; 12 sur 12. \u00ab&nbsp;Verdun est le c\u0153ur de la France.&nbsp;\u00bb2595GUILLAUME\u00a0II (1859-1941), empereur d\u2019Allemagne, 14\u00a0f\u00e9vrier 1916 \u00ab&nbsp;Courage&nbsp;! On les aura&nbsp;!&nbsp;\u00bb2597Philippe P\u00c9TAIN (1856-1951), derniers mots de l\u2019Ordre du jour r\u00e9dig\u00e9 le 10\u00a0avril 1916 \u00ab&nbsp;L\u2019artillerie conquiert, l\u2019infanterie occupe.&nbsp;\u00bb2600Philippe P\u00c9TAIN (1856-1951) \u00ab&nbsp;La vieillesse est un naufrage. Pour que rien ne nous f\u00fbt \u00e9pargn\u00e9, la vieillesse [&#8230;]<\/p>\n","protected":false},"author":1,"featured_media":0,"parent":0,"menu_order":0,"comment_status":"closed","ping_status":"closed","template":"","meta":{"site-sidebar-layout":"default","site-content-layout":"","ast-site-content-layout":"default","site-content-style":"default","site-sidebar-style":"default","ast-global-header-display":"","ast-banner-title-visibility":"","ast-main-header-display":"","ast-hfb-above-header-display":"","ast-hfb-below-header-display":"","ast-hfb-mobile-header-display":"","site-post-title":"","ast-breadcrumbs-content":"","ast-featured-img":"","footer-sml-layout":"","theme-transparent-header-meta":"","adv-header-id-meta":"","stick-header-meta":"","header-above-stick-meta":"","header-main-stick-meta":"","header-below-stick-meta":"","astra-migrate-meta-layouts":"default","ast-page-background-enabled":"default","ast-page-background-meta":{"desktop":{"background-color":"var(--ast-global-color-5)","background-image":"","background-repeat":"repeat","background-position":"center center","background-size":"auto","background-attachment":"scroll","background-type":"","background-media":"","overlay-type":"","overlay-color":"","overlay-opacity":"","overlay-gradient":""},"tablet":{"background-color":"","background-image":"","background-repeat":"repeat","background-position":"center center","background-size":"auto","background-attachment":"scroll","background-type":"","background-media":"","overlay-type":"","overlay-color":"","overlay-opacity":"","overlay-gradient":""},"mobile":{"background-color":"","background-image":"","background-repeat":"repeat","background-position":"center center","background-size":"auto","background-attachment":"scroll","background-type":"","background-media":"","overlay-type":"","overlay-color":"","overlay-opacity":"","overlay-gradient":""}},"ast-content-background-meta":{"desktop":{"background-color":"var(--ast-global-color-4)","background-image":"","background-repeat":"repeat","background-position":"center center","background-size":"auto","background-attachment":"scroll","background-type":"","background-media":"","overlay-type":"","overlay-color":"","overlay-opacity":"","overlay-gradient":""},"tablet":{"background-color":"var(--ast-global-color-4)","background-image":"","background-repeat":"repeat","background-position":"center center","background-size":"auto","background-attachment":"scroll","background-type":"","background-media":"","overlay-type":"","overlay-color":"","overlay-opacity":"","overlay-gradient":""},"mobile":{"background-color":"var(--ast-global-color-4)","background-image":"","background-repeat":"repeat","background-position":"center center","background-size":"auto","background-attachment":"scroll","background-type":"","background-media":"","overlay-type":"","overlay-color":"","overlay-opacity":"","overlay-gradient":""}},"iawp_total_views":435,"footnotes":""},"class_list":["post-10521","page","type-page","status-publish","hentry"],"_links":{"self":[{"href":"https:\/\/histoire-en-citations.fr\/WP\/wp-json\/wp\/v2\/pages\/10521","targetHints":{"allow":["GET"]}}],"collection":[{"href":"https:\/\/histoire-en-citations.fr\/WP\/wp-json\/wp\/v2\/pages"}],"about":[{"href":"https:\/\/histoire-en-citations.fr\/WP\/wp-json\/wp\/v2\/types\/page"}],"author":[{"embeddable":true,"href":"https:\/\/histoire-en-citations.fr\/WP\/wp-json\/wp\/v2\/users\/1"}],"replies":[{"embeddable":true,"href":"https:\/\/histoire-en-citations.fr\/WP\/wp-json\/wp\/v2\/comments?post=10521"}],"version-history":[{"count":4,"href":"https:\/\/histoire-en-citations.fr\/WP\/wp-json\/wp\/v2\/pages\/10521\/revisions"}],"predecessor-version":[{"id":13677,"href":"https:\/\/histoire-en-citations.fr\/WP\/wp-json\/wp\/v2\/pages\/10521\/revisions\/13677"}],"wp:attachment":[{"href":"https:\/\/histoire-en-citations.fr\/WP\/wp-json\/wp\/v2\/media?parent=10521"}],"curies":[{"name":"wp","href":"https:\/\/api.w.org\/{rel}","templated":true}]}}