{"id":10525,"date":"2025-09-22T07:33:28","date_gmt":"2025-09-22T05:33:28","guid":{"rendered":"https:\/\/histoire-en-citations.fr\/WP\/proudhon\/"},"modified":"2025-09-22T07:33:28","modified_gmt":"2025-09-22T05:33:28","slug":"proudhon","status":"publish","type":"page","link":"https:\/\/histoire-en-citations.fr\/WP\/proudhon\/","title":{"rendered":"Proudhon"},"content":{"rendered":"<div class=\"content\">\n<div class=\"view view-index-taxo view-id-index_taxo view-display-id-page view-dom-id-1344098489de0a1eb960fe458a6fb2ca\">\n<div class=\"view-header\">\n<p class=\"presentation\">Fils d\u2019une cuisini\u00e8re et d\u2019un tonnelier, seul th\u00e9oricien r\u00e9volutionnaire n\u00e9 du peuple au <span class=\"caps\">XIX<\/span><sup>e<\/sup>. Individualiste farouche pour qui \u201c\u00a0le gouvernement de l\u2019homme par l\u2019homme, sous quelque nom qu\u2019il se d\u00e9guise, est oppression\u00a0\u201d, c\u2019est \u00e0 la fois le p\u00e8re de l\u2019anarchisme, le fondateur du syst\u00e8me mutualiste et l\u2019anc\u00eatre du syndicalisme. Son socialisme \u00e0 la fran\u00e7aise s\u2019oppose au communisme de Marx.<\/p>\n<p class=\"idxinfo\">Cliquez sur une citation pour la consulter dans son contexte historique.<a class=\"retour\" href=\"https:\/\/histoire-en-citations.fr\/WP\/personnages\/\">Retour aux personnages<\/a><\/p>\n<p> Affichage de 1 \u2013 7 sur 7.    <\/p><\/div>\n<div class=\"view-content\">\n<div class=\"views-row views-row-1 views-row-odd views-row-first\">\n<div class=\"views-field views-field-field-index-collection\">\n<div class=\"field-content\">\n<div class=\"field-collection-view clearfix view-mode-full field-collection-view-final\">\n<div class=\"entity entity-field-collection-item field-collection-item-field-index-collection clearfix\">\n<div class=\"content\">\n<blockquote>\n<p class=\"citation-small\"><a href=\"https:\/\/histoire-en-citations.fr\/WP\/portrait-de-proudhon-en-citations#2046\">\u00ab\u00a0Il ne s\u2019agit pas de tuer la libert\u00e9 individuelle, mais de la socialiser.\u00a0\u00bb<\/a><\/p>\n<p class=\"auteur\"><span class=\"author\"><span class=\"surname\">Pierre Joseph <\/span><span class=\"name\">PROUDHON<\/span><\/span> (1809-1865), <cite>Syst\u00e8me des contradictions \u00e9conomiques<\/cite> (1846)<\/p>\n\n<\/blockquote><\/div>\n<\/div>\n<\/div>\n<\/div><\/div>\n<\/div>\n<div class=\"views-row views-row-2 views-row-even\">\n<div class=\"views-field views-field-field-index-collection\">\n<div class=\"field-content\">\n<div class=\"field-collection-view clearfix view-mode-full field-collection-view-final\">\n<div class=\"entity entity-field-collection-item field-collection-item-field-index-collection clearfix\">\n<div class=\"content\">\n<blockquote>\n<p class=\"citation-small\"><a href=\"https:\/\/histoire-en-citations.fr\/WP\/portrait-de-proudhon-en-citations#2102\">\u00ab\u00a0La propri\u00e9t\u00e9, c\u2019est le vol.\u00a0\u00bb<\/a><\/p>\n<p class=\"auteur\"><span class=\"author\"><span class=\"surname\">Pierre Joseph <\/span><span class=\"name\">PROUDHON<\/span><\/span> (1809-1865), <cite>Qu\u2019est-ce que la propri\u00e9t\u00e9\u00a0?<\/cite> (1840)<\/p>\n\n<\/blockquote><\/div>\n<\/div>\n<\/div>\n<\/div><\/div>\n<\/div>\n<div class=\"views-row views-row-3 views-row-odd\">\n<div class=\"views-field views-field-field-index-collection\">\n<div class=\"field-content\">\n<div class=\"field-collection-view clearfix view-mode-full field-collection-view-final\">\n<div class=\"entity entity-field-collection-item field-collection-item-field-index-collection clearfix\">\n<div class=\"content\">\n<blockquote>\n<p class=\"citation-small\"><a href=\"https:\/\/histoire-en-citations.fr\/WP\/la-politique-est-elle-en-panne-de-reve-de-napoleon-a-nos-jours#2137\">\u00ab\u00a0P\u00e9risse l\u2019humanit\u00e9 plut\u00f4t que le principe\u00a0! C\u2019est la devise des utopistes comme des fanatiques de tous les si\u00e8cles. Le socialisme, interpr\u00e9t\u00e9 de la sorte, est devenu une religion [\u2026] qui au XIXe si\u00e8cle est ce qu\u2019il y a de moins r\u00e9volutionnaire.\u00a0\u00bb<\/a><\/p>\n<p class=\"auteur\"><span class=\"author\"><span class=\"surname\">Pierre Joseph <\/span><span class=\"name\">PROUDHON<\/span><\/span> (1809-1865), <cite>Id\u00e9e g\u00e9n\u00e9rale de la R\u00e9volution au XIX<sup>e<\/sup>\u00a0si\u00e8cle<\/cite> (1851)<\/p>\n\n<\/blockquote><\/div>\n<\/div>\n<\/div>\n<\/div><\/div>\n<\/div>\n<div class=\"views-row views-row-4 views-row-even\">\n<div class=\"views-field views-field-field-index-collection\">\n<div class=\"field-content\">\n<div class=\"field-collection-view clearfix view-mode-full field-collection-view-final\">\n<div class=\"entity entity-field-collection-item field-collection-item-field-index-collection clearfix\">\n<div class=\"content\">\n<blockquote>\n<p class=\"citation-small\"><a href=\"https:\/\/histoire-en-citations.fr\/WP\/portrait-de-proudhon-en-citations#2164\">\u00ab\u00a0Il faut avoir v\u00e9cu dans cet isoloir qu\u2019on appelle Assembl\u00e9e nationale, pour concevoir comment les hommes qui ignorent le plus compl\u00e8tement l\u2019\u00e9tat d\u2019un pays sont presque toujours ceux qui le repr\u00e9sentent.\u00a0\u00bb<\/a><\/p>\n<p class=\"auteur\"><span class=\"author\"><span class=\"surname\">Pierre Joseph <\/span><span class=\"name\">PROUDHON<\/span><\/span> (1809-1865), <cite>Les Confessions d\u2019un r\u00e9volutionnaire<\/cite> (1849)<\/p>\n\n<\/blockquote><\/div>\n<\/div>\n<\/div>\n<\/div><\/div>\n<\/div>\n<div class=\"views-row views-row-5 views-row-odd\">\n<div class=\"views-field views-field-field-index-collection\">\n<div class=\"field-content\">\n<div class=\"field-collection-view clearfix view-mode-full field-collection-view-final\">\n<div class=\"entity entity-field-collection-item field-collection-item-field-index-collection clearfix\">\n<div class=\"content\">\n<blockquote>\n<p class=\"citation-small\"><a href=\"https:\/\/histoire-en-citations.fr\/WP\/portrait-de-proudhon-en-citations#2184\">\u00ab\u00a0La R\u00e9volution, apr\u00e8s avoir \u00e9t\u00e9 tour \u00e0 tour religieuse, philosophique, politique, est devenue \u00e9conomique [\u2026] La R\u00e9volution de f\u00e9vrier a pos\u00e9 le droit au travail, c\u2019est-\u00e0-dire la pr\u00e9pond\u00e9rance du travail sur le capital.\u00a0\u00bb<\/a><\/p>\n<p class=\"auteur\"><span class=\"author\"><span class=\"surname\">Pierre Joseph <\/span><span class=\"name\">PROUDHON<\/span><\/span> (1809-1865), Toast \u00e0 la r\u00e9volution du 17\u00a0octobre 1848<\/p>\n\n<\/blockquote><\/div>\n<\/div>\n<\/div>\n<\/div><\/div>\n<\/div>\n<div class=\"views-row views-row-6 views-row-even\">\n<div class=\"views-field views-field-field-index-collection\">\n<div class=\"field-content\">\n<div class=\"field-collection-view clearfix view-mode-full field-collection-view-final\">\n<div class=\"entity entity-field-collection-item field-collection-item-field-index-collection clearfix\">\n<div class=\"content\">\n<blockquote>\n<p class=\"citation-small\"><a href=\"https:\/\/histoire-en-citations.fr\/WP\/lhistoire-en-caricatures-monarchie-de-juillet-et-deuxieme-republique#2197\">\u00ab\u00a0Nous ne comprenons pas plus une femme l\u00e9gislatrice qu\u2019un homme nourrice.\u00a0\u00bb<\/a><\/p>\n<p class=\"auteur\"><span class=\"author\"><span class=\"surname\">Pierre Joseph <\/span><span class=\"name\">PROUDHON<\/span><\/span> (1809-1865), <cite>Le Peuple<\/cite>, mai 1849<\/p>\n\n<\/blockquote><\/div>\n<\/div>\n<\/div>\n<\/div><\/div>\n<\/div>\n<div class=\"views-row views-row-7 views-row-odd views-row-last\">\n<div class=\"views-field views-field-field-index-collection\">\n<div class=\"field-content\">\n<div class=\"field-collection-view clearfix view-mode-full field-collection-view-final\">\n<div class=\"entity entity-field-collection-item field-collection-item-field-index-collection clearfix\">\n<div class=\"content\">\n<blockquote>\n<p class=\"citation-small\"><a href=\"https:\/\/histoire-en-citations.fr\/WP\/portrait-de-proudhon-en-citations#2239\">\u00ab\u00a0Si la d\u00e9mocratie ouvri\u00e8re, satisfaite de faire l\u2019agitation dans ses ateliers, de harceler le bourgeois et de se signaler dans des \u00e9lections inutiles, reste indiff\u00e9rente sur les principes de l\u2019\u00e9conomie politique qui sont ceux de la r\u00e9volution, il faut qu\u2019elle le sache, elle ment \u00e0 ses devoirs et elle sera fl\u00e9trie un jour devant la post\u00e9rit\u00e9.\u00a0\u00bb<\/a><\/p>\n<p class=\"auteur\"><span class=\"author\"><span class=\"surname\">Pierre Joseph <\/span><span class=\"name\">PROUDHON<\/span><\/span> (1809-1865), <cite>De la capacit\u00e9 politique des classes ouvri\u00e8res<\/cite> (posthume)<\/p>\n\n<\/blockquote><\/div>\n<\/div>\n<\/div>\n<\/div><\/div>\n<\/div>\n<\/div>\n<\/div>\n<\/div>\n<style>\r\n        a .cit-num {\r\n            text-decoration: none !important;\r\n            color: inherit !important;\r\n        }\r\n    <\/style>","protected":false},"excerpt":{"rendered":"<p>Fils d\u2019une cuisini\u00e8re et d\u2019un tonnelier, seul th\u00e9oricien r\u00e9volutionnaire n\u00e9 du peuple au XIXe. Individualiste farouche pour qui \u201c\u00a0le gouvernement de l\u2019homme par l\u2019homme, sous quelque nom qu\u2019il se d\u00e9guise, est oppression\u00a0\u201d, c\u2019est \u00e0 la fois le p\u00e8re de l\u2019anarchisme, le fondateur du syst\u00e8me mutualiste et l\u2019anc\u00eatre du syndicalisme. Son socialisme \u00e0 la fran\u00e7aise s\u2019oppose [&#8230;]<\/p>\n","protected":false},"author":1,"featured_media":0,"parent":0,"menu_order":0,"comment_status":"closed","ping_status":"closed","template":"","meta":{"site-sidebar-layout":"default","site-content-layout":"","ast-site-content-layout":"default","site-content-style":"default","site-sidebar-style":"default","ast-global-header-display":"","ast-banner-title-visibility":"","ast-main-header-display":"","ast-hfb-above-header-display":"","ast-hfb-below-header-display":"","ast-hfb-mobile-header-display":"","site-post-title":"","ast-breadcrumbs-content":"","ast-featured-img":"","footer-sml-layout":"","theme-transparent-header-meta":"","adv-header-id-meta":"","stick-header-meta":"","header-above-stick-meta":"","header-main-stick-meta":"","header-below-stick-meta":"","astra-migrate-meta-layouts":"default","ast-page-background-enabled":"default","ast-page-background-meta":{"desktop":{"background-color":"var(--ast-global-color-5)","background-image":"","background-repeat":"repeat","background-position":"center center","background-size":"auto","background-attachment":"scroll","background-type":"","background-media":"","overlay-type":"","overlay-color":"","overlay-opacity":"","overlay-gradient":""},"tablet":{"background-color":"","background-image":"","background-repeat":"repeat","background-position":"center center","background-size":"auto","background-attachment":"scroll","background-type":"","background-media":"","overlay-type":"","overlay-color":"","overlay-opacity":"","overlay-gradient":""},"mobile":{"background-color":"","background-image":"","background-repeat":"repeat","background-position":"center center","background-size":"auto","background-attachment":"scroll","background-type":"","background-media":"","overlay-type":"","overlay-color":"","overlay-opacity":"","overlay-gradient":""}},"ast-content-background-meta":{"desktop":{"background-color":"var(--ast-global-color-4)","background-image":"","background-repeat":"repeat","background-position":"center center","background-size":"auto","background-attachment":"scroll","background-type":"","background-media":"","overlay-type":"","overlay-color":"","overlay-opacity":"","overlay-gradient":""},"tablet":{"background-color":"var(--ast-global-color-4)","background-image":"","background-repeat":"repeat","background-position":"center center","background-size":"auto","background-attachment":"scroll","background-type":"","background-media":"","overlay-type":"","overlay-color":"","overlay-opacity":"","overlay-gradient":""},"mobile":{"background-color":"var(--ast-global-color-4)","background-image":"","background-repeat":"repeat","background-position":"center center","background-size":"auto","background-attachment":"scroll","background-type":"","background-media":"","overlay-type":"","overlay-color":"","overlay-opacity":"","overlay-gradient":""}},"iawp_total_views":11,"footnotes":""},"class_list":["post-10525","page","type-page","status-publish","hentry"],"_links":{"self":[{"href":"https:\/\/histoire-en-citations.fr\/WP\/wp-json\/wp\/v2\/pages\/10525","targetHints":{"allow":["GET"]}}],"collection":[{"href":"https:\/\/histoire-en-citations.fr\/WP\/wp-json\/wp\/v2\/pages"}],"about":[{"href":"https:\/\/histoire-en-citations.fr\/WP\/wp-json\/wp\/v2\/types\/page"}],"author":[{"embeddable":true,"href":"https:\/\/histoire-en-citations.fr\/WP\/wp-json\/wp\/v2\/users\/1"}],"replies":[{"embeddable":true,"href":"https:\/\/histoire-en-citations.fr\/WP\/wp-json\/wp\/v2\/comments?post=10525"}],"version-history":[{"count":4,"href":"https:\/\/histoire-en-citations.fr\/WP\/wp-json\/wp\/v2\/pages\/10525\/revisions"}],"predecessor-version":[{"id":13679,"href":"https:\/\/histoire-en-citations.fr\/WP\/wp-json\/wp\/v2\/pages\/10525\/revisions\/13679"}],"wp:attachment":[{"href":"https:\/\/histoire-en-citations.fr\/WP\/wp-json\/wp\/v2\/media?parent=10525"}],"curies":[{"name":"wp","href":"https:\/\/api.w.org\/{rel}","templated":true}]}}