{"id":10529,"date":"2025-09-22T07:33:28","date_gmt":"2025-09-22T05:33:28","guid":{"rendered":"https:\/\/histoire-en-citations.fr\/WP\/richelieu\/"},"modified":"2025-09-22T07:33:28","modified_gmt":"2025-09-22T05:33:28","slug":"richelieu","status":"publish","type":"page","link":"https:\/\/histoire-en-citations.fr\/WP\/richelieu\/","title":{"rendered":"Richelieu"},"content":{"rendered":"<div class=\"content\">\n<div class=\"view view-index-taxo view-id-index_taxo view-display-id-page view-dom-id-4635a4ce2d3857df54211894edb88c25\">\n<div class=\"view-header\">\n<p class=\"presentation\">Lucidit\u00e9 politique au service de la France, fervent d\u00e9fenseur de la raison d\u2019\u00c9tat et travailleur acharn\u00e9, mort \u00e0 la t\u00e2che. Associ\u00e9 \u00e0 Louis\u00a0<span class=\"caps\">XIII<\/span> dans le \u201c\u00a0minist\u00e9riat\u00a0\u201d, il aide un roi faible (tuberculeux) \u00e0 gouverner, pr\u00e9parant la monarchie absolue de Louis\u00a0<span class=\"caps\">XIV<\/span>. Impitoyable contre ses ennemis, impopulaire de son temps, mais reconnu \u00e0 sa juste valeur par de Gaulle.<\/p>\n<p class=\"idxinfo\">Cliquez sur une citation pour la consulter dans son contexte historique.<a class=\"retour\" href=\"https:\/\/histoire-en-citations.fr\/WP\/personnages\/\">Retour aux personnages<\/a><\/p>\n<p> Affichage de 1 \u2013 24 sur 24.    <\/p><\/div>\n<div class=\"view-content\">\n<div class=\"views-row views-row-1 views-row-odd views-row-first\">\n<div class=\"views-field views-field-field-index-collection\">\n<div class=\"field-content\">\n<div class=\"field-collection-view clearfix view-mode-full field-collection-view-final\">\n<div class=\"entity entity-field-collection-item field-collection-item-field-index-collection clearfix\">\n<div class=\"content\">\n<blockquote>\n<p class=\"citation-small\"><a href=\"https:\/\/histoire-en-citations.fr\/WP\/lopinion-publique-des-francais-des-origines-au-siecle-des-lumieres#584\">\u00ab\u00a0La l\u00e9g\u00e8ret\u00e9 ordinaire des Fran\u00e7ais leur fait d\u00e9sirer le changement \u00e0 cause de l\u2019ennui qu\u2019ils ont des choses pr\u00e9sentes.\u00a0\u00bb<\/a><\/p>\n<p class=\"auteur\"><span class=\"author\"><span class=\"surname\">Cardinal de <\/span><span class=\"name\">RICHELIEU<\/span><\/span> (1585-1642)<\/p>\n\n<\/blockquote><\/div>\n<\/div>\n<\/div>\n<\/div><\/div>\n<\/div>\n<div class=\"views-row views-row-2 views-row-even\">\n<div class=\"views-field views-field-field-index-collection\">\n<div class=\"field-content\">\n<div class=\"field-collection-view clearfix view-mode-full field-collection-view-final\">\n<div class=\"entity entity-field-collection-item field-collection-item-field-index-collection clearfix\">\n<div class=\"content\">\n<blockquote>\n<p class=\"citation-small\"><a href=\"https:\/\/histoire-en-citations.fr\/WP\/patrimoine-historique-tresor-national-et-passion-francaise-des-origines-au-siecle-des-lumieres#599\">\u00ab\u00a0Comme la connaissance des lettres est tout \u00e0 fait n\u00e9cessaire \u00e0 une R\u00e9publique, il est certain qu\u2019elles ne doivent pas indiff\u00e9remment \u00eatre enseign\u00e9es \u00e0 tout le monde [\u2026] Le commerce des lettres remplirait la France de chicaneurs, plus propres \u00e0 ruiner les familles et troubler le repos public qu\u2019\u00e0 procurer aucun bien aux \u00c9tats.\u00a0\u00bb<\/a><\/p>\n<p class=\"auteur\"><span class=\"author\"><span class=\"surname\">Cardinal de <\/span><span class=\"name\">RICHELIEU<\/span><\/span> (1585-1642), <cite>Testament politique<\/cite><\/p>\n\n<\/blockquote><\/div>\n<\/div>\n<\/div>\n<\/div><\/div>\n<\/div>\n<div class=\"views-row views-row-3 views-row-odd\">\n<div class=\"views-field views-field-field-index-collection\">\n<div class=\"field-content\">\n<div class=\"field-collection-view clearfix view-mode-full field-collection-view-final\">\n<div class=\"entity entity-field-collection-item field-collection-item-field-index-collection clearfix\">\n<div class=\"content\">\n<blockquote>\n<p class=\"citation-small\"><a href=\"https:\/\/histoire-en-citations.fr\/WP\/plus-de-50-idees-recues-qui-faussent-lhistoire#601\">\u00ab\u00a0Rendre \u00e0 la France les fronti\u00e8res que la nature lui a assign\u00e9es, confondre la Gaule avec la France et, partout o\u00f9 fut la Gaule antique, la reconstituer. \u00bb<\/a><\/p>\n<p class=\"auteur\"><span class=\"author\"><span class=\"surname\">Cardinal de <\/span><span class=\"name\">RICHELIEU<\/span><\/span> (1585-1642), <cite>Testament politique<\/cite><\/p>\n\n<\/blockquote><\/div>\n<\/div>\n<\/div>\n<\/div><\/div>\n<\/div>\n<div class=\"views-row views-row-4 views-row-even\">\n<div class=\"views-field views-field-field-index-collection\">\n<div class=\"field-content\">\n<div class=\"field-collection-view clearfix view-mode-full field-collection-view-final\">\n<div class=\"entity entity-field-collection-item field-collection-item-field-index-collection clearfix\">\n<div class=\"content\">\n<blockquote>\n<p class=\"citation-small\"><a href=\"https:\/\/histoire-en-citations.fr\/WP\/histoire-litterature-lhistoire-ecrite-par-les-historiens-de-la-gaule-au-siecle-de-louis-xiv#673\">\u00ab\u00a0On a raison de dire qu\u2019il n\u2019y a point d\u2019innocence assur\u00e9e en un temps o\u00f9 on veut faire des coupables.\u00a0\u00bb<\/a><\/p>\n<p class=\"auteur\"><span class=\"author\"><span class=\"surname\">Cardinal de <\/span><span class=\"name\">RICHELIEU<\/span><\/span> (1585-1642)<\/p>\n\n<\/blockquote><\/div>\n<\/div>\n<\/div>\n<\/div><\/div>\n<\/div>\n<div class=\"views-row views-row-5 views-row-odd\">\n<div class=\"views-field views-field-field-index-collection\">\n<div class=\"field-content\">\n<div class=\"field-collection-view clearfix view-mode-full field-collection-view-final\">\n<div class=\"entity entity-field-collection-item field-collection-item-field-index-collection clearfix\">\n<div class=\"content\">\n<blockquote>\n<p class=\"citation-small\"><a href=\"https:\/\/histoire-en-citations.fr\/WP\/les-surnoms-jeu-de-mots-entre-petite-et-grande-histoire-renaissance-et-guerres-de-religion#679\">\u00ab\u00a0Appauvri d\u2019\u00e2me et de sang, le fils [d\u2019Henri\u00a0IV] tra\u00eena, b\u00e2illa sa vie\u00a0; et le plus grand service qu\u2019il ait rendu \u00e0 la France est d\u2019avoir maintenu Richelieu au pouvoir.\u00a0\u00bb<\/a><\/p>\n<p class=\"auteur\"><span class=\"author\"><span class=\"surname\">Henri <\/span><span class=\"name\">BLAZE de BURY<\/span><\/span> (1813-1888), <cite>Revue des deux mondes<\/cite> (15\u00a0ao\u00fbt 1876)<\/p>\n\n<\/blockquote><\/div>\n<\/div>\n<\/div>\n<\/div><\/div>\n<\/div>\n<div class=\"views-row views-row-6 views-row-even\">\n<div class=\"views-field views-field-field-index-collection\">\n<div class=\"field-content\">\n<div class=\"field-collection-view clearfix view-mode-full field-collection-view-final\">\n<div class=\"entity entity-field-collection-item field-collection-item-field-index-collection clearfix\">\n<div class=\"content\">\n<blockquote>\n<p class=\"citation-small\"><a href=\"https:\/\/histoire-en-citations.fr\/WP\/la-guerre-histoire-en-citations-dune-tragedie-seculaire-et-quotidienne-xvie-et-xviie-siecles#683\">\u00ab\u00a0Les quatre pieds carr\u00e9s du cabinet du roi me sont plus difficiles \u00e0 conqu\u00e9rir que tous les champs de bataille de l\u2019Europe.\u00a0\u00bb<\/a><\/p>\n<p class=\"auteur\"><span class=\"author\"><span class=\"surname\">Cardinal de <\/span><span class=\"name\">RICHELIEU<\/span><\/span> (1585-1642)<\/p>\n\n<\/blockquote><\/div>\n<\/div>\n<\/div>\n<\/div><\/div>\n<\/div>\n<div class=\"views-row views-row-7 views-row-odd\">\n<div class=\"views-field views-field-field-index-collection\">\n<div class=\"field-content\">\n<div class=\"field-collection-view clearfix view-mode-full field-collection-view-final\">\n<div class=\"entity entity-field-collection-item field-collection-item-field-index-collection clearfix\">\n<div class=\"content\">\n<blockquote>\n<p class=\"citation-small\"><a href=\"https:\/\/histoire-en-citations.fr\/WP\/qui-a-dit-quoi-de-qui-renaissance-naissance-de-la-monarchie-absolue#685\">\u00ab\u00a0Qui a la force a souvent la raison, en mati\u00e8re d\u2019\u00c9tat.\u00a0\u00bb<\/a><\/p>\n<p class=\"auteur\"><span class=\"author\"><span class=\"surname\">Cardinal de <\/span><span class=\"name\">RICHELIEU<\/span><\/span> (1585-1642), <cite>Testament politique<\/cite><\/p>\n\n<\/blockquote><\/div>\n<\/div>\n<\/div>\n<\/div><\/div>\n<\/div>\n<div class=\"views-row views-row-8 views-row-even\">\n<div class=\"views-field views-field-field-index-collection\">\n<div class=\"field-content\">\n<div class=\"field-collection-view clearfix view-mode-full field-collection-view-final\">\n<div class=\"entity entity-field-collection-item field-collection-item-field-index-collection clearfix\">\n<div class=\"content\">\n<blockquote>\n<p class=\"citation-small\"><a href=\"https:\/\/histoire-en-citations.fr\/WP\/les-animaux-dans-notre-histoire-de-la-gaule-au-siecle-de-louis-xiv#687\">\u00ab\u00a0Il faut dormir comme le lion, sans fermer les yeux.\u00a0\u00bb<\/a><\/p>\n<p class=\"auteur\"><span class=\"author\"><span class=\"surname\">Cardinal de <\/span><span class=\"name\">RICHELIEU<\/span><\/span> (1585-1642), <cite>Testament politique<\/cite><\/p>\n\n<\/blockquote><\/div>\n<\/div>\n<\/div>\n<\/div><\/div>\n<\/div>\n<div class=\"views-row views-row-9 views-row-odd\">\n<div class=\"views-field views-field-field-index-collection\">\n<div class=\"field-content\">\n<div class=\"field-collection-view clearfix view-mode-full field-collection-view-final\">\n<div class=\"entity entity-field-collection-item field-collection-item-field-index-collection clearfix\">\n<div class=\"content\">\n<blockquote>\n<p class=\"citation-small\"><a href=\"https:\/\/histoire-en-citations.fr\/WP\/lecture-recommandee-en-temps-de-confinement-et-bientot-de-vacances-les-lettres#702\">\u00ab\u00a0Les sources de l\u2019h\u00e9r\u00e9sie et de la r\u00e9bellion sont maintenant \u00e9teintes.\u00a0\u00bb<\/a><\/p>\n<p class=\"auteur\"><span class=\"author\"><span class=\"surname\">Cardinal de <\/span><span class=\"name\">RICHELIEU<\/span><\/span> (1585-1642), Lettre au roi Louis\u00a0XIII, ao\u00fbt\u00a01629<\/p>\n\n<\/blockquote><\/div>\n<\/div>\n<\/div>\n<\/div><\/div>\n<\/div>\n<div class=\"views-row views-row-10 views-row-even\">\n<div class=\"views-field views-field-field-index-collection\">\n<div class=\"field-content\">\n<div class=\"field-collection-view clearfix view-mode-full field-collection-view-final\">\n<div class=\"entity entity-field-collection-item field-collection-item-field-index-collection clearfix\">\n<div class=\"content\">\n<blockquote>\n<p class=\"citation-small\"><a href=\"https:\/\/histoire-en-citations.fr\/WP\/qui-a-dit-quoi-de-qui-renaissance-naissance-de-la-monarchie-absolue#703\">\u00ab\u00a0Assurez-vous toujours de mon affection qui durera jusqu\u2019au dernier soupir de ma vie.\u00a0\u00bb<\/a><\/p>\n<p class=\"auteur\"><span class=\"author\"><span class=\"name\">LOUIS XIII<\/span><\/span> (1601-1643), Lettre \u00e0 Richelieu, 16\u00a0octobre 1629<\/p>\n\n<\/blockquote><\/div>\n<\/div>\n<\/div>\n<\/div><\/div>\n<\/div>\n<div class=\"views-row views-row-11 views-row-odd\">\n<div class=\"views-field views-field-field-index-collection\">\n<div class=\"field-content\">\n<div class=\"field-collection-view clearfix view-mode-full field-collection-view-final\">\n<div class=\"entity entity-field-collection-item field-collection-item-field-index-collection clearfix\">\n<div class=\"content\">\n<blockquote>\n<p class=\"citation-small\"><a href=\"https:\/\/histoire-en-citations.fr\/WP\/ces-etrangers-qui-firent-lhistoire-de-france-ii#706\">\u00ab\u00a0C\u2019est le plus grand serviteur que jamais la France ait eu.\u00a0\u00bb<\/a><\/p>\n<p class=\"auteur\"><span class=\"author\"><span class=\"name\">LOUIS XIII<\/span><\/span> (1601-1643), d\u00e9fendant le cardinal contre sa m\u00e8re au lendemain de la journ\u00e9e des Dupes, le 11\u00a0novembre\u00a01630<\/p>\n\n<\/blockquote><\/div>\n<\/div>\n<\/div>\n<\/div><\/div>\n<\/div>\n<div class=\"views-row views-row-12 views-row-even\">\n<div class=\"views-field views-field-field-index-collection\">\n<div class=\"field-content\">\n<div class=\"field-collection-view clearfix view-mode-full field-collection-view-final\">\n<div class=\"entity entity-field-collection-item field-collection-item-field-index-collection clearfix\">\n<div class=\"content\">\n<blockquote>\n<p class=\"citation-small\"><a href=\"https:\/\/histoire-en-citations.fr\/WP\/ces-etrangers-qui-firent-lhistoire-de-france-ii#707\">\u00ab\u00a0Comme les femmes n\u2019ont pas de voix en l\u2019\u00c9glise, je suis de l\u2019opinion des anciens et modernes qui croient qu\u2019elles n\u2019en doivent point avoir en l\u2019\u00c9tat.\u00a0\u00bb<\/a><\/p>\n<p class=\"auteur\"><span class=\"author\"><span class=\"surname\">Cardinal de <\/span><span class=\"name\">RICHELIEU<\/span><\/span> (1585-1642)<\/p>\n\n<\/blockquote><\/div>\n<\/div>\n<\/div>\n<\/div><\/div>\n<\/div>\n<div class=\"views-row views-row-13 views-row-odd\">\n<div class=\"views-field views-field-field-index-collection\">\n<div class=\"field-content\">\n<div class=\"field-collection-view clearfix view-mode-full field-collection-view-final\">\n<div class=\"entity entity-field-collection-item field-collection-item-field-index-collection clearfix\">\n<div class=\"content\">\n<blockquote>\n<p class=\"citation-small\"><a href=\"https:\/\/histoire-en-citations.fr\/WP\/histoires-de-famille-du-moyen-age-a-la-naissance-de-la-monarchie-absolue#708\">\u00ab\u00a0Ne craignez rien. Je serai votre second contre tout le monde, sans en excepter mon fr\u00e8re. Mon honneur y est engag\u00e9.\u00a0\u00bb<\/a><\/p>\n<p class=\"auteur\"><span class=\"author\"><span class=\"name\">LOUIS XIII<\/span><\/span> (1601-1643), \u00e0 Richelieu<\/p>\n\n<\/blockquote><\/div>\n<\/div>\n<\/div>\n<\/div><\/div>\n<\/div>\n<div class=\"views-row views-row-14 views-row-even\">\n<div class=\"views-field views-field-field-index-collection\">\n<div class=\"field-content\">\n<div class=\"field-collection-view clearfix view-mode-full field-collection-view-final\">\n<div class=\"entity entity-field-collection-item field-collection-item-field-index-collection clearfix\">\n<div class=\"content\">\n<blockquote>\n<p class=\"citation-small\"><a href=\"https:\/\/histoire-en-citations.fr\/WP\/qui-a-dit-quoi-de-qui-renaissance-naissance-de-la-monarchie-absolue#709\">\u00ab\u00a0Je m\u2019aper\u00e7ois assez que l\u2019on s\u2019en prend au cardinal et qu\u2019on ne s\u2019ose plaindre de ma personne. Plus je verrai qu\u2019on l\u2019attaquera, cela sera cause que je l\u2019aimerai davantage et porterai son parti.\u00a0\u00bb<\/a><\/p>\n<p class=\"auteur\"><span class=\"author\"><span class=\"name\">LOUIS XIII<\/span><\/span> (1601-1643), au sieur de La Barre Le Sec, 25\u00a0juillet 1631<\/p>\n\n<\/blockquote><\/div>\n<\/div>\n<\/div>\n<\/div><\/div>\n<\/div>\n<div class=\"views-row views-row-15 views-row-odd\">\n<div class=\"views-field views-field-field-index-collection\">\n<div class=\"field-content\">\n<div class=\"field-collection-view clearfix view-mode-full field-collection-view-final\">\n<div class=\"entity entity-field-collection-item field-collection-item-field-index-collection clearfix\">\n<div class=\"content\">\n<blockquote>\n<p class=\"citation-small\"><a href=\"https:\/\/histoire-en-citations.fr\/WP\/les-fake-news-sous-lancien-regime#715\">\u00ab\u00a0En mati\u00e8re de crime d\u2019\u00c9tat, il faut fermer la porte \u00e0 la piti\u00e9 et m\u00e9priser les plaintes des personnes int\u00e9ress\u00e9es et les discours d\u2019une populace ignorante, qui bl\u00e2me quelquefois ce qui lui est plus utile.\u00a0\u00bb<\/a><\/p>\n<p class=\"auteur\"><span class=\"author\"><span class=\"surname\">Cardinal de <\/span><span class=\"name\">RICHELIEU<\/span><\/span> (1585-1642), Lettre \u00e0 Louis\u00a0XIII \u00e0 propos du duc de Montmorency<\/p>\n\n<\/blockquote><\/div>\n<\/div>\n<\/div>\n<\/div><\/div>\n<\/div>\n<div class=\"views-row views-row-16 views-row-even\">\n<div class=\"views-field views-field-field-index-collection\">\n<div class=\"field-content\">\n<div class=\"field-collection-view clearfix view-mode-full field-collection-view-final\">\n<div class=\"entity entity-field-collection-item field-collection-item-field-index-collection clearfix\">\n<div class=\"content\">\n<blockquote>\n<p class=\"citation-small\"><a href=\"https:\/\/histoire-en-citations.fr\/WP\/qui-a-dit-quoi-de-qui-renaissance-naissance-de-la-monarchie-absolue#717\">\u00ab\u00a0Ces animaux sont \u00e9tranges. On croit quelquefois qu\u2019ils ne sont pas capables d\u2019un grand mal, parce qu\u2019ils ne le sont d\u2019aucun bien.\u00a0\u00bb<\/a><\/p>\n<p class=\"auteur\"><span class=\"author\"><span class=\"surname\">Cardinal de <\/span><span class=\"name\">RICHELIEU<\/span><\/span> (1585-1642)<\/p>\n\n<\/blockquote><\/div>\n<\/div>\n<\/div>\n<\/div><\/div>\n<\/div>\n<div class=\"views-row views-row-17 views-row-odd\">\n<div class=\"views-field views-field-field-index-collection\">\n<div class=\"field-content\">\n<div class=\"field-collection-view clearfix view-mode-full field-collection-view-final\">\n<div class=\"entity entity-field-collection-item field-collection-item-field-index-collection clearfix\">\n<div class=\"content\">\n<blockquote>\n<p class=\"citation-small\"><a href=\"https:\/\/histoire-en-citations.fr\/WP\/qui-a-dit-quoi-de-qui-renaissance-naissance-de-la-monarchie-absolue#718\">\u00ab\u00a0Elle trahit avec volupt\u00e9.\u00a0\u00bb<\/a><\/p>\n<p class=\"auteur\"><span class=\"author\"><span class=\"surname\">Cardinal de <\/span><span class=\"name\">RICHELIEU<\/span><\/span> (1585-1642)<\/p>\n\n<\/blockquote><\/div>\n<\/div>\n<\/div>\n<\/div><\/div>\n<\/div>\n<div class=\"views-row views-row-18 views-row-even\">\n<div class=\"views-field views-field-field-index-collection\">\n<div class=\"field-content\">\n<div class=\"field-collection-view clearfix view-mode-full field-collection-view-final\">\n<div class=\"entity entity-field-collection-item field-collection-item-field-index-collection clearfix\">\n<div class=\"content\">\n<blockquote>\n<p class=\"citation-small\"><a href=\"https:\/\/histoire-en-citations.fr\/WP\/qui-a-dit-quoi-de-qui-renaissance-naissance-de-la-monarchie-absolue#721\">\u00ab\u00a0En vain, contre Le Cid, un ministre se ligue\u00a0; Tout Paris pour Chim\u00e8ne a les yeux de Rodrigue.\u00a0\u00bb<\/a><\/p>\n<p class=\"auteur\"><span class=\"author\"><span class=\"surname\">Nicolas <\/span><span class=\"name\">BOILEAU<\/span><\/span> (1636-1711), <cite>Satire IX<\/cite> (1668)<\/p>\n\n<\/blockquote><\/div>\n<\/div>\n<\/div>\n<\/div><\/div>\n<\/div>\n<div class=\"views-row views-row-19 views-row-odd\">\n<div class=\"views-field views-field-field-index-collection\">\n<div class=\"field-content\">\n<div class=\"field-collection-view clearfix view-mode-full field-collection-view-final\">\n<div class=\"entity entity-field-collection-item field-collection-item-field-index-collection clearfix\">\n<div class=\"content\">\n<blockquote>\n<p class=\"citation-small\"><a href=\"https:\/\/histoire-en-citations.fr\/WP\/les-mots-de-la-fin#732\">\u00c0 son confesseur qui lui demande de pardonner \u00e0 ses ennemis\u00a0: \u00ab\u00a0Je ne m\u2019en connais d\u2019autres que ceux de l\u2019\u00c9glise et de l\u2019\u00c9tat.\u00a0\u00bb<\/a><\/p>\n<p class=\"auteur\"><span class=\"author\"><span class=\"surname\">Cardinal de <\/span><span class=\"name\">RICHELIEU<\/span><\/span> (1585-1642), mourant, 6\u00a0d\u00e9cembre 1642. Son mot de la fin<\/p>\n\n<\/blockquote><\/div>\n<\/div>\n<\/div>\n<\/div><\/div>\n<\/div>\n<div class=\"views-row views-row-20 views-row-even\">\n<div class=\"views-field views-field-field-index-collection\">\n<div class=\"field-content\">\n<div class=\"field-collection-view clearfix view-mode-full field-collection-view-final\">\n<div class=\"entity entity-field-collection-item field-collection-item-field-index-collection clearfix\">\n<div class=\"content\">\n<blockquote>\n<p class=\"citation-small\"><a href=\"https:\/\/histoire-en-citations.fr\/WP\/qui-a-dit-quoi-de-qui-renaissance-naissance-de-la-monarchie-absolue#735\">\u00ab\u00a0Ci-g\u00eet un fameux cardinal \/ Qui fit plus de mal que de bien\u00a0:Le bien qu\u2019il fit, il le fit mal \/ Le mal qu\u2019il fit, il le fit bien.\u00a0\u00bb<\/a><\/p>\n<p class=\"auteur\"><span class=\"author\"><span class=\"surname\">Isaac de <\/span><span class=\"name\">BENSERADE<\/span><\/span> (1612-1691), \u00c9pitaphe<\/p>\n\n<\/blockquote><\/div>\n<\/div>\n<\/div>\n<\/div><\/div>\n<\/div>\n<div class=\"views-row views-row-21 views-row-odd\">\n<div class=\"views-field views-field-field-index-collection\">\n<div class=\"field-content\">\n<div class=\"field-collection-view clearfix view-mode-full field-collection-view-final\">\n<div class=\"entity entity-field-collection-item field-collection-item-field-index-collection clearfix\">\n<div class=\"content\">\n<blockquote>\n<p class=\"citation-small\"><a href=\"https:\/\/histoire-en-citations.fr\/WP\/lopinion-publique-des-francais-des-origines-au-siecle-des-lumieres#741\">\u00ab\u00a0La France a bien fait voir qu\u2019\u00e9tant unie elle est invincible, et que de son union d\u00e9pend sa grandeur, comme sa ruine de sa division.\u00a0\u00bb<\/a><\/p>\n<p class=\"auteur\"><span class=\"author\"><span class=\"name\">LOUIS XIII<\/span><\/span> (1601-1643)<\/p>\n\n<\/blockquote><\/div>\n<\/div>\n<\/div>\n<\/div><\/div>\n<\/div>\n<div class=\"views-row views-row-22 views-row-even\">\n<div class=\"views-field views-field-field-index-collection\">\n<div class=\"field-content\">\n<div class=\"field-collection-view clearfix view-mode-full field-collection-view-final\">\n<div class=\"entity entity-field-collection-item field-collection-item-field-index-collection clearfix\">\n<div class=\"content\">\n<blockquote>\n<p class=\"citation-small\"><a href=\"https:\/\/histoire-en-citations.fr\/WP\/qui-a-dit-quoi-de-qui-renaissance-naissance-de-la-monarchie-absolue#742\">\u00ab\u00a0En d\u00e9pit de tous, sinon de tout, l\u2019action du cardinal [Richelieu] conjugu\u00e9e avec celle du roi [Louis\u00a0XIII] avait \u00e9t\u00e9 d\u00e9cisive pour l\u2019avenir du pays, en l\u2019engageant dans la voie qui allait faire de lui un \u00e9tat moderne.\u00a0\u00bb<\/a><\/p>\n<p class=\"auteur\"><span class=\"author\"><span class=\"surname\">Charles de <\/span><span class=\"name\">GAULLE<\/span><\/span> (1890-1970)<\/p>\n\n<\/blockquote><\/div>\n<\/div>\n<\/div>\n<\/div><\/div>\n<\/div>\n<div class=\"views-row views-row-23 views-row-odd\">\n<div class=\"views-field views-field-field-index-collection\">\n<div class=\"field-content\">\n<div class=\"field-collection-view clearfix view-mode-full field-collection-view-final\">\n<div class=\"entity entity-field-collection-item field-collection-item-field-index-collection clearfix\">\n<div class=\"content\">\n<blockquote>\n<p class=\"citation-small\"><a href=\"https:\/\/histoire-en-citations.fr\/WP\/ces-etrangers-qui-firent-lhistoire-de-france-ii#754\">\u00ab\u00a0L\u2019autorit\u00e9 du Roi, c\u2019est le repos de l\u2019\u00c9tat.\u00a0\u00bb<\/a><\/p>\n<p class=\"auteur\"><span class=\"author\"><span class=\"name\">MAZARIN<\/span><\/span> (1602-1661)<\/p>\n\n<\/blockquote><\/div>\n<\/div>\n<\/div>\n<\/div><\/div>\n<\/div>\n<div class=\"views-row views-row-24 views-row-even views-row-last\">\n<div class=\"views-field views-field-field-index-collection\">\n<div class=\"field-content\">\n<div class=\"field-collection-view clearfix view-mode-full field-collection-view-final\">\n<div class=\"entity entity-field-collection-item field-collection-item-field-index-collection clearfix\">\n<div class=\"content\">\n<blockquote>\n<p class=\"citation-small\"><a href=\"https:\/\/histoire-en-citations.fr\/WP\/portrait-de-louis-xiv-en-citations#846\">\u00ab\u00a0Aussit\u00f4t qu\u2019un roi se rel\u00e2che sur ce qu\u2019il a command\u00e9, l\u2019autorit\u00e9 p\u00e9rit, et le repos avec elle.\u00a0\u00bb<\/a><\/p>\n<p class=\"auteur\"><span class=\"author\"><span class=\"name\">LOUIS XIV<\/span><\/span> (1638-1715), <cite>M\u00e9moires pour l\u2019instruction du Dauphin<\/cite> (1662)<\/p>\n\n<\/blockquote><\/div>\n<\/div>\n<\/div>\n<\/div><\/div>\n<\/div>\n<\/div>\n<\/div>\n<\/div>\n<style>\r\n        a .cit-num {\r\n            text-decoration: none !important;\r\n            color: inherit !important;\r\n        }\r\n    <\/style>","protected":false},"excerpt":{"rendered":"<p>Lucidit\u00e9 politique au service de la France, fervent d\u00e9fenseur de la raison d\u2019\u00c9tat et travailleur acharn\u00e9, mort \u00e0 la t\u00e2che. Associ\u00e9 \u00e0 Louis\u00a0XIII dans le \u201c\u00a0minist\u00e9riat\u00a0\u201d, il aide un roi faible (tuberculeux) \u00e0 gouverner, pr\u00e9parant la monarchie absolue de Louis\u00a0XIV. Impitoyable contre ses ennemis, impopulaire de son temps, mais reconnu \u00e0 sa juste valeur par [&#8230;]<\/p>\n","protected":false},"author":1,"featured_media":0,"parent":0,"menu_order":0,"comment_status":"closed","ping_status":"closed","template":"","meta":{"site-sidebar-layout":"default","site-content-layout":"","ast-site-content-layout":"default","site-content-style":"default","site-sidebar-style":"default","ast-global-header-display":"","ast-banner-title-visibility":"","ast-main-header-display":"","ast-hfb-above-header-display":"","ast-hfb-below-header-display":"","ast-hfb-mobile-header-display":"","site-post-title":"","ast-breadcrumbs-content":"","ast-featured-img":"","footer-sml-layout":"","theme-transparent-header-meta":"","adv-header-id-meta":"","stick-header-meta":"","header-above-stick-meta":"","header-main-stick-meta":"","header-below-stick-meta":"","astra-migrate-meta-layouts":"default","ast-page-background-enabled":"default","ast-page-background-meta":{"desktop":{"background-color":"var(--ast-global-color-5)","background-image":"","background-repeat":"repeat","background-position":"center center","background-size":"auto","background-attachment":"scroll","background-type":"","background-media":"","overlay-type":"","overlay-color":"","overlay-opacity":"","overlay-gradient":""},"tablet":{"background-color":"","background-image":"","background-repeat":"repeat","background-position":"center center","background-size":"auto","background-attachment":"scroll","background-type":"","background-media":"","overlay-type":"","overlay-color":"","overlay-opacity":"","overlay-gradient":""},"mobile":{"background-color":"","background-image":"","background-repeat":"repeat","background-position":"center center","background-size":"auto","background-attachment":"scroll","background-type":"","background-media":"","overlay-type":"","overlay-color":"","overlay-opacity":"","overlay-gradient":""}},"ast-content-background-meta":{"desktop":{"background-color":"var(--ast-global-color-4)","background-image":"","background-repeat":"repeat","background-position":"center center","background-size":"auto","background-attachment":"scroll","background-type":"","background-media":"","overlay-type":"","overlay-color":"","overlay-opacity":"","overlay-gradient":""},"tablet":{"background-color":"var(--ast-global-color-4)","background-image":"","background-repeat":"repeat","background-position":"center center","background-size":"auto","background-attachment":"scroll","background-type":"","background-media":"","overlay-type":"","overlay-color":"","overlay-opacity":"","overlay-gradient":""},"mobile":{"background-color":"var(--ast-global-color-4)","background-image":"","background-repeat":"repeat","background-position":"center center","background-size":"auto","background-attachment":"scroll","background-type":"","background-media":"","overlay-type":"","overlay-color":"","overlay-opacity":"","overlay-gradient":""}},"iawp_total_views":184,"footnotes":""},"class_list":["post-10529","page","type-page","status-publish","hentry"],"_links":{"self":[{"href":"https:\/\/histoire-en-citations.fr\/WP\/wp-json\/wp\/v2\/pages\/10529","targetHints":{"allow":["GET"]}}],"collection":[{"href":"https:\/\/histoire-en-citations.fr\/WP\/wp-json\/wp\/v2\/pages"}],"about":[{"href":"https:\/\/histoire-en-citations.fr\/WP\/wp-json\/wp\/v2\/types\/page"}],"author":[{"embeddable":true,"href":"https:\/\/histoire-en-citations.fr\/WP\/wp-json\/wp\/v2\/users\/1"}],"replies":[{"embeddable":true,"href":"https:\/\/histoire-en-citations.fr\/WP\/wp-json\/wp\/v2\/comments?post=10529"}],"version-history":[{"count":4,"href":"https:\/\/histoire-en-citations.fr\/WP\/wp-json\/wp\/v2\/pages\/10529\/revisions"}],"predecessor-version":[{"id":13681,"href":"https:\/\/histoire-en-citations.fr\/WP\/wp-json\/wp\/v2\/pages\/10529\/revisions\/13681"}],"wp:attachment":[{"href":"https:\/\/histoire-en-citations.fr\/WP\/wp-json\/wp\/v2\/media?parent=10529"}],"curies":[{"name":"wp","href":"https:\/\/api.w.org\/{rel}","templated":true}]}}