{"id":10531,"date":"2025-09-22T07:33:28","date_gmt":"2025-09-22T05:33:28","guid":{"rendered":"https:\/\/histoire-en-citations.fr\/WP\/rivarol\/"},"modified":"2025-09-22T07:33:28","modified_gmt":"2025-09-22T05:33:28","slug":"rivarol","status":"publish","type":"page","link":"https:\/\/histoire-en-citations.fr\/WP\/rivarol\/","title":{"rendered":"Rivarol"},"content":{"rendered":"<div class=\"content\">\n<div class=\"view view-index-taxo view-id-index_taxo view-display-id-page view-dom-id-069bbd9cbe98d23580946e0c777af5fb\">\n<div class=\"view-header\">       Affichage de 1 \u2013 11 sur 11.    <\/div>\n<div class=\"view-content\">\n<div class=\"views-row views-row-1 views-row-odd views-row-first\">\n<div class=\"views-field views-field-field-index-collection\">\n<div class=\"field-content\">\n<div class=\"field-collection-view clearfix view-mode-full field-collection-view-final\">\n<div class=\"entity entity-field-collection-item field-collection-item-field-index-collection clearfix\">\n<div class=\"content\">\n<blockquote>\n<p class=\"citation-small\"><a href=\"https:\/\/histoire-en-citations.fr\/WP\/patrimoine-historique-tresor-national-et-passion-francaise-des-origines-au-siecle-des-lumieres#991\">\u00ab\u00a0L\u2019imprimerie est l\u2019artillerie de la pens\u00e9e.\u00a0\u00bb<\/a><\/p>\n<p class=\"auteur\"><span class=\"author\"><span class=\"name\">RIVAROL<\/span><\/span> (1753-1801), <cite>Maximes, Pens\u00e9es et Paradoxes<\/cite><\/p>\n\n<\/blockquote><\/div>\n<\/div>\n<\/div>\n<\/div><\/div>\n<\/div>\n<div class=\"views-row views-row-2 views-row-even\">\n<div class=\"views-field views-field-field-index-collection\">\n<div class=\"field-content\">\n<div class=\"field-collection-view clearfix view-mode-full field-collection-view-final\">\n<div class=\"entity entity-field-collection-item field-collection-item-field-index-collection clearfix\">\n<div class=\"content\">\n<blockquote>\n<p class=\"citation-small\"><a href=\"https:\/\/histoire-en-citations.fr\/WP\/liberte-egalite-fraternite-la-trilogie-republicaine-siecle-des-lumieres-et-debut-de-la-revolution#996\">\u00ab\u00a0Les philosophes sont plus anatomistes que m\u00e9decins\u00a0: ils diss\u00e8quent et ne gu\u00e9rissent pas.\u00a0\u00bb<\/a><\/p>\n<p class=\"auteur\"><span class=\"author\"><span class=\"name\">RIVAROL<\/span><\/span> (1753-1801), <cite>Fragments et pens\u00e9es philosophiques<\/cite> (posthume)<\/p>\n\n<\/blockquote><\/div>\n<\/div>\n<\/div>\n<\/div><\/div>\n<\/div>\n<div class=\"views-row views-row-3 views-row-odd\">\n<div class=\"views-field views-field-field-index-collection\">\n<div class=\"field-content\">\n<div class=\"field-collection-view clearfix view-mode-full field-collection-view-final\">\n<div class=\"entity entity-field-collection-item field-collection-item-field-index-collection clearfix\">\n<div class=\"content\">\n<blockquote>\n<p class=\"citation-small\"><a href=\"https:\/\/histoire-en-citations.fr\/WP\/patrimoine-historique-tresor-national-et-passion-francaise-des-origines-au-siecle-des-lumieres#1237\">\u00ab\u00a0S\u00fbre, sociale, raisonnable, ce n\u2019est plus la langue fran\u00e7aise, c\u2019est la langue humaine.\u00a0\u00bb<\/a><\/p>\n<p class=\"auteur\"><span class=\"author\"><span class=\"name\">RIVAROL<\/span><\/span> (1753-1801), <cite>Discours sur l\u2019universalit\u00e9 de la langue fran\u00e7aise<\/cite> (1784)<\/p>\n\n<\/blockquote><\/div>\n<\/div>\n<\/div>\n<\/div><\/div>\n<\/div>\n<div class=\"views-row views-row-4 views-row-even\">\n<div class=\"views-field views-field-field-index-collection\">\n<div class=\"field-content\">\n<div class=\"field-collection-view clearfix view-mode-full field-collection-view-final\">\n<div class=\"entity entity-field-collection-item field-collection-item-field-index-collection clearfix\">\n<div class=\"content\">\n<blockquote>\n<p class=\"citation-small\"><a href=\"https:\/\/histoire-en-citations.fr\/WP\/lopinion-publique-des-francais-des-origines-au-siecle-des-lumieres#1248\">\u00ab\u00a0Ils sont toujours en retard d\u2019une arm\u00e9e, d\u2019une ann\u00e9e et d\u2019une id\u00e9e.\u00a0\u00bb<\/a><\/p>\n<p class=\"auteur\"><span class=\"author\"><span class=\"name\">RIVAROL<\/span><\/span> (1753-1801), jugeant la haute noblesse de son temps<\/p>\n\n<\/blockquote><\/div>\n<\/div>\n<\/div>\n<\/div><\/div>\n<\/div>\n<div class=\"views-row views-row-5 views-row-odd\">\n<div class=\"views-field views-field-field-index-collection\">\n<div class=\"field-content\">\n<div class=\"field-collection-view clearfix view-mode-full field-collection-view-final\">\n<div class=\"entity entity-field-collection-item field-collection-item-field-index-collection clearfix\">\n<div class=\"content\">\n<blockquote>\n<p class=\"citation-small\"><a href=\"https:\/\/histoire-en-citations.fr\/WP\/recit-ou-roman-national-une-confusion-inadmissible-ii#1275\">\u00ab\u00a0Il y a deux v\u00e9rit\u00e9s qu\u2019il ne faut jamais s\u00e9parer, en ce monde\u00a0: 1\u00b0\u00a0que la souverainet\u00e9 r\u00e9side dans le peuple\u00a0; 2\u00b0\u00a0que le peuple ne doit jamais l\u2019exercer.\u00a0\u00bb<\/a><\/p>\n<p class=\"auteur\"><span class=\"author\"><span class=\"name\">RIVAROL<\/span><\/span> (1753-1801), <cite>Journal politique national des \u00c9tats g\u00e9n\u00e9raux et de la R\u00e9volution de 1789<\/cite>, publi\u00e9 cette m\u00eame ann\u00e9e<\/p>\n\n<\/blockquote><\/div>\n<\/div>\n<\/div>\n<\/div><\/div>\n<\/div>\n<div class=\"views-row views-row-6 views-row-even\">\n<div class=\"views-field views-field-field-index-collection\">\n<div class=\"field-content\">\n<div class=\"field-collection-view clearfix view-mode-full field-collection-view-final\">\n<div class=\"entity entity-field-collection-item field-collection-item-field-index-collection clearfix\">\n<div class=\"content\">\n<blockquote>\n<p class=\"citation-small\"><a href=\"https:\/\/histoire-en-citations.fr\/WP\/les-mysteres-de-lhistoire-de-louis-xiv-a-napoleon#1294\">\u00ab\u00a0Mirabeau (le comte de). \u2013 Ce grand homme a senti de bonne heure que la moindre vertu pouvait l\u2019arr\u00eater sur le chemin de la gloire, et jusqu\u2019\u00e0 ce jour, il ne s\u2019en est permis aucune.\u00a0\u00bb<\/a><\/p>\n<p class=\"auteur\"><span class=\"author\"><span class=\"name\">RIVAROL<\/span><\/span> (1753-1801), <cite>Petit Dictionnaire des grands hommes de la R\u00e9volution<\/cite> (1790)<\/p>\n\n<\/blockquote><\/div>\n<\/div>\n<\/div>\n<\/div><\/div>\n<\/div>\n<div class=\"views-row views-row-7 views-row-odd\">\n<div class=\"views-field views-field-field-index-collection\">\n<div class=\"field-content\">\n<div class=\"field-collection-view clearfix view-mode-full field-collection-view-final\">\n<div class=\"entity entity-field-collection-item field-collection-item-field-index-collection clearfix\">\n<div class=\"content\">\n<blockquote>\n<p class=\"citation-small\"><a href=\"https:\/\/histoire-en-citations.fr\/WP\/citations-referentielles-le-miroir-de-lhistoire-revolution#1326\">\u00ab\u00a0L\u2019Assembl\u00e9e nationale n\u2019avait pas \u00e9t\u00e9 d\u00e9put\u00e9e pour faire une r\u00e9volution, mais pour nous donner une constitution.\u00a0\u00bb<\/a><\/p>\n<p class=\"auteur\"><span class=\"author\"><span class=\"name\">RIVAROL<\/span><\/span> (1753-1801), <cite>Journal politique national des \u00c9tats g\u00e9n\u00e9raux et de la R\u00e9volution de 1789<\/cite>, publi\u00e9 cette m\u00eame ann\u00e9e<\/p>\n\n<\/blockquote><\/div>\n<\/div>\n<\/div>\n<\/div><\/div>\n<\/div>\n<div class=\"views-row views-row-8 views-row-even\">\n<div class=\"views-field views-field-field-index-collection\">\n<div class=\"field-content\">\n<div class=\"field-collection-view clearfix view-mode-full field-collection-view-final\">\n<div class=\"entity entity-field-collection-item field-collection-item-field-index-collection clearfix\">\n<div class=\"content\">\n<blockquote>\n<p class=\"citation-small\"><a href=\"https:\/\/histoire-en-citations.fr\/WP\/14-juillet-et-autres-symboles-nationaux#1346\">\u00ab\u00a0Cette maxime de la souverainet\u00e9 du peuple avait pourtant si bien exalt\u00e9 les t\u00eates que l\u2019Assembl\u00e9e s\u2019abandonna tout enti\u00e8re au flux et reflux des motions, ainsi qu\u2019\u00e0 la fougue de ses orateurs, qui entass\u00e8rent \u00e0 l\u2019envi d\u00e9crets sur d\u00e9crets, ruines sur ruines, pour satisfaire le peuple.\u00a0\u00bb<\/a><\/p>\n<p class=\"auteur\"><span class=\"author\"><span class=\"name\">RIVAROL<\/span><\/span> (1753-1801), <cite>Tableau historique et politique des travaux de l\u2019Assembl\u00e9e constituante, depuis l\u2019ouverture des \u00c9tats g\u00e9n\u00e9raux, jusqu\u2019apr\u00e8s la journ\u00e9e du 6\u00a0octobre\u00a01789<\/cite> (1797)<\/p>\n\n<\/blockquote><\/div>\n<\/div>\n<\/div>\n<\/div><\/div>\n<\/div>\n<div class=\"views-row views-row-9 views-row-odd\">\n<div class=\"views-field views-field-field-index-collection\">\n<div class=\"field-content\">\n<div class=\"field-collection-view clearfix view-mode-full field-collection-view-final\">\n<div class=\"entity entity-field-collection-item field-collection-item-field-index-collection clearfix\">\n<div class=\"content\">\n<blockquote>\n<p class=\"citation-small\"><a href=\"https:\/\/histoire-en-citations.fr\/WP\/lecture-recommandee-en-temps-de-confinement-et-bientot-de-vacances-les-lettres#1412\">\u00ab\u00a0Les brigands dirent, en entrant chez moi\u00a0: \u00ab\u00a0O\u00f9 est-il, ce grand homme\u00a0? Nous venons le raccourcir.\u00a0\u00bb C\u2019est un des caract\u00e8res de la R\u00e9volution que ce m\u00e9lange de plaisanterie et de f\u00e9rocit\u00e9.\u00a0\u00bb<\/a><\/p>\n<p class=\"auteur\"><span class=\"author\"><span class=\"name\">RIVAROL<\/span><\/span> (1753-1801), Lettre, 12\u00a0mai 1797<\/p>\n\n<\/blockquote><\/div>\n<\/div>\n<\/div>\n<\/div><\/div>\n<\/div>\n<div class=\"views-row views-row-10 views-row-even\">\n<div class=\"views-field views-field-field-index-collection\">\n<div class=\"field-content\">\n<div class=\"field-collection-view clearfix view-mode-full field-collection-view-final\">\n<div class=\"entity entity-field-collection-item field-collection-item-field-index-collection clearfix\">\n<div class=\"content\">\n<blockquote>\n<p class=\"citation-small\"><a href=\"https:\/\/histoire-en-citations.fr\/WP\/liberte-egalite-fraternite-la-trilogie-republicaine-fin-de-la-revolution-et-et-chronique-napoleonienne#1446\">\u00ab\u00a0Les maximes actuelles ne tendent qu\u2019\u00e0 d\u00e9truire. Elles ont d\u00e9j\u00e0 ruin\u00e9 les riches, sans enrichir les pauvres\u00a0; et au lieu de l\u2019\u00e9galit\u00e9 des biens, nous n\u2019avons encore que l\u2019\u00e9galit\u00e9 des mis\u00e8res et des maux.\u00a0\u00bb<\/a><\/p>\n<p class=\"auteur\"><span class=\"author\"><span class=\"name\">RIVAROL<\/span><\/span> (1753-1801), <cite>Journal politique national<\/cite><\/p>\n\n<\/blockquote><\/div>\n<\/div>\n<\/div>\n<\/div><\/div>\n<\/div>\n<div class=\"views-row views-row-11 views-row-odd views-row-last\">\n<div class=\"views-field views-field-field-index-collection\">\n<div class=\"field-content\">\n<div class=\"field-collection-view clearfix view-mode-full field-collection-view-final\">\n<div class=\"entity entity-field-collection-item field-collection-item-field-index-collection clearfix\">\n<div class=\"content\">\n<blockquote>\n<p class=\"citation-small\"><a href=\"https:\/\/histoire-en-citations.fr\/WP\/la-guerre-histoire-en-citations-dune-tragedie-seculaire-et-quotidienne-napoleon#1645\">\u00ab\u00a0Les Fran\u00e7ais, las de se gouverner, se massacr\u00e8rent\u00a0; las de se massacrer au dedans, ils subirent le joug de Bonaparte qui les fit massacrer au dehors.\u00a0\u00bb<\/a><\/p>\n<p class=\"auteur\"><span class=\"author\"><span class=\"name\">RIVAROL<\/span><\/span> (1753-1801), <cite>Fragments et pens\u00e9es politiques<\/cite> (s.d.)<\/p>\n\n<\/blockquote><\/div>\n<\/div>\n<\/div>\n<\/div><\/div>\n<\/div>\n<\/div>\n<\/div>\n<\/div>\n<style>\r\n        a .cit-num {\r\n            text-decoration: none !important;\r\n            color: inherit !important;\r\n        }\r\n    <\/style>","protected":false},"excerpt":{"rendered":"<p>Affichage de 1 &#8211; 11 sur 11. \u00ab&nbsp;L\u2019imprimerie est l\u2019artillerie de la pens\u00e9e.&nbsp;\u00bb991RIVAROL (1753-1801), Maximes, Pens\u00e9es et Paradoxes \u00ab&nbsp;Les philosophes sont plus anatomistes que m\u00e9decins&nbsp;: ils diss\u00e8quent et ne gu\u00e9rissent pas.&nbsp;\u00bb996RIVAROL (1753-1801), Fragments et pens\u00e9es philosophiques (posthume) \u00ab&nbsp;S\u00fbre, sociale, raisonnable, ce n&rsquo;est plus la langue fran\u00e7aise, c&rsquo;est la langue humaine.&nbsp;\u00bb1237RIVAROL (1753-1801), Discours sur l\u2019universalit\u00e9 de [&#8230;]<\/p>\n","protected":false},"author":1,"featured_media":0,"parent":0,"menu_order":0,"comment_status":"closed","ping_status":"closed","template":"","meta":{"site-sidebar-layout":"default","site-content-layout":"","ast-site-content-layout":"default","site-content-style":"default","site-sidebar-style":"default","ast-global-header-display":"","ast-banner-title-visibility":"","ast-main-header-display":"","ast-hfb-above-header-display":"","ast-hfb-below-header-display":"","ast-hfb-mobile-header-display":"","site-post-title":"","ast-breadcrumbs-content":"","ast-featured-img":"","footer-sml-layout":"","theme-transparent-header-meta":"","adv-header-id-meta":"","stick-header-meta":"","header-above-stick-meta":"","header-main-stick-meta":"","header-below-stick-meta":"","astra-migrate-meta-layouts":"default","ast-page-background-enabled":"default","ast-page-background-meta":{"desktop":{"background-color":"var(--ast-global-color-5)","background-image":"","background-repeat":"repeat","background-position":"center center","background-size":"auto","background-attachment":"scroll","background-type":"","background-media":"","overlay-type":"","overlay-color":"","overlay-opacity":"","overlay-gradient":""},"tablet":{"background-color":"","background-image":"","background-repeat":"repeat","background-position":"center center","background-size":"auto","background-attachment":"scroll","background-type":"","background-media":"","overlay-type":"","overlay-color":"","overlay-opacity":"","overlay-gradient":""},"mobile":{"background-color":"","background-image":"","background-repeat":"repeat","background-position":"center center","background-size":"auto","background-attachment":"scroll","background-type":"","background-media":"","overlay-type":"","overlay-color":"","overlay-opacity":"","overlay-gradient":""}},"ast-content-background-meta":{"desktop":{"background-color":"var(--ast-global-color-4)","background-image":"","background-repeat":"repeat","background-position":"center center","background-size":"auto","background-attachment":"scroll","background-type":"","background-media":"","overlay-type":"","overlay-color":"","overlay-opacity":"","overlay-gradient":""},"tablet":{"background-color":"var(--ast-global-color-4)","background-image":"","background-repeat":"repeat","background-position":"center center","background-size":"auto","background-attachment":"scroll","background-type":"","background-media":"","overlay-type":"","overlay-color":"","overlay-opacity":"","overlay-gradient":""},"mobile":{"background-color":"var(--ast-global-color-4)","background-image":"","background-repeat":"repeat","background-position":"center center","background-size":"auto","background-attachment":"scroll","background-type":"","background-media":"","overlay-type":"","overlay-color":"","overlay-opacity":"","overlay-gradient":""}},"iawp_total_views":88,"footnotes":""},"class_list":["post-10531","page","type-page","status-publish","hentry"],"_links":{"self":[{"href":"https:\/\/histoire-en-citations.fr\/WP\/wp-json\/wp\/v2\/pages\/10531","targetHints":{"allow":["GET"]}}],"collection":[{"href":"https:\/\/histoire-en-citations.fr\/WP\/wp-json\/wp\/v2\/pages"}],"about":[{"href":"https:\/\/histoire-en-citations.fr\/WP\/wp-json\/wp\/v2\/types\/page"}],"author":[{"embeddable":true,"href":"https:\/\/histoire-en-citations.fr\/WP\/wp-json\/wp\/v2\/users\/1"}],"replies":[{"embeddable":true,"href":"https:\/\/histoire-en-citations.fr\/WP\/wp-json\/wp\/v2\/comments?post=10531"}],"version-history":[{"count":3,"href":"https:\/\/histoire-en-citations.fr\/WP\/wp-json\/wp\/v2\/pages\/10531\/revisions"}],"predecessor-version":[{"id":13682,"href":"https:\/\/histoire-en-citations.fr\/WP\/wp-json\/wp\/v2\/pages\/10531\/revisions\/13682"}],"wp:attachment":[{"href":"https:\/\/histoire-en-citations.fr\/WP\/wp-json\/wp\/v2\/media?parent=10531"}],"curies":[{"name":"wp","href":"https:\/\/api.w.org\/{rel}","templated":true}]}}