{"id":10561,"date":"2025-09-22T07:31:31","date_gmt":"2025-09-22T05:31:31","guid":{"rendered":"https:\/\/histoire-en-citations.fr\/WP\/affaires-judiciaires-proces\/"},"modified":"2025-11-17T09:50:26","modified_gmt":"2025-11-17T08:50:26","slug":"affaires-judiciaires-proces","status":"publish","type":"page","link":"https:\/\/histoire-en-citations.fr\/WP\/affaires-judiciaires-proces\/","title":{"rendered":"affaires (judiciaires, proc\u00e8s)"},"content":{"rendered":"<div class=\"content\">\n<div class=\"view view-index-taxo view-id-index_taxo view-display-id-page view-dom-id-b0efca341260c9795fc9380165f7dce8\">\n<div class=\"view-header\">\n<p class=\"presentation\">L\u2019histoire offre tous les exemples d\u2019affaires judiciaires et de proc\u00e8s \u2013 politiques, religieux, civils et criminels. La mort, l\u2019exil, le discr\u00e9dit, toutes les peines peuvent toucher les coupables\u2026 ou les victimes, en cas d\u2019erreurs judiciaires. Voir la plus c\u00e9l\u00e8bre Affaire (Dreyfus). Gr\u00e2ce aux lois, aux m\u00e9dias, la justice a fait d\u2019incontestables progr\u00e8s.<\/p>\n<p class=\"idxinfo\">Cliquez sur une citation pour la consulter dans son contexte historique.<a class=\"retour\" href=\"https:\/\/histoire-en-citations.fr\/WP\/indexation\/\">Retour \u00e0 l\u2019index<\/a><\/p>\n<p>Affichage de 1 \u2013 25 sur 79.<\/p><\/div>\n<div class=\"view-content\">\n<div class=\"views-row views-row-1 views-row-odd views-row-first\">\n<div class=\"views-field views-field-field-index-collection\">\n<div class=\"field-content\">\n<div class=\"field-collection-view clearfix view-mode-full field-collection-view-final\">\n<div class=\"entity entity-field-collection-item field-collection-item-field-index-collection clearfix\">\n<div class=\"content\">\n<blockquote>\n<p class=\"citation-small\"><a href=\"https:\/\/histoire-en-citations.fr\/WP\/philippe-le-bel-donner-des-marques-dune-faveur-speciale-a-lordre-et-aux-chevaliers-pour-lesquels-nous-avons-une-sincere-predilection\">\u00ab\u00a0Les \u0153uvres de pi\u00e9t\u00e9 et de mis\u00e9ricorde, la lib\u00e9ralit\u00e9 magnifique qu\u2019exerce dans le monde entier et en tout temps le saint ordre du Temple, divinement institu\u00e9 depuis de longues ann\u00e9es, son courage [\u2026] nous d\u00e9terminent justement [\u2026] \u00e0 donner des marques d\u2019une faveur sp\u00e9ciale \u00e0 l\u2019ordre et aux chevaliers pour lesquels nous avons une sinc\u00e8re pr\u00e9dilection.\u00a0\u00bb<\/a><a href=\"https:\/\/histoire-en-citations.fr\/WP\/honneur-aux-perdantes-de-la-gaule-aux-guerres-de-religion#247\"><span id=\"247\" class=\"cit-num\">247<\/span><\/a><\/p>\n<p class=\"auteur\"><span class=\"author\"><span class=\"name\">PHILIPPE\u00a0IV le Bel<\/span><\/span> (1268-1314), Lettre dat\u00e9e de 1304<\/p>\n<p>\u00a0<\/p>\n<\/blockquote>\n<\/div>\n<\/div>\n<\/div>\n<\/div>\n<\/div>\n<\/div>\n<div class=\"views-row views-row-2 views-row-even\">\n<div class=\"views-field views-field-field-index-collection\">\n<div class=\"field-content\">\n<div class=\"field-collection-view clearfix view-mode-full field-collection-view-final\">\n<div class=\"entity entity-field-collection-item field-collection-item-field-index-collection clearfix\">\n<div class=\"content\">\n<blockquote>\n<p class=\"citation-small\"><a href=\"https:\/\/histoire-en-citations.fr\/WP\/paroles-de-papes-breve-histoire-de-la-religion-en-france-des-origines-jusquau-xvie-siecle#249\">\u00ab\u00a0Boire comme un Templier.\u00a0\u00bb \u00ab\u00a0Jurer comme un Templier.\u00a0\u00bb<\/a><a href=\"https:\/\/histoire-en-citations.fr\/WP\/paroles-de-papes-breve-histoire-de-la-religion-en-france-des-origines-jusquau-xvie-siecle#249\"><span id=\"249\" class=\"cit-num\">249<\/span><\/a><\/p>\n<p class=\"auteur\">Expressions populaires, au d\u00e9but du XIV<sup>e<\/sup>\u00a0si\u00e8cle<\/p>\n<p>\u00a0<\/p>\n<\/blockquote>\n<\/div>\n<\/div>\n<\/div>\n<\/div>\n<\/div>\n<\/div>\n<div class=\"views-row views-row-3 views-row-odd\">\n<div class=\"views-field views-field-field-index-collection\">\n<div class=\"field-content\">\n<div class=\"field-collection-view clearfix view-mode-full field-collection-view-final\">\n<div class=\"entity entity-field-collection-item field-collection-item-field-index-collection clearfix\">\n<div class=\"content\">\n<blockquote>\n<p class=\"citation-small\"><a href=\"https:\/\/histoire-en-citations.fr\/WP\/les-mysteres-de-lhistoire-gaule-et-moyen-age#250\">\u00ab\u00a0L\u2019an 1307 le 22\u00a0septembre, les sceaux furent confi\u00e9s au seigneur Guillaume de Nogaret\u00a0; on traita ce jour-l\u00e0 de l\u2019arrestation des Templiers.\u00a0\u00bb<\/a><a href=\"https:\/\/histoire-en-citations.fr\/WP\/les-mysteres-de-lhistoire-gaule-et-moyen-age#250\"><span id=\"250\" class=\"cit-num\">250<\/span><\/a><\/p>\n<p class=\"auteur\">Registre du Tr\u00e9sor des Chartres<\/p>\n<p>\u00a0<\/p>\n<\/blockquote>\n<\/div>\n<\/div>\n<\/div>\n<\/div>\n<\/div>\n<\/div>\n<div class=\"views-row views-row-4 views-row-even\">\n<div class=\"views-field views-field-field-index-collection\">\n<div class=\"field-content\">\n<div class=\"field-collection-view clearfix view-mode-full field-collection-view-final\">\n<div class=\"entity entity-field-collection-item field-collection-item-field-index-collection clearfix\">\n<div class=\"content\">\n<blockquote>\n<p class=\"citation-small\"><a href=\"https:\/\/histoire-en-citations.fr\/WP\/les-mysteres-de-lhistoire-gaule-et-moyen-age#251\">\u00ab\u00a0Cette engeance comparable aux b\u00eates priv\u00e9es de raison, que dis-je\u00a0? d\u00e9passant la brutalit\u00e9 des b\u00eates elles-m\u00eames, commet les crimes les plus abominables [\u2026] Elle a abandonn\u00e9 son Cr\u00e9ateur, sacrifi\u00e9 aux d\u00e9mons.\u00a0\u00bb<\/a><a href=\"https:\/\/histoire-en-citations.fr\/WP\/les-mysteres-de-lhistoire-gaule-et-moyen-age#251\"><span id=\"251\" class=\"cit-num\">251<\/span><\/a><\/p>\n<p class=\"auteur\"><span class=\"author\"><span class=\"name\">PHILIPPE IV le Bel<\/span><\/span> (1268-1314), parlant des Templiers<\/p>\n<p>\u00a0<\/p>\n<\/blockquote>\n<\/div>\n<\/div>\n<\/div>\n<\/div>\n<\/div>\n<\/div>\n<div class=\"views-row views-row-5 views-row-odd\">\n<div class=\"views-field views-field-field-index-collection\">\n<div class=\"field-content\">\n<div class=\"field-collection-view clearfix view-mode-full field-collection-view-final\">\n<div class=\"entity entity-field-collection-item field-collection-item-field-index-collection clearfix\">\n<div class=\"content\">\n<blockquote>\n<p class=\"citation-small\"><a href=\"https:\/\/histoire-en-citations.fr\/WP\/les-mysteres-de-lhistoire-gaule-et-moyen-age#253\">\u00ab\u00a0On n\u2019entendait que cris, que g\u00e9missements de ceux qu\u2019on travaillait, qu\u2019on brisait, qu\u2019on d\u00e9membrait dans la torture.\u00a0\u00bb<\/a><a href=\"https:\/\/histoire-en-citations.fr\/WP\/les-mysteres-de-lhistoire-gaule-et-moyen-age#253\"><span id=\"253\" class=\"cit-num\">253<\/span><\/a><\/p>\n<p class=\"auteur\"><span class=\"author\"><span class=\"surname\">Abb\u00e9 Ren\u00e9 Aubert de <\/span><span class=\"name\">VERTOT<\/span><\/span> (1655-1735), <cite>Histoire des Chevaliers hospitaliers de Saint-Jean de J\u00e9rusalem<\/cite> (posthume,\u00a01742)<\/p>\n<p>\u00a0<\/p>\n<\/blockquote>\n<\/div>\n<\/div>\n<\/div>\n<\/div>\n<\/div>\n<\/div>\n<div class=\"views-row views-row-6 views-row-even\">\n<div class=\"views-field views-field-field-index-collection\">\n<div class=\"field-content\">\n<div class=\"field-collection-view clearfix view-mode-full field-collection-view-final\">\n<div class=\"entity entity-field-collection-item field-collection-item-field-index-collection clearfix\">\n<div class=\"content\">\n<blockquote>\n<p class=\"citation-small\"><a href=\"https:\/\/histoire-en-citations.fr\/WP\/paroles-de-papes-breve-histoire-de-la-religion-en-france-des-origines-jusquau-xvie-siecle#254\">\u00ab\u00a0Que le pape prenne garde [\u2026] On pourrait croire que c\u2019est \u00e0 prix d\u2019or qu\u2019il prot\u00e8ge les Templiers, coupables et conf\u00e8s, contre le z\u00e8le catholique du roi de France.\u00a0\u00bb<\/a><a href=\"https:\/\/histoire-en-citations.fr\/WP\/paroles-de-papes-breve-histoire-de-la-religion-en-france-des-origines-jusquau-xvie-siecle#254\"><span id=\"254\" class=\"cit-num\">254<\/span><\/a><\/p>\n<p class=\"auteur\"><span class=\"author\"><span class=\"surname\">Pierre <\/span><span class=\"name\">DUBOIS<\/span><\/span> (vers 1250\/1255-apr. 1321), Pamphlet, 1308<\/p>\n<p>\u00a0<\/p>\n<\/blockquote>\n<\/div>\n<\/div>\n<\/div>\n<\/div>\n<\/div>\n<\/div>\n<div class=\"views-row views-row-7 views-row-odd\">\n<div class=\"views-field views-field-field-index-collection\">\n<div class=\"field-content\">\n<div class=\"field-collection-view clearfix view-mode-full field-collection-view-final\">\n<div class=\"entity entity-field-collection-item field-collection-item-field-index-collection clearfix\">\n<div class=\"content\">\n<blockquote>\n<p class=\"citation-small\"><a href=\"https:\/\/histoire-en-citations.fr\/WP\/les-mysteres-de-lhistoire-gaule-et-moyen-age#255\">\u00ab\u00a0Jamais je n\u2019ai avou\u00e9 les erreurs imput\u00e9es \u00e0 l\u2019ordre, ni ne les avouerai. Tout cela est faux.\u00a0\u00bb<\/a><a href=\"https:\/\/histoire-en-citations.fr\/WP\/les-mysteres-de-lhistoire-gaule-et-moyen-age#255\"><span id=\"255\" class=\"cit-num\">255<\/span><\/a><\/p>\n<p class=\"auteur\"><span class=\"author\"><span class=\"surname\">Fr\u00e8re <\/span><span class=\"name\">BERTRAND de SAINT-PAUL<\/span><\/span> (fin XIII<sup>e<\/sup>-d\u00e9but XIV<sup>e<\/sup> si\u00e8cle), 7\u00a0f\u00e9vrier 1310<\/p>\n<p>\u00a0<\/p>\n<\/blockquote>\n<\/div>\n<\/div>\n<\/div>\n<\/div>\n<\/div>\n<\/div>\n<div class=\"views-row views-row-8 views-row-even\">\n<div class=\"views-field views-field-field-index-collection\">\n<div class=\"field-content\">\n<div class=\"field-collection-view clearfix view-mode-full field-collection-view-final\">\n<div class=\"entity entity-field-collection-item field-collection-item-field-index-collection clearfix\">\n<div class=\"content\">\n<blockquote>\n<p class=\"citation-small\"><a href=\"https:\/\/histoire-en-citations.fr\/WP\/les-mysteres-de-lhistoire-gaule-et-moyen-age#256\">\u00ab\u00a0J\u2019avouerais que j\u2019ai tu\u00e9 Dieu, si on me le demandait\u00a0!\u00a0\u00bb<\/a><a href=\"https:\/\/histoire-en-citations.fr\/WP\/les-mysteres-de-lhistoire-gaule-et-moyen-age#256\"><span id=\"256\" class=\"cit-num\">256<\/span><\/a><\/p>\n<p class=\"auteur\"><span class=\"author\"><span class=\"surname\">Fr\u00e8re <\/span><span class=\"name\">AYMERI de VILLIERS-LE-DUC<\/span><\/span> (fin XIII<sup>e<\/sup>-d\u00e9but XIV<sup>e<\/sup> si\u00e8cle), 13\u00a0mai 1310<\/p>\n<p>\u00a0<\/p>\n<\/blockquote>\n<\/div>\n<\/div>\n<\/div>\n<\/div>\n<\/div>\n<\/div>\n<div class=\"views-row views-row-9 views-row-odd\">\n<div class=\"views-field views-field-field-index-collection\">\n<div class=\"field-content\">\n<div class=\"field-collection-view clearfix view-mode-full field-collection-view-final\">\n<div class=\"entity entity-field-collection-item field-collection-item-field-index-collection clearfix\">\n<div class=\"content\">\n<blockquote>\n<p class=\"citation-small\"><a href=\"https:\/\/histoire-en-citations.fr\/WP\/les-mysteres-de-lhistoire-gaule-et-moyen-age#258\">\u00ab\u00a0Les corps sont au roi de France, mais les \u00e2mes sont \u00e0 Dieu\u00a0!\u00a0\u00bb<\/a><a href=\"https:\/\/histoire-en-citations.fr\/WP\/les-mysteres-de-lhistoire-gaule-et-moyen-age#258\"><span id=\"258\" class=\"cit-num\">258<\/span><\/a><\/p>\n<p class=\"auteur\">Cris des Templiers br\u00fbl\u00e9s vifs dans l\u2019\u00eelot aux Juifs, 19\u00a0mars 1314<\/p>\n<p>\u00a0<\/p>\n<\/blockquote>\n<\/div>\n<\/div>\n<\/div>\n<\/div>\n<\/div>\n<\/div>\n<div class=\"views-row views-row-10 views-row-even\">\n<div class=\"views-field views-field-field-index-collection\">\n<div class=\"field-content\">\n<div class=\"field-collection-view clearfix view-mode-full field-collection-view-final\">\n<div class=\"entity entity-field-collection-item field-collection-item-field-index-collection clearfix\">\n<div class=\"content\">\n<blockquote>\n<p class=\"citation-small\"><a href=\"https:\/\/histoire-en-citations.fr\/WP\/paroles-de-papes-breve-histoire-de-la-religion-en-france-des-origines-jusquau-xvie-siecle#259\">\u00ab\u00a0Cl\u00e9ment, juge inique et cruel bourreau, je t\u2019ajourne \u00e0 compara\u00eetre dans quarante jours devant le tribunal du souverain juge.\u00a0\u00bb<\/a><a href=\"https:\/\/histoire-en-citations.fr\/WP\/paroles-de-papes-breve-histoire-de-la-religion-en-france-des-origines-jusquau-xvie-siecle#259\"><span id=\"259\" class=\"cit-num\">259<\/span><\/a><\/p>\n<p class=\"auteur\"><span class=\"author\"><span class=\"surname\">Jacques de <\/span><span class=\"name\">MOLAY<\/span><\/span> (vers 1244-1314), sur le b\u00fbcher dans l\u2019\u00eelot aux Juifs, \u00eele de la Cit\u00e9 \u00e0 Paris, 19\u00a0mars 1314<\/p>\n<p>\u00a0<\/p>\n<\/blockquote>\n<\/div>\n<\/div>\n<\/div>\n<\/div>\n<\/div>\n<\/div>\n<div class=\"views-row views-row-11 views-row-odd\">\n<div class=\"views-field views-field-field-index-collection\">\n<div class=\"field-content\">\n<div class=\"field-collection-view clearfix view-mode-full field-collection-view-final\">\n<div class=\"entity entity-field-collection-item field-collection-item-field-index-collection clearfix\">\n<div class=\"content\">\n<blockquote>\n<p class=\"citation-small\"><a href=\"https:\/\/histoire-en-citations.fr\/WP\/les-mysteres-de-lhistoire-gaule-et-moyen-age#344\">\u00ab\u00a0Jeanne, croyez-vous \u00eatre en \u00e9tat de gr\u00e2ce\u00a0? \u2014\u00a0Si je n\u2019y suis, Dieu veuille m\u2019y mettre\u00a0; si j\u2019y suis, Dieu veuille m\u2019y tenir.\u00a0\u00bb<\/a><a href=\"https:\/\/histoire-en-citations.fr\/WP\/les-mysteres-de-lhistoire-gaule-et-moyen-age#344\"><span id=\"344\" class=\"cit-num\">344<\/span><\/a><\/p>\n<p class=\"auteur\"><span class=\"author\"><span class=\"name\">JEANNE d\u2019ARC<\/span><\/span> (1412-1431), Rouen, proc\u00e8s de Jeanne d\u2019Arc, 24\u00a0f\u00e9vrier 1431<\/p>\n<p>\u00a0<\/p>\n<\/blockquote>\n<\/div>\n<\/div>\n<\/div>\n<\/div>\n<\/div>\n<\/div>\n<div class=\"views-row views-row-12 views-row-even\">\n<div class=\"views-field views-field-field-index-collection\">\n<div class=\"field-content\">\n<div class=\"field-collection-view clearfix view-mode-full field-collection-view-final\">\n<div class=\"entity entity-field-collection-item field-collection-item-field-index-collection clearfix\">\n<div class=\"content\">\n<blockquote>\n<p class=\"citation-small\"><a href=\"https:\/\/histoire-en-citations.fr\/WP\/les-mysteres-de-lhistoire-gaule-et-moyen-age#345\">[Question \u00e0 l\u2019accus\u00e9e] \u00ab\u00a0Dieu hait-il les Anglais\u00a0?\u2014 De l\u2019amour ou de la haine que Dieu a pour les Anglais, je n\u2019en sais rien\u00a0; mais je sais bien qu\u2019ils seront tous bout\u00e9s hors de France, except\u00e9 ceux qui y p\u00e9riront.\u00a0\u00bb<\/a><a href=\"https:\/\/histoire-en-citations.fr\/WP\/les-mysteres-de-lhistoire-gaule-et-moyen-age#345\"><span id=\"345\" class=\"cit-num\">345<\/span><\/a><\/p>\n<p class=\"auteur\"><span class=\"author\"><span class=\"name\">JEANNE d\u2019ARC<\/span><\/span> (1412-1431), Rouen, proc\u00e8s de Jeanne d\u2019Arc, interrogatoire du 17\u00a0mars 1431<\/p>\n<p>\u00a0<\/p>\n<\/blockquote>\n<\/div>\n<\/div>\n<\/div>\n<\/div>\n<\/div>\n<\/div>\n<div class=\"views-row views-row-13 views-row-odd\">\n<div class=\"views-field views-field-field-index-collection\">\n<div class=\"field-content\">\n<div class=\"field-collection-view clearfix view-mode-full field-collection-view-final\">\n<div class=\"entity entity-field-collection-item field-collection-item-field-index-collection clearfix\">\n<div class=\"content\">\n<blockquote>\n<p class=\"citation-small\"><a href=\"https:\/\/histoire-en-citations.fr\/WP\/un-tour-de-france-historique-et-inedit-de-la-gaule-au-xvie-siecle#347\">[Question \u00e0 l\u2019accus\u00e9e] \u00ab\u00a0Pourquoi votre \u00e9tendard fut-il port\u00e9 en l\u2019\u00e9glise de Reims au sacre, plut\u00f4t que ceux des autres capitaines\u00a0?\u2014 Il avait \u00e9t\u00e9 \u00e0 la peine, c\u2019\u00e9tait bien raison qu\u2019il f\u00fbt \u00e0 l\u2019honneur.\u00a0\u00bb<\/a><a href=\"https:\/\/histoire-en-citations.fr\/WP\/un-tour-de-france-historique-et-inedit-de-la-gaule-au-xvie-siecle#347\"><span id=\"347\" class=\"cit-num\">347<\/span><\/a><\/p>\n<p class=\"auteur\"><span class=\"author\"><span class=\"name\">JEANNE d\u2019ARC<\/span><\/span> (1412-1431), Proc\u00e8s, 9<sup>e<\/sup> interrogatoire du 15\u00a0mars 1431<\/p>\n<p>\u00a0<\/p>\n<\/blockquote>\n<\/div>\n<\/div>\n<\/div>\n<\/div>\n<\/div>\n<\/div>\n<div class=\"views-row views-row-14 views-row-even\">\n<div class=\"views-field views-field-field-index-collection\">\n<div class=\"field-content\">\n<div class=\"field-collection-view clearfix view-mode-full field-collection-view-final\">\n<div class=\"entity entity-field-collection-item field-collection-item-field-index-collection clearfix\">\n<div class=\"content\">\n<blockquote>\n<p class=\"citation-small\"><a href=\"https:\/\/histoire-en-citations.fr\/WP\/les-mysteres-de-lhistoire-gaule-et-moyen-age#348\">\u00ab\u00a0Nous sommes perdus, nous avons br\u00fbl\u00e9 une sainte.\u00a0\u00bb<\/a><a href=\"https:\/\/histoire-en-citations.fr\/WP\/les-mysteres-de-lhistoire-gaule-et-moyen-age#348\"><span id=\"348\" class=\"cit-num\">348<\/span><\/a><\/p>\n<p class=\"auteur\">Secr\u00e9taire du roi d\u2019Angleterre, apr\u00e8s l\u2019ex\u00e9cution de Jeanne, Rouen, 30\u00a0mai 1431<\/p>\n<p>\u00a0<\/p>\n<\/blockquote>\n<\/div>\n<\/div>\n<\/div>\n<\/div>\n<\/div>\n<\/div>\n<div class=\"views-row views-row-15 views-row-odd\">\n<div class=\"views-field views-field-field-index-collection\">\n<div class=\"field-content\">\n<div class=\"field-collection-view clearfix view-mode-full field-collection-view-final\">\n<div class=\"entity entity-field-collection-item field-collection-item-field-index-collection clearfix\">\n<div class=\"content\">\n<blockquote>\n<p class=\"citation-small\"><a href=\"https:\/\/histoire-en-citations.fr\/WP\/histoire-litterature-lhistoire-ecrite-par-les-historiens-de-la-gaule-au-siecle-de-louis-xiv#486\">\u00ab\u00a0J\u00e9sus\u00a0! Qu\u2019a donc cette jeunesse pour vouloir ainsi se faire br\u00fbler pour rien\u00a0?\u00a0\u00bb<\/a><a href=\"https:\/\/histoire-en-citations.fr\/WP\/histoire-litterature-lhistoire-ecrite-par-les-historiens-de-la-gaule-au-siecle-de-louis-xiv#486\"><span id=\"486\" class=\"cit-num\">486<\/span><\/a><\/p>\n<p class=\"auteur\">Pr\u00e9sident du tribunal charg\u00e9 de juger des calvinistes<\/p>\n<p>\u00a0<\/p>\n<\/blockquote>\n<\/div>\n<\/div>\n<\/div>\n<\/div>\n<\/div>\n<\/div>\n<div class=\"views-row views-row-16 views-row-even\">\n<div class=\"views-field views-field-field-index-collection\">\n<div class=\"field-content\">\n<div class=\"field-collection-view clearfix view-mode-full field-collection-view-final\">\n<div class=\"entity entity-field-collection-item field-collection-item-field-index-collection clearfix\">\n<div class=\"content\">\n<blockquote>\n<p class=\"citation-small\"><a href=\"https:\/\/histoire-en-citations.fr\/WP\/qui-a-dit-quoi-de-qui-renaissance-naissance-de-la-monarchie-absolue#730\">\u00ab\u00a0Je me rends, parce que je veux mourir, mais je ne suis pas vaincu.\u00a0\u00bb<\/a><a href=\"https:\/\/histoire-en-citations.fr\/WP\/qui-a-dit-quoi-de-qui-renaissance-naissance-de-la-monarchie-absolue#730\"><span id=\"730\" class=\"cit-num\">730<\/span><\/a><\/p>\n<p class=\"auteur\"><span class=\"author\"><span class=\"surname\">Marquis de <\/span><span class=\"name\">CINQ-MARS<\/span><\/span> (1620-1642)<\/p>\n<p>\u00a0<\/p>\n<\/blockquote>\n<\/div>\n<\/div>\n<\/div>\n<\/div>\n<\/div>\n<\/div>\n<div class=\"views-row views-row-17 views-row-odd\">\n<div class=\"views-field views-field-field-index-collection\">\n<div class=\"field-content\">\n<div class=\"field-collection-view clearfix view-mode-full field-collection-view-final\">\n<div class=\"entity entity-field-collection-item field-collection-item-field-index-collection clearfix\">\n<div class=\"content\">\n<blockquote>\n<p class=\"citation-small\"><a href=\"https:\/\/histoire-en-citations.fr\/WP\/qui-a-dit-quoi-de-qui-renaissance-naissance-de-la-monarchie-absolue#731\">\u00ab\u00a0Je voudrais bien voir la grimace que Monsieur le Grand doit faire \u00e0 cette heure.\u00a0\u00bb<\/a><a href=\"https:\/\/histoire-en-citations.fr\/WP\/qui-a-dit-quoi-de-qui-renaissance-naissance-de-la-monarchie-absolue#731\"><span id=\"731\" class=\"cit-num\">731<\/span><\/a><\/p>\n<p class=\"auteur\"><span class=\"author\"><span class=\"name\">LOUIS XIII<\/span><\/span> (1601-1643), \u00e0 Paris, apprenant l\u2019ex\u00e9cution de son favori \u00e0 Lyon<\/p>\n<p>\u00a0<\/p>\n<\/blockquote>\n<\/div>\n<\/div>\n<\/div>\n<\/div>\n<\/div>\n<\/div>\n<div class=\"views-row views-row-18 views-row-even\">\n<div class=\"views-field views-field-field-index-collection\">\n<div class=\"field-content\">\n<div class=\"field-collection-view clearfix view-mode-full field-collection-view-final\">\n<div class=\"entity entity-field-collection-item field-collection-item-field-index-collection clearfix\">\n<div class=\"content\">\n<blockquote>\n<p class=\"citation-small\"><a href=\"https:\/\/histoire-en-citations.fr\/WP\/honneur-aux-perdantes-du-regne-dhenri-iv-a-la-revolution#861\">\u00ab\u00a0Fouquet a sauv\u00e9 sa vie profonde, laissant Colbert condamn\u00e9 \u00e0 ramer sur la gal\u00e8re mondaine, avec des gants parfum\u00e9s. Les dieux n\u2019aiment pas l\u2019homme heureux.\u00a0\u00bb<\/a><a href=\"https:\/\/histoire-en-citations.fr\/WP\/honneur-aux-perdantes-du-regne-dhenri-iv-a-la-revolution#861\"><span id=\"861\" class=\"cit-num\">861<\/span><\/a><\/p>\n<p class=\"auteur\"><span class=\"author\"><span class=\"surname\">Paul <\/span><span class=\"name\">MORAND<\/span><\/span> (1888-1976), <cite>Fouquet ou le soleil offusqu\u00e9<\/cite> (1961)<\/p>\n<p>\u00a0<\/p>\n<\/blockquote>\n<\/div>\n<\/div>\n<\/div>\n<\/div>\n<\/div>\n<\/div>\n<div class=\"views-row views-row-19 views-row-odd\">\n<div class=\"views-field views-field-field-index-collection\">\n<div class=\"field-content\">\n<div class=\"field-collection-view clearfix view-mode-full field-collection-view-final\">\n<div class=\"entity entity-field-collection-item field-collection-item-field-index-collection clearfix\">\n<div class=\"content\">\n<blockquote>\n<p class=\"citation-small\"><a href=\"https:\/\/histoire-en-citations.fr\/WP\/les-mysteres-de-lhistoire-de-louis-xiv-a-napoleon#884\">\u00ab\u00a0La duchesse de Bouillon alla demander \u00e0 la Voisin un peu de poison pour faire mourir un vieux mari qu\u2019elle avait qui la faisait mourir d\u2019ennui.\u00a0\u00bb<\/a><a href=\"https:\/\/histoire-en-citations.fr\/WP\/les-mysteres-de-lhistoire-de-louis-xiv-a-napoleon#884\"><span id=\"884\" class=\"cit-num\">884<\/span><\/a><\/p>\n<p class=\"auteur\"><span class=\"author\"><span class=\"surname\">Marquise\u00a0de <\/span><span class=\"name\">S\u00c9VIGN\u00c9<\/span><\/span> (1626-1696), Lettre, 31\u00a0janvier 1680 (posthume)<\/p>\n<p>\u00a0<\/p>\n<\/blockquote>\n<\/div>\n<\/div>\n<\/div>\n<\/div>\n<\/div>\n<\/div>\n<div class=\"views-row views-row-20 views-row-even\">\n<div class=\"views-field views-field-field-index-collection\">\n<div class=\"field-content\">\n<div class=\"field-collection-view clearfix view-mode-full field-collection-view-final\">\n<div class=\"entity entity-field-collection-item field-collection-item-field-index-collection clearfix\">\n<div class=\"content\">\n<blockquote>\n<p class=\"citation-small\"><a href=\"https:\/\/histoire-en-citations.fr\/WP\/les-mysteres-de-lhistoire-de-louis-xiv-a-napoleon#885\">\u00ab\u00a0Toutes les fois qu\u2019elle [Mme\u00a0de Montespan] craignait quelque diminution aux bonnes gr\u00e2ces du Roi, elle donnait avis \u00e0 ma m\u00e8re afin qu\u2019elle y apport\u00e2t quelque rem\u00e8de.\u00a0\u00bb<\/a><a href=\"https:\/\/histoire-en-citations.fr\/WP\/les-mysteres-de-lhistoire-de-louis-xiv-a-napoleon#885\"><span id=\"885\" class=\"cit-num\">885<\/span><\/a><\/p>\n<p class=\"auteur\"><span class=\"author\"><span class=\"surname\">Marie-Marguerite <\/span><span class=\"name\">MONVOISIN<\/span><\/span> (1658-??), belle-fille (et complice) de la Voisin<\/p>\n<p>\u00a0<\/p>\n<\/blockquote>\n<\/div>\n<\/div>\n<\/div>\n<\/div>\n<\/div>\n<\/div>\n<div class=\"views-row views-row-21 views-row-odd\">\n<div class=\"views-field views-field-field-index-collection\">\n<div class=\"field-content\">\n<div class=\"field-collection-view clearfix view-mode-full field-collection-view-final\">\n<div class=\"entity entity-field-collection-item field-collection-item-field-index-collection clearfix\">\n<div class=\"content\">\n<blockquote>\n<p class=\"citation-small\"><a href=\"https:\/\/histoire-en-citations.fr\/WP\/les-mysteres-de-lhistoire-de-louis-xiv-a-napoleon#886\">\u00ab\u00a0S\u2019il est p\u00e9rilleux de tremper dans une affaire suspecte, il l\u2019est encore davantage de s\u2019y trouver complice d\u2019un grand\u00a0: il s\u2019en tire et vous laisse payer doublement, pour lui et pour vous.\u00a0\u00bb<\/a><a href=\"https:\/\/histoire-en-citations.fr\/WP\/les-mysteres-de-lhistoire-de-louis-xiv-a-napoleon#886\"><span id=\"886\" class=\"cit-num\">886<\/span><\/a><\/p>\n<p class=\"auteur\"><span class=\"author\"><span class=\"surname\">Jean de <\/span><span class=\"name\">LA BRUY\u00c8RE<\/span><\/span> (1645-1696), <cite>Les Caract\u00e8res<\/cite> (1688)<\/p>\n<p>\u00a0<\/p>\n<\/blockquote>\n<\/div>\n<\/div>\n<\/div>\n<\/div>\n<\/div>\n<\/div>\n<div class=\"views-row views-row-22 views-row-even\">\n<div class=\"views-field views-field-field-index-collection\">\n<div class=\"field-content\">\n<div class=\"field-collection-view clearfix view-mode-full field-collection-view-final\">\n<div class=\"entity entity-field-collection-item field-collection-item-field-index-collection clearfix\">\n<div class=\"content\">\n<blockquote>\n<p class=\"citation-small\"><a href=\"https:\/\/histoire-en-citations.fr\/WP\/portrait-de-voltaire-en-citations#1023\">\u00ab\u00a0Il vaut mieux hasarder de sauver un coupable que de condamner un innocent.\u00a0\u00bb<\/a><a href=\"https:\/\/histoire-en-citations.fr\/WP\/portrait-de-voltaire-en-citations#1023\"><span id=\"1023\" class=\"cit-num\">1023<\/span><\/a><\/p>\n<p class=\"auteur\"><span class=\"author\"><span class=\"name\">VOLTAIRE<\/span><\/span> (1694-1778), <cite>Zadig ou la destin\u00e9e<\/cite> (1747)<\/p>\n<p>\u00a0<\/p>\n<\/blockquote>\n<\/div>\n<\/div>\n<\/div>\n<\/div>\n<\/div>\n<\/div>\n<div class=\"views-row views-row-23 views-row-odd\">\n<div class=\"views-field views-field-field-index-collection\">\n<div class=\"field-content\">\n<div class=\"field-collection-view clearfix view-mode-full field-collection-view-final\">\n<div class=\"entity entity-field-collection-item field-collection-item-field-index-collection clearfix\">\n<div class=\"content\">\n<blockquote>\n<p class=\"citation-small\"><a href=\"https:\/\/histoire-en-citations.fr\/WP\/portrait-de-denis-diderot-en-citations#1065\">\u00ab\u00a0Qu\u2019un peuple est heureux, lorsqu\u2019il n\u2019y a rien de fait chez lui\u00a0! Les mauvaises et surtout les vieilles institutions sont un obstacle presque invincible aux bonnes.\u00a0\u00bb<\/a><a href=\"https:\/\/histoire-en-citations.fr\/WP\/portrait-de-denis-diderot-en-citations#1065\"><span id=\"1065\" class=\"cit-num\">1065<\/span><\/a><\/p>\n<p class=\"auteur\"><span class=\"author\"><span class=\"surname\">Denis <\/span><span class=\"name\">DIDEROT<\/span><\/span> (1713-1784), <cite>Entretiens avec Catherine II<\/cite><\/p>\n<p>\u00a0<\/p>\n<\/blockquote>\n<\/div>\n<\/div>\n<\/div>\n<\/div>\n<\/div>\n<\/div>\n<div class=\"views-row views-row-24 views-row-even\">\n<div class=\"views-field views-field-field-index-collection\">\n<div class=\"field-content\">\n<div class=\"field-collection-view clearfix view-mode-full field-collection-view-final\">\n<div class=\"entity entity-field-collection-item field-collection-item-field-index-collection clearfix\">\n<div class=\"content\">\n<blockquote>\n<p class=\"citation-small\"><a href=\"https:\/\/histoire-en-citations.fr\/WP\/la-politique-est-elle-en-panne-de-reve#1176\">\u00ab\u00a0Je s\u00e8me un grain qui pourra produire un jour une moisson.\u00a0\u00bb<\/a><a href=\"https:\/\/histoire-en-citations.fr\/WP\/la-politique-est-elle-en-panne-de-reve#1176\"><span id=\"1176\" class=\"cit-num\">1176<\/span><\/a><\/p>\n<p class=\"auteur\"><span class=\"author\"><span class=\"name\">VOLTAIRE<\/span><\/span> (1694-1778), <cite>Trait\u00e9 sur la tol\u00e9rance<\/cite> (1763)<\/p>\n<p>\u00a0<\/p>\n<\/blockquote>\n<\/div>\n<\/div>\n<\/div>\n<\/div>\n<\/div>\n<\/div>\n<div class=\"views-row views-row-25 views-row-odd views-row-last\">\n<div class=\"views-field views-field-field-index-collection\">\n<div class=\"field-content\">\n<div class=\"field-collection-view clearfix view-mode-full field-collection-view-final\">\n<div class=\"entity entity-field-collection-item field-collection-item-field-index-collection clearfix\">\n<div class=\"content\">\n<blockquote>\n<p class=\"citation-small\"><a href=\"https:\/\/histoire-en-citations.fr\/WP\/les-mysteres-de-lhistoire-de-louis-xiv-a-napoleon#1180\">\u00ab\u00a0On dit que cet infortun\u00e9 jeune homme est mort avec la fermet\u00e9 de Socrate\u00a0; et Socrate a moins de m\u00e9rite que lui\u00a0: car ce n\u2019est pas un grand effort, \u00e0 soixante et dix ans, de boire tranquillement un gobelet de cigu\u00eb\u00a0; mais mourir dans les supplices horribles, \u00e0 l\u2019\u00e2ge de vingt et un ans\u2026\u00a0\u00bb<\/a><a href=\"https:\/\/histoire-en-citations.fr\/WP\/les-mysteres-de-lhistoire-de-louis-xiv-a-napoleon#1180\"><span id=\"1180\" class=\"cit-num\">1180<\/span><\/a><\/p>\n<p class=\"auteur\"><span class=\"author\"><span class=\"name\">VOLTAIRE<\/span><\/span> (1694-1778), Lettre \u00e0 M. le Comte d\u2019Argental, 23\u00a0juillet 1766, <cite>Correspondance<\/cite> (posthume)<\/p>\n<p>\u00a0<\/p>\n<\/blockquote>\n<\/div>\n<\/div>\n<\/div>\n<\/div>\n<\/div>\n<\/div>\n<\/div>\n<ul class=\"pagination pagination-lg pull-right\">\n<li class=\"active\"><a href=\"https:\/\/histoire-en-citations.fr\/WP\/indexation\/\">1<\/a><\/li>\n<li class=\"pager-item\"><a title=\"Aller \u00e0 la page 2\" href=\"https:\/\/histoire-en-citations.fr\/WP\/affaires-judiciaires-proces\/\">2<\/a><\/li>\n<li class=\"pager-item\"><a title=\"Aller \u00e0 la page 3\" href=\"https:\/\/histoire-en-citations.fr\/WP\/affaires-judiciaires-proces\/\">3<\/a><\/li>\n<li class=\"pager-item\"><a title=\"Aller \u00e0 la page 4\" href=\"https:\/\/histoire-en-citations.fr\/WP\/argent-monnaie-richesse\/\">4<\/a><\/li>\n<li class=\"pager-next\"><a title=\"Aller \u00e0 la page suivante\" href=\"https:\/\/histoire-en-citations.fr\/WP\/affaires-judiciaires-proces\/\">suivant\u00a0\u203a<\/a><\/li>\n<li class=\"pager-last\"><a title=\"Aller \u00e0 la derni\u00e8re page\" href=\"https:\/\/histoire-en-citations.fr\/WP\/argent-monnaie-richesse\/\">dernier\u00a0\u00bb<\/a><\/li>\n<\/ul>\n<\/div>\n<\/div>\n<style>\r\n        a .cit-num {\r\n            text-decoration: none !important;\r\n            color: inherit !important;\r\n        }\r\n    <\/style>","protected":false},"excerpt":{"rendered":"<p>L\u2019histoire offre tous les exemples d\u2019affaires judiciaires et de proc\u00e8s &#8211; politiques, religieux, civils et criminels. La mort, l\u2019exil, le discr\u00e9dit, toutes les peines peuvent toucher les coupables\u2026 ou les victimes, en cas d\u2019erreurs judiciaires. Voir la plus c\u00e9l\u00e8bre Affaire (Dreyfus). Gr\u00e2ce aux lois, aux m\u00e9dias, la justice a fait d\u2019incontestables progr\u00e8s.Cliquez sur une citation [&#8230;]<\/p>\n","protected":false},"author":1,"featured_media":0,"parent":0,"menu_order":0,"comment_status":"closed","ping_status":"closed","template":"","meta":{"site-sidebar-layout":"default","site-content-layout":"","ast-site-content-layout":"default","site-content-style":"default","site-sidebar-style":"default","ast-global-header-display":"","ast-banner-title-visibility":"","ast-main-header-display":"","ast-hfb-above-header-display":"","ast-hfb-below-header-display":"","ast-hfb-mobile-header-display":"","site-post-title":"","ast-breadcrumbs-content":"","ast-featured-img":"","footer-sml-layout":"","theme-transparent-header-meta":"default","adv-header-id-meta":"","stick-header-meta":"","header-above-stick-meta":"","header-main-stick-meta":"","header-below-stick-meta":"","astra-migrate-meta-layouts":"set","ast-page-background-enabled":"default","ast-page-background-meta":{"desktop":{"background-color":"var(--ast-global-color-5)","background-image":"","background-repeat":"repeat","background-position":"center center","background-size":"auto","background-attachment":"scroll","background-type":"","background-media":"","overlay-type":"","overlay-color":"","overlay-opacity":"","overlay-gradient":""},"tablet":{"background-color":"","background-image":"","background-repeat":"repeat","background-position":"center center","background-size":"auto","background-attachment":"scroll","background-type":"","background-media":"","overlay-type":"","overlay-color":"","overlay-opacity":"","overlay-gradient":""},"mobile":{"background-color":"","background-image":"","background-repeat":"repeat","background-position":"center center","background-size":"auto","background-attachment":"scroll","background-type":"","background-media":"","overlay-type":"","overlay-color":"","overlay-opacity":"","overlay-gradient":""}},"ast-content-background-meta":{"desktop":{"background-color":"var(--ast-global-color-4)","background-image":"","background-repeat":"repeat","background-position":"center center","background-size":"auto","background-attachment":"scroll","background-type":"","background-media":"","overlay-type":"","overlay-color":"","overlay-opacity":"","overlay-gradient":""},"tablet":{"background-color":"var(--ast-global-color-4)","background-image":"","background-repeat":"repeat","background-position":"center center","background-size":"auto","background-attachment":"scroll","background-type":"","background-media":"","overlay-type":"","overlay-color":"","overlay-opacity":"","overlay-gradient":""},"mobile":{"background-color":"var(--ast-global-color-4)","background-image":"","background-repeat":"repeat","background-position":"center center","background-size":"auto","background-attachment":"scroll","background-type":"","background-media":"","overlay-type":"","overlay-color":"","overlay-opacity":"","overlay-gradient":""}},"iawp_total_views":18,"footnotes":""},"class_list":["post-10561","page","type-page","status-publish","hentry"],"_links":{"self":[{"href":"https:\/\/histoire-en-citations.fr\/WP\/wp-json\/wp\/v2\/pages\/10561","targetHints":{"allow":["GET"]}}],"collection":[{"href":"https:\/\/histoire-en-citations.fr\/WP\/wp-json\/wp\/v2\/pages"}],"about":[{"href":"https:\/\/histoire-en-citations.fr\/WP\/wp-json\/wp\/v2\/types\/page"}],"author":[{"embeddable":true,"href":"https:\/\/histoire-en-citations.fr\/WP\/wp-json\/wp\/v2\/users\/1"}],"replies":[{"embeddable":true,"href":"https:\/\/histoire-en-citations.fr\/WP\/wp-json\/wp\/v2\/comments?post=10561"}],"version-history":[{"count":16,"href":"https:\/\/histoire-en-citations.fr\/WP\/wp-json\/wp\/v2\/pages\/10561\/revisions"}],"predecessor-version":[{"id":14650,"href":"https:\/\/histoire-en-citations.fr\/WP\/wp-json\/wp\/v2\/pages\/10561\/revisions\/14650"}],"wp:attachment":[{"href":"https:\/\/histoire-en-citations.fr\/WP\/wp-json\/wp\/v2\/media?parent=10561"}],"curies":[{"name":"wp","href":"https:\/\/api.w.org\/{rel}","templated":true}]}}