{"id":10563,"date":"2025-09-22T07:31:31","date_gmt":"2025-09-22T05:31:31","guid":{"rendered":"https:\/\/histoire-en-citations.fr\/WP\/agriculture-paysans\/"},"modified":"2025-09-22T07:32:16","modified_gmt":"2025-09-22T05:32:16","slug":"agriculture-paysans","status":"publish","type":"page","link":"https:\/\/histoire-en-citations.fr\/WP\/agriculture-paysans\/","title":{"rendered":"agriculture (paysans)"},"content":{"rendered":"<div class=\"content\">\n<div class=\"view view-index-taxo view-id-index_taxo view-display-id-page view-dom-id-30a5c9030704c082eec081616c597b43\">\n<div class=\"view-header\">\n<p class=\"presentation\">Dans une France agricole \u00e0 90% jusqu\u2019au <span class=\"caps\">XIX<\/span><sup>e<\/sup>\u00a0si\u00e8cle, on ne parlait pas d\u2019agriculteurs, mais de paysans. C\u2019est dire, en passant, la difficult\u00e9 de cette indexation. Mais \u201c\u00a0impossible n\u2019est pas fran\u00e7ais.\u00a0\u201d<\/p>\n<p class=\"idxinfo\">Cliquez sur une citation pour la consulter dans son contexte historique.<a href=\"https:\/\/histoire-en-citations.fr\/WP\/indexation\/\" class=\"retour\">Retour \u00e0 l\u2019index<\/a><\/p>\n<p> Affichage de 1 \u2013 20 sur 20.    <\/p><\/div>\n<div class=\"view-content\">\n<div class=\"views-row views-row-1 views-row-odd views-row-first\">\n<div class=\"views-field views-field-field-index-collection\">\n<div class=\"field-content\">\n<div class=\"field-collection-view clearfix view-mode-full field-collection-view-final\">\n<div class=\"entity entity-field-collection-item field-collection-item-field-index-collection clearfix\">\n<div class=\"content\">\n<blockquote>\n<p class=\"citation-small\"><a href=\"https:\/\/histoire-en-citations.fr\/WP\/les-mysteres-de-lhistoire-de-napoleon-a-la-seconde-guerre-mondiale#34\">\u00ab\u00a0Tellement grande \u00e9tait devenue la multitude de ceux qui recevaient en comparaison du nombre de ceux qui devaient payer, telle l\u2019\u00e9normit\u00e9 des imp\u00f4ts, que les forces manquaient aux laboureurs, les champs devenaient d\u00e9serts et les cultures se changeaient en for\u00eats.\u00a0\u00bb<\/a><\/p>\n<p class=\"auteur\"><span class=\"author\"><span class=\"name\">LACTANCE<\/span><\/span> (vers 250-vers 325)<\/p>\n\n<\/blockquote><\/div>\n<\/div>\n<\/div>\n<\/div><\/div>\n<\/div>\n<div class=\"views-row views-row-2 views-row-even\">\n<div class=\"views-field views-field-field-index-collection\">\n<div class=\"field-content\">\n<div class=\"field-collection-view clearfix view-mode-full field-collection-view-final\">\n<div class=\"entity entity-field-collection-item field-collection-item-field-index-collection clearfix\">\n<div class=\"content\">\n<blockquote>\n<p class=\"citation-small\"><a href=\"https:\/\/histoire-en-citations.fr\/WP\/histoire-litterature-lhistoire-ecrite-par-les-historiens-de-la-gaule-au-siecle-de-louis-xiv#406\">\u00ab\u00a0Le peuple par la longueur de la paix est tant multipli\u00e9.\u00a0\u00bb<\/a><\/p>\n<p class=\"auteur\"><span class=\"author\"><span class=\"surname\">Claude de <\/span><span class=\"name\">SEYSSEL<\/span><\/span> (vers 1450-1520)<\/p>\n\n<\/blockquote><\/div>\n<\/div>\n<\/div>\n<\/div><\/div>\n<\/div>\n<div class=\"views-row views-row-3 views-row-odd\">\n<div class=\"views-field views-field-field-index-collection\">\n<div class=\"field-content\">\n<div class=\"field-collection-view clearfix view-mode-full field-collection-view-final\">\n<div class=\"entity entity-field-collection-item field-collection-item-field-index-collection clearfix\">\n<div class=\"content\">\n<blockquote>\n<p class=\"citation-small\"><a href=\"https:\/\/histoire-en-citations.fr\/WP\/histoire-du-travail-en-citations-du-moyen-age-au-xixe-siecle#588\">\u00ab\u00a0On tient les paysans en France dans une telle suj\u00e9tion qu\u2019on n\u2019ose pas leur donner des armes [\u2026] On leur laisse \u00e0 peine de quoi se nourrir.\u00a0\u00bb<\/a><\/p>\n<p class=\"auteur\"><span class=\"author\"><span class=\"surname\">Sir George <\/span><span class=\"name\">CAREW<\/span><\/span> (??-1613), ambassadeur anglais (1609)<\/p>\n\n<\/blockquote><\/div>\n<\/div>\n<\/div>\n<\/div><\/div>\n<\/div>\n<div class=\"views-row views-row-4 views-row-even\">\n<div class=\"views-field views-field-field-index-collection\">\n<div class=\"field-content\">\n<div class=\"field-collection-view clearfix view-mode-full field-collection-view-final\">\n<div class=\"entity entity-field-collection-item field-collection-item-field-index-collection clearfix\">\n<div class=\"content\">\n<blockquote>\n<p class=\"citation-small\"><a href=\"https:\/\/histoire-en-citations.fr\/WP\/histoire-du-travail-en-citations-du-moyen-age-au-xixe-siecle#589\">\u00ab\u00a0Le pauvre peuple des champs meurt de faim et se damne.\u00a0\u00bb<\/a><\/p>\n<p class=\"auteur\"><span class=\"author\"><span class=\"name\">VINCENT de PAUL<\/span><\/span> (1576-1660)<\/p>\n\n<\/blockquote><\/div>\n<\/div>\n<\/div>\n<\/div><\/div>\n<\/div>\n<div class=\"views-row views-row-5 views-row-odd\">\n<div class=\"views-field views-field-field-index-collection\">\n<div class=\"field-content\">\n<div class=\"field-collection-view clearfix view-mode-full field-collection-view-final\">\n<div class=\"entity entity-field-collection-item field-collection-item-field-index-collection clearfix\">\n<div class=\"content\">\n<blockquote>\n<p class=\"citation-small\"><a href=\"https:\/\/histoire-en-citations.fr\/WP\/citations-referentielles-le-miroir-de-lhistoire-naissance-de-la-monarchie-absolue-et-siecle-de-louis-xiv#649\">\u00ab\u00a0Labourage et p\u00e2turage sont les deux mamelles dont la France est aliment\u00e9e et les vrais mines et tr\u00e9sors du P\u00e9rou.\u00a0\u00bb<\/a><\/p>\n<p class=\"auteur\"><span class=\"author\"><span class=\"surname\">Duc de <\/span><span class=\"name\">SULLY<\/span><\/span> (1560-1641), <cite>\u00c9conomie royale<\/cite> (1594-1597)<\/p>\n\n<\/blockquote><\/div>\n<\/div>\n<\/div>\n<\/div><\/div>\n<\/div>\n<div class=\"views-row views-row-6 views-row-even\">\n<div class=\"views-field views-field-field-index-collection\">\n<div class=\"field-content\">\n<div class=\"field-collection-view clearfix view-mode-full field-collection-view-final\">\n<div class=\"entity entity-field-collection-item field-collection-item-field-index-collection clearfix\">\n<div class=\"content\">\n<blockquote>\n<p class=\"citation-small\"><a href=\"https:\/\/histoire-en-citations.fr\/WP\/eloge-des-citations-apocryphes#650\">\u00ab Je veux qu\u2019il n\u2019y ait si pauvre paysan en mon royaume qu\u2019il n\u2019ait tous les dimanches sa poule au pot. \u00bb<\/a><\/p>\n<p class=\"auteur\"><span class=\"author\"><span class=\"name\">HENRI IV<\/span><\/span> (1553-1610)<\/p>\n\n<\/blockquote><\/div>\n<\/div>\n<\/div>\n<\/div><\/div>\n<\/div>\n<div class=\"views-row views-row-7 views-row-odd\">\n<div class=\"views-field views-field-field-index-collection\">\n<div class=\"field-content\">\n<div class=\"field-collection-view clearfix view-mode-full field-collection-view-final\">\n<div class=\"entity entity-field-collection-item field-collection-item-field-index-collection clearfix\">\n<div class=\"content\">\n<blockquote>\n<p class=\"citation-small\"><a href=\"https:\/\/histoire-en-citations.fr\/WP\/histoires-de-famille-du-siecle-de-louis-xiv-a-la-revolution#837\">\u00ab\u00a0Bon mariage, mon fils [\u2026] Il faut bien que vous preniez du fumier pour engraisser vos terres\u00a0!\u00a0\u00bb<\/a><\/p>\n<p class=\"auteur\"><span class=\"author\"><span class=\"surname\">Duchesse de <\/span><span class=\"name\">CHAULNES<\/span><\/span> (??-1699) \u00e0 son fils, le duc de Picquigny<\/p>\n\n<\/blockquote><\/div>\n<\/div>\n<\/div>\n<\/div><\/div>\n<\/div>\n<div class=\"views-row views-row-8 views-row-even\">\n<div class=\"views-field views-field-field-index-collection\">\n<div class=\"field-content\">\n<div class=\"field-collection-view clearfix view-mode-full field-collection-view-final\">\n<div class=\"entity entity-field-collection-item field-collection-item-field-index-collection clearfix\">\n<div class=\"content\">\n<blockquote>\n<p class=\"citation-small\"><a href=\"https:\/\/histoire-en-citations.fr\/WP\/portrait-de-voltaire-en-citations#964\">\u00ab\u00a0Il a fallu des si\u00e8cles pour rendre justice \u00e0 l\u2019humanit\u00e9, pour sentir qu\u2019il \u00e9tait horrible que le grand nombre sem\u00e2t, et le petit recueill\u00eet.\u00a0\u00bb<\/a><\/p>\n<p class=\"auteur\"><span class=\"author\"><span class=\"name\">VOLTAIRE<\/span><\/span> (1694-1778), <cite>Lettres philosophiques<\/cite> (1734)<\/p>\n\n<\/blockquote><\/div>\n<\/div>\n<\/div>\n<\/div><\/div>\n<\/div>\n<div class=\"views-row views-row-9 views-row-odd\">\n<div class=\"views-field views-field-field-index-collection\">\n<div class=\"field-content\">\n<div class=\"field-collection-view clearfix view-mode-full field-collection-view-final\">\n<div class=\"entity entity-field-collection-item field-collection-item-field-index-collection clearfix\">\n<div class=\"content\">\n<blockquote>\n<p class=\"citation-small\"><a href=\"https:\/\/histoire-en-citations.fr\/WP\/lopinion-publique-des-francais-des-origines-au-siecle-des-lumieres#965\">\u00ab\u00a0Impositions indirectes\u00a0; pauvres paysans. Pauvres paysans\u00a0; pauvre royaume. Pauvre royaume\u00a0; pauvre souverain.\u00a0\u00bb<\/a><\/p>\n<p class=\"auteur\"><span class=\"author\"><span class=\"surname\">Pierre Samuel <\/span><span class=\"name\">DUPONT de NEMOURS<\/span><\/span> (1739-1817), <cite>De l\u2019origine et des progr\u00e8s d\u2019une science nouvelle<\/cite> (1768)<\/p>\n\n<\/blockquote><\/div>\n<\/div>\n<\/div>\n<\/div><\/div>\n<\/div>\n<div class=\"views-row views-row-10 views-row-even\">\n<div class=\"views-field views-field-field-index-collection\">\n<div class=\"field-content\">\n<div class=\"field-collection-view clearfix view-mode-full field-collection-view-final\">\n<div class=\"entity entity-field-collection-item field-collection-item-field-index-collection clearfix\">\n<div class=\"content\">\n<blockquote>\n<p class=\"citation-small\"><a href=\"https:\/\/histoire-en-citations.fr\/WP\/ces-etrangers-qui-firent-lhistoire-de-france-iii#1050\">\u00ab\u00a0Il n\u2019y a qu\u2019une science \u00e0 enseigner aux enfants, c\u2019est celle des devoirs de l\u2019homme.\u00a0\u00bb<\/a><\/p>\n<p class=\"auteur\"><span class=\"author\"><span class=\"surname\">Jean-Jacques <\/span><span class=\"name\">ROUSSEAU<\/span><\/span> (1712-1778), <cite>L\u2019\u00c9mile ou De l\u2019\u00e9ducation<\/cite> (1762)<\/p>\n\n<\/blockquote><\/div>\n<\/div>\n<\/div>\n<\/div><\/div>\n<\/div>\n<div class=\"views-row views-row-11 views-row-odd\">\n<div class=\"views-field views-field-field-index-collection\">\n<div class=\"field-content\">\n<div class=\"field-collection-view clearfix view-mode-full field-collection-view-final\">\n<div class=\"entity entity-field-collection-item field-collection-item-field-index-collection clearfix\">\n<div class=\"content\">\n<blockquote>\n<p class=\"citation-small\"><a href=\"https:\/\/histoire-en-citations.fr\/WP\/haro-sur-limpot-une-tragedie-historique-jusqua-la-revolution#1104\">\u00ab\u00a0J\u2019aime mieux leur [aux paysans] demander des bras qu\u2019ils ont que de l\u2019argent qu\u2019ils n\u2019ont pas.\u00a0\u00bb<\/a><\/p>\n<p class=\"auteur\"><span class=\"author\"><span class=\"surname\">Philibert <\/span><span class=\"name\">ORRY<\/span><\/span> (1689-1747), contr\u00f4leur g\u00e9n\u00e9ral des Finances de 1730 \u00e0 1745<\/p>\n\n<\/blockquote><\/div>\n<\/div>\n<\/div>\n<\/div><\/div>\n<\/div>\n<div class=\"views-row views-row-12 views-row-even\">\n<div class=\"views-field views-field-field-index-collection\">\n<div class=\"field-content\">\n<div class=\"field-collection-view clearfix view-mode-full field-collection-view-final\">\n<div class=\"entity entity-field-collection-item field-collection-item-field-index-collection clearfix\">\n<div class=\"content\">\n<blockquote>\n<p class=\"citation-small\"><a href=\"https:\/\/histoire-en-citations.fr\/WP\/lhistoire-en-chantant-de-la-fronde-au-siecle-des-lumieres#1218\">\u00ab\u00a0Enfin, j\u2019ons vu les \u00c9dits \/ Du roi Louis Seize\u00a0!En les lisant \u00e0 Paris, \/ J\u2019ons cru mourir d\u2019aise [\u2026]Je n\u2019irons plus au chemin \/ Comme \u00e0 la gal\u00e8reTravailler soir et matin \/ Sans aucun salaire.Le Roi, je ne mentons point, \/ A mis la corv\u00e9e \u00e0 bas.\u00a0\u00bb<\/a><\/p>\n<p class=\"auteur\"><cite>Les \u00c9dits<\/cite> (1776), chanson des Jacques Bonhomme de France<\/p>\n\n<\/blockquote><\/div>\n<\/div>\n<\/div>\n<\/div><\/div>\n<\/div>\n<div class=\"views-row views-row-13 views-row-odd\">\n<div class=\"views-field views-field-field-index-collection\">\n<div class=\"field-content\">\n<div class=\"field-collection-view clearfix view-mode-full field-collection-view-final\">\n<div class=\"entity entity-field-collection-item field-collection-item-field-index-collection clearfix\">\n<div class=\"content\">\n<blockquote>\n<p class=\"citation-small\"><a href=\"https:\/\/histoire-en-citations.fr\/WP\/lopinion-publique-des-francais-de-la-revolution-a-la-troisieme-republique#1315\">\u00ab\u00a0Sire, il n\u2019y a qu\u2019un monarque dans votre royaume, c\u2019est le fisc. Il \u00f4te l\u2019or de la couronne, l\u2019argent de la crosse, le fer de l\u2019\u00e9p\u00e9e et l\u2019orgueil aux paysans.\u00a0\u00bb<\/a><\/p>\n<p class=\"auteur\">Cahier de dol\u00e9ances de la ville de Marseille<\/p>\n\n<\/blockquote><\/div>\n<\/div>\n<\/div>\n<\/div><\/div>\n<\/div>\n<div class=\"views-row views-row-14 views-row-even\">\n<div class=\"views-field views-field-field-index-collection\">\n<div class=\"field-content\">\n<div class=\"field-collection-view clearfix view-mode-full field-collection-view-final\">\n<div class=\"entity entity-field-collection-item field-collection-item-field-index-collection clearfix\">\n<div class=\"content\">\n<blockquote>\n<p class=\"citation-small\"><a href=\"https:\/\/histoire-en-citations.fr\/WP\/recit-ou-roman-national-une-confusion-inadmissible-ii#1489\">\u00ab\u00a0Pays, Patrie, ces deux mots r\u00e9sument toute la guerre de Vend\u00e9e, querelle de l\u2019id\u00e9e locale contre l\u2019id\u00e9e universelle, paysans contre patriotes.\u00a0\u00bb<\/a><\/p>\n<p class=\"auteur\"><span class=\"author\"><span class=\"surname\">Victor <\/span><span class=\"name\">HUGO<\/span><\/span> (1802-1885), <cite>Quatre-vingt-treize<\/cite> (1874)<\/p>\n\n<\/blockquote><\/div>\n<\/div>\n<\/div>\n<\/div><\/div>\n<\/div>\n<div class=\"views-row views-row-15 views-row-odd\">\n<div class=\"views-field views-field-field-index-collection\">\n<div class=\"field-content\">\n<div class=\"field-collection-view clearfix view-mode-full field-collection-view-final\">\n<div class=\"entity entity-field-collection-item field-collection-item-field-index-collection clearfix\">\n<div class=\"content\">\n<blockquote>\n<p class=\"citation-small\"><a href=\"https:\/\/histoire-en-citations.fr\/WP\/basire-quand-donc-finira-cette-boucherie-de-deputes#2158\">\u00ab\u00a0Il n\u2019est pas n\u00e9cessaire pour faire un bon repr\u00e9sentant d\u2019avoir de l\u2019\u00e9ducation et de la fortune [\u2026] Un brave paysan, avec du bon sens et de l\u2019exp\u00e9rience, repr\u00e9sentera mieux les int\u00e9r\u00eats de sa condition qu\u2019un citoyen riche et lettr\u00e9.\u00a0\u00bb<\/a><\/p>\n<p class=\"auteur\"><span class=\"author\"><span class=\"surname\">Lazare <\/span><span class=\"name\">CARNOT<\/span><\/span> (1753-1823)<\/p>\n\n<\/blockquote><\/div>\n<\/div>\n<\/div>\n<\/div><\/div>\n<\/div>\n<div class=\"views-row views-row-16 views-row-even\">\n<div class=\"views-field views-field-field-index-collection\">\n<div class=\"field-content\">\n<div class=\"field-collection-view clearfix view-mode-full field-collection-view-final\">\n<div class=\"entity entity-field-collection-item field-collection-item-field-index-collection clearfix\">\n<div class=\"content\">\n<blockquote>\n<p class=\"citation-small\"><a href=\"https:\/\/histoire-en-citations.fr\/WP\/eloge-des-citations-apocryphes#2203\">\u00ab\u00a0L\u2019agriculture manque de bras.\u00a0\u00bb<\/a><\/p>\n<p class=\"auteur\"><span class=\"author\"><span class=\"surname\">Alphonse Valentin Vaysse de <\/span><span class=\"name\">RAINNEVILLE<\/span><\/span> (1798-1864), Rapport au ministre de l\u2019Agriculture<\/p>\n\n<\/blockquote><\/div>\n<\/div>\n<\/div>\n<\/div><\/div>\n<\/div>\n<div class=\"views-row views-row-17 views-row-odd\">\n<div class=\"views-field views-field-field-index-collection\">\n<div class=\"field-content\">\n<div class=\"field-collection-view clearfix view-mode-full field-collection-view-final\">\n<div class=\"entity entity-field-collection-item field-collection-item-field-index-collection clearfix\">\n<div class=\"content\">\n<blockquote>\n<p class=\"citation-small\"><a href=\"https:\/\/histoire-en-citations.fr\/WP\/histoire-du-travail-en-citations-du-moyen-age-au-xixe-siecle#2226\">\u00ab\u00a0Quand un homme a fait sa fortune par le travail, l\u2019industrie ou l\u2019agriculture, a am\u00e9lior\u00e9 le sort de ses ouvriers, a fait un noble usage de son bien, il est pr\u00e9f\u00e9rable \u00e0 ce qu\u2019il est convenu d\u2019appeler un homme politique.\u00a0\u00bb<\/a><\/p>\n<p class=\"auteur\"><span class=\"author\"><span class=\"surname\">Duc de <\/span><span class=\"name\">MORNY<\/span><\/span> (1811-1865)<\/p>\n\n<\/blockquote><\/div>\n<\/div>\n<\/div>\n<\/div><\/div>\n<\/div>\n<div class=\"views-row views-row-18 views-row-even\">\n<div class=\"views-field views-field-field-index-collection\">\n<div class=\"field-content\">\n<div class=\"field-collection-view clearfix view-mode-full field-collection-view-final\">\n<div class=\"entity entity-field-collection-item field-collection-item-field-index-collection clearfix\">\n<div class=\"content\">\n<blockquote>\n<p class=\"citation-small\"><a href=\"https:\/\/histoire-en-citations.fr\/WP\/les-appels-dans-lhistoire-de-napoleon-a-nos-jours#3146\">Paysans, ouvriers, tous unis, nous garderons le Larzac.<\/a><\/p>\n<p class=\"auteur\">Slogan de la manifestation du Larzac, 24 et 25\u00a0ao\u00fbt 1973<\/p>\n\n<\/blockquote><\/div>\n<\/div>\n<\/div>\n<\/div><\/div>\n<\/div>\n<div class=\"views-row views-row-19 views-row-odd\">\n<div class=\"views-field views-field-field-index-collection\">\n<div class=\"field-content\">\n<div class=\"field-collection-view clearfix view-mode-full field-collection-view-final\">\n<div class=\"entity entity-field-collection-item field-collection-item-field-index-collection clearfix\">\n<div class=\"content\">\n<blockquote>\n<p class=\"citation-small\"><a href=\"https:\/\/histoire-en-citations.fr\/WP\/les-animaux-dans-notre-histoire-du-siecle-des-lumieres-a-nos-jours#3339\">\u00ab\u00a0Les vaches folles rendent les bouchers anxieux.\u2014 Un malheur n\u2019arrive jamais seul\u00a0!\u00a0\u00bb<\/a><\/p>\n<p class=\"auteur\"><span class=\"author\"><span class=\"surname\">Roland <\/span><span class=\"name\">TOPOR<\/span><\/span> (1938-1997), <cite>Jach\u00e8re Party<\/cite> (1996)<\/p>\n\n<\/blockquote><\/div>\n<\/div>\n<\/div>\n<\/div><\/div>\n<\/div>\n<div class=\"views-row views-row-20 views-row-even views-row-last\">\n<div class=\"views-field views-field-field-index-collection\">\n<div class=\"field-content\">\n<div class=\"field-collection-view clearfix view-mode-full field-collection-view-final\">\n<div class=\"entity entity-field-collection-item field-collection-item-field-index-collection clearfix\">\n<div class=\"content\">\n<blockquote>\n<p class=\"citation-small\"><a href=\"https:\/\/histoire-en-citations.fr\/WP\/les-punchlines-cinquieme-republique-apres-de-gaulle#3357\">\u00ab\u00a0Le monde n\u2019est pas une marchandise.\u00a0\u00bb<\/a><\/p>\n<p class=\"auteur\"><span class=\"author\"><span class=\"surname\">Jos\u00e9 <\/span><span class=\"name\">BOV\u00c9<\/span><\/span> (n\u00e9 en 1953), titre de son livre (2000)<\/p>\n\n<\/blockquote><\/div>\n<\/div>\n<\/div>\n<\/div><\/div>\n<\/div>\n<\/div>\n<\/div>\n<\/div>\n<style>\r\n        a .cit-num {\r\n            text-decoration: none !important;\r\n            color: inherit !important;\r\n        }\r\n    <\/style>","protected":false},"excerpt":{"rendered":"<p>Dans une France agricole \u00e0 90% jusqu\u2019au XIXe\u00a0si\u00e8cle, on ne parlait pas d\u2019agriculteurs, mais de paysans. C\u2019est dire, en passant, la difficult\u00e9 de cette indexation. Mais \u201c\u00a0impossible n\u2019est pas fran\u00e7ais.\u00a0\u201d Cliquez sur une citation pour la consulter dans son contexte historique.Retour \u00e0 l\u2019index Affichage de 1 &#8211; 20 sur 20. \u00ab&nbsp;Tellement grande \u00e9tait devenue la [&#8230;]<\/p>\n","protected":false},"author":1,"featured_media":0,"parent":0,"menu_order":0,"comment_status":"closed","ping_status":"closed","template":"","meta":{"site-sidebar-layout":"default","site-content-layout":"","ast-site-content-layout":"default","site-content-style":"default","site-sidebar-style":"default","ast-global-header-display":"","ast-banner-title-visibility":"","ast-main-header-display":"","ast-hfb-above-header-display":"","ast-hfb-below-header-display":"","ast-hfb-mobile-header-display":"","site-post-title":"","ast-breadcrumbs-content":"","ast-featured-img":"","footer-sml-layout":"","theme-transparent-header-meta":"","adv-header-id-meta":"","stick-header-meta":"","header-above-stick-meta":"","header-main-stick-meta":"","header-below-stick-meta":"","astra-migrate-meta-layouts":"default","ast-page-background-enabled":"default","ast-page-background-meta":{"desktop":{"background-color":"var(--ast-global-color-5)","background-image":"","background-repeat":"repeat","background-position":"center center","background-size":"auto","background-attachment":"scroll","background-type":"","background-media":"","overlay-type":"","overlay-color":"","overlay-opacity":"","overlay-gradient":""},"tablet":{"background-color":"","background-image":"","background-repeat":"repeat","background-position":"center center","background-size":"auto","background-attachment":"scroll","background-type":"","background-media":"","overlay-type":"","overlay-color":"","overlay-opacity":"","overlay-gradient":""},"mobile":{"background-color":"","background-image":"","background-repeat":"repeat","background-position":"center center","background-size":"auto","background-attachment":"scroll","background-type":"","background-media":"","overlay-type":"","overlay-color":"","overlay-opacity":"","overlay-gradient":""}},"ast-content-background-meta":{"desktop":{"background-color":"var(--ast-global-color-4)","background-image":"","background-repeat":"repeat","background-position":"center center","background-size":"auto","background-attachment":"scroll","background-type":"","background-media":"","overlay-type":"","overlay-color":"","overlay-opacity":"","overlay-gradient":""},"tablet":{"background-color":"var(--ast-global-color-4)","background-image":"","background-repeat":"repeat","background-position":"center center","background-size":"auto","background-attachment":"scroll","background-type":"","background-media":"","overlay-type":"","overlay-color":"","overlay-opacity":"","overlay-gradient":""},"mobile":{"background-color":"var(--ast-global-color-4)","background-image":"","background-repeat":"repeat","background-position":"center center","background-size":"auto","background-attachment":"scroll","background-type":"","background-media":"","overlay-type":"","overlay-color":"","overlay-opacity":"","overlay-gradient":""}},"iawp_total_views":116,"footnotes":""},"class_list":["post-10563","page","type-page","status-publish","hentry"],"_links":{"self":[{"href":"https:\/\/histoire-en-citations.fr\/WP\/wp-json\/wp\/v2\/pages\/10563","targetHints":{"allow":["GET"]}}],"collection":[{"href":"https:\/\/histoire-en-citations.fr\/WP\/wp-json\/wp\/v2\/pages"}],"about":[{"href":"https:\/\/histoire-en-citations.fr\/WP\/wp-json\/wp\/v2\/types\/page"}],"author":[{"embeddable":true,"href":"https:\/\/histoire-en-citations.fr\/WP\/wp-json\/wp\/v2\/users\/1"}],"replies":[{"embeddable":true,"href":"https:\/\/histoire-en-citations.fr\/WP\/wp-json\/wp\/v2\/comments?post=10563"}],"version-history":[{"count":5,"href":"https:\/\/histoire-en-citations.fr\/WP\/wp-json\/wp\/v2\/pages\/10563\/revisions"}],"predecessor-version":[{"id":13484,"href":"https:\/\/histoire-en-citations.fr\/WP\/wp-json\/wp\/v2\/pages\/10563\/revisions\/13484"}],"wp:attachment":[{"href":"https:\/\/histoire-en-citations.fr\/WP\/wp-json\/wp\/v2\/media?parent=10563"}],"curies":[{"name":"wp","href":"https:\/\/api.w.org\/{rel}","templated":true}]}}