{"id":10573,"date":"2025-09-22T07:31:31","date_gmt":"2025-09-22T05:31:31","guid":{"rendered":"https:\/\/histoire-en-citations.fr\/WP\/argent-monnaie-richesse\/"},"modified":"2025-09-22T07:32:16","modified_gmt":"2025-09-22T05:32:16","slug":"argent-monnaie-richesse","status":"publish","type":"page","link":"https:\/\/histoire-en-citations.fr\/WP\/argent-monnaie-richesse\/","title":{"rendered":"argent (monnaie, richesse)"},"content":{"rendered":"<div class=\"content\">\n<div class=\"view view-index-taxo view-id-index_taxo view-display-id-page view-dom-id-91a1217506c6c0bc981bed2ecc8d6a05\">\n<div class=\"view-header\">\n<p class=\"presentation\">Objet de d\u00e9sir et cause de bien des haines, arme du pouvoir et nerf de toutes les guerres, sujet de th\u00e9orie \u00e9conomique et de r\u00e9volutions populaires\u2026 Th\u00e8me historiquement et litt\u00e9ralement in\u00e9puisable.<\/p>\n<p class=\"idxinfo\">Cliquez sur une citation pour la consulter dans son contexte historique.<a class=\"retour\" href=\"https:\/\/histoire-en-citations.fr\/WP\/indexation\/\">Retour \u00e0 l\u2019index<\/a><\/p>\n<p>Affichage de 1 \u2013 25 sur 81.<\/p><\/div>\n<div class=\"view-content\">\n<div class=\"views-row views-row-1 views-row-odd views-row-first\">\n<div class=\"views-field views-field-field-index-collection\">\n<div class=\"field-content\">\n<div class=\"field-collection-view clearfix view-mode-full field-collection-view-final\">\n<div class=\"entity entity-field-collection-item field-collection-item-field-index-collection clearfix\">\n<div class=\"content\">\n<blockquote>\n<p class=\"citation-small\"><a href=\"https:\/\/histoire-en-citations.fr\/WP\/paroles-de-papes-breve-histoire-de-la-religion-en-france-des-origines-jusquau-xvie-siecle#167\">\u00ab\u00a0Ils deviendront des soldats, ceux qui, jusqu\u2019\u00e0 ce jour, furent des brigands\u00a0; ils combattront l\u00e9gitimement contre les barbares, ceux qui se battaient contre leurs fr\u00e8res et leurs cousins\u00a0; et ils m\u00e9riteront la r\u00e9compense \u00e9ternelle, ceux qui se louaient comme mercenaires pour un peu d\u2019argent.\u00a0\u00bb<\/a><\/p>\n<p class=\"auteur\"><span class=\"author\"><span class=\"name\">URBAIN\u00a0II<\/span><\/span> (vers 1042-1099), Concile de Clermont, 1095<\/p>\n<p>\u00a0<\/p>\n<\/blockquote>\n<\/div>\n<\/div>\n<\/div>\n<\/div>\n<\/div>\n<\/div>\n<div class=\"views-row views-row-2 views-row-even\">\n<div class=\"views-field views-field-field-index-collection\">\n<div class=\"field-content\">\n<div class=\"field-collection-view clearfix view-mode-full field-collection-view-final\">\n<div class=\"entity entity-field-collection-item field-collection-item-field-index-collection clearfix\">\n<div class=\"content\">\n<blockquote>\n<p class=\"citation-small\"><a href=\"https:\/\/histoire-en-citations.fr\/WP\/paroles-de-papes-breve-histoire-de-la-religion-en-france-des-origines-jusquau-xvie-siecle#254\">\u00ab\u00a0Que le pape prenne garde [\u2026] On pourrait croire que c\u2019est \u00e0 prix d\u2019or qu\u2019il prot\u00e8ge les Templiers, coupables et conf\u00e8s, contre le z\u00e8le catholique du roi de France.\u00a0\u00bb<\/a><\/p>\n<p class=\"auteur\"><span class=\"author\"><span class=\"surname\">Pierre <\/span><span class=\"name\">DUBOIS<\/span><\/span> (vers 1250\/1255-apr. 1321), Pamphlet, 1308<\/p>\n<p>\u00a0<\/p>\n<\/blockquote>\n<\/div>\n<\/div>\n<\/div>\n<\/div>\n<\/div>\n<\/div>\n<div class=\"views-row views-row-3 views-row-odd\">\n<div class=\"views-field views-field-field-index-collection\">\n<div class=\"field-content\">\n<div class=\"field-collection-view clearfix view-mode-full field-collection-view-final\">\n<div class=\"entity entity-field-collection-item field-collection-item-field-index-collection clearfix\">\n<div class=\"content\">\n<blockquote>\n<p class=\"citation-small\"><a href=\"https:\/\/histoire-en-citations.fr\/WP\/plus-de-50-idees-recues-qui-faussent-lhistoire#360\">\u00ab\u00a0\u00c0 c\u0153ur vaillant, rien d\u2019impossible.\u00a0\u00bb<\/a><\/p>\n<p class=\"auteur\"><span class=\"author\"><span class=\"surname\">Jacques <\/span><span class=\"name\">C\u0152UR<\/span><\/span> (vers 1395-1456), devise<\/p>\n<p>\u00a0<\/p>\n<\/blockquote>\n<\/div>\n<\/div>\n<\/div>\n<\/div>\n<\/div>\n<\/div>\n<div class=\"views-row views-row-4 views-row-even\">\n<div class=\"views-field views-field-field-index-collection\">\n<div class=\"field-content\">\n<div class=\"field-collection-view clearfix view-mode-full field-collection-view-final\">\n<div class=\"entity entity-field-collection-item field-collection-item-field-index-collection clearfix\">\n<div class=\"content\">\n<blockquote>\n<p class=\"citation-small\"><a href=\"https:\/\/histoire-en-citations.fr\/WP\/le-progres-oui-mais-de-la-gaule-a-lempire#371\">\u00ab\u00a0Il faut faire suer les \u00e9cus.\u00a0\u00bb<\/a><\/p>\n<p class=\"auteur\">Maxime sous Louis\u00a0XI<\/p>\n<p>\u00a0<\/p>\n<\/blockquote>\n<\/div>\n<\/div>\n<\/div>\n<\/div>\n<\/div>\n<\/div>\n<div class=\"views-row views-row-5 views-row-odd\">\n<div class=\"views-field views-field-field-index-collection\">\n<div class=\"field-content\">\n<div class=\"field-collection-view clearfix view-mode-full field-collection-view-final\">\n<div class=\"entity entity-field-collection-item field-collection-item-field-index-collection clearfix\">\n<div class=\"content\">\n<blockquote>\n<p class=\"citation-small\"><a href=\"https:\/\/histoire-en-citations.fr\/WP\/lexception-culturelle-a-la-francaise-mythe-ou-realite-1#402\">\u00ab\u00a0Plaise au roi de me donner cent livresPour acheter livres et vivres.De livres je me passeraisMais de vivres je ne saurais.\u00a0\u00bb<\/a><\/p>\n<p class=\"auteur\"><span class=\"author\"><span class=\"surname\">Cl\u00e9ment <\/span><span class=\"name\">MAROT<\/span><\/span> (1496-1544), <cite>Quatrain \u00e0 Fran\u00e7ois\u00a0I<sup>er<\/sup><\/cite><\/p>\n<p>\u00a0<\/p>\n<\/blockquote>\n<\/div>\n<\/div>\n<\/div>\n<\/div>\n<\/div>\n<\/div>\n<div class=\"views-row views-row-6 views-row-even\">\n<div class=\"views-field views-field-field-index-collection\">\n<div class=\"field-content\">\n<div class=\"field-collection-view clearfix view-mode-full field-collection-view-final\">\n<div class=\"entity entity-field-collection-item field-collection-item-field-index-collection clearfix\">\n<div class=\"content\">\n<blockquote>\n<p class=\"citation-small\"><a href=\"https:\/\/histoire-en-citations.fr\/WP\/la-guerre-histoire-en-citations-dune-tragedie-seculaire-et-quotidienne-xvie-et-xviie-siecles#465\">\u00ab\u00a0Guerre faite sans bonne provision d\u2019argent n\u2019a qu\u2019un soupirail de vigueur. Les nerfs des batailles sont les p\u00e9cunes.\u00a0\u00bb<\/a><\/p>\n<p class=\"auteur\"><span class=\"author\"><span class=\"surname\">Fran\u00e7ois <\/span><span class=\"name\">RABELAIS<\/span><\/span> (vers 1494-1553), <cite>Gargantua<\/cite> (1534)<\/p>\n<p>\u00a0<\/p>\n<\/blockquote>\n<\/div>\n<\/div>\n<\/div>\n<\/div>\n<\/div>\n<\/div>\n<div class=\"views-row views-row-7 views-row-odd\">\n<div class=\"views-field views-field-field-index-collection\">\n<div class=\"field-content\">\n<div class=\"field-collection-view clearfix view-mode-full field-collection-view-final\">\n<div class=\"entity entity-field-collection-item field-collection-item-field-index-collection clearfix\">\n<div class=\"content\">\n<blockquote>\n<p class=\"citation-small\"><a href=\"https:\/\/histoire-en-citations.fr\/WP\/ces-etrangers-qui-firent-lhistoire-de-france-ii#512\">\u00ab\u00a0L\u2019argent est le nerf de la guerre.\u00a0\u00bb<\/a><\/p>\n<p class=\"auteur\"><span class=\"author\"><span class=\"name\">CATHERINE DE M\u00c9DICIS<\/span><\/span> (1519-1589), Lettre \u00e0 l\u2019ambassadeur d\u2019Espagne, ao\u00fbt\u00a01570<\/p>\n<p>\u00a0<\/p>\n<\/blockquote>\n<\/div>\n<\/div>\n<\/div>\n<\/div>\n<\/div>\n<\/div>\n<div class=\"views-row views-row-8 views-row-even\">\n<div class=\"views-field views-field-field-index-collection\">\n<div class=\"field-content\">\n<div class=\"field-collection-view clearfix view-mode-full field-collection-view-final\">\n<div class=\"entity entity-field-collection-item field-collection-item-field-index-collection clearfix\">\n<div class=\"content\">\n<blockquote>\n<p class=\"citation-small\"><a href=\"https:\/\/histoire-en-citations.fr\/WP\/paroles-de-papes-breve-histoire-de-la-religion-en-france-des-origines-jusquau-xvie-siecle#528\">\u00ab\u00a0Les Parisiens se mettent au pillage avec une extraordinaire avidit\u00e9\u00a0: bien des gens ne s\u2019\u00e9taient jamais imagin\u00e9 qu\u2019ils pourraient poss\u00e9der un jour les chevaux et l\u2019argenterie qu\u2019ils ont ce soir dans les mains.\u00a0\u00bb<\/a><\/p>\n<p class=\"auteur\"><span class=\"author\"><span class=\"surname\">Antonio Maria <\/span><span class=\"name\">SALVIATI<\/span><\/span> (1537-1602), nonce apostolique, lettre au pape Gr\u00e9goire XIII<\/p>\n<p>\u00a0<\/p>\n<\/blockquote>\n<\/div>\n<\/div>\n<\/div>\n<\/div>\n<\/div>\n<\/div>\n<div class=\"views-row views-row-9 views-row-odd\">\n<div class=\"views-field views-field-field-index-collection\">\n<div class=\"field-content\">\n<div class=\"field-collection-view clearfix view-mode-full field-collection-view-final\">\n<div class=\"entity entity-field-collection-item field-collection-item-field-index-collection clearfix\">\n<div class=\"content\">\n<blockquote>\n<p class=\"citation-small\"><a href=\"https:\/\/histoire-en-citations.fr\/WP\/histoire-litterature-lhistoire-ecrite-par-les-historiens-de-la-gaule-au-siecle-de-louis-xiv#611\">\u00ab\u00a0Les rois tenaient \u00e0 d\u00e9shonneur de savoir combien valait un \u00e9cu, et moi, je voudrais savoir ce que vaut un liard, combien de peine ont ces pauvres gens pour l\u2019acqu\u00e9rir, afin qu\u2019ils ne fussent charg\u00e9s que selon leur port\u00e9e.\u00a0\u00bb<\/a><\/p>\n<p class=\"auteur\"><span class=\"author\"><span class=\"name\">HENRI IV<\/span><\/span> (1553-1610)<\/p>\n<p>\u00a0<\/p>\n<\/blockquote>\n<\/div>\n<\/div>\n<\/div>\n<\/div>\n<\/div>\n<\/div>\n<div class=\"views-row views-row-10 views-row-even\">\n<div class=\"views-field views-field-field-index-collection\">\n<div class=\"field-content\">\n<div class=\"field-collection-view clearfix view-mode-full field-collection-view-final\">\n<div class=\"entity entity-field-collection-item field-collection-item-field-index-collection clearfix\">\n<div class=\"content\">\n<blockquote>\n<p class=\"citation-small\"><a href=\"https:\/\/histoire-en-citations.fr\/WP\/la-guerre-histoire-en-citations-dune-tragedie-seculaire-et-quotidienne-siecle-de-louis-xiv-et-siecle-des-lumieres#835\">\u00ab\u00a0Il n\u2019y a rien de plus n\u00e9cessaire dans un \u00c9tat que le commerce [\u2026] Le commerce est une guerre d\u2019argent.\u00a0\u00bb<\/a><\/p>\n<p class=\"auteur\"><span class=\"author\"><span class=\"surname\">Jean-Baptiste <\/span><span class=\"name\">COLBERT<\/span><\/span> (1619-1683), <cite>M\u00e9moire sur le commerce<\/cite> (1664)<\/p>\n<p>\u00a0<\/p>\n<\/blockquote>\n<\/div>\n<\/div>\n<\/div>\n<\/div>\n<\/div>\n<\/div>\n<div class=\"views-row views-row-11 views-row-odd\">\n<div class=\"views-field views-field-field-index-collection\">\n<div class=\"field-content\">\n<div class=\"field-collection-view clearfix view-mode-full field-collection-view-final\">\n<div class=\"entity entity-field-collection-item field-collection-item-field-index-collection clearfix\">\n<div class=\"content\">\n<blockquote>\n<p class=\"citation-small\"><a href=\"https:\/\/histoire-en-citations.fr\/WP\/histoires-de-famille-du-siecle-de-louis-xiv-a-la-revolution#836\">\u00ab\u00a0Si le financier manque son coup, les courtisans disent de lui\u00a0: c\u2019est un bourgeois, un homme de rien, un malotru\u00a0; s\u2019il r\u00e9ussit, ils lui demandent sa fille.\u00a0\u00bb<\/a><\/p>\n<p class=\"auteur\"><span class=\"author\"><span class=\"surname\">Jean de <\/span><span class=\"name\">LA BRUY\u00c8RE<\/span><\/span> (1645-1696), <cite>Les Caract\u00e8res<\/cite> (1688)<\/p>\n<p>\u00a0<\/p>\n<\/blockquote>\n<\/div>\n<\/div>\n<\/div>\n<\/div>\n<\/div>\n<\/div>\n<div class=\"views-row views-row-12 views-row-even\">\n<div class=\"views-field views-field-field-index-collection\">\n<div class=\"field-content\">\n<div class=\"field-collection-view clearfix view-mode-full field-collection-view-final\">\n<div class=\"entity entity-field-collection-item field-collection-item-field-index-collection clearfix\">\n<div class=\"content\">\n<blockquote>\n<p class=\"citation-small\"><a href=\"https:\/\/histoire-en-citations.fr\/WP\/histoires-de-famille-du-siecle-de-louis-xiv-a-la-revolution#837\">\u00ab\u00a0Bon mariage, mon fils [\u2026] Il faut bien que vous preniez du fumier pour engraisser vos terres\u00a0!\u00a0\u00bb<\/a><\/p>\n<p class=\"auteur\"><span class=\"author\"><span class=\"surname\">Duchesse de <\/span><span class=\"name\">CHAULNES<\/span><\/span> (??-1699) \u00e0 son fils, le duc de Picquigny<\/p>\n<p>\u00a0<\/p>\n<\/blockquote>\n<\/div>\n<\/div>\n<\/div>\n<\/div>\n<\/div>\n<\/div>\n<div class=\"views-row views-row-13 views-row-odd\">\n<div class=\"views-field views-field-field-index-collection\">\n<div class=\"field-content\">\n<div class=\"field-collection-view clearfix view-mode-full field-collection-view-final\">\n<div class=\"entity entity-field-collection-item field-collection-item-field-index-collection clearfix\">\n<div class=\"content\">\n<blockquote>\n<p class=\"citation-small\"><a href=\"https:\/\/histoire-en-citations.fr\/WP\/histoires-de-famille-du-siecle-de-louis-xiv-a-la-revolution#838\">\u00ab\u00a0J\u2019aime un amour fond\u00e9 sur un bon coffre-fort [\u2026] Cette veuve, je crois, ne serait point cruelle\u00a0; Ce serait une \u00e9ponge \u00e0 presser au besoin.\u00a0\u00bb<\/a><\/p>\n<p class=\"auteur\"><span class=\"author\"><span class=\"surname\">Jean-Fran\u00e7ois <\/span><span class=\"name\">REGNARD<\/span><\/span> (1655-1709), <cite>Le Joueur<\/cite> (1696)<\/p>\n<p>\u00a0<\/p>\n<\/blockquote>\n<\/div>\n<\/div>\n<\/div>\n<\/div>\n<\/div>\n<\/div>\n<div class=\"views-row views-row-14 views-row-even\">\n<div class=\"views-field views-field-field-index-collection\">\n<div class=\"field-content\">\n<div class=\"field-collection-view clearfix view-mode-full field-collection-view-final\">\n<div class=\"entity entity-field-collection-item field-collection-item-field-index-collection clearfix\">\n<div class=\"content\">\n<blockquote>\n<p class=\"citation-small\"><a href=\"https:\/\/histoire-en-citations.fr\/WP\/histoire-de-lantisemitisme-en-citations#839\">\u00ab\u00a0C\u2019est l\u2019usurier le plus juif\u00a0: il vend son argent au poids de l\u2019or.\u00a0\u00bb<\/a><\/p>\n<p class=\"auteur\"><span class=\"author\"><span class=\"surname\">Alain Ren\u00e9 <\/span><span class=\"name\">LESAGE<\/span><\/span> (1668-1747), <cite>Turcaret ou le Financier<\/cite> (1709)<\/p>\n<p>\u00a0<\/p>\n<\/blockquote>\n<\/div>\n<\/div>\n<\/div>\n<\/div>\n<\/div>\n<\/div>\n<div class=\"views-row views-row-15 views-row-odd\">\n<div class=\"views-field views-field-field-index-collection\">\n<div class=\"field-content\">\n<div class=\"field-collection-view clearfix view-mode-full field-collection-view-final\">\n<div class=\"entity entity-field-collection-item field-collection-item-field-index-collection clearfix\">\n<div class=\"content\">\n<blockquote>\n<p class=\"citation-small\"><a href=\"https:\/\/histoire-en-citations.fr\/WP\/portrait-de-louis-xiv-en-citations#890\">\u00ab\u00a0On nous dit que nos rois d\u00e9pensaient sans compter, Qu\u2019ils prenaient notre argent sans prendre nos conseils. Mais quand ils construisaient de semblables merveilles, Ne nous mettaient-ils pas notre argent de c\u00f4t\u00e9\u00a0?\u00a0\u00bb<\/a><\/p>\n<p class=\"auteur\"><span class=\"author\"><span class=\"surname\">Sacha <\/span><span class=\"name\">GUITRY<\/span><\/span> (1885-1957), <cite>Si Versailles m\u2019\u00e9tait cont\u00e9<\/cite> (film de 1953)<\/p>\n<p>\u00a0<\/p>\n<\/blockquote>\n<\/div>\n<\/div>\n<\/div>\n<\/div>\n<\/div>\n<\/div>\n<div class=\"views-row views-row-16 views-row-even\">\n<div class=\"views-field views-field-field-index-collection\">\n<div class=\"field-content\">\n<div class=\"field-collection-view clearfix view-mode-full field-collection-view-final\">\n<div class=\"entity entity-field-collection-item field-collection-item-field-index-collection clearfix\">\n<div class=\"content\">\n<blockquote>\n<p class=\"citation-small\"><a href=\"https:\/\/histoire-en-citations.fr\/WP\/paroles-de-papes-breve-histoire-de-la-religion-en-france-du-siecle-de-louis-xiv-a-nos-jours#960\">\u00ab\u00a0Qu\u2019est-ce qu\u2019un cardinal\u00a0? C\u2019est un pr\u00eatre habill\u00e9 de rouge qui a cent mille \u00e9cus du roi, pour se moquer de lui au nom du pape.\u00a0\u00bb<\/a><\/p>\n<p class=\"auteur\"><span class=\"author\"><span class=\"surname\">Nicolas de <\/span><span class=\"name\">CHAMFORT<\/span><\/span> (1740-1794), <cite>Pens\u00e9es, maximes et anecdotes<\/cite> (posthume, 1803)<\/p>\n<p>\u00a0<\/p>\n<\/blockquote>\n<\/div>\n<\/div>\n<\/div>\n<\/div>\n<\/div>\n<\/div>\n<div class=\"views-row views-row-17 views-row-odd\">\n<div class=\"views-field views-field-field-index-collection\">\n<div class=\"field-content\">\n<div class=\"field-collection-view clearfix view-mode-full field-collection-view-final\">\n<div class=\"entity entity-field-collection-item field-collection-item-field-index-collection clearfix\">\n<div class=\"content\">\n<blockquote>\n<p class=\"citation-small\"><a href=\"https:\/\/histoire-en-citations.fr\/WP\/histoires-de-famille-du-siecle-de-louis-xiv-a-la-revolution#962\">\u00ab\u00a0Les bourgeois, par une vanit\u00e9 ridicule, font de leur fille un fumier pour les terres des gens de qualit\u00e9.\u00a0\u00bb<\/a><\/p>\n<p class=\"auteur\"><span class=\"author\"><span class=\"surname\">Nicolas de <\/span><span class=\"name\">CHAMFORT<\/span><\/span> (1740-1794), <cite>Pens\u00e9es, maximes et anecdotes<\/cite> (posthume, 1803)<\/p>\n<p>\u00a0<\/p>\n<\/blockquote>\n<\/div>\n<\/div>\n<\/div>\n<\/div>\n<\/div>\n<\/div>\n<div class=\"views-row views-row-18 views-row-even\">\n<div class=\"views-field views-field-field-index-collection\">\n<div class=\"field-content\">\n<div class=\"field-collection-view clearfix view-mode-full field-collection-view-final\">\n<div class=\"entity entity-field-collection-item field-collection-item-field-index-collection clearfix\">\n<div class=\"content\">\n<blockquote>\n<p class=\"citation-small\"><a href=\"https:\/\/histoire-en-citations.fr\/WP\/si-paris-nous-etait-conte-du-moyen-age-au-siecle-des-lumieres#981\">\u00ab\u00a0Les grandes fortunes se commencent souvent en province\u00a0; mais ce n\u2019est qu\u2019\u00e0 Paris qu\u2019elles s\u2019ach\u00e8vent et qu\u2019on en jouit [\u2026] Paris est le centre de la dissipation.\u00a0\u00bb<\/a><\/p>\n<p class=\"auteur\"><span class=\"author\"><span class=\"surname\">Charles Pinot <\/span><span class=\"name\">DUCLOS<\/span><\/span> (1704-1772), <cite>Consid\u00e9rations sur les m\u0153urs de ce si\u00e8cle<\/cite> (1751)<\/p>\n<p>\u00a0<\/p>\n<\/blockquote>\n<\/div>\n<\/div>\n<\/div>\n<\/div>\n<\/div>\n<\/div>\n<div class=\"views-row views-row-19 views-row-odd\">\n<div class=\"views-field views-field-field-index-collection\">\n<div class=\"field-content\">\n<div class=\"field-collection-view clearfix view-mode-full field-collection-view-final\">\n<div class=\"entity entity-field-collection-item field-collection-item-field-index-collection clearfix\">\n<div class=\"content\">\n<blockquote>\n<p class=\"citation-small\"><a href=\"https:\/\/histoire-en-citations.fr\/WP\/histoire-du-travail-en-citations-du-moyen-age-au-xixe-siecle#983\">\u00ab\u00a0L\u2019int\u00e9r\u00eat est le plus grand monarque de la terre. Cette ardeur pour le travail, cette passion de s\u2019enrichir, passe de condition en condition, depuis les artisans jusques aux grands.\u00a0\u00bb<\/a><\/p>\n<p class=\"auteur\"><span class=\"author\"><span class=\"name\">MONTESQUIEU<\/span><\/span> (1689-1755), <cite>Lettres Persanes<\/cite> (1721)<\/p>\n<p>\u00a0<\/p>\n<\/blockquote>\n<\/div>\n<\/div>\n<\/div>\n<\/div>\n<\/div>\n<\/div>\n<div class=\"views-row views-row-20 views-row-even\">\n<div class=\"views-field views-field-field-index-collection\">\n<div class=\"field-content\">\n<div class=\"field-collection-view clearfix view-mode-full field-collection-view-final\">\n<div class=\"entity entity-field-collection-item field-collection-item-field-index-collection clearfix\">\n<div class=\"content\">\n<blockquote>\n<p class=\"citation-small\"><a href=\"https:\/\/histoire-en-citations.fr\/WP\/citations-referentielles-le-miroir-de-lhistoire-siecle-des-lumieres#984\">\u00ab\u00a0La soci\u00e9t\u00e9 est compos\u00e9e de deux grandes classes\u00a0: ceux qui ont plus de d\u00eeners que d\u2019app\u00e9tit et ceux qui ont plus d\u2019app\u00e9tit que de d\u00eeners.\u00a0\u00bb<\/a><\/p>\n<p class=\"auteur\"><span class=\"author\"><span class=\"surname\">Nicolas de <\/span><span class=\"name\">CHAMFORT<\/span><\/span> (1740-1794), <cite>Pens\u00e9es, maximes et anecdotes<\/cite> (posthume, 1803)<\/p>\n<p>\u00a0<\/p>\n<\/blockquote>\n<\/div>\n<\/div>\n<\/div>\n<\/div>\n<\/div>\n<\/div>\n<div class=\"views-row views-row-21 views-row-odd\">\n<div class=\"views-field views-field-field-index-collection\">\n<div class=\"field-content\">\n<div class=\"field-collection-view clearfix view-mode-full field-collection-view-final\">\n<div class=\"entity entity-field-collection-item field-collection-item-field-index-collection clearfix\">\n<div class=\"content\">\n<blockquote>\n<p class=\"citation-small\"><a href=\"https:\/\/histoire-en-citations.fr\/WP\/histoire-litterature-lhistoire-ecrite-par-les-historiens-du-siecle-des-lumieres-a-la-revolution#985\">\u00ab\u00a0On a tout avec de l\u2019argent, hormis des m\u0153urs et des citoyens.\u00a0\u00bb<\/a><\/p>\n<p class=\"auteur\"><span class=\"author\"><span class=\"surname\">Jean-Jacques <\/span><span class=\"name\">ROUSSEAU<\/span><\/span> (1712-1778), <cite>Discours sur les sciences et les arts<\/cite> (1750)<\/p>\n<p>\u00a0<\/p>\n<\/blockquote>\n<\/div>\n<\/div>\n<\/div>\n<\/div>\n<\/div>\n<\/div>\n<div class=\"views-row views-row-22 views-row-even\">\n<div class=\"views-field views-field-field-index-collection\">\n<div class=\"field-content\">\n<div class=\"field-collection-view clearfix view-mode-full field-collection-view-final\">\n<div class=\"entity entity-field-collection-item field-collection-item-field-index-collection clearfix\">\n<div class=\"content\">\n<blockquote>\n<p class=\"citation-small\"><a href=\"https:\/\/histoire-en-citations.fr\/WP\/citations-referentielles-le-miroir-de-lhistoire-siecle-des-lumieres#1082\">\u00ab\u00a0Dieu ne tire pas plus rapidement les hommes du n\u00e9ant.\u00a0\u00bb<\/a><\/p>\n<p class=\"auteur\"><span class=\"author\"><span class=\"name\">MONTESQUIEU<\/span><\/span> (1689-1755), parlant du syst\u00e8me de Law en 1719, <cite>Lettres Persanes<\/cite> (1721)<\/p>\n<p>\u00a0<\/p>\n<\/blockquote>\n<\/div>\n<\/div>\n<\/div>\n<\/div>\n<\/div>\n<\/div>\n<div class=\"views-row views-row-23 views-row-odd\">\n<div class=\"views-field views-field-field-index-collection\">\n<div class=\"field-content\">\n<div class=\"field-collection-view clearfix view-mode-full field-collection-view-final\">\n<div class=\"entity entity-field-collection-item field-collection-item-field-index-collection clearfix\">\n<div class=\"content\">\n<blockquote>\n<p class=\"citation-small\"><a href=\"https:\/\/histoire-en-citations.fr\/WP\/lhistoire-en-caricatures-siecle-des-lumieres#1083\">\u00ab\u00a0Lundi, je pris des actions,Mardi, je gagnai des millions,Mercredi, je pris \u00e9quipage,Jeudi, j\u2019agrandis mon m\u00e9nage,Vendredi, je m\u2019en fus au bal,Et samedi, \u00e0 l\u2019h\u00f4pital.\u00a0\u00bb<\/a><\/p>\n<p class=\"auteur\"><cite>Lundi je pris des actions<\/cite> (1720), chanson de rue<\/p>\n<p>\u00a0<\/p>\n<\/blockquote>\n<\/div>\n<\/div>\n<\/div>\n<\/div>\n<\/div>\n<\/div>\n<div class=\"views-row views-row-24 views-row-even\">\n<div class=\"views-field views-field-field-index-collection\">\n<div class=\"field-content\">\n<div class=\"field-collection-view clearfix view-mode-full field-collection-view-final\">\n<div class=\"entity entity-field-collection-item field-collection-item-field-index-collection clearfix\">\n<div class=\"content\">\n<blockquote>\n<p class=\"citation-small\"><a href=\"https:\/\/histoire-en-citations.fr\/WP\/lhistoire-en-chantant-de-la-fronde-au-siecle-des-lumieres#1092\">\u00ab\u00a0Dubois, gard\u00e9 par Cerb\u00e8re,Dit en voyant le R\u00e9gent\u00a0:\u2014 Monsieur, que venez-vous faire\u00a0?Ce pays est sans argent.\u00a0\u00bb<\/a><\/p>\n<p class=\"auteur\"><cite>Sur la mort du R\u00e9gent<\/cite> (1723), chanson<\/p>\n<p>\u00a0<\/p>\n<\/blockquote>\n<\/div>\n<\/div>\n<\/div>\n<\/div>\n<\/div>\n<\/div>\n<div class=\"views-row views-row-25 views-row-odd views-row-last\">\n<div class=\"views-field views-field-field-index-collection\">\n<div class=\"field-content\">\n<div class=\"field-collection-view clearfix view-mode-full field-collection-view-final\">\n<div class=\"entity entity-field-collection-item field-collection-item-field-index-collection clearfix\">\n<div class=\"content\">\n<blockquote>\n<p class=\"citation-small\"><a href=\"https:\/\/histoire-en-citations.fr\/WP\/haro-sur-limpot-une-tragedie-historique-jusqua-la-revolution#1104\">\u00ab\u00a0J\u2019aime mieux leur [aux paysans] demander des bras qu\u2019ils ont que de l\u2019argent qu\u2019ils n\u2019ont pas.\u00a0\u00bb<\/a><\/p>\n<p class=\"auteur\"><span class=\"author\"><span class=\"surname\">Philibert <\/span><span class=\"name\">ORRY<\/span><\/span> (1689-1747), contr\u00f4leur g\u00e9n\u00e9ral des Finances de 1730 \u00e0 1745<\/p>\n<p>\u00a0<\/p>\n<\/blockquote>\n<\/div>\n<\/div>\n<\/div>\n<\/div>\n<\/div>\n<\/div>\n<\/div>\n<h2 class=\"element-invisible\">Pages<\/h2>\n<ul class=\"pagination pagination-lg pull-right\">\n<li class=\"active\"><a href=\"https:\/\/histoire-en-citations.fr\/WP\/indexation\/\">1<\/a><\/li>\n<li class=\"pager-item\"><a title=\"Aller \u00e0 la page 2\" href=\"https:\/\/histoire-en-citations.fr\/WP\/argent-monnaie-richesse\/\">2<\/a><\/li>\n<li class=\"pager-item\"><a title=\"Aller \u00e0 la page 3\" href=\"https:\/\/histoire-en-citations.fr\/WP\/argent-monnaie-richesse\/\">3<\/a><\/li>\n<li class=\"pager-item\"><a title=\"Aller \u00e0 la page 4\" href=\"https:\/\/histoire-en-citations.fr\/WP\/argent-monnaie-richesse\/\">4<\/a><\/li>\n<li class=\"pager-next\"><a title=\"Aller \u00e0 la page suivante\" href=\"https:\/\/histoire-en-citations.fr\/WP\/argent-monnaie-richesse\/\">suivant\u00a0\u203a<\/a><\/li>\n<li class=\"pager-last\"><a title=\"Aller \u00e0 la derni\u00e8re page\" href=\"https:\/\/histoire-en-citations.fr\/WP\/argent-monnaie-richesse\/\">dernier\u00a0\u00bb<\/a><\/li>\n<\/ul>\n<\/div>\n<\/div>\n<style>\r\n        a .cit-num {\r\n            text-decoration: none !important;\r\n            color: inherit !important;\r\n        }\r\n    <\/style>","protected":false},"excerpt":{"rendered":"<p>Objet de d\u00e9sir et cause de bien des haines, arme du pouvoir et nerf de toutes les guerres, sujet de th\u00e9orie \u00e9conomique et de r\u00e9volutions populaires\u2026 Th\u00e8me historiquement et litt\u00e9ralement in\u00e9puisable. Cliquez sur une citation pour la consulter dans son contexte historique.Retour \u00e0 l\u2019index Affichage de 1 &#8211; 25 sur 81. \u00ab&nbsp;Ils deviendront des soldats, [&#8230;]<\/p>\n","protected":false},"author":1,"featured_media":0,"parent":0,"menu_order":0,"comment_status":"closed","ping_status":"closed","template":"","meta":{"site-sidebar-layout":"default","site-content-layout":"","ast-site-content-layout":"default","site-content-style":"default","site-sidebar-style":"default","ast-global-header-display":"","ast-banner-title-visibility":"","ast-main-header-display":"","ast-hfb-above-header-display":"","ast-hfb-below-header-display":"","ast-hfb-mobile-header-display":"","site-post-title":"","ast-breadcrumbs-content":"","ast-featured-img":"","footer-sml-layout":"","theme-transparent-header-meta":"default","adv-header-id-meta":"","stick-header-meta":"","header-above-stick-meta":"","header-main-stick-meta":"","header-below-stick-meta":"","astra-migrate-meta-layouts":"set","ast-page-background-enabled":"default","ast-page-background-meta":{"desktop":{"background-color":"var(--ast-global-color-5)","background-image":"","background-repeat":"repeat","background-position":"center center","background-size":"auto","background-attachment":"scroll","background-type":"","background-media":"","overlay-type":"","overlay-color":"","overlay-opacity":"","overlay-gradient":""},"tablet":{"background-color":"","background-image":"","background-repeat":"repeat","background-position":"center center","background-size":"auto","background-attachment":"scroll","background-type":"","background-media":"","overlay-type":"","overlay-color":"","overlay-opacity":"","overlay-gradient":""},"mobile":{"background-color":"","background-image":"","background-repeat":"repeat","background-position":"center center","background-size":"auto","background-attachment":"scroll","background-type":"","background-media":"","overlay-type":"","overlay-color":"","overlay-opacity":"","overlay-gradient":""}},"ast-content-background-meta":{"desktop":{"background-color":"var(--ast-global-color-4)","background-image":"","background-repeat":"repeat","background-position":"center center","background-size":"auto","background-attachment":"scroll","background-type":"","background-media":"","overlay-type":"","overlay-color":"","overlay-opacity":"","overlay-gradient":""},"tablet":{"background-color":"var(--ast-global-color-4)","background-image":"","background-repeat":"repeat","background-position":"center center","background-size":"auto","background-attachment":"scroll","background-type":"","background-media":"","overlay-type":"","overlay-color":"","overlay-opacity":"","overlay-gradient":""},"mobile":{"background-color":"var(--ast-global-color-4)","background-image":"","background-repeat":"repeat","background-position":"center center","background-size":"auto","background-attachment":"scroll","background-type":"","background-media":"","overlay-type":"","overlay-color":"","overlay-opacity":"","overlay-gradient":""}},"iawp_total_views":21,"footnotes":""},"class_list":["post-10573","page","type-page","status-publish","hentry"],"_links":{"self":[{"href":"https:\/\/histoire-en-citations.fr\/WP\/wp-json\/wp\/v2\/pages\/10573","targetHints":{"allow":["GET"]}}],"collection":[{"href":"https:\/\/histoire-en-citations.fr\/WP\/wp-json\/wp\/v2\/pages"}],"about":[{"href":"https:\/\/histoire-en-citations.fr\/WP\/wp-json\/wp\/v2\/types\/page"}],"author":[{"embeddable":true,"href":"https:\/\/histoire-en-citations.fr\/WP\/wp-json\/wp\/v2\/users\/1"}],"replies":[{"embeddable":true,"href":"https:\/\/histoire-en-citations.fr\/WP\/wp-json\/wp\/v2\/comments?post=10573"}],"version-history":[{"count":7,"href":"https:\/\/histoire-en-citations.fr\/WP\/wp-json\/wp\/v2\/pages\/10573\/revisions"}],"predecessor-version":[{"id":13504,"href":"https:\/\/histoire-en-citations.fr\/WP\/wp-json\/wp\/v2\/pages\/10573\/revisions\/13504"}],"wp:attachment":[{"href":"https:\/\/histoire-en-citations.fr\/WP\/wp-json\/wp\/v2\/media?parent=10573"}],"curies":[{"name":"wp","href":"https:\/\/api.w.org\/{rel}","templated":true}]}}