{"id":10591,"date":"2025-09-22T07:31:02","date_gmt":"2025-09-22T05:31:02","guid":{"rendered":"https:\/\/histoire-en-citations.fr\/WP\/chant-chanson\/"},"modified":"2025-09-22T07:31:02","modified_gmt":"2025-09-22T05:31:02","slug":"chant-chanson","status":"publish","type":"page","link":"https:\/\/histoire-en-citations.fr\/WP\/chant-chanson\/","title":{"rendered":"chant (chanson)"},"content":{"rendered":"<div class=\"content\">\n<div class=\"view view-index-taxo view-id-index_taxo view-display-id-page view-dom-id-d19d249cbc5456c120245345b86fc4fb\">\n<div class=\"view-header\">\n<p class=\"presentation\">L\u2019histoire de France par les chansons, \u00e7a existe et c\u2019est tout \u00e0 la fois dr\u00f4le et dramatique, h\u00e9ro\u00efque et po\u00e9tique. Moyen d\u2019expression populaire et souvent anonyme aux origines, il se joue de la censure. Les \u0153uvres sont ensuite sign\u00e9es, revendiqu\u00e9es, faisant parfois carri\u00e8re politique \u2013 <em>la Marseillaise<\/em> ou <em>l\u2019Internationale<\/em>.<\/p>\n<p class=\"idxinfo\">Cliquez sur une citation pour la consulter dans son contexte historique.<a class=\"retour\" href=\"https:\/\/histoire-en-citations.fr\/WP\/indexation\/\">Retour \u00e0 l\u2019index<\/a><\/p>\n<p> Affichage de 1 \u2013 25 sur 119.    <\/p><\/div>\n<div class=\"view-content\">\n<div class=\"views-row views-row-1 views-row-odd views-row-first\">\n<div class=\"views-field views-field-field-index-collection\">\n<div class=\"field-content\">\n<div class=\"field-collection-view clearfix view-mode-full field-collection-view-final\">\n<div class=\"entity entity-field-collection-item field-collection-item-field-index-collection clearfix\">\n<div class=\"content\">\n<blockquote>\n<p class=\"citation-small\"><a href=\"https:\/\/histoire-en-citations.fr\/WP\/lhistoire-en-chantant-de-la-gaule-a-louis-xiii#381\">\u00ab\u00a0J\u2019ai vu le roi d\u2019Angleterre\u00a0\/ Amener son grand ost [arm\u00e9e]Pour la fran\u00e7aise terre \/ Conqu\u00e9rir bref et tost [vite].Le roi, voyant l\u2019affaire,\u00a0\/ Si bon vin leur donnaQue l\u2019autre, sans rien faire,\u00a0\/ Content, s\u2019en retourna.\u00a0\u00bb<\/a><\/p>\n<p class=\"auteur\">Chanson qui met en sc\u00e8ne \u00c9douard\u00a0IV et Louis\u00a0XI, \u00e9t\u00e9 1475<\/p>\n\n<\/blockquote><\/div>\n<\/div>\n<\/div>\n<\/div><\/div>\n<\/div>\n<div class=\"views-row views-row-2 views-row-even\">\n<div class=\"views-field views-field-field-index-collection\">\n<div class=\"field-content\">\n<div class=\"field-collection-view clearfix view-mode-full field-collection-view-final\">\n<div class=\"entity entity-field-collection-item field-collection-item-field-index-collection clearfix\">\n<div class=\"content\">\n<blockquote>\n<p class=\"citation-small\"><a href=\"https:\/\/histoire-en-citations.fr\/WP\/la-guerre-histoire-en-citations-dune-tragedie-seculaire-et-quotidienne-xvie-et-xviie-siecles#440\">\u00ab\u00a0Sonnez, trompettes et clairons\u00a0 \/ Pour r\u00e9jouir les compagnonsBruyez bombardes et canons\u00a0\/ Donnez des horions,Tous gentils compagnons\u00a0 \/ Suivez, frappez, tuez.\u00a0\u00bb<\/a><\/p>\n<p class=\"auteur\"><cite>Chanson de Marignan<\/cite>, 1515<\/p>\n\n<\/blockquote><\/div>\n<\/div>\n<\/div>\n<\/div><\/div>\n<\/div>\n<div class=\"views-row views-row-3 views-row-odd\">\n<div class=\"views-field views-field-field-index-collection\">\n<div class=\"field-content\">\n<div class=\"field-collection-view clearfix view-mode-full field-collection-view-final\">\n<div class=\"entity entity-field-collection-item field-collection-item-field-index-collection clearfix\">\n<div class=\"content\">\n<blockquote>\n<p class=\"citation-small\"><a href=\"https:\/\/histoire-en-citations.fr\/WP\/lhistoire-en-chantant-de-la-gaule-a-louis-xiii#454\">\u00ab\u00a0H\u00e9las, La Palice est mort\u00a0\/ Il est mort devant PavieH\u00e9las\u00a0! s\u2019il n\u2019\u00e9tait pas mort \/ Il serait encore en vie.\u00a0\u00bb<\/a><\/p>\n<p class=\"auteur\"><cite>La Mort de La Palice<\/cite>, chanson de 1525<\/p>\n\n<\/blockquote><\/div>\n<\/div>\n<\/div>\n<\/div><\/div>\n<\/div>\n<div class=\"views-row views-row-4 views-row-even\">\n<div class=\"views-field views-field-field-index-collection\">\n<div class=\"field-content\">\n<div class=\"field-collection-view clearfix view-mode-full field-collection-view-final\">\n<div class=\"entity entity-field-collection-item field-collection-item-field-index-collection clearfix\">\n<div class=\"content\">\n<blockquote>\n<p class=\"citation-small\"><a href=\"https:\/\/histoire-en-citations.fr\/WP\/lhistoire-en-chantant-de-la-gaule-a-louis-xiii#471\">\u00ab\u00a0Quatre grosses b\u00eates Font un huguenot Calvin fait la t\u00eate Et Luther le dos Marot fait les pattes Et B\u00e8ze le trou du cul Lanturlu\u00a0!\u00a0\u00bb<\/a><\/p>\n<p class=\"auteur\"><cite>Quatre grosses b\u00eates<\/cite> (ou <cite>Contre les Huguenots<\/cite>), chanson satirique contre quatre protestants c\u00e9l\u00e8bres<\/p>\n\n<\/blockquote><\/div>\n<\/div>\n<\/div>\n<\/div><\/div>\n<\/div>\n<div class=\"views-row views-row-5 views-row-odd\">\n<div class=\"views-field views-field-field-index-collection\">\n<div class=\"field-content\">\n<div class=\"field-collection-view clearfix view-mode-full field-collection-view-final\">\n<div class=\"entity entity-field-collection-item field-collection-item-field-index-collection clearfix\">\n<div class=\"content\">\n<blockquote>\n<p class=\"citation-small\"><a href=\"https:\/\/histoire-en-citations.fr\/WP\/lhistoire-en-chantant-de-la-gaule-a-louis-xiii#478\">\u00ab\u00a0Dans le ch\u00e2teau de Rambouillet,Le roi Fran\u00e7ois s\u2019y tr\u00e9passait [\u2026]Par quoi chantons \u00e0 haute voixVive Henri, roi des Fran\u00e7ois\u00a0!\u00a0\u00bb<\/a><\/p>\n<p class=\"auteur\"><cite>Chanson nouvelle compos\u00e9e sur les regrets du tr\u00e9passement du Tr\u00e8s Chr\u00e9tien Roi de France<\/cite>, 1547<\/p>\n\n<\/blockquote><\/div>\n<\/div>\n<\/div>\n<\/div><\/div>\n<\/div>\n<div class=\"views-row views-row-6 views-row-even\">\n<div class=\"views-field views-field-field-index-collection\">\n<div class=\"field-content\">\n<div class=\"field-collection-view clearfix view-mode-full field-collection-view-final\">\n<div class=\"entity entity-field-collection-item field-collection-item-field-index-collection clearfix\">\n<div class=\"content\">\n<blockquote>\n<p class=\"citation-small\"><a href=\"https:\/\/histoire-en-citations.fr\/WP\/qui-a-dit-quoi-de-qui-renaissance-naissance-de-la-monarchie-absolue#547\">\u00ab\u00a0Il y a bien de la besogne \u00a0\u00c0 regarder ce petit roiCar il a mis en d\u00e9sarroi Toutes les filles de sa femmeMais on sait que la bonne dame S\u2019en venge bien de son c\u00f4t\u00e9\u00a0!\u00a0\u00bb<\/a><\/p>\n<p class=\"auteur\">Chanson populaire sur Henri de Navarre et la reine Margot (1579)<\/p>\n\n<\/blockquote><\/div>\n<\/div>\n<\/div>\n<\/div><\/div>\n<\/div>\n<div class=\"views-row views-row-7 views-row-odd\">\n<div class=\"views-field views-field-field-index-collection\">\n<div class=\"field-content\">\n<div class=\"field-collection-view clearfix view-mode-full field-collection-view-final\">\n<div class=\"entity entity-field-collection-item field-collection-item-field-index-collection clearfix\">\n<div class=\"content\">\n<blockquote>\n<p class=\"citation-small\"><a href=\"https:\/\/histoire-en-citations.fr\/WP\/lhistoire-en-caricatures-de-lantiquite-a-la-renaissance#605\">\u00ab\u00a0Vive Henri\u00a0IV Vive ce roi vaillant\u00a0! Ce diable \u00e0 quatre A le triple talent De boire et de se battre Et d\u2019\u00eatre un Vert Galant\u00a0!\u00a0\u00bb<\/a><\/p>\n<p class=\"auteur\"><cite>Vive Henri\u00a0IV<\/cite>, chanson anonyme<\/p>\n\n<\/blockquote><\/div>\n<\/div>\n<\/div>\n<\/div><\/div>\n<\/div>\n<div class=\"views-row views-row-8 views-row-even\">\n<div class=\"views-field views-field-field-index-collection\">\n<div class=\"field-content\">\n<div class=\"field-collection-view clearfix view-mode-full field-collection-view-final\">\n<div class=\"entity entity-field-collection-item field-collection-item-field-index-collection clearfix\">\n<div class=\"content\">\n<blockquote>\n<p class=\"citation-small\"><a href=\"https:\/\/histoire-en-citations.fr\/WP\/lhistoire-en-chantant-de-la-gaule-a-louis-xiii#608\">\u00ab\u00a0Charmante Gabrielle, \/ Perc\u00e9 de mille dards Quand la gloire m\u2019appelle \/ Sous les drapeaux de MarsCruelle d\u00e9partie \/ Malheureux jour Que ne suis-je sans vie \/ Ou sans amour\u00a0!\u00a0\u00bb<\/a><\/p>\n<p class=\"auteur\"><span class=\"author\"><span class=\"name\">HENRI IV<\/span><\/span> (1553-1610), Chanson<\/p>\n\n<\/blockquote><\/div>\n<\/div>\n<\/div>\n<\/div><\/div>\n<\/div>\n<div class=\"views-row views-row-9 views-row-odd\">\n<div class=\"views-field views-field-field-index-collection\">\n<div class=\"field-content\">\n<div class=\"field-collection-view clearfix view-mode-full field-collection-view-final\">\n<div class=\"entity entity-field-collection-item field-collection-item-field-index-collection clearfix\">\n<div class=\"content\">\n<blockquote>\n<p class=\"citation-small\"><a href=\"https:\/\/histoire-en-citations.fr\/WP\/lhistoire-en-chantant-de-la-gaule-a-louis-xiii#677\">\u00ab\u00a0H\u00e9las, ma pauvre barbe, qui est-ce qui t\u2019a faite ainsi\u00a0?C\u2019est le grand roi Louis,Treizi\u00e8me du nom,Qui toute a esbarb\u00e9 sa maison.\u00a0\u00bb<\/a><\/p>\n<p class=\"auteur\"><cite>La Barbe \u00e0 la royale<\/cite>, chanson<\/p>\n\n<\/blockquote><\/div>\n<\/div>\n<\/div>\n<\/div><\/div>\n<\/div>\n<div class=\"views-row views-row-10 views-row-even\">\n<div class=\"views-field views-field-field-index-collection\">\n<div class=\"field-content\">\n<div class=\"field-collection-view clearfix view-mode-full field-collection-view-final\">\n<div class=\"entity entity-field-collection-item field-collection-item-field-index-collection clearfix\">\n<div class=\"content\">\n<blockquote>\n<p class=\"citation-small\"><a href=\"https:\/\/histoire-en-citations.fr\/WP\/la-guerre-histoire-en-citations-dune-tragedie-seculaire-et-quotidienne-xvie-et-xviie-siecles#700\">\u00ab\u00a0Sire, ne soyez point courtois\u00c0 ces rebelles RochelloisPoint de pardon\u00a0: il faut tout pendre\u00a0!Vous m\u2019avez donn\u00e9 la maisonD\u2019un parpaillot. S\u2019il faut la rendre,Je serai sot comme un oison.\u00a0\u00bb<\/a><\/p>\n<p class=\"auteur\"><cite>Les Rochellois<\/cite>, chanson<\/p>\n\n<\/blockquote><\/div>\n<\/div>\n<\/div>\n<\/div><\/div>\n<\/div>\n<div class=\"views-row views-row-11 views-row-odd\">\n<div class=\"views-field views-field-field-index-collection\">\n<div class=\"field-content\">\n<div class=\"field-collection-view clearfix view-mode-full field-collection-view-final\">\n<div class=\"entity entity-field-collection-item field-collection-item-field-index-collection clearfix\">\n<div class=\"content\">\n<blockquote>\n<p class=\"citation-small\"><a href=\"https:\/\/histoire-en-citations.fr\/WP\/lhistoire-en-chantant-de-la-fronde-au-siecle-des-lumieres#784\">\u00ab\u00a0Cond\u00e9, vous voil\u00e0 dans Vincennes,Dieu veuille vous y maintenir.On ne se met pas fort en peineComment vous en pourrez sortir.\u00a0\u00bb<\/a><\/p>\n<p class=\"auteur\"><cite>Cond\u00e9, vous voil\u00e0 dans Vincennes<\/cite>, chanson (1650)<\/p>\n\n<\/blockquote><\/div>\n<\/div>\n<\/div>\n<\/div><\/div>\n<\/div>\n<div class=\"views-row views-row-12 views-row-even\">\n<div class=\"views-field views-field-field-index-collection\">\n<div class=\"field-content\">\n<div class=\"field-collection-view clearfix view-mode-full field-collection-view-final\">\n<div class=\"entity entity-field-collection-item field-collection-item-field-index-collection clearfix\">\n<div class=\"content\">\n<blockquote>\n<p class=\"citation-small\"><a href=\"https:\/\/histoire-en-citations.fr\/WP\/lhistoire-en-chantant-de-la-fronde-au-siecle-des-lumieres#786\">\u00ab\u00a0Qui n\u2019admire l\u2019enfance D\u2019un jeune Roi plus beau que le jour,Soit qu\u2019il chante ou qu\u2019il danse Les dames pour lui br\u00fblent d\u2019amourEt tout bas disent avec rougeur\u00a0: Qu\u2019il est beau, que n\u2019est-il majeur.\u00a0\u00bb<\/a><\/p>\n<p class=\"auteur\"><cite>Qui n\u2019admire l\u2019enfance<\/cite> (1650), chanson<\/p>\n\n<\/blockquote><\/div>\n<\/div>\n<\/div>\n<\/div><\/div>\n<\/div>\n<div class=\"views-row views-row-13 views-row-odd\">\n<div class=\"views-field views-field-field-index-collection\">\n<div class=\"field-content\">\n<div class=\"field-collection-view clearfix view-mode-full field-collection-view-final\">\n<div class=\"entity entity-field-collection-item field-collection-item-field-index-collection clearfix\">\n<div class=\"content\">\n<blockquote>\n<p class=\"citation-small\"><a href=\"https:\/\/histoire-en-citations.fr\/WP\/ces-etrangers-qui-firent-lhistoire-de-france-iii#803\">\u00ab\u00a0Vive tout ce qui vient d\u2019EspagneHors la fille de leur Roi\u00a0!\u00a0\u00bb<\/a><\/p>\n<p class=\"auteur\"><cite>Ils sont gens de parole<\/cite>, chanson (1660)<\/p>\n\n<\/blockquote><\/div>\n<\/div>\n<\/div>\n<\/div><\/div>\n<\/div>\n<div class=\"views-row views-row-14 views-row-even\">\n<div class=\"views-field views-field-field-index-collection\">\n<div class=\"field-content\">\n<div class=\"field-collection-view clearfix view-mode-full field-collection-view-final\">\n<div class=\"entity entity-field-collection-item field-collection-item-field-index-collection clearfix\">\n<div class=\"content\">\n<blockquote>\n<p class=\"citation-small\"><a href=\"https:\/\/histoire-en-citations.fr\/WP\/lhistoire-en-caricatures-naissance-de-la-monarchie-absolue#815\">\u00ab\u00a0En France et sous nos rois, la chanson fut longtemps la seule opposition possible\u00a0; on d\u00e9finissait le gouvernement d\u2019alors comme une monarchie absolue temp\u00e9r\u00e9e par des chansons.\u00a0\u00bb<\/a><\/p>\n<p class=\"auteur\"><span class=\"author\"><span class=\"surname\">Eug\u00e8ne <\/span><span class=\"name\">SCRIBE<\/span><\/span> (1791-1861), Discours de r\u00e9ception \u00e0 l\u2019Acad\u00e9mie fran\u00e7aise (1834)<\/p>\n\n<\/blockquote><\/div>\n<\/div>\n<\/div>\n<\/div><\/div>\n<\/div>\n<div class=\"views-row views-row-15 views-row-odd\">\n<div class=\"views-field views-field-field-index-collection\">\n<div class=\"field-content\">\n<div class=\"field-collection-view clearfix view-mode-full field-collection-view-final\">\n<div class=\"entity entity-field-collection-item field-collection-item-field-index-collection clearfix\">\n<div class=\"content\">\n<blockquote>\n<p class=\"citation-small\"><a href=\"https:\/\/histoire-en-citations.fr\/WP\/citations-referentielles-le-miroir-de-lhistoire-naissance-de-la-monarchie-absolue-et-siecle-de-louis-xiv#880\">\u00ab\u00a0L\u2019attelage du soleil \/ N\u2019aura jamais son pareil. \/ Il est de quatre chevaux \/ Qui ne sont ni bons ni beaux [\u2026]Pr\u00e9c\u00e9d\u00e9 de deux cavales [\u2026] \/ Toutes deux fortes des reins \/ Toutes deux sont poulini\u00e8res,L\u2019une est maigre au dernier point, \/ L\u2019autre cr\u00e8ve d\u2019embonpoint.\u00a0\u00bb<\/a><\/p>\n<p class=\"auteur\"><cite>Chanson all\u00e9gorique sur les ministres et les ma\u00eetresses de Louis\u00a0XIV<\/cite><\/p>\n\n<\/blockquote><\/div>\n<\/div>\n<\/div>\n<\/div><\/div>\n<\/div>\n<div class=\"views-row views-row-16 views-row-even\">\n<div class=\"views-field views-field-field-index-collection\">\n<div class=\"field-content\">\n<div class=\"field-collection-view clearfix view-mode-full field-collection-view-final\">\n<div class=\"entity entity-field-collection-item field-collection-item-field-index-collection clearfix\">\n<div class=\"content\">\n<blockquote>\n<p class=\"citation-small\"><a href=\"https:\/\/histoire-en-citations.fr\/WP\/lopinion-publique-des-francais-des-origines-au-siecle-des-lumieres#881\">\u00ab\u00a0Colbert avait un grand-p\u00e8re \/ Qui n\u2019\u00e9tait pas si savantNi si riche que son p\u00e8re \/ Ni si dur aux pauvres gens.\u00a0\u00bb<\/a><\/p>\n<p class=\"auteur\"><cite>Colbert avait un grand-p\u00e8re<\/cite>, chanson<\/p>\n\n<\/blockquote><\/div>\n<\/div>\n<\/div>\n<\/div><\/div>\n<\/div>\n<div class=\"views-row views-row-17 views-row-odd\">\n<div class=\"views-field views-field-field-index-collection\">\n<div class=\"field-content\">\n<div class=\"field-collection-view clearfix view-mode-full field-collection-view-final\">\n<div class=\"entity entity-field-collection-item field-collection-item-field-index-collection clearfix\">\n<div class=\"content\">\n<blockquote>\n<p class=\"citation-small\"><a href=\"https:\/\/histoire-en-citations.fr\/WP\/lhistoire-en-chantant-de-la-fronde-au-siecle-des-lumieres#918\">\u00ab\u00a0Le bout de Monsieur d\u2019ArgensonSe raccourcit avec la lune.Il deviendra colima\u00e7on,Le bout de Monsieur d\u2019Argenson\u00a0!\u00a0\u00bb<\/a><\/p>\n<p class=\"auteur\"><cite>Le Bout de Monsieur d\u2019Argenson<\/cite> (1698), chanson<\/p>\n\n<\/blockquote><\/div>\n<\/div>\n<\/div>\n<\/div><\/div>\n<\/div>\n<div class=\"views-row views-row-18 views-row-even\">\n<div class=\"views-field views-field-field-index-collection\">\n<div class=\"field-content\">\n<div class=\"field-collection-view clearfix view-mode-full field-collection-view-final\">\n<div class=\"entity entity-field-collection-item field-collection-item-field-index-collection clearfix\">\n<div class=\"content\">\n<blockquote>\n<p class=\"citation-small\"><a href=\"https:\/\/histoire-en-citations.fr\/WP\/paroles-de-papes-breve-histoire-de-la-religion-en-france-du-siecle-de-louis-xiv-a-nos-jours#919\">\u00ab\u00a0La Chamilly est si touch\u00e9e \/ Des grands plaisirs du Paradis,Qu\u2019apr\u00e8s sa pri\u00e8re achev\u00e9e, \/ Elle a dit \u00e0 son favori\u00a0:Pour mon corps, je vous l\u2019abandonne, \/ Mon \u00e2me \u00e9tant mon seul souci,Et lorsque \u00e0 Dieu son \u00e2me on donne, \/ On peut donner le reste \u00e0 son ami.\u00a0\u00bb<\/a><\/p>\n<p class=\"auteur\"><cite>Sur une dame qui\u00e9tiste<\/cite> (1698), chanson<\/p>\n\n<\/blockquote><\/div>\n<\/div>\n<\/div>\n<\/div><\/div>\n<\/div>\n<div class=\"views-row views-row-19 views-row-odd\">\n<div class=\"views-field views-field-field-index-collection\">\n<div class=\"field-content\">\n<div class=\"field-collection-view clearfix view-mode-full field-collection-view-final\">\n<div class=\"entity entity-field-collection-item field-collection-item-field-index-collection clearfix\">\n<div class=\"content\">\n<blockquote>\n<p class=\"citation-small\"><a href=\"https:\/\/histoire-en-citations.fr\/WP\/lhistoire-en-caricatures-naissance-de-la-monarchie-absolue#929\">\u00ab\u00a0Ah\u00a0! que votre \u00e2me est abus\u00e9e \/ Dans le choix de tous les guerriers.Faut-il qu\u2019une vieille \u00e9dent\u00e9e \/ Fasse fl\u00e9trir tous vos lauriers\u00a0?\u00a0\u00bb<\/a><\/p>\n<p class=\"auteur\"><cite>Contre Maintenon<\/cite>, chanson<\/p>\n\n<\/blockquote><\/div>\n<\/div>\n<\/div>\n<\/div><\/div>\n<\/div>\n<div class=\"views-row views-row-20 views-row-even\">\n<div class=\"views-field views-field-field-index-collection\">\n<div class=\"field-content\">\n<div class=\"field-collection-view clearfix view-mode-full field-collection-view-final\">\n<div class=\"entity entity-field-collection-item field-collection-item-field-index-collection clearfix\">\n<div class=\"content\">\n<blockquote>\n<p class=\"citation-small\"><a href=\"https:\/\/histoire-en-citations.fr\/WP\/lhistoire-en-caricatures-naissance-de-la-monarchie-absolue#934\">\u00ab\u00a0Louis, avec sa charmante,\u00a0\/ Enferm\u00e9 dans Trianon, \/ Sur la mis\u00e8re pr\u00e9sente,\u00a0\/ Se lamente sur ce ton\u00a0:Et allons, ma tourlourette \/ Et allons, ma tourlouron.\u00a0\u00bb<\/a><\/p>\n<p class=\"auteur\"><cite>Louis avec sa charmante<\/cite>, chanson<\/p>\n\n<\/blockquote><\/div>\n<\/div>\n<\/div>\n<\/div><\/div>\n<\/div>\n<div class=\"views-row views-row-21 views-row-odd\">\n<div class=\"views-field views-field-field-index-collection\">\n<div class=\"field-content\">\n<div class=\"field-collection-view clearfix view-mode-full field-collection-view-final\">\n<div class=\"entity entity-field-collection-item field-collection-item-field-index-collection clearfix\">\n<div class=\"content\">\n<blockquote>\n<p class=\"citation-small\"><a href=\"https:\/\/histoire-en-citations.fr\/WP\/lhistoire-en-chantant-de-la-fronde-au-siecle-des-lumieres#948\">\u00ab\u00a0Enfin, Louis le Grand est mort\u00a0!\u00a0 \/ La Parque a termin\u00e9 son sort.O reguingu\u00e9, o lon la la, \/ Elle vient de trancher sa vie, Toute l\u2019Europe en est ravie.\u00a0\u00bb<\/a><\/p>\n<p class=\"auteur\"><cite>La Mort de Louis\u00a0XIV<\/cite> (1715), chanson<\/p>\n\n<\/blockquote><\/div>\n<\/div>\n<\/div>\n<\/div><\/div>\n<\/div>\n<div class=\"views-row views-row-22 views-row-even\">\n<div class=\"views-field views-field-field-index-collection\">\n<div class=\"field-content\">\n<div class=\"field-collection-view clearfix view-mode-full field-collection-view-final\">\n<div class=\"entity entity-field-collection-item field-collection-item-field-index-collection clearfix\">\n<div class=\"content\">\n<blockquote>\n<p class=\"citation-small\"><a href=\"https:\/\/histoire-en-citations.fr\/WP\/lopinion-publique-des-francais-des-origines-au-siecle-des-lumieres#993\">\u00ab\u00a0Un homme d\u2019esprit me disait l\u2019autre jour que le gouvernement de la France \u00e9tait une monarchie absolue temp\u00e9r\u00e9e par des chansons.\u00a0\u00bb<\/a><\/p>\n<p class=\"auteur\"><span class=\"author\"><span class=\"surname\">Nicolas de <\/span><span class=\"name\">CHAMFORT<\/span><\/span> (1740-1794), <cite>Pens\u00e9es, maximes et anecdotes<\/cite> (posthume, 1803)<\/p>\n\n<\/blockquote><\/div>\n<\/div>\n<\/div>\n<\/div><\/div>\n<\/div>\n<div class=\"views-row views-row-23 views-row-odd\">\n<div class=\"views-field views-field-field-index-collection\">\n<div class=\"field-content\">\n<div class=\"field-collection-view clearfix view-mode-full field-collection-view-final\">\n<div class=\"entity entity-field-collection-item field-collection-item-field-index-collection clearfix\">\n<div class=\"content\">\n<blockquote>\n<p class=\"citation-small\"><a href=\"https:\/\/histoire-en-citations.fr\/WP\/lhistoire-en-caricatures-siecle-des-lumieres#1083\">\u00ab\u00a0Lundi, je pris des actions,Mardi, je gagnai des millions,Mercredi, je pris \u00e9quipage,Jeudi, j\u2019agrandis mon m\u00e9nage,Vendredi, je m\u2019en fus au bal,Et samedi, \u00e0 l\u2019h\u00f4pital.\u00a0\u00bb<\/a><\/p>\n<p class=\"auteur\"><cite>Lundi je pris des actions<\/cite> (1720), chanson de rue<\/p>\n\n<\/blockquote><\/div>\n<\/div>\n<\/div>\n<\/div><\/div>\n<\/div>\n<div class=\"views-row views-row-24 views-row-even\">\n<div class=\"views-field views-field-field-index-collection\">\n<div class=\"field-content\">\n<div class=\"field-collection-view clearfix view-mode-full field-collection-view-final\">\n<div class=\"entity entity-field-collection-item field-collection-item-field-index-collection clearfix\">\n<div class=\"content\">\n<blockquote>\n<p class=\"citation-small\"><a href=\"https:\/\/histoire-en-citations.fr\/WP\/lhistoire-en-chantant-de-la-fronde-au-siecle-des-lumieres#1092\">\u00ab\u00a0Dubois, gard\u00e9 par Cerb\u00e8re,Dit en voyant le R\u00e9gent\u00a0:\u2014 Monsieur, que venez-vous faire\u00a0?Ce pays est sans argent.\u00a0\u00bb<\/a><\/p>\n<p class=\"auteur\"><cite>Sur la mort du R\u00e9gent<\/cite> (1723), chanson<\/p>\n\n<\/blockquote><\/div>\n<\/div>\n<\/div>\n<\/div><\/div>\n<\/div>\n<div class=\"views-row views-row-25 views-row-odd views-row-last\">\n<div class=\"views-field views-field-field-index-collection\">\n<div class=\"field-content\">\n<div class=\"field-collection-view clearfix view-mode-full field-collection-view-final\">\n<div class=\"entity entity-field-collection-item field-collection-item-field-index-collection clearfix\">\n<div class=\"content\">\n<blockquote>\n<p class=\"citation-small\"><a href=\"https:\/\/histoire-en-citations.fr\/WP\/lhistoire-en-chantant-de-la-fronde-au-siecle-des-lumieres#1107\">\u00ab\u00a0Notre monarque, enfin, \/ Se distingue \u00e0 Cyth\u00e8re. \/ De son galant destin \/ On ne fait plus myst\u00e8re.Mailly, dont on babille, \/ La premi\u00e8re \u00e9prouva \/ La royale b\u00e9quille \/ Du p\u00e8re Barnabas.\u00a0\u00bb<\/a><\/p>\n<p class=\"auteur\"><cite>Notre monarque enfin<\/cite>, chanson<\/p>\n\n<\/blockquote><\/div>\n<\/div>\n<\/div>\n<\/div><\/div>\n<\/div>\n<\/div>\n<h2 class=\"element-invisible\">Pages<\/h2>\n<ul class=\"pagination pagination-lg pull-right\">\n<li class=\"active\"><a href=\"https:\/\/histoire-en-citations.fr\/WP\/indexation\/\">1<\/a><\/li>\n<li class=\"pager-item\"><a title=\"Aller \u00e0 la page 2\" href=\"https:\/\/histoire-en-citations.fr\/WP\/chant-chanson\/\">2<\/a><\/li>\n<li class=\"pager-item\"><a title=\"Aller \u00e0 la page 3\" href=\"https:\/\/histoire-en-citations.fr\/WP\/chant-chanson\/\">3<\/a><\/li>\n<li class=\"pager-item\"><a title=\"Aller \u00e0 la page 4\" href=\"https:\/\/histoire-en-citations.fr\/WP\/chant-chanson\/\">4<\/a><\/li>\n<li class=\"pager-item\"><a title=\"Aller \u00e0 la page 5\" href=\"https:\/\/histoire-en-citations.fr\/WP\/chant-chanson\/\">5<\/a><\/li>\n<li class=\"pager-next\"><a title=\"Aller \u00e0 la page suivante\" href=\"https:\/\/histoire-en-citations.fr\/WP\/chant-chanson\/\">suivant\u00a0\u203a<\/a><\/li>\n<li class=\"pager-last\"><a title=\"Aller \u00e0 la derni\u00e8re page\" href=\"https:\/\/histoire-en-citations.fr\/WP\/chant-chanson\/\">dernier\u00a0\u00bb<\/a><\/li>\n<\/ul>\n<\/div><\/div>\n<style>\r\n        a .cit-num {\r\n            text-decoration: none !important;\r\n            color: inherit !important;\r\n        }\r\n    <\/style>","protected":false},"excerpt":{"rendered":"<p>L\u2019histoire de France par les chansons, \u00e7a existe et c\u2019est tout \u00e0 la fois dr\u00f4le et dramatique, h\u00e9ro\u00efque et po\u00e9tique. Moyen d\u2019expression populaire et souvent anonyme aux origines, il se joue de la censure. Les \u0153uvres sont ensuite sign\u00e9es, revendiqu\u00e9es, faisant parfois carri\u00e8re politique &#8211; la Marseillaise ou l\u2019Internationale. Cliquez sur une citation pour la [&#8230;]<\/p>\n","protected":false},"author":1,"featured_media":0,"parent":0,"menu_order":0,"comment_status":"closed","ping_status":"closed","template":"","meta":{"site-sidebar-layout":"default","site-content-layout":"","ast-site-content-layout":"default","site-content-style":"default","site-sidebar-style":"default","ast-global-header-display":"","ast-banner-title-visibility":"","ast-main-header-display":"","ast-hfb-above-header-display":"","ast-hfb-below-header-display":"","ast-hfb-mobile-header-display":"","site-post-title":"","ast-breadcrumbs-content":"","ast-featured-img":"","footer-sml-layout":"","theme-transparent-header-meta":"","adv-header-id-meta":"","stick-header-meta":"","header-above-stick-meta":"","header-main-stick-meta":"","header-below-stick-meta":"","astra-migrate-meta-layouts":"default","ast-page-background-enabled":"default","ast-page-background-meta":{"desktop":{"background-color":"var(--ast-global-color-5)","background-image":"","background-repeat":"repeat","background-position":"center center","background-size":"auto","background-attachment":"scroll","background-type":"","background-media":"","overlay-type":"","overlay-color":"","overlay-opacity":"","overlay-gradient":""},"tablet":{"background-color":"","background-image":"","background-repeat":"repeat","background-position":"center center","background-size":"auto","background-attachment":"scroll","background-type":"","background-media":"","overlay-type":"","overlay-color":"","overlay-opacity":"","overlay-gradient":""},"mobile":{"background-color":"","background-image":"","background-repeat":"repeat","background-position":"center center","background-size":"auto","background-attachment":"scroll","background-type":"","background-media":"","overlay-type":"","overlay-color":"","overlay-opacity":"","overlay-gradient":""}},"ast-content-background-meta":{"desktop":{"background-color":"var(--ast-global-color-4)","background-image":"","background-repeat":"repeat","background-position":"center center","background-size":"auto","background-attachment":"scroll","background-type":"","background-media":"","overlay-type":"","overlay-color":"","overlay-opacity":"","overlay-gradient":""},"tablet":{"background-color":"var(--ast-global-color-4)","background-image":"","background-repeat":"repeat","background-position":"center center","background-size":"auto","background-attachment":"scroll","background-type":"","background-media":"","overlay-type":"","overlay-color":"","overlay-opacity":"","overlay-gradient":""},"mobile":{"background-color":"var(--ast-global-color-4)","background-image":"","background-repeat":"repeat","background-position":"center center","background-size":"auto","background-attachment":"scroll","background-type":"","background-media":"","overlay-type":"","overlay-color":"","overlay-opacity":"","overlay-gradient":""}},"iawp_total_views":19,"footnotes":""},"class_list":["post-10591","page","type-page","status-publish","hentry"],"_links":{"self":[{"href":"https:\/\/histoire-en-citations.fr\/WP\/wp-json\/wp\/v2\/pages\/10591","targetHints":{"allow":["GET"]}}],"collection":[{"href":"https:\/\/histoire-en-citations.fr\/WP\/wp-json\/wp\/v2\/pages"}],"about":[{"href":"https:\/\/histoire-en-citations.fr\/WP\/wp-json\/wp\/v2\/types\/page"}],"author":[{"embeddable":true,"href":"https:\/\/histoire-en-citations.fr\/WP\/wp-json\/wp\/v2\/users\/1"}],"replies":[{"embeddable":true,"href":"https:\/\/histoire-en-citations.fr\/WP\/wp-json\/wp\/v2\/comments?post=10591"}],"version-history":[{"count":4,"href":"https:\/\/histoire-en-citations.fr\/WP\/wp-json\/wp\/v2\/pages\/10591\/revisions"}],"predecessor-version":[{"id":13513,"href":"https:\/\/histoire-en-citations.fr\/WP\/wp-json\/wp\/v2\/pages\/10591\/revisions\/13513"}],"wp:attachment":[{"href":"https:\/\/histoire-en-citations.fr\/WP\/wp-json\/wp\/v2\/media?parent=10591"}],"curies":[{"name":"wp","href":"https:\/\/api.w.org\/{rel}","templated":true}]}}