{"id":10605,"date":"2025-09-22T07:31:52","date_gmt":"2025-09-22T05:31:52","guid":{"rendered":"https:\/\/histoire-en-citations.fr\/WP\/commune-de-paris-1871\/"},"modified":"2025-09-22T07:31:52","modified_gmt":"2025-09-22T05:31:52","slug":"commune-de-paris-1871","status":"publish","type":"page","link":"https:\/\/histoire-en-citations.fr\/WP\/commune-de-paris-1871\/","title":{"rendered":"Commune de Paris (1871)"},"content":{"rendered":"<div class=\"content\">\n<div class=\"view view-index-taxo view-id-index_taxo view-display-id-page view-dom-id-e5b03f8be6e103c0af5863c8cf0bdd6f\">\n<div class=\"view-header\">\n<p class=\"presentation\">Derni\u00e8re de nos grandes guerres civiles (Versaillais contre Communards), doubl\u00e9e de la guerre franco-allemande de 1870-71 et d\u2019un conflit id\u00e9ologique majeur. Paris assi\u00e9g\u00e9, affam\u00e9, d\u00e9chir\u00e9\u00a0: trag\u00e9die exemplaire, qui marque la m\u00e9moire collective. La Troisi\u00e8me R\u00e9publique v\u00e9ritablement na\u00eet dans la douleur.<\/p>\n<p class=\"idxinfo\">Cliquez sur une citation pour la consulter dans son contexte historique.<a href=\"https:\/\/histoire-en-citations.fr\/WP\/indexation\/\" class=\"retour\">Retour \u00e0 l\u2019index<\/a><\/p>\n<p> Affichage de 1 \u2013 25 sur 25.    <\/p><\/div>\n<div class=\"view-content\">\n<div class=\"views-row views-row-1 views-row-odd views-row-first\">\n<div class=\"views-field views-field-field-index-collection\">\n<div class=\"field-content\">\n<div class=\"field-collection-view clearfix view-mode-full field-collection-view-final\">\n<div class=\"entity entity-field-collection-item field-collection-item-field-index-collection clearfix\">\n<div class=\"content\">\n<blockquote>\n<p class=\"citation-small\"><a href=\"https:\/\/histoire-en-citations.fr\/WP\/citations-referentielles-le-miroir-de-lhistoire-siecle-des-lumieres#1232\">\u00ab Pour tout homme, le premier pays est sa patrie et le second c\u2019est la France. \u00bb<\/a><\/p>\n<p class=\"auteur\"><span class=\"author\"><span class=\"surname\">Thomas <\/span><span class=\"name\">JEFFERSON<\/span><\/span> (1743-1826)<\/p>\n\n<\/blockquote><\/div>\n<\/div>\n<\/div>\n<\/div><\/div>\n<\/div>\n<div class=\"views-row views-row-2 views-row-even\">\n<div class=\"views-field views-field-field-index-collection\">\n<div class=\"field-content\">\n<div class=\"field-collection-view clearfix view-mode-full field-collection-view-final\">\n<div class=\"entity entity-field-collection-item field-collection-item-field-index-collection clearfix\">\n<div class=\"content\">\n<blockquote>\n<p class=\"citation-small\"><a href=\"https:\/\/histoire-en-citations.fr\/WP\/portrait-de-victor-hugo-en-citations#2325\">\u00ab\u00a0Sauver Paris, c\u2019est plus que sauver la France, c\u2019est sauver le monde.\u00a0\u00bb<\/a><\/p>\n<p class=\"auteur\"><span class=\"author\"><span class=\"surname\">Victor <\/span><span class=\"name\">HUGO<\/span><\/span> (1802-1885), <cite>Pendant l\u2019exil<\/cite> (\u00e9crits et discours de 1852-1870)<\/p>\n\n<\/blockquote><\/div>\n<\/div>\n<\/div>\n<\/div><\/div>\n<\/div>\n<div class=\"views-row views-row-3 views-row-odd\">\n<div class=\"views-field views-field-field-index-collection\">\n<div class=\"field-content\">\n<div class=\"field-collection-view clearfix view-mode-full field-collection-view-final\">\n<div class=\"entity entity-field-collection-item field-collection-item-field-index-collection clearfix\">\n<div class=\"content\">\n<blockquote>\n<p class=\"citation-small\"><a href=\"https:\/\/histoire-en-citations.fr\/WP\/lhistoire-en-caricatures-troisieme-republique#2326\">\u00ab\u00a0Montmartre, Belleville, \u00f4 l\u00e9gions vaillantes, Venez, c\u2019est l\u2019heure d\u2019en finir. Debout\u00a0! La honte est lourde et pesantes les cha\u00eenes, Debout\u00a0! Il est beau de mourir.\u00a0\u00bb<\/a><\/p>\n<p class=\"auteur\"><span class=\"author\"><span class=\"surname\">Louise <\/span><span class=\"name\">MICHEL<\/span><\/span> (1830-1905), <cite>\u00c0 ceux qui veulent rester esclaves<\/cite><\/p>\n\n<\/blockquote><\/div>\n<\/div>\n<\/div>\n<\/div><\/div>\n<\/div>\n<div class=\"views-row views-row-4 views-row-even\">\n<div class=\"views-field views-field-field-index-collection\">\n<div class=\"field-content\">\n<div class=\"field-collection-view clearfix view-mode-full field-collection-view-final\">\n<div class=\"entity entity-field-collection-item field-collection-item-field-index-collection clearfix\">\n<div class=\"content\">\n<blockquote>\n<p class=\"citation-small\"><a href=\"https:\/\/histoire-en-citations.fr\/WP\/la-commune-ou-lautre-revolution#2327\">\u00ab\u00a0L\u2019\u00e9meute, c\u2019est quand le populaire est battu\u00a0: tous des vauriens\u00a0! La r\u00e9volution, c\u2019est quand il est le plus fort\u00a0: tous des h\u00e9ros\u00a0!\u00a0\u00bb<\/a><\/p>\n<p class=\"auteur\"><span class=\"author\"><span class=\"surname\">Victorien <\/span><span class=\"name\">SARDOU<\/span><\/span> (1831-1908), <cite>Rabagas<\/cite> (1880)<\/p>\n\n<\/blockquote><\/div>\n<\/div>\n<\/div>\n<\/div><\/div>\n<\/div>\n<div class=\"views-row views-row-5 views-row-odd\">\n<div class=\"views-field views-field-field-index-collection\">\n<div class=\"field-content\">\n<div class=\"field-collection-view clearfix view-mode-full field-collection-view-final\">\n<div class=\"entity entity-field-collection-item field-collection-item-field-index-collection clearfix\">\n<div class=\"content\">\n<blockquote>\n<p class=\"citation-small\"><a href=\"https:\/\/histoire-en-citations.fr\/WP\/la-commune-ou-lautre-revolution#2328\">\u00ab\u00a0Je commence \u00e0 m\u2019embrouiller, moi, dans ces insurrections qui sont un devoir, et dans ces insurrections qui sont un crime\u00a0! Je ne vois pas bien la diff\u00e9rence.\u00a0\u00bb<\/a><\/p>\n<p class=\"auteur\"><span class=\"author\"><span class=\"surname\">Ludovic <\/span><span class=\"name\">HAL\u00c9VY<\/span><\/span> (1834-1908), <cite>Madame et Monsieur Cardinal<\/cite> (1872)<\/p>\n\n<\/blockquote><\/div>\n<\/div>\n<\/div>\n<\/div><\/div>\n<\/div>\n<div class=\"views-row views-row-6 views-row-even\">\n<div class=\"views-field views-field-field-index-collection\">\n<div class=\"field-content\">\n<div class=\"field-collection-view clearfix view-mode-full field-collection-view-final\">\n<div class=\"entity entity-field-collection-item field-collection-item-field-index-collection clearfix\">\n<div class=\"content\">\n<blockquote>\n<p class=\"citation-small\"><a href=\"https:\/\/histoire-en-citations.fr\/WP\/qui-a-dit-quoi-de-qui-troisieme-republique#2329\">\u00ab\u00a0Elles ont p\u00e2li, merveilleuses \/ Au grand soleil d\u2019amour charg\u00e9,Sur le bronze des mitrailleuses \/ \u00c0 travers Paris insurg\u00e9.\u00a0\u00bb<\/a><\/p>\n<p class=\"auteur\"><span class=\"author\"><span class=\"surname\">Arthur <\/span><span class=\"name\">RIMBAUD<\/span><\/span> (1854-1891), <cite>Les Mains de Jeanne-Marie<\/cite> (1871)<\/p>\n\n<\/blockquote><\/div>\n<\/div>\n<\/div>\n<\/div><\/div>\n<\/div>\n<div class=\"views-row views-row-7 views-row-odd\">\n<div class=\"views-field views-field-field-index-collection\">\n<div class=\"field-content\">\n<div class=\"field-collection-view clearfix view-mode-full field-collection-view-final\">\n<div class=\"entity entity-field-collection-item field-collection-item-field-index-collection clearfix\">\n<div class=\"content\">\n<blockquote>\n<p class=\"citation-small\"><a href=\"https:\/\/histoire-en-citations.fr\/WP\/lhistoire-en-caricatures-troisieme-republique#2330\">\u00ab\u00a0Faisons la r\u00e9volution d\u2019abord, on verra ensuite.\u00a0\u00bb<\/a><\/p>\n<p class=\"auteur\"><span class=\"author\"><span class=\"surname\">Louise <\/span><span class=\"name\">MICHEL<\/span><\/span> (1830-1905)<\/p>\n\n<\/blockquote><\/div>\n<\/div>\n<\/div>\n<\/div><\/div>\n<\/div>\n<div class=\"views-row views-row-8 views-row-even\">\n<div class=\"views-field views-field-field-index-collection\">\n<div class=\"field-content\">\n<div class=\"field-collection-view clearfix view-mode-full field-collection-view-final\">\n<div class=\"entity entity-field-collection-item field-collection-item-field-index-collection clearfix\">\n<div class=\"content\">\n<blockquote>\n<p class=\"citation-small\"><a href=\"https:\/\/histoire-en-citations.fr\/WP\/la-commune-ou-lautre-revolution#2332\">\u00ab\u00a0On ne fait pas de r\u00e9volutions sans casser des t\u00eates. F\u00e9licitons-nous que les n\u00f4tres aient \u00e9t\u00e9 \u00e9pargn\u00e9es. Tout le monde ne peut pas mourir sur les barricades. Qui gouvernerait apr\u00e8s\u00a0?\u00a0\u00bb<\/a><\/p>\n<p class=\"auteur\"><span class=\"author\"><span class=\"surname\">Lucien <\/span><span class=\"name\">DESCAVES<\/span><\/span> (1861-1949), <cite>Soupes<\/cite> (1898)<\/p>\n\n<\/blockquote><\/div>\n<\/div>\n<\/div>\n<\/div><\/div>\n<\/div>\n<div class=\"views-row views-row-9 views-row-odd\">\n<div class=\"views-field views-field-field-index-collection\">\n<div class=\"field-content\">\n<div class=\"field-collection-view clearfix view-mode-full field-collection-view-final\">\n<div class=\"entity entity-field-collection-item field-collection-item-field-index-collection clearfix\">\n<div class=\"content\">\n<blockquote>\n<p class=\"citation-small\"><a href=\"https:\/\/histoire-en-citations.fr\/WP\/portrait-de-victor-hugo-en-citations#2349\">\u00ab\u00a0Trochu\u00a0: participe pass\u00e9 du verbe trop choir.\u00a0\u00bb<\/a><\/p>\n<p class=\"auteur\"><span class=\"author\"><span class=\"surname\">Victor <\/span><span class=\"name\">HUGO<\/span><\/span> (1802-1885)<\/p>\n\n<\/blockquote><\/div>\n<\/div>\n<\/div>\n<\/div><\/div>\n<\/div>\n<div class=\"views-row views-row-10 views-row-even\">\n<div class=\"views-field views-field-field-index-collection\">\n<div class=\"field-content\">\n<div class=\"field-collection-view clearfix view-mode-full field-collection-view-final\">\n<div class=\"entity entity-field-collection-item field-collection-item-field-index-collection clearfix\">\n<div class=\"content\">\n<blockquote>\n<p class=\"citation-small\"><a href=\"https:\/\/histoire-en-citations.fr\/WP\/la-commune-ou-lautre-revolution#2360\">\u00ab\u00a0Nous ne voulons pas recevoir tous les quinze jours des r\u00e9volutions par le chemin de fer et le t\u00e9l\u00e9graphe.\u00a0\u00bb<\/a><\/p>\n<p class=\"auteur\"><span class=\"author\"><span class=\"surname\">Gabriel Lacoste de <\/span><span class=\"name\">BELCASTEL<\/span><\/span> (1820-1890), d\u00e9but mars\u00a01871<\/p>\n\n<\/blockquote><\/div>\n<\/div>\n<\/div>\n<\/div><\/div>\n<\/div>\n<div class=\"views-row views-row-11 views-row-odd\">\n<div class=\"views-field views-field-field-index-collection\">\n<div class=\"field-content\">\n<div class=\"field-collection-view clearfix view-mode-full field-collection-view-final\">\n<div class=\"entity entity-field-collection-item field-collection-item-field-index-collection clearfix\">\n<div class=\"content\">\n<blockquote>\n<p class=\"citation-small\"><a href=\"https:\/\/histoire-en-citations.fr\/WP\/la-politique-est-elle-en-panne-de-reve-de-napoleon-a-nos-jours#2365\">\u00ab\u00a0La r\u00e9volution sera la floraison de l\u2019humanit\u00e9 comme l\u2019amour est la floraison du c\u0153ur.\u00a0\u00bb<\/a><\/p>\n<p class=\"auteur\"><span class=\"author\"><span class=\"surname\">Louise <\/span><span class=\"name\">MICHEL<\/span><\/span> (1830-1905), <cite>La Commune, Histoire et souvenirs<\/cite> (1898)<\/p>\n\n<\/blockquote><\/div>\n<\/div>\n<\/div>\n<\/div><\/div>\n<\/div>\n<div class=\"views-row views-row-12 views-row-even\">\n<div class=\"views-field views-field-field-index-collection\">\n<div class=\"field-content\">\n<div class=\"field-collection-view clearfix view-mode-full field-collection-view-final\">\n<div class=\"entity entity-field-collection-item field-collection-item-field-index-collection clearfix\">\n<div class=\"content\">\n<blockquote>\n<p class=\"citation-small\"><a href=\"https:\/\/histoire-en-citations.fr\/WP\/la-commune-ou-lautre-revolution#2368\">\u00ab\u00a0Monsieur Thiers, tous les matins, annonce que d\u00e8s le soir, entre les neuf heures, neuf heures un quart, il fera son entr\u00e9e dans la capitale sauvage du monde civilis\u00e9.\u00a0\u00bb<\/a><\/p>\n<p class=\"auteur\"><span class=\"author\"><span class=\"surname\">Henri <\/span><span class=\"name\">ROCHEFORT<\/span><\/span> (1831-1913), <cite>Le Mot d\u2019ordre<\/cite>, 16\u00a0avril 1871<\/p>\n\n<\/blockquote><\/div>\n<\/div>\n<\/div>\n<\/div><\/div>\n<\/div>\n<div class=\"views-row views-row-13 views-row-odd\">\n<div class=\"views-field views-field-field-index-collection\">\n<div class=\"field-content\">\n<div class=\"field-collection-view clearfix view-mode-full field-collection-view-final\">\n<div class=\"entity entity-field-collection-item field-collection-item-field-index-collection clearfix\">\n<div class=\"content\">\n<blockquote>\n<p class=\"citation-small\"><a href=\"https:\/\/histoire-en-citations.fr\/WP\/recit-ou-roman-national-une-confusion-inadmissible#2369\">\u00ab\u00a0Nous avons la mission d\u2019accomplir la r\u00e9volution moderne la plus large et la plus f\u00e9conde de toutes celles qui ont illumin\u00e9 l\u2019histoire.\u00a0\u00bb<\/a><\/p>\n<p class=\"auteur\">La Commune, D\u00e9claration au peuple fran\u00e7ais, 19\u00a0avril 1871<\/p>\n\n<\/blockquote><\/div>\n<\/div>\n<\/div>\n<\/div><\/div>\n<\/div>\n<div class=\"views-row views-row-14 views-row-even\">\n<div class=\"views-field views-field-field-index-collection\">\n<div class=\"field-content\">\n<div class=\"field-collection-view clearfix view-mode-full field-collection-view-final\">\n<div class=\"entity entity-field-collection-item field-collection-item-field-index-collection clearfix\">\n<div class=\"content\">\n<blockquote>\n<p class=\"citation-small\"><a href=\"https:\/\/histoire-en-citations.fr\/WP\/portrait-de-louise-michel-en-citations#2371\">\u00ab\u00a0Il s\u2019agit aujourd\u2019hui non plus de couper les t\u00eates, mais d\u2019ouvrir les intelligences.\u00a0\u00bb<\/a><\/p>\n<p class=\"auteur\"><span class=\"author\"><span class=\"surname\">Henri <\/span><span class=\"name\">ROCHEFORT<\/span><\/span> (1831-1913), <cite>Le Mot d\u2019ordre<\/cite>, 5\u00a0mai 1871<\/p>\n\n<\/blockquote><\/div>\n<\/div>\n<\/div>\n<\/div><\/div>\n<\/div>\n<div class=\"views-row views-row-15 views-row-odd\">\n<div class=\"views-field views-field-field-index-collection\">\n<div class=\"field-content\">\n<div class=\"field-collection-view clearfix view-mode-full field-collection-view-final\">\n<div class=\"entity entity-field-collection-item field-collection-item-field-index-collection clearfix\">\n<div class=\"content\">\n<blockquote>\n<p class=\"citation-small\"><a href=\"https:\/\/histoire-en-citations.fr\/WP\/les-appels-dans-lhistoire-de-napoleon-a-nos-jours#2373\">\u00ab\u00a0Paris sera soumis \u00e0 la puissance de l\u2019\u00c9tat comme un hameau de cent habitants.\u00a0\u00bb<\/a><\/p>\n<p class=\"auteur\"><span class=\"author\"><span class=\"surname\">Adolphe <\/span><span class=\"name\">THIERS<\/span><\/span> (1797-1877), D\u00e9claration du 15\u00a0mai 1871<\/p>\n\n<\/blockquote><\/div>\n<\/div>\n<\/div>\n<\/div><\/div>\n<\/div>\n<div class=\"views-row views-row-16 views-row-even\">\n<div class=\"views-field views-field-field-index-collection\">\n<div class=\"field-content\">\n<div class=\"field-collection-view clearfix view-mode-full field-collection-view-final\">\n<div class=\"entity entity-field-collection-item field-collection-item-field-index-collection clearfix\">\n<div class=\"content\">\n<blockquote>\n<p class=\"citation-small\"><a href=\"https:\/\/histoire-en-citations.fr\/WP\/portrait-de-louise-michel-en-citations#2375\">\u00ab\u00a0Puisqu\u2019il semble que tout c\u0153ur qui bat pour la libert\u00e9 n\u2019ait droit qu\u2019\u00e0 un peu de plomb, j\u2019en r\u00e9clame ma part, moi\u00a0! Si vous n\u2019\u00eates pas des l\u00e2ches, tuez-moi\u00a0!\u00a0\u00bb<\/a><\/p>\n<p class=\"auteur\"><span class=\"author\"><span class=\"surname\">Louise <\/span><span class=\"name\">MICHEL<\/span><\/span> (1830-1905)<\/p>\n\n<\/blockquote><\/div>\n<\/div>\n<\/div>\n<\/div><\/div>\n<\/div>\n<div class=\"views-row views-row-17 views-row-odd\">\n<div class=\"views-field views-field-field-index-collection\">\n<div class=\"field-content\">\n<div class=\"field-collection-view clearfix view-mode-full field-collection-view-final\">\n<div class=\"entity entity-field-collection-item field-collection-item-field-index-collection clearfix\">\n<div class=\"content\">\n<blockquote>\n<p class=\"citation-small\"><a href=\"https:\/\/histoire-en-citations.fr\/WP\/histoire-du-travail-en-citations-du-moyen-age-au-xixe-siecle#2376\">\u00ab\u00a0Habitants de Paris, l\u2019arm\u00e9e de la France est venue vous sauver. Paris est d\u00e9livr\u00e9. Nos soldats ont enlev\u00e9, \u00e0 quatre heures, les derni\u00e8res positions occup\u00e9es par les insurg\u00e9s. Aujourd\u2019hui la lutte est termin\u00e9e\u00a0; l\u2019ordre, le travail et la s\u00e9curit\u00e9 vont rena\u00eetre.\u00a0\u00bb<\/a><\/p>\n<p class=\"auteur\"><span class=\"author\"><span class=\"name\">MAC-MAHON<\/span><\/span> (1808-1893), Proclamation affich\u00e9e le 29\u00a0mai\u00a01871<\/p>\n\n<\/blockquote><\/div>\n<\/div>\n<\/div>\n<\/div><\/div>\n<\/div>\n<div class=\"views-row views-row-18 views-row-even\">\n<div class=\"views-field views-field-field-index-collection\">\n<div class=\"field-content\">\n<div class=\"field-collection-view clearfix view-mode-full field-collection-view-final\">\n<div class=\"entity entity-field-collection-item field-collection-item-field-index-collection clearfix\">\n<div class=\"content\">\n<blockquote>\n<p class=\"citation-small\"><a href=\"https:\/\/histoire-en-citations.fr\/WP\/portrait-de-louise-michel-en-citations#2378\">\u00ab\u00a0Le bon Dieu est trop Versaillais.\u00a0\u00bb<\/a><\/p>\n<p class=\"auteur\"><span class=\"author\"><span class=\"surname\">Louise <\/span><span class=\"name\">MICHEL<\/span><\/span> (1830-1905), <cite>La Commune, Histoire et souvenirs<\/cite> (1898)<\/p>\n\n<\/blockquote><\/div>\n<\/div>\n<\/div>\n<\/div><\/div>\n<\/div>\n<div class=\"views-row views-row-19 views-row-odd\">\n<div class=\"views-field views-field-field-index-collection\">\n<div class=\"field-content\">\n<div class=\"field-collection-view clearfix view-mode-full field-collection-view-final\">\n<div class=\"entity entity-field-collection-item field-collection-item-field-index-collection clearfix\">\n<div class=\"content\">\n<blockquote>\n<p class=\"citation-small\"><a href=\"https:\/\/histoire-en-citations.fr\/WP\/lhistoire-en-caricatures-troisieme-republique#2381\">\u00ab\u00a0On ne peut pas tuer l\u2019id\u00e9e \u00e0 coups de canon ni lui mettre les poucettes [menottes].\u00a0\u00bb<\/a><\/p>\n<p class=\"auteur\"><span class=\"author\"><span class=\"surname\">Louise <\/span><span class=\"name\">MICHEL<\/span><\/span> (1830-1905), <cite>La Commune, Histoire et souvenirs<\/cite> (1898)<\/p>\n\n<\/blockquote><\/div>\n<\/div>\n<\/div>\n<\/div><\/div>\n<\/div>\n<div class=\"views-row views-row-20 views-row-even\">\n<div class=\"views-field views-field-field-index-collection\">\n<div class=\"field-content\">\n<div class=\"field-collection-view clearfix view-mode-full field-collection-view-final\">\n<div class=\"entity entity-field-collection-item field-collection-item-field-index-collection clearfix\">\n<div class=\"content\">\n<blockquote>\n<p class=\"citation-small\"><a href=\"https:\/\/histoire-en-citations.fr\/WP\/les-appels-dans-lhistoire-de-napoleon-a-nos-jours#2382\">\u00ab\u00a0Debout\u00a0! Les damn\u00e9s de la terre\u00a0!Debout\u00a0! Les for\u00e7ats de la faim\u00a0!\u00a0\u00bb<\/a><\/p>\n<p class=\"auteur\"><span class=\"author\"><span class=\"surname\">Eug\u00e8ne <\/span><span class=\"name\">POTTIER<\/span><\/span> (1816-1887)<cite><\/cite>, paroles de <cite>L\u2019Internationale<\/cite>, chanson<\/p>\n\n<\/blockquote><\/div>\n<\/div>\n<\/div>\n<\/div><\/div>\n<\/div>\n<div class=\"views-row views-row-21 views-row-odd\">\n<div class=\"views-field views-field-field-index-collection\">\n<div class=\"field-content\">\n<div class=\"field-collection-view clearfix view-mode-full field-collection-view-final\">\n<div class=\"entity entity-field-collection-item field-collection-item-field-index-collection clearfix\">\n<div class=\"content\">\n<blockquote>\n<p class=\"citation-small\"><a href=\"https:\/\/histoire-en-citations.fr\/WP\/prix-nobel-les-grands-absents-de-la-liste-officielle#2384\">\u00ab La Commune fut dans son essence, elle fut dans son fond la premi\u00e8re grande bataille rang\u00e9e du Travail contre le Capital. Et c\u2019est m\u00eame parce qu\u2019elle fut cela avant tout qu\u2019elle fut vaincue et que, vaincue, elle fut \u00e9gorg\u00e9e.\u00a0\u00bb<\/a><\/p>\n<p class=\"auteur\"><span class=\"author\"><span class=\"surname\">Jean <\/span><span class=\"name\">JAUR\u00c8S<\/span><\/span> (1859-1914), <cite>Histoire socialiste, 1789-1900<\/cite>, volume XI, La Commune, Louis Dubreuilh (1908)<\/p>\n\n<\/blockquote><\/div>\n<\/div>\n<\/div>\n<\/div><\/div>\n<\/div>\n<div class=\"views-row views-row-22 views-row-even\">\n<div class=\"views-field views-field-field-index-collection\">\n<div class=\"field-content\">\n<div class=\"field-collection-view clearfix view-mode-full field-collection-view-final\">\n<div class=\"entity entity-field-collection-item field-collection-item-field-index-collection clearfix\">\n<div class=\"content\">\n<blockquote>\n<p class=\"citation-small\"><a href=\"https:\/\/histoire-en-citations.fr\/WP\/histoire-du-travail-en-citations-du-moyen-age-au-xixe-siecle#2385\">\u00ab\u00a0Le Paris ouvrier, avec sa Commune, sera c\u00e9l\u00e9br\u00e9 \u00e0 jamais comme le glorieux fourrier d\u2019une soci\u00e9t\u00e9 nouvelle. Ses martyrs seront enclos dans le grand c\u0153ur de la classe ouvri\u00e8re.\u00a0\u00bb<\/a><\/p>\n<p class=\"auteur\"><span class=\"author\"><span class=\"surname\">Karl <\/span><span class=\"name\">MARX<\/span><\/span> (1818-1883), <cite>La Guerre civile en France<\/cite> (1871)<\/p>\n\n<\/blockquote><\/div>\n<\/div>\n<\/div>\n<\/div><\/div>\n<\/div>\n<div class=\"views-row views-row-23 views-row-odd\">\n<div class=\"views-field views-field-field-index-collection\">\n<div class=\"field-content\">\n<div class=\"field-collection-view clearfix view-mode-full field-collection-view-final\">\n<div class=\"entity entity-field-collection-item field-collection-item-field-index-collection clearfix\">\n<div class=\"content\">\n<blockquote>\n<p class=\"citation-small\"><a href=\"https:\/\/histoire-en-citations.fr\/WP\/portrait-de-louise-michel-en-citations#2434\">\u00ab\u00a0On aura besoin du socialisme pour faire un monde nouveau.\u00a0\u00bb<\/a><\/p>\n<p class=\"auteur\"><span class=\"author\"><span class=\"surname\">Louise <\/span><span class=\"name\">MICHEL<\/span><\/span> (1830-1905), Lettre \u00e0 la Commission des gr\u00e2ces, mai\u00a01873<\/p>\n\n<\/blockquote><\/div>\n<\/div>\n<\/div>\n<\/div><\/div>\n<\/div>\n<div class=\"views-row views-row-24 views-row-even\">\n<div class=\"views-field views-field-field-index-collection\">\n<div class=\"field-content\">\n<div class=\"field-collection-view clearfix view-mode-full field-collection-view-final\">\n<div class=\"entity entity-field-collection-item field-collection-item-field-index-collection clearfix\">\n<div class=\"content\">\n<blockquote>\n<p class=\"citation-small\"><a href=\"https:\/\/histoire-en-citations.fr\/WP\/qui-a-dit-quoi-de-qui-troisieme-republique#2446\">\u00ab\u00a0La gentilhommerie du pair de France [Hugo] subsistait sous le poil broussailleux du radical-socialisant.\u00a0\u00bb<\/a><\/p>\n<p class=\"auteur\"><span class=\"author\"><span class=\"surname\">Maurice <\/span><span class=\"name\">BARR\u00c8S<\/span><\/span> (1862-1923), <cite>Mes cahiers, 1896-1898<\/cite> (1929)<\/p>\n\n<\/blockquote><\/div>\n<\/div>\n<\/div>\n<\/div><\/div>\n<\/div>\n<div class=\"views-row views-row-25 views-row-odd views-row-last\">\n<div class=\"views-field views-field-field-index-collection\">\n<div class=\"field-content\">\n<div class=\"field-collection-view clearfix view-mode-full field-collection-view-final\">\n<div class=\"entity entity-field-collection-item field-collection-item-field-index-collection clearfix\">\n<div class=\"content\">\n<blockquote>\n<p class=\"citation-small\"><a href=\"https:\/\/histoire-en-citations.fr\/WP\/lhistoire-en-chantant-troisieme-republique-et-seconde-guerre-mondiale#2558\">\u00ab\u00a0Du pass\u00e9 faisons table rase,Foule esclave, debout\u00a0! Debout\u00a0!Le monde va changer de base\u00a0:Nous ne sommes rien, soyons tout\u00a0!\u00a0\u00bb<\/a><\/p>\n<p class=\"auteur\"><span class=\"author\"><span class=\"surname\">Eug\u00e8ne <\/span><span class=\"name\">POTTIER<\/span><\/span> (1816-1887), paroles, et <span class=\"author\"><span class=\"surname\">Pierre <\/span><span class=\"name\">DEGEYTER<\/span><\/span> (1848-1932), musique, <cite>L\u2019Internationale<\/cite>, chanson<\/p>\n\n<\/blockquote><\/div>\n<\/div>\n<\/div>\n<\/div><\/div>\n<\/div>\n<\/div>\n<\/div>\n<\/div>\n<style>\r\n        a .cit-num {\r\n            text-decoration: none !important;\r\n            color: inherit !important;\r\n        }\r\n    <\/style>","protected":false},"excerpt":{"rendered":"<p>Derni\u00e8re de nos grandes guerres civiles (Versaillais contre Communards), doubl\u00e9e de la guerre franco-allemande de 1870-71 et d\u2019un conflit id\u00e9ologique majeur. Paris assi\u00e9g\u00e9, affam\u00e9, d\u00e9chir\u00e9\u00a0: trag\u00e9die exemplaire, qui marque la m\u00e9moire collective. La Troisi\u00e8me R\u00e9publique v\u00e9ritablement na\u00eet dans la douleur. Cliquez sur une citation pour la consulter dans son contexte historique.Retour \u00e0 l\u2019index Affichage de [&#8230;]<\/p>\n","protected":false},"author":1,"featured_media":0,"parent":0,"menu_order":0,"comment_status":"closed","ping_status":"closed","template":"","meta":{"site-sidebar-layout":"default","site-content-layout":"","ast-site-content-layout":"default","site-content-style":"default","site-sidebar-style":"default","ast-global-header-display":"","ast-banner-title-visibility":"","ast-main-header-display":"","ast-hfb-above-header-display":"","ast-hfb-below-header-display":"","ast-hfb-mobile-header-display":"","site-post-title":"","ast-breadcrumbs-content":"","ast-featured-img":"","footer-sml-layout":"","theme-transparent-header-meta":"","adv-header-id-meta":"","stick-header-meta":"","header-above-stick-meta":"","header-main-stick-meta":"","header-below-stick-meta":"","astra-migrate-meta-layouts":"default","ast-page-background-enabled":"default","ast-page-background-meta":{"desktop":{"background-color":"var(--ast-global-color-5)","background-image":"","background-repeat":"repeat","background-position":"center center","background-size":"auto","background-attachment":"scroll","background-type":"","background-media":"","overlay-type":"","overlay-color":"","overlay-opacity":"","overlay-gradient":""},"tablet":{"background-color":"","background-image":"","background-repeat":"repeat","background-position":"center center","background-size":"auto","background-attachment":"scroll","background-type":"","background-media":"","overlay-type":"","overlay-color":"","overlay-opacity":"","overlay-gradient":""},"mobile":{"background-color":"","background-image":"","background-repeat":"repeat","background-position":"center center","background-size":"auto","background-attachment":"scroll","background-type":"","background-media":"","overlay-type":"","overlay-color":"","overlay-opacity":"","overlay-gradient":""}},"ast-content-background-meta":{"desktop":{"background-color":"var(--ast-global-color-4)","background-image":"","background-repeat":"repeat","background-position":"center center","background-size":"auto","background-attachment":"scroll","background-type":"","background-media":"","overlay-type":"","overlay-color":"","overlay-opacity":"","overlay-gradient":""},"tablet":{"background-color":"var(--ast-global-color-4)","background-image":"","background-repeat":"repeat","background-position":"center center","background-size":"auto","background-attachment":"scroll","background-type":"","background-media":"","overlay-type":"","overlay-color":"","overlay-opacity":"","overlay-gradient":""},"mobile":{"background-color":"var(--ast-global-color-4)","background-image":"","background-repeat":"repeat","background-position":"center center","background-size":"auto","background-attachment":"scroll","background-type":"","background-media":"","overlay-type":"","overlay-color":"","overlay-opacity":"","overlay-gradient":""}},"iawp_total_views":235,"footnotes":""},"class_list":["post-10605","page","type-page","status-publish","hentry"],"_links":{"self":[{"href":"https:\/\/histoire-en-citations.fr\/WP\/wp-json\/wp\/v2\/pages\/10605","targetHints":{"allow":["GET"]}}],"collection":[{"href":"https:\/\/histoire-en-citations.fr\/WP\/wp-json\/wp\/v2\/pages"}],"about":[{"href":"https:\/\/histoire-en-citations.fr\/WP\/wp-json\/wp\/v2\/types\/page"}],"author":[{"embeddable":true,"href":"https:\/\/histoire-en-citations.fr\/WP\/wp-json\/wp\/v2\/users\/1"}],"replies":[{"embeddable":true,"href":"https:\/\/histoire-en-citations.fr\/WP\/wp-json\/wp\/v2\/comments?post=10605"}],"version-history":[{"count":4,"href":"https:\/\/histoire-en-citations.fr\/WP\/wp-json\/wp\/v2\/pages\/10605\/revisions"}],"predecessor-version":[{"id":13519,"href":"https:\/\/histoire-en-citations.fr\/WP\/wp-json\/wp\/v2\/pages\/10605\/revisions\/13519"}],"wp:attachment":[{"href":"https:\/\/histoire-en-citations.fr\/WP\/wp-json\/wp\/v2\/media?parent=10605"}],"curies":[{"name":"wp","href":"https:\/\/api.w.org\/{rel}","templated":true}]}}