{"id":10609,"date":"2025-09-22T07:31:53","date_gmt":"2025-09-22T05:31:53","guid":{"rendered":"https:\/\/histoire-en-citations.fr\/WP\/culture-et-civilisation\/"},"modified":"2025-09-22T07:31:53","modified_gmt":"2025-09-22T05:31:53","slug":"culture-et-civilisation","status":"publish","type":"page","link":"https:\/\/histoire-en-citations.fr\/WP\/culture-et-civilisation\/","title":{"rendered":"culture (et civilisation)"},"content":{"rendered":"<div class=\"content\">\n<div class=\"view view-index-taxo view-id-index_taxo view-display-id-page view-dom-id-ec00a9a9b255cd8c622c87dc24bab64a\">\n<div class=\"view-header\">\n<p class=\"presentation\">Th\u00e8me g\u00e9n\u00e9raliste et notion contemporaine, d\u2019o\u00f9 un certain \u201c\u00a0flou artistique\u00a0\u201d dans la d\u00e9finition et le contenu historique de ces mots. Mais les ignorer serait faire injure \u00e0 notre Histoire. Le m\u00e9c\u00e9nat royal fut tr\u00e8s vivant \u00e0 la Renaissance (Fran\u00e7ois\u00a0I<sup>er<\/sup>) et au si\u00e8cle de Louis\u00a0<span class=\"caps\">XIV<\/span>. Un minist\u00e8re de la Culture, cr\u00e9\u00e9 en 1959 par de Gaulle pour Malraux, est dot\u00e9 de cr\u00e9dits importants en 1981 par Mitterrand, pour Jack Lang.<\/p>\n<p class=\"idxinfo\">Cliquez sur une citation pour la consulter dans son contexte historique.<a href=\"https:\/\/histoire-en-citations.fr\/WP\/indexation\/\" class=\"retour\">Retour \u00e0 l\u2019index<\/a><\/p>\n<p> Affichage de 1 \u2013 25 sur 181.    <\/p><\/div>\n<div class=\"view-content\">\n<div class=\"views-row views-row-1 views-row-odd views-row-first\">\n<div class=\"views-field views-field-field-index-collection\">\n<div class=\"field-content\">\n<div class=\"field-collection-view clearfix view-mode-full field-collection-view-final\">\n<div class=\"entity entity-field-collection-item field-collection-item-field-index-collection clearfix\">\n<div class=\"content\">\n<blockquote>\n<p class=\"citation-small\"><a href=\"https:\/\/histoire-en-citations.fr\/WP\/plus-de-50-idees-recues-qui-faussent-lhistoire#65\">\u00ab\u00a0Passionn\u00e9 pour la science, il eut toujours en v\u00e9n\u00e9ration et comblait de toutes sortes d\u2019honneurs ceux qui l\u2019enseignaient.\u00a0\u00bb<\/a><\/p>\n<p class=\"auteur\"><span class=\"author\"><span class=\"name\">\u00c9GINHARD<\/span><\/span> (vers 770-840), <cite>Vie de Charlemagne<\/cite> (\u00e9crite dans les ann\u00e9es 830)<\/p>\n\n<\/blockquote><\/div>\n<\/div>\n<\/div>\n<\/div><\/div>\n<\/div>\n<div class=\"views-row views-row-2 views-row-even\">\n<div class=\"views-field views-field-field-index-collection\">\n<div class=\"field-content\">\n<div class=\"field-collection-view clearfix view-mode-full field-collection-view-final\">\n<div class=\"entity entity-field-collection-item field-collection-item-field-index-collection clearfix\">\n<div class=\"content\">\n<blockquote>\n<p class=\"citation-small\"><a href=\"https:\/\/histoire-en-citations.fr\/WP\/les-mysteres-de-lhistoire-de-malraux-aux-diamants-de-bokassa#66\">\u00ab\u00a0J\u2019aimais justement en vous ce que je vous voyais chercher en moi.\u00a0\u00bb<\/a><\/p>\n<p class=\"auteur\"><span class=\"author\"><span class=\"name\">ALCUIN<\/span><\/span> (vers 735-804), Derniers mots d\u2019une lettre \u00e0 Charlemagne<\/p>\n\n<\/blockquote><\/div>\n<\/div>\n<\/div>\n<\/div><\/div>\n<\/div>\n<div class=\"views-row views-row-3 views-row-odd\">\n<div class=\"views-field views-field-field-index-collection\">\n<div class=\"field-content\">\n<div class=\"field-collection-view clearfix view-mode-full field-collection-view-final\">\n<div class=\"entity entity-field-collection-item field-collection-item-field-index-collection clearfix\">\n<div class=\"content\">\n<blockquote>\n<p class=\"citation-small\"><a href=\"https:\/\/histoire-en-citations.fr\/WP\/les-mysteres-de-lhistoire-de-malraux-aux-diamants-de-bokassa#70\">\u00ab\u00a0Charles, savant, modeste, [\u2026] ma\u00eetre du monde, bien-aim\u00e9 du peuple [\u2026], sommet de l\u2019Europe [\u2026] est en train de tracer les murs de la Rome nouvelle.\u00a0\u00bb<\/a><\/p>\n<p class=\"auteur\"><span class=\"author\"><span class=\"name\">ANGILBERT<\/span><\/span> (vers 740-814) parlant de Charlemagne en 799<\/p>\n\n<\/blockquote><\/div>\n<\/div>\n<\/div>\n<\/div><\/div>\n<\/div>\n<div class=\"views-row views-row-4 views-row-even\">\n<div class=\"views-field views-field-field-index-collection\">\n<div class=\"field-content\">\n<div class=\"field-collection-view clearfix view-mode-full field-collection-view-final\">\n<div class=\"entity entity-field-collection-item field-collection-item-field-index-collection clearfix\">\n<div class=\"content\">\n<blockquote>\n<p class=\"citation-small\"><a href=\"https:\/\/histoire-en-citations.fr\/WP\/les-symboles-nationaux#118\">\u00ab\u00a0Au roi de France, le comte d\u2019Anjou. Sachez, Seigneur, qu\u2019un roi illettr\u00e9 est un \u00e2ne couronn\u00e9.\u00a0\u00bb<\/a><\/p>\n<p class=\"auteur\"><span class=\"author\"><span class=\"surname\">Comte d\u2019<\/span><span class=\"name\">ANJOU<\/span><\/span> (910-958), Lettre \u00e0 Louis\u00a0IV d\u2019Outremer<\/p>\n\n<\/blockquote><\/div>\n<\/div>\n<\/div>\n<\/div><\/div>\n<\/div>\n<div class=\"views-row views-row-5 views-row-odd\">\n<div class=\"views-field views-field-field-index-collection\">\n<div class=\"field-content\">\n<div class=\"field-collection-view clearfix view-mode-full field-collection-view-final\">\n<div class=\"entity entity-field-collection-item field-collection-item-field-index-collection clearfix\">\n<div class=\"content\">\n<blockquote>\n<p class=\"citation-small\"><a href=\"https:\/\/histoire-en-citations.fr\/WP\/patrimoine-historique-tresor-national-et-passion-francaise-des-origines-au-siecle-des-lumieres#137\">\u00ab\u00a0Oh\u00a0! Paris, tu prends les \u00e2mes \u00e0 la glu\u00a0!\u00a0\u00bb<\/a><\/p>\n<p class=\"auteur\"><span class=\"author\"><span class=\"surname\">Pierre de (la) <\/span><span class=\"name\">CELLE<\/span><\/span> (1115-1183), 1164<\/p>\n\n<\/blockquote><\/div>\n<\/div>\n<\/div>\n<\/div><\/div>\n<\/div>\n<div class=\"views-row views-row-6 views-row-even\">\n<div class=\"views-field views-field-field-index-collection\">\n<div class=\"field-content\">\n<div class=\"field-collection-view clearfix view-mode-full field-collection-view-final\">\n<div class=\"entity entity-field-collection-item field-collection-item-field-index-collection clearfix\">\n<div class=\"content\">\n<blockquote>\n<p class=\"citation-small\"><a href=\"https:\/\/histoire-en-citations.fr\/WP\/lhistoire-en-chantant-de-la-gaule-a-louis-xiii#350\">\u00ab\u00a0Mais o\u00f9 sont les neiges d\u2019antan\u00a0? [\u2026]Et Jeanne la bonne Lorraine \/ Qu\u2019Anglais br\u00fbl\u00e8rent \u00e0 Rouen\u00a0?\u00a0\u00bb<\/a><\/p>\n<p class=\"auteur\"><span class=\"author\"><span class=\"surname\">Fran\u00e7ois <\/span><span class=\"name\">VILLON<\/span><\/span> (vers 1431-1463), <cite>Le Grand Testament<\/cite>, Ballade des dames du temps jadis (1462)<\/p>\n\n<\/blockquote><\/div>\n<\/div>\n<\/div>\n<\/div><\/div>\n<\/div>\n<div class=\"views-row views-row-7 views-row-odd\">\n<div class=\"views-field views-field-field-index-collection\">\n<div class=\"field-content\">\n<div class=\"field-collection-view clearfix view-mode-full field-collection-view-final\">\n<div class=\"entity entity-field-collection-item field-collection-item-field-index-collection clearfix\">\n<div class=\"content\">\n<blockquote>\n<p class=\"citation-small\"><a href=\"https:\/\/histoire-en-citations.fr\/WP\/la-politique-est-elle-en-panne-de-reve#386\">\u00ab\u00a0Voyez, voyez tout \u00e0 la ronde Comment le monde rit au monde, Ainsi est-il en sa jeunesse.\u00a0\u00bb<\/a><\/p>\n<p class=\"auteur\"><span class=\"author\"><span class=\"surname\">Cl\u00e9ment <\/span><span class=\"name\">MAROT<\/span><\/span> (1496-1544), <cite>Colloque de la Vierge m\u00e9prisant le mariage<\/cite> (publication posthume)<\/p>\n\n<\/blockquote><\/div>\n<\/div>\n<\/div>\n<\/div><\/div>\n<\/div>\n<div class=\"views-row views-row-8 views-row-even\">\n<div class=\"views-field views-field-field-index-collection\">\n<div class=\"field-content\">\n<div class=\"field-collection-view clearfix view-mode-full field-collection-view-final\">\n<div class=\"entity entity-field-collection-item field-collection-item-field-index-collection clearfix\">\n<div class=\"content\">\n<blockquote>\n<p class=\"citation-small\"><a href=\"https:\/\/histoire-en-citations.fr\/WP\/ces-etrangers-qui-firent-lhistoire-de-france-ii#387\">\u00ab\u00a0Avant moi [Fran\u00e7ois\u00a0Ier], tout \u00e9tait grossier, pauvre, ignorant, gaulois.\u00a0\u00bb<\/a><\/p>\n<p class=\"auteur\"><span class=\"author\"><span class=\"name\">F\u00c9NELON<\/span><\/span> (1651-1715), <cite>Dialogues des morts<\/cite> (1692-1696)<\/p>\n\n<\/blockquote><\/div>\n<\/div>\n<\/div>\n<\/div><\/div>\n<\/div>\n<div class=\"views-row views-row-9 views-row-odd\">\n<div class=\"views-field views-field-field-index-collection\">\n<div class=\"field-content\">\n<div class=\"field-collection-view clearfix view-mode-full field-collection-view-final\">\n<div class=\"entity entity-field-collection-item field-collection-item-field-index-collection clearfix\">\n<div class=\"content\">\n<blockquote>\n<p class=\"citation-small\"><a href=\"https:\/\/histoire-en-citations.fr\/WP\/lopinion-publique-des-francais-des-origines-au-siecle-des-lumieres#390\">\u00ab\u00a0France, m\u00e8re des arts, des armes et des lois\u00a0!\u00a0\u00bb<\/a><\/p>\n<p class=\"auteur\"><span class=\"author\"><span class=\"surname\">Joachim du <\/span><span class=\"name\">BELLAY<\/span><\/span> (1522-1560), <cite>Les Regrets<\/cite> (1558)<\/p>\n\n<\/blockquote><\/div>\n<\/div>\n<\/div>\n<\/div><\/div>\n<\/div>\n<div class=\"views-row views-row-10 views-row-even\">\n<div class=\"views-field views-field-field-index-collection\">\n<div class=\"field-content\">\n<div class=\"field-collection-view clearfix view-mode-full field-collection-view-final\">\n<div class=\"entity entity-field-collection-item field-collection-item-field-index-collection clearfix\">\n<div class=\"content\">\n<blockquote>\n<p class=\"citation-small\"><a href=\"https:\/\/histoire-en-citations.fr\/WP\/recit-ou-roman-national-une-confusion-inadmissible#391\">\u00ab\u00a0L\u2019histoire de France commence avec la langue fran\u00e7aise. La langue est le signe principal d\u2019une nationalit\u00e9.\u00a0\u00bb<\/a><\/p>\n<p class=\"auteur\"><span class=\"author\"><span class=\"surname\">Jules <\/span><span class=\"name\">MICHELET<\/span><\/span> (1798-1874), <cite>Histoire de France<\/cite>, tome III (1840)<\/p>\n\n<\/blockquote><\/div>\n<\/div>\n<\/div>\n<\/div><\/div>\n<\/div>\n<div class=\"views-row views-row-11 views-row-odd\">\n<div class=\"views-field views-field-field-index-collection\">\n<div class=\"field-content\">\n<div class=\"field-collection-view clearfix view-mode-full field-collection-view-final\">\n<div class=\"entity entity-field-collection-item field-collection-item-field-index-collection clearfix\">\n<div class=\"content\">\n<blockquote>\n<p class=\"citation-small\"><a href=\"https:\/\/histoire-en-citations.fr\/WP\/patrimoine-historique-tresor-national-et-passion-francaise-des-origines-au-siecle-des-lumieres#392\">\u00ab\u00a0Notre langue \u00e9tant pauvre et n\u00e9cessiteuse au regard de la latine, ce serait errer en sens commun que d\u2019abandonner l\u2019ancienne pour favoriser cette moderne.\u00a0\u00bb<\/a><\/p>\n<p class=\"auteur\"><span class=\"author\"><span class=\"name\">TURN\u00c8BE<\/span><\/span> (1512-1565)<\/p>\n\n<\/blockquote><\/div>\n<\/div>\n<\/div>\n<\/div><\/div>\n<\/div>\n<div class=\"views-row views-row-12 views-row-even\">\n<div class=\"views-field views-field-field-index-collection\">\n<div class=\"field-content\">\n<div class=\"field-collection-view clearfix view-mode-full field-collection-view-final\">\n<div class=\"entity entity-field-collection-item field-collection-item-field-index-collection clearfix\">\n<div class=\"content\">\n<blockquote>\n<p class=\"citation-small\"><a href=\"https:\/\/histoire-en-citations.fr\/WP\/le-gouvernement-imaginaire#393\">\u00ab\u00a0Je prouverai [\u2026] que notre langue vulgaire n\u2019est pas si vile, si inepte, si indigente et \u00e0 m\u00e9priser qu\u2019ils l\u2019estiment.\u00a0\u00bb<\/a><\/p>\n<p class=\"auteur\"><span class=\"author\"><span class=\"surname\">Fran\u00e7ois <\/span><span class=\"name\">RABELAIS<\/span><\/span> (vers 1494-1553), <cite>Le Cinqui\u00e8me Livre<\/cite>, prologue (posthume)<\/p>\n\n<\/blockquote><\/div>\n<\/div>\n<\/div>\n<\/div><\/div>\n<\/div>\n<div class=\"views-row views-row-13 views-row-odd\">\n<div class=\"views-field views-field-field-index-collection\">\n<div class=\"field-content\">\n<div class=\"field-collection-view clearfix view-mode-full field-collection-view-final\">\n<div class=\"entity entity-field-collection-item field-collection-item-field-index-collection clearfix\">\n<div class=\"content\">\n<blockquote>\n<p class=\"citation-small\"><a href=\"https:\/\/histoire-en-citations.fr\/WP\/les-perles-de-la-langue-francaise-du-moyen-age-au-xviie-siecle#394\">\u00ab\u00a0Supplie tr\u00e8s humblement ceux auxquels les Muses ont inspir\u00e9 leurs faveurs de n\u2019\u00eatre plus latiniseurs ni gr\u00e9caniseurs, comme ils sont plus par ostentation que par devoir, et prendre piti\u00e9, comme bons enfants, de leur pauvre m\u00e8re naturelle.\u00a0\u00bb<\/a><\/p>\n<p class=\"auteur\"><span class=\"author\"><span class=\"surname\">Pierre de <\/span><span class=\"name\">RONSARD<\/span><\/span> (1524-1585), Pr\u00e9face de <cite>La Franciade<\/cite> (1572)<\/p>\n\n<\/blockquote><\/div>\n<\/div>\n<\/div>\n<\/div><\/div>\n<\/div>\n<div class=\"views-row views-row-14 views-row-even\">\n<div class=\"views-field views-field-field-index-collection\">\n<div class=\"field-content\">\n<div class=\"field-collection-view clearfix view-mode-full field-collection-view-final\">\n<div class=\"entity entity-field-collection-item field-collection-item-field-index-collection clearfix\">\n<div class=\"content\">\n<blockquote>\n<p class=\"citation-small\"><a href=\"https:\/\/histoire-en-citations.fr\/WP\/lexception-culturelle-a-la-francaise-mythe-ou-realite-1#402\">\u00ab\u00a0Plaise au roi de me donner cent livresPour acheter livres et vivres.De livres je me passeraisMais de vivres je ne saurais.\u00a0\u00bb<\/a><\/p>\n<p class=\"auteur\"><span class=\"author\"><span class=\"surname\">Cl\u00e9ment <\/span><span class=\"name\">MAROT<\/span><\/span> (1496-1544), <cite>Quatrain \u00e0 Fran\u00e7ois\u00a0I<sup>er<\/sup><\/cite><\/p>\n\n<\/blockquote><\/div>\n<\/div>\n<\/div>\n<\/div><\/div>\n<\/div>\n<div class=\"views-row views-row-15 views-row-odd\">\n<div class=\"views-field views-field-field-index-collection\">\n<div class=\"field-content\">\n<div class=\"field-collection-view clearfix view-mode-full field-collection-view-final\">\n<div class=\"entity entity-field-collection-item field-collection-item-field-index-collection clearfix\">\n<div class=\"content\">\n<blockquote>\n<p class=\"citation-small\"><a href=\"https:\/\/histoire-en-citations.fr\/WP\/la-guerre-histoire-en-citations-dune-tragedie-seculaire-et-quotidienne-xvie-et-xviie-siecles#465\">\u00ab\u00a0Guerre faite sans bonne provision d\u2019argent n\u2019a qu\u2019un soupirail de vigueur. Les nerfs des batailles sont les p\u00e9cunes.\u00a0\u00bb<\/a><\/p>\n<p class=\"auteur\"><span class=\"author\"><span class=\"surname\">Fran\u00e7ois <\/span><span class=\"name\">RABELAIS<\/span><\/span> (vers 1494-1553), <cite>Gargantua<\/cite> (1534)<\/p>\n\n<\/blockquote><\/div>\n<\/div>\n<\/div>\n<\/div><\/div>\n<\/div>\n<div class=\"views-row views-row-16 views-row-even\">\n<div class=\"views-field views-field-field-index-collection\">\n<div class=\"field-content\">\n<div class=\"field-collection-view clearfix view-mode-full field-collection-view-final\">\n<div class=\"entity entity-field-collection-item field-collection-item-field-index-collection clearfix\">\n<div class=\"content\">\n<blockquote>\n<p class=\"citation-small\"><a href=\"https:\/\/histoire-en-citations.fr\/WP\/patrimoine-historique-tresor-national-et-passion-francaise-des-origines-au-siecle-des-lumieres#472\">\u00ab\u00a0[Les actes judiciaires seront] prononc\u00e9s, enregistr\u00e9s et d\u00e9livr\u00e9s aux parties en langage maternel fran\u00e7ois et non autrement.\u00a0\u00bb<\/a><\/p>\n<p class=\"auteur\">Ordonnance de Villers-Cotter\u00eats (1539)<\/p>\n\n<\/blockquote><\/div>\n<\/div>\n<\/div>\n<\/div><\/div>\n<\/div>\n<div class=\"views-row views-row-17 views-row-odd\">\n<div class=\"views-field views-field-field-index-collection\">\n<div class=\"field-content\">\n<div class=\"field-collection-view clearfix view-mode-full field-collection-view-final\">\n<div class=\"entity entity-field-collection-item field-collection-item-field-index-collection clearfix\">\n<div class=\"content\">\n<blockquote>\n<p class=\"citation-small\"><a href=\"https:\/\/histoire-en-citations.fr\/WP\/patrimoine-historique-tresor-national-et-passion-francaise-des-origines-au-siecle-des-lumieres#481\">\u00ab\u00a0Ce n\u2019est point chose vicieuse, mais grandement louable, emprunter d\u2019une langue \u00e9trang\u00e8re les sentences et les mots, et les approprier \u00e0 la sienne.\u00a0\u00bb<\/a><\/p>\n<p class=\"auteur\"><span class=\"author\"><span class=\"surname\">Joachim du <\/span><span class=\"name\">BELLAY<\/span><\/span> (1522-1560), <cite>D\u00e9fense et illustration de la langue fran\u00e7aise<\/cite> (1549)<\/p>\n\n<\/blockquote><\/div>\n<\/div>\n<\/div>\n<\/div><\/div>\n<\/div>\n<div class=\"views-row views-row-18 views-row-even\">\n<div class=\"views-field views-field-field-index-collection\">\n<div class=\"field-content\">\n<div class=\"field-collection-view clearfix view-mode-full field-collection-view-final\">\n<div class=\"entity entity-field-collection-item field-collection-item-field-index-collection clearfix\">\n<div class=\"content\">\n<blockquote>\n<p class=\"citation-small\"><a href=\"https:\/\/histoire-en-citations.fr\/WP\/patrimoine-historique-tresor-national-et-passion-francaise-des-origines-au-siecle-des-lumieres#485\">\u00ab\u00a0Charles Quint, d\u2019ailleurs ennemi mortel de la France, aimait si fort la langue fran\u00e7aise qu\u2019il s\u2019en servit pour haranguer les \u00c9tats des Pays-Bas le jour qu\u2019il fit son abdication.\u00a0\u00bb<\/a><\/p>\n<p class=\"auteur\"><span class=\"author\"><span class=\"surname\">Antoine <\/span><span class=\"name\">FURETI\u00c8RE<\/span><\/span> (1619-1688), <cite>Dictionnaire universel<\/cite>, Pr\u00e9face (posthume, 1690)<\/p>\n\n<\/blockquote><\/div>\n<\/div>\n<\/div>\n<\/div><\/div>\n<\/div>\n<div class=\"views-row views-row-19 views-row-odd\">\n<div class=\"views-field views-field-field-index-collection\">\n<div class=\"field-content\">\n<div class=\"field-collection-view clearfix view-mode-full field-collection-view-final\">\n<div class=\"entity entity-field-collection-item field-collection-item-field-index-collection clearfix\">\n<div class=\"content\">\n<blockquote>\n<p class=\"citation-small\"><a href=\"https:\/\/histoire-en-citations.fr\/WP\/pasquier-cet-etat-forme-dans-letat-est-un-prodige-de-la-france#596\">\u00ab\u00a0On ne parlait que de saint Augustin dans les ruelles. Il n\u2019y avait point de femme d\u2019esprit qui ne se piqu\u00e2t de dire ses sentiments sur la gr\u00e2ce et sur la pr\u00e9destination.\u00a0\u00bb<\/a><\/p>\n<p class=\"auteur\"><span class=\"author\"><span class=\"surname\">P\u00e8re Ren\u00e9 <\/span><span class=\"name\">RAPIN<\/span><\/span> (1621-1687), <cite>M\u00e9moires<\/cite><\/p>\n\n<\/blockquote><\/div>\n<\/div>\n<\/div>\n<\/div><\/div>\n<\/div>\n<div class=\"views-row views-row-20 views-row-even\">\n<div class=\"views-field views-field-field-index-collection\">\n<div class=\"field-content\">\n<div class=\"field-collection-view clearfix view-mode-full field-collection-view-final\">\n<div class=\"entity entity-field-collection-item field-collection-item-field-index-collection clearfix\">\n<div class=\"content\">\n<blockquote>\n<p class=\"citation-small\"><a href=\"https:\/\/histoire-en-citations.fr\/WP\/patrimoine-historique-tresor-national-et-passion-francaise-des-origines-au-siecle-des-lumieres#599\">\u00ab\u00a0Comme la connaissance des lettres est tout \u00e0 fait n\u00e9cessaire \u00e0 une R\u00e9publique, il est certain qu\u2019elles ne doivent pas indiff\u00e9remment \u00eatre enseign\u00e9es \u00e0 tout le monde [\u2026] Le commerce des lettres remplirait la France de chicaneurs, plus propres \u00e0 ruiner les familles et troubler le repos public qu\u2019\u00e0 procurer aucun bien aux \u00c9tats.\u00a0\u00bb<\/a><\/p>\n<p class=\"auteur\"><span class=\"author\"><span class=\"surname\">Cardinal de <\/span><span class=\"name\">RICHELIEU<\/span><\/span> (1585-1642), <cite>Testament politique<\/cite><\/p>\n\n<\/blockquote><\/div>\n<\/div>\n<\/div>\n<\/div><\/div>\n<\/div>\n<div class=\"views-row views-row-21 views-row-odd\">\n<div class=\"views-field views-field-field-index-collection\">\n<div class=\"field-content\">\n<div class=\"field-collection-view clearfix view-mode-full field-collection-view-final\">\n<div class=\"entity entity-field-collection-item field-collection-item-field-index-collection clearfix\">\n<div class=\"content\">\n<blockquote>\n<p class=\"citation-small\"><a href=\"https:\/\/histoire-en-citations.fr\/WP\/histoire-du-travail-en-citations-du-moyen-age-au-xixe-siecle#719\">\u00ab\u00a0Depuis six ans dessus l\u2019F on travaille,Et le destin m\u2019aurait bien oblig\u00e9S\u2019il m\u2019avait dit\u00a0: \u00ab\u00a0Tu vivras jusqu\u2019au G.\u00a0\u00bb\u00a0\u00bb<\/a><\/p>\n<p class=\"auteur\"><span class=\"author\"><span class=\"surname\">Seigneur de <\/span><span class=\"name\">BOISROBERT<\/span><\/span> (1592-1662), <cite>\u00c9pigramme sur le Dictionnaire de l\u2019Acad\u00e9mie<\/cite><\/p>\n\n<\/blockquote><\/div>\n<\/div>\n<\/div>\n<\/div><\/div>\n<\/div>\n<div class=\"views-row views-row-22 views-row-even\">\n<div class=\"views-field views-field-field-index-collection\">\n<div class=\"field-content\">\n<div class=\"field-collection-view clearfix view-mode-full field-collection-view-final\">\n<div class=\"entity entity-field-collection-item field-collection-item-field-index-collection clearfix\">\n<div class=\"content\">\n<blockquote>\n<p class=\"citation-small\"><a href=\"https:\/\/histoire-en-citations.fr\/WP\/qui-a-dit-quoi-de-qui-renaissance-naissance-de-la-monarchie-absolue#721\">\u00ab\u00a0En vain, contre Le Cid, un ministre se ligue\u00a0; Tout Paris pour Chim\u00e8ne a les yeux de Rodrigue.\u00a0\u00bb<\/a><\/p>\n<p class=\"auteur\"><span class=\"author\"><span class=\"surname\">Nicolas <\/span><span class=\"name\">BOILEAU<\/span><\/span> (1636-1711), <cite>Satire IX<\/cite> (1668)<\/p>\n\n<\/blockquote><\/div>\n<\/div>\n<\/div>\n<\/div><\/div>\n<\/div>\n<div class=\"views-row views-row-23 views-row-odd\">\n<div class=\"views-field views-field-field-index-collection\">\n<div class=\"field-content\">\n<div class=\"field-collection-view clearfix view-mode-full field-collection-view-final\">\n<div class=\"entity entity-field-collection-item field-collection-item-field-index-collection clearfix\">\n<div class=\"content\">\n<blockquote>\n<p class=\"citation-small\"><a href=\"https:\/\/histoire-en-citations.fr\/WP\/limpertinence-a-la-francaise-une-vertu-nationale-de-la-gaule-a-la-revolution#722\">\u00ab\u00a0Je pense, donc je suis.\u00a0\u00bb<\/a><\/p>\n<p class=\"auteur\"><span class=\"author\"><span class=\"surname\">Ren\u00e9 <\/span><span class=\"name\">DESCARTES<\/span><\/span> (1596-1650), <cite>Discours de la m\u00e9thode pour bien conduire sa raison et chercher la v\u00e9rit\u00e9 dans les sciences, plus la dioptrique, les m\u00e9t\u00e9ores et la g\u00e9om\u00e9trie, qui sont des essais de cette m\u00e9thode<\/cite> (1637)<\/p>\n\n<\/blockquote><\/div>\n<\/div>\n<\/div>\n<\/div><\/div>\n<\/div>\n<div class=\"views-row views-row-24 views-row-even\">\n<div class=\"views-field views-field-field-index-collection\">\n<div class=\"field-content\">\n<div class=\"field-collection-view clearfix view-mode-full field-collection-view-final\">\n<div class=\"entity entity-field-collection-item field-collection-item-field-index-collection clearfix\">\n<div class=\"content\">\n<blockquote>\n<p class=\"citation-small\"><a href=\"https:\/\/histoire-en-citations.fr\/WP\/qui-a-dit-quoi-de-qui-renaissance-naissance-de-la-monarchie-absolue#730\">\u00ab\u00a0Je me rends, parce que je veux mourir, mais je ne suis pas vaincu.\u00a0\u00bb<\/a><\/p>\n<p class=\"auteur\"><span class=\"author\"><span class=\"surname\">Marquis de <\/span><span class=\"name\">CINQ-MARS<\/span><\/span> (1620-1642)<\/p>\n\n<\/blockquote><\/div>\n<\/div>\n<\/div>\n<\/div><\/div>\n<\/div>\n<div class=\"views-row views-row-25 views-row-odd views-row-last\">\n<div class=\"views-field views-field-field-index-collection\">\n<div class=\"field-content\">\n<div class=\"field-collection-view clearfix view-mode-full field-collection-view-final\">\n<div class=\"entity entity-field-collection-item field-collection-item-field-index-collection clearfix\">\n<div class=\"content\">\n<blockquote>\n<p class=\"citation-small\"><a href=\"https:\/\/histoire-en-citations.fr\/WP\/portrait-de-louis-xiv-en-citations#802\">\u00ab\u00a0Vous \u00eates roi, vous pleurez et je pars.\u00a0\u00bb<\/a><\/p>\n<p class=\"auteur\"><span class=\"author\"><span class=\"surname\">Marie <\/span><span class=\"name\">MANCINI<\/span><\/span> (1639-1715), \u00e0 Louis\u00a0XIV, le 22\u00a0juin 1659<\/p>\n\n<\/blockquote><\/div>\n<\/div>\n<\/div>\n<\/div><\/div>\n<\/div>\n<\/div>\n<h2 class=\"element-invisible\">Pages<\/h2>\n<ul class=\"pagination pagination-lg pull-right\">\n<li class=\"active\"><a href=\"https:\/\/histoire-en-citations.fr\/WP\/indexation\/\">1<\/a><\/li>\n<li class=\"pager-item\"><a title=\"Aller \u00e0 la page 2\" href=\"https:\/\/histoire-en-citations.fr\/WP\/culture-et-civilisation\/\">2<\/a><\/li>\n<li class=\"pager-item\"><a title=\"Aller \u00e0 la page 3\" href=\"https:\/\/histoire-en-citations.fr\/WP\/culture-et-civilisation\/\">3<\/a><\/li>\n<li class=\"pager-item\"><a title=\"Aller \u00e0 la page 4\" href=\"https:\/\/histoire-en-citations.fr\/WP\/culture-et-civilisation\/\">4<\/a><\/li>\n<li class=\"pager-item\"><a title=\"Aller \u00e0 la page 5\" href=\"https:\/\/histoire-en-citations.fr\/WP\/culture-et-civilisation\/\">5<\/a><\/li>\n<li class=\"pager-item\"><a title=\"Aller \u00e0 la page 6\" href=\"https:\/\/histoire-en-citations.fr\/WP\/culture-et-civilisation\/\">6<\/a><\/li>\n<li class=\"pager-item\"><a title=\"Aller \u00e0 la page 7\" href=\"https:\/\/histoire-en-citations.fr\/WP\/culture-et-civilisation\/\">7<\/a><\/li>\n<li class=\"pager-item\"><a title=\"Aller \u00e0 la page 8\" href=\"https:\/\/histoire-en-citations.fr\/WP\/culture-et-civilisation\/\">8<\/a><\/li>\n<li class=\"pager-next\"><a title=\"Aller \u00e0 la page suivante\" href=\"https:\/\/histoire-en-citations.fr\/WP\/culture-et-civilisation\/\">suivant\u00a0\u203a<\/a><\/li>\n<li class=\"pager-last\"><a title=\"Aller \u00e0 la derni\u00e8re page\" href=\"https:\/\/histoire-en-citations.fr\/WP\/culture-et-civilisation\/\">dernier\u00a0\u00bb<\/a><\/li>\n<\/ul>\n<\/div><\/div>\n<style>\r\n        a .cit-num {\r\n            text-decoration: none !important;\r\n            color: inherit !important;\r\n        }\r\n    <\/style>","protected":false},"excerpt":{"rendered":"<p>Th\u00e8me g\u00e9n\u00e9raliste et notion contemporaine, d\u2019o\u00f9 un certain \u201c\u00a0flou artistique\u00a0\u201d dans la d\u00e9finition et le contenu historique de ces mots. Mais les ignorer serait faire injure \u00e0 notre Histoire. Le m\u00e9c\u00e9nat royal fut tr\u00e8s vivant \u00e0 la Renaissance (Fran\u00e7ois\u00a0Ier) et au si\u00e8cle de Louis\u00a0XIV. Un minist\u00e8re de la Culture, cr\u00e9\u00e9 en 1959 par de Gaulle [&#8230;]<\/p>\n","protected":false},"author":1,"featured_media":0,"parent":0,"menu_order":0,"comment_status":"closed","ping_status":"closed","template":"","meta":{"site-sidebar-layout":"default","site-content-layout":"","ast-site-content-layout":"default","site-content-style":"default","site-sidebar-style":"default","ast-global-header-display":"","ast-banner-title-visibility":"","ast-main-header-display":"","ast-hfb-above-header-display":"","ast-hfb-below-header-display":"","ast-hfb-mobile-header-display":"","site-post-title":"","ast-breadcrumbs-content":"","ast-featured-img":"","footer-sml-layout":"","theme-transparent-header-meta":"","adv-header-id-meta":"","stick-header-meta":"","header-above-stick-meta":"","header-main-stick-meta":"","header-below-stick-meta":"","astra-migrate-meta-layouts":"default","ast-page-background-enabled":"default","ast-page-background-meta":{"desktop":{"background-color":"var(--ast-global-color-5)","background-image":"","background-repeat":"repeat","background-position":"center center","background-size":"auto","background-attachment":"scroll","background-type":"","background-media":"","overlay-type":"","overlay-color":"","overlay-opacity":"","overlay-gradient":""},"tablet":{"background-color":"","background-image":"","background-repeat":"repeat","background-position":"center center","background-size":"auto","background-attachment":"scroll","background-type":"","background-media":"","overlay-type":"","overlay-color":"","overlay-opacity":"","overlay-gradient":""},"mobile":{"background-color":"","background-image":"","background-repeat":"repeat","background-position":"center center","background-size":"auto","background-attachment":"scroll","background-type":"","background-media":"","overlay-type":"","overlay-color":"","overlay-opacity":"","overlay-gradient":""}},"ast-content-background-meta":{"desktop":{"background-color":"var(--ast-global-color-4)","background-image":"","background-repeat":"repeat","background-position":"center center","background-size":"auto","background-attachment":"scroll","background-type":"","background-media":"","overlay-type":"","overlay-color":"","overlay-opacity":"","overlay-gradient":""},"tablet":{"background-color":"var(--ast-global-color-4)","background-image":"","background-repeat":"repeat","background-position":"center center","background-size":"auto","background-attachment":"scroll","background-type":"","background-media":"","overlay-type":"","overlay-color":"","overlay-opacity":"","overlay-gradient":""},"mobile":{"background-color":"var(--ast-global-color-4)","background-image":"","background-repeat":"repeat","background-position":"center center","background-size":"auto","background-attachment":"scroll","background-type":"","background-media":"","overlay-type":"","overlay-color":"","overlay-opacity":"","overlay-gradient":""}},"iawp_total_views":32,"footnotes":""},"class_list":["post-10609","page","type-page","status-publish","hentry"],"_links":{"self":[{"href":"https:\/\/histoire-en-citations.fr\/WP\/wp-json\/wp\/v2\/pages\/10609","targetHints":{"allow":["GET"]}}],"collection":[{"href":"https:\/\/histoire-en-citations.fr\/WP\/wp-json\/wp\/v2\/pages"}],"about":[{"href":"https:\/\/histoire-en-citations.fr\/WP\/wp-json\/wp\/v2\/types\/page"}],"author":[{"embeddable":true,"href":"https:\/\/histoire-en-citations.fr\/WP\/wp-json\/wp\/v2\/users\/1"}],"replies":[{"embeddable":true,"href":"https:\/\/histoire-en-citations.fr\/WP\/wp-json\/wp\/v2\/comments?post=10609"}],"version-history":[{"count":4,"href":"https:\/\/histoire-en-citations.fr\/WP\/wp-json\/wp\/v2\/pages\/10609\/revisions"}],"predecessor-version":[{"id":13521,"href":"https:\/\/histoire-en-citations.fr\/WP\/wp-json\/wp\/v2\/pages\/10609\/revisions\/13521"}],"wp:attachment":[{"href":"https:\/\/histoire-en-citations.fr\/WP\/wp-json\/wp\/v2\/media?parent=10609"}],"curies":[{"name":"wp","href":"https:\/\/api.w.org\/{rel}","templated":true}]}}