{"id":10629,"date":"2025-09-22T07:34:54","date_gmt":"2025-09-22T05:34:54","guid":{"rendered":"https:\/\/histoire-en-citations.fr\/WP\/droit-de-grace-et-peine-de-mort\/"},"modified":"2025-11-19T08:51:41","modified_gmt":"2025-11-19T07:51:41","slug":"droit-de-grace-et-peine-de-mort","status":"publish","type":"page","link":"https:\/\/histoire-en-citations.fr\/WP\/droit-de-grace-et-peine-de-mort\/","title":{"rendered":"droit de gr\u00e2ce (et peine de mort)"},"content":{"rendered":"<div class=\"content\">\n<div class=\"view view-index-taxo view-id-index_taxo view-display-id-page view-dom-id-6046eccfa4a7681e58ec0181f765b7aa\">\n<div class=\"view-header\">\n<p class=\"presentation\">Privil\u00e8ge r\u00e9galien, moins pesant depuis l\u2019abolition (r\u00e9cente) de la peine de mort (1981).<\/p>\n<p class=\"idxinfo\">Cliquez sur une citation pour la consulter dans son contexte historique.<a href=\"https:\/\/histoire-en-citations.fr\/WP\/indexation\/\" class=\"retour\">Retour \u00e0 l\u2019index<\/a><\/p>\n<p> Affichage de 1 \u2013 18 sur 18.    <\/p><\/div>\n<div class=\"view-content\">\n<div class=\"views-row views-row-1 views-row-odd views-row-first\">\n<div class=\"views-field views-field-field-index-collection\">\n<div class=\"field-content\">\n<div class=\"field-collection-view clearfix view-mode-full field-collection-view-final\">\n<div class=\"entity entity-field-collection-item field-collection-item-field-index-collection clearfix\">\n<div class=\"content\">\n<blockquote>\n<p class=\"citation-small\"><a href=\"https:\/\/histoire-en-citations.fr\/WP\/eloge-des-citations-apocryphes\/#1031\">\u00ab\u00a0Je ne suis pas d\u2019accord avec ce que vous dites, mais je me battrai jusqu\u2019\u00e0 la mort pour que vous ayez le droit de le dire.\u00a0\u00bb<\/a><\/p>\n<p class=\"auteur\"><span class=\"author\"><span class=\"name\">VOLTAIRE<\/span><\/span> (1694-1778), citation apocryphe<\/p>\n\n<\/blockquote><\/div>\n<\/div>\n<\/div>\n<\/div><\/div>\n<\/div>\n<div class=\"views-row views-row-2 views-row-even\">\n<div class=\"views-field views-field-field-index-collection\">\n<div class=\"field-content\">\n<div class=\"field-collection-view clearfix view-mode-full field-collection-view-final\">\n<div class=\"entity entity-field-collection-item field-collection-item-field-index-collection clearfix\">\n<div class=\"content\">\n<blockquote>\n<p class=\"citation-small\"><a href=\"https:\/\/histoire-en-citations.fr\/WP\/recit-ou-roman-national-une-confusion-inadmissible\/#1267\">\u00ab\u00a0Les mots\u00a0! Les mots\u00a0! On a br\u00fbl\u00e9 au nom de la charit\u00e9, on a guillotin\u00e9 au nom de la fraternit\u00e9. Sur le th\u00e9\u00e2tre des choses humaines, l\u2019affiche est presque toujours le contraire de la pi\u00e8ce.\u00a0\u00bb<\/a><\/p>\n<p class=\"auteur\"><span class=\"author\"><span class=\"surname special\">Edmond de <\/span><span class=\"name\">GONCOURT<\/span><\/span> (1822-1896) et <span class=\"author\"><span class=\"surname special\">Jules de <\/span><span class=\"name\">GONCOURT<\/span><\/span> (1830-1870), <cite>Id\u00e9es et Sensations<\/cite> (1866)<\/p>\n\n<\/blockquote><\/div>\n<\/div>\n<\/div>\n<\/div><\/div>\n<\/div>\n<div class=\"views-row views-row-3 views-row-odd\">\n<div class=\"views-field views-field-field-index-collection\">\n<div class=\"field-content\">\n<div class=\"field-collection-view clearfix view-mode-full field-collection-view-final\">\n<div class=\"entity entity-field-collection-item field-collection-item-field-index-collection clearfix\">\n<div class=\"content\">\n<blockquote>\n<p class=\"citation-small\"><a href=\"https:\/\/histoire-en-citations.fr\/WP\/lhistoire-en-chantant-la-revolution-et-le-directoire\/#1413\">\u00ab\u00a0Guillotin \u2013 M\u00e9decin \u2013 Politique, \/ Imagine un beau matin \/ Que pendre est inhumain \/ Et peu patriotique.Aussit\u00f4t \u2013 Il lui faut \u2013 Un supplice \/ Qui, sans corde ni poteau, \/ Supprime du bourreau \/ L\u2019office.\u00a0\u00bb<\/a><\/p>\n<p class=\"auteur\"><cite>La Guillotine<\/cite>, chanson<\/p>\n\n<\/blockquote><\/div>\n<\/div>\n<\/div>\n<\/div><\/div>\n<\/div>\n<div class=\"views-row views-row-4 views-row-even\">\n<div class=\"views-field views-field-field-index-collection\">\n<div class=\"field-content\">\n<div class=\"field-collection-view clearfix view-mode-full field-collection-view-final\">\n<div class=\"entity entity-field-collection-item field-collection-item-field-index-collection clearfix\">\n<div class=\"content\">\n<blockquote>\n<p class=\"citation-small\"><a href=\"https:\/\/histoire-en-citations.fr\/WP\/le-grand-betisier-historique\/#1510\">\u00ab\u00a0Le supplice que j\u2019ai invent\u00e9 est si doux qu\u2019il n\u2019y a vraiment que l\u2019id\u00e9e de la mort qui puisse le rendre d\u00e9sagr\u00e9able. Aussi, si l\u2019on ne s\u2019attendait pas \u00e0 mourir, on croirait n\u2019avoir senti sur le cou qu\u2019une l\u00e9g\u00e8re et agr\u00e9able fra\u00eecheur.\u00a0\u00bb<\/a><\/p>\n<p class=\"auteur\"><span class=\"author\"><span class=\"surname\">Joseph Ignace <\/span><span class=\"name\">GUILLOTIN<\/span><\/span> (1738-1814)<\/p>\n\n<\/blockquote><\/div>\n<\/div>\n<\/div>\n<\/div><\/div>\n<\/div>\n<div class=\"views-row views-row-5 views-row-odd\">\n<div class=\"views-field views-field-field-index-collection\">\n<div class=\"field-content\">\n<div class=\"field-collection-view clearfix view-mode-full field-collection-view-final\">\n<div class=\"entity entity-field-collection-item field-collection-item-field-index-collection clearfix\">\n<div class=\"content\">\n<blockquote>\n<p class=\"citation-small\"><a href=\"https:\/\/histoire-en-citations.fr\/WP\/barere-de-vieuzac-detruisez-la-vendee-valenciennes-et-conde-ne-seront-plus-au-pouvoir-de-lautrichien\/#1529\">\u00ab\u00a0Il n\u2019existe qu\u2019une sorte de d\u00e9lit \u00e0 ce tribunal, la haute trahison, et il n\u2019y a qu\u2019une seule peine, qui est la mort.\u00a0\u00bb<\/a><\/p>\n<p class=\"auteur\"><span class=\"author\"><span class=\"surname\">Maximilien <\/span><span class=\"name\">ROBESPIERRE<\/span><\/span> (1758-1794) r\u00e9affirmant la terrible vocation du Tribunal r\u00e9volutionnaire, Convention, Discours du 25\u00a0ao\u00fbt 1793<\/p>\n\n<\/blockquote><\/div>\n<\/div>\n<\/div>\n<\/div><\/div>\n<\/div>\n<div class=\"views-row views-row-6 views-row-even\">\n<div class=\"views-field views-field-field-index-collection\">\n<div class=\"field-content\">\n<div class=\"field-collection-view clearfix view-mode-full field-collection-view-final\">\n<div class=\"entity entity-field-collection-item field-collection-item-field-index-collection clearfix\">\n<div class=\"content\">\n<blockquote>\n<p class=\"citation-small\"><a href=\"https:\/\/histoire-en-citations.fr\/WP\/portrait-de-danton-en-citations\/#1565\">\u00ab\u00a0Les monstres\u00a0! Ils voudraient briser les \u00e9chafauds\u00a0; mais, citoyens, ne l\u2019oublions jamais, ceux-l\u00e0 ne veulent point de guillotine qui sentent qu\u2019ils sont dignes de la guillotine.\u00a0\u00bb<\/a><\/p>\n<p class=\"auteur\"><span class=\"author\"><span class=\"surname\">Jean-Baptiste <\/span><span class=\"name\">CARRIER<\/span><\/span> (1756-1794), fin 1793<\/p>\n\n<\/blockquote><\/div>\n<\/div>\n<\/div>\n<\/div><\/div>\n<\/div>\n<div class=\"views-row views-row-7 views-row-odd\">\n<div class=\"views-field views-field-field-index-collection\">\n<div class=\"field-content\">\n<div class=\"field-collection-view clearfix view-mode-full field-collection-view-final\">\n<div class=\"entity entity-field-collection-item field-collection-item-field-index-collection clearfix\">\n<div class=\"content\">\n<blockquote>\n<p class=\"citation-small\"><a href=\"https:\/\/histoire-en-citations.fr\/WP\/citations-referentielles-le-miroir-de-lhistoire-revolution\/#1572\">\u00ab\u00a0Y a-t-il guillotine aujourd\u2019hui\u00a0? \u2014 Oui, lui r\u00e9pliqua un franc patriote, car il y a toujours trahison.\u00a0\u00bb<\/a><\/p>\n<p class=\"auteur\">Reflet de l\u2019\u00e9tat d\u2019esprit du sans-culotte et du terrorisme l\u00e9gal<\/p>\n\n<\/blockquote><\/div>\n<\/div>\n<\/div>\n<\/div><\/div>\n<\/div>\n<div class=\"views-row views-row-8 views-row-even\">\n<div class=\"views-field views-field-field-index-collection\">\n<div class=\"field-content\">\n<div class=\"field-collection-view clearfix view-mode-full field-collection-view-final\">\n<div class=\"entity entity-field-collection-item field-collection-item-field-index-collection clearfix\">\n<div class=\"content\">\n<blockquote>\n<p class=\"citation-small\"><a href=\"https:\/\/histoire-en-citations.fr\/WP\/lhistoire-en-chantant-la-revolution-et-le-directoire\/#1617\">\u00ab\u00a0Fouquier-Tinville avait promis \/ De guillotiner tout Paris, \/ Mais il en a menti, \/ Car il est raccourci [\u2026]Vive la guillotine \/ Pour ces bourreaux \/ Vils fl\u00e9aux.\u00a0\u00bb<\/a><\/p>\n<p class=\"auteur\"><cite>La Carmagnole de Fouquier-Tinville<\/cite>, mai\u00a01795, chanson<\/p>\n\n<\/blockquote><\/div>\n<\/div>\n<\/div>\n<\/div><\/div>\n<\/div>\n<div class=\"views-row views-row-9 views-row-odd\">\n<div class=\"views-field views-field-field-index-collection\">\n<div class=\"field-content\">\n<div class=\"field-collection-view clearfix view-mode-full field-collection-view-final\">\n<div class=\"entity entity-field-collection-item field-collection-item-field-index-collection clearfix\">\n<div class=\"content\">\n<blockquote>\n<p class=\"citation-small\"><a href=\"https:\/\/histoire-en-citations.fr\/WP\/portrait-de-louis-xviii-en-citations\/#1969\">\u00ab\u00a0Je suis du parti que l\u2019on guillotine, et vous \u00eates du parti que l\u2019on pend.\u00a0\u00bb<\/a><\/p>\n<p class=\"auteur\">Mot d\u2019une grande dame noble et l\u00e9gitimiste \u00e0 Decazes, ministre et conseiller de Louis XVIII, janvier\u00a01818<\/p>\n\n<\/blockquote><\/div>\n<\/div>\n<\/div>\n<\/div><\/div>\n<\/div>\n<div class=\"views-row views-row-10 views-row-even\">\n<div class=\"views-field views-field-field-index-collection\">\n<div class=\"field-content\">\n<div class=\"field-collection-view clearfix view-mode-full field-collection-view-final\">\n<div class=\"entity entity-field-collection-item field-collection-item-field-index-collection clearfix\">\n<div class=\"content\">\n<blockquote>\n<p class=\"citation-small\"><a href=\"https:\/\/histoire-en-citations.fr\/WP\/les-punchlines-restauration-monarchie-de-juillet-deuxieme-republique-et-second-empire\/#2086\">\u00ab\u00a0Quel dommage que je n\u2019aie pas \u00e9t\u00e9 bless\u00e9, j\u2019aurais pu faire gr\u00e2ce\u00a0!\u00a0\u00bb<\/a><\/p>\n<p class=\"auteur\"><span class=\"author\"><span class=\"name\">LOUIS-PHILIPPE<\/span><\/span> (1773-1850), apr\u00e8s l\u2019attentat de Fieschi, 28\u00a0juillet 1835<\/p>\n\n<\/blockquote><\/div>\n<\/div>\n<\/div>\n<\/div><\/div>\n<\/div>\n<div class=\"views-row views-row-11 views-row-odd\">\n<div class=\"views-field views-field-field-index-collection\">\n<div class=\"field-content\">\n<div class=\"field-collection-view clearfix view-mode-full field-collection-view-final\">\n<div class=\"entity entity-field-collection-item field-collection-item-field-index-collection clearfix\">\n<div class=\"content\">\n<blockquote>\n<p class=\"citation-small\"><a href=\"https:\/\/histoire-en-citations.fr\/WP\/histoires-de-famille-de-napoleon-au-second-empire\/#2099\">\u00ab\u00a0Gr\u00e2ce encore une fois\u00a0! Gr\u00e2ce au nom de la tombe,Gr\u00e2ce au nom du berceau.\u00a0\u00bb<\/a><\/p>\n<p class=\"auteur\"><span class=\"author\"><span class=\"surname\">Victor <\/span><span class=\"name\">HUGO<\/span><\/span> (1802-1885), \u00ab\u00a0Au roi Louis-Philippe, apr\u00e8s l\u2019arr\u00eat de mort prononc\u00e9 le 12\u00a0juillet 1839.\u00a0\u00bb<\/p>\n\n<\/blockquote><\/div>\n<\/div>\n<\/div>\n<\/div><\/div>\n<\/div>\n<div class=\"views-row views-row-12 views-row-even\">\n<div class=\"views-field views-field-field-index-collection\">\n<div class=\"field-content\">\n<div class=\"field-collection-view clearfix view-mode-full field-collection-view-final\">\n<div class=\"entity entity-field-collection-item field-collection-item-field-index-collection clearfix\">\n<div class=\"content\">\n<blockquote>\n<p class=\"citation-small\"><a href=\"https:\/\/histoire-en-citations.fr\/WP\/citations-referentielles-le-miroir-de-lhistoire-restauration-monarchie-de-juillet-deuxieme-republique\/#2103\">\u00ab\u00a0Si l\u2019on veut abolir la peine de mort, en ce cas que MM.\u00a0les assassins commencent\u00a0: qu\u2019ils ne tuent pas, on ne les tuera pas.\u00a0\u00bb<\/a><\/p>\n<p class=\"auteur\"><span class=\"author\"><span class=\"surname\">Alphonse <\/span><span class=\"name\">KARR<\/span><\/span> (1808-1890), <cite>Les Gu\u00eapes<\/cite> (1840)<\/p>\n\n<\/blockquote><\/div>\n<\/div>\n<\/div>\n<\/div><\/div>\n<\/div>\n<div class=\"views-row views-row-13 views-row-odd\">\n<div class=\"views-field views-field-field-index-collection\">\n<div class=\"field-content\">\n<div class=\"field-collection-view clearfix view-mode-full field-collection-view-final\">\n<div class=\"entity entity-field-collection-item field-collection-item-field-index-collection clearfix\">\n<div class=\"content\">\n<blockquote>\n<p class=\"citation-small\"><a href=\"https:\/\/histoire-en-citations.fr\/WP\/lhistoire-en-chantant-deuxieme-republique-et-second-empire\/#2175\">\u00ab\u00a0\u00d4 R\u00e9publique au front d\u2019airain\u00a0! Ta justice doit \u00eatre lasse\u00a0: Au nom du peuple souverain, Pour la premi\u00e8re fois, fais gr\u00e2ce\u00a0!\u00a0\u00bb<\/a><\/p>\n<p class=\"auteur\"><span class=\"author\"><span class=\"surname\">Pierre <\/span><span class=\"name\">DUPONT<\/span><\/span> (1821-1870), <cite>Les Journ\u00e9es de Juin<\/cite> (1848), chanson<\/p>\n\n<\/blockquote><\/div>\n<\/div>\n<\/div>\n<\/div><\/div>\n<\/div>\n<div class=\"views-row views-row-14 views-row-even\">\n<div class=\"views-field views-field-field-index-collection\">\n<div class=\"field-content\">\n<div class=\"field-collection-view clearfix view-mode-full field-collection-view-final\">\n<div class=\"entity entity-field-collection-item field-collection-item-field-index-collection clearfix\">\n<div class=\"content\">\n<blockquote>\n<p class=\"citation-small\"><a href=\"https:\/\/histoire-en-citations.fr\/WP\/portrait-de-louise-michel-en-citations\/#2371\">\u00ab\u00a0Il s\u2019agit aujourd\u2019hui non plus de couper les t\u00eates, mais d\u2019ouvrir les intelligences.\u00a0\u00bb<\/a><\/p>\n<p class=\"auteur\"><span class=\"author\"><span class=\"surname\">Henri <\/span><span class=\"name\">ROCHEFORT<\/span><\/span> (1831-1913), <cite>Le Mot d\u2019ordre<\/cite>, 5\u00a0mai 1871<\/p>\n\n<\/blockquote><\/div>\n<\/div>\n<\/div>\n<\/div><\/div>\n<\/div>\n<div class=\"views-row views-row-15 views-row-odd\">\n<div class=\"views-field views-field-field-index-collection\">\n<div class=\"field-content\">\n<div class=\"field-collection-view clearfix view-mode-full field-collection-view-final\">\n<div class=\"entity entity-field-collection-item field-collection-item-field-index-collection clearfix\">\n<div class=\"content\">\n<blockquote>\n<p class=\"citation-small\"><a href=\"https:\/\/histoire-en-citations.fr\/WP\/la-politique-est-elle-en-panne-de-reve-de-napoleon-a-nos-jours\/#2474\">\u00ab\u00a0Cette t\u00eate de l\u2019homme du peuple, cultivez-la [\u2026] \u00e9clairez-la [\u2026] vous n\u2019aurez pas besoin de la couper.\u00a0\u00bb<\/a><\/p>\n<p class=\"auteur\"><span class=\"author\"><span class=\"surname\">Victor <\/span><span class=\"name\">HUGO<\/span><\/span> (1802-1885), <cite>Claude Gueux<\/cite> (1834)<\/p>\n\n<\/blockquote><\/div>\n<\/div>\n<\/div>\n<\/div><\/div>\n<\/div>\n<div class=\"views-row views-row-16 views-row-even\">\n<div class=\"views-field views-field-field-index-collection\">\n<div class=\"field-content\">\n<div class=\"field-collection-view clearfix view-mode-full field-collection-view-final\">\n<div class=\"entity entity-field-collection-item field-collection-item-field-index-collection clearfix\">\n<div class=\"content\">\n<blockquote>\n<p class=\"citation-small\"><a href=\"https:\/\/histoire-en-citations.fr\/WP\/lhistoire-en-chantant-troisieme-republique-et-seconde-guerre-mondiale\/#2513\">\u00ab\u00a0Alors tendant ses longs bras roux \/ Bichonn\u00e9e, ayant fait peau neuve,Elle attend son nouvel \u00e9poux, \/ La Veuve.\u00a0\u00bb<\/a><\/p>\n<p class=\"auteur\"><span class=\"author\"><span class=\"surname\">Jules <\/span><span class=\"name\">JOUY<\/span><\/span> <cite>(<\/cite>1855-1897), <cite>La Veuve<\/cite> (1887) \u2013 nom de la guillotine, en argot, chanson<\/p>\n\n<\/blockquote><\/div>\n<\/div>\n<\/div>\n<\/div><\/div>\n<\/div>\n<div class=\"views-row views-row-17 views-row-odd\">\n<div class=\"views-field views-field-field-index-collection\">\n<div class=\"field-content\">\n<div class=\"field-collection-view clearfix view-mode-full field-collection-view-final\">\n<div class=\"entity entity-field-collection-item field-collection-item-field-index-collection clearfix\">\n<div class=\"content\">\n<blockquote>\n<p class=\"citation-small\"><a href=\"https:\/\/histoire-en-citations.fr\/WP\/les-mysteres-de-lhistoire-de-malraux-aux-diamants-de-bokassa\/#2821\">\u00ab\u00a0Dans les lettres, comme en tout, le talent est un titre de responsabilit\u00e9.\u00a0\u00bb<\/a><\/p>\n<p class=\"auteur\"><span class=\"author\"><span class=\"surname\">Charles de <\/span><span class=\"name\">GAULLE<\/span><\/span> (1890-1970), refusant la gr\u00e2ce de Robert Brasillach<\/p>\n\n<\/blockquote><\/div>\n<\/div>\n<\/div>\n<\/div><\/div>\n<\/div>\n<div class=\"views-row views-row-18 views-row-even views-row-last\">\n<div class=\"views-field views-field-field-index-collection\">\n<div class=\"field-content\">\n<div class=\"field-collection-view clearfix view-mode-full field-collection-view-final\">\n<div class=\"entity entity-field-collection-item field-collection-item-field-index-collection clearfix\">\n<div class=\"content\">\n<blockquote>\n<p class=\"citation-small\"><a href=\"https:\/\/histoire-en-citations.fr\/WP\/lhistoire-en-caricatures-de-1939-a-nos-jours\/#3102\">\u00ab\u00a0Qu\u2019appelez-vous pouvoir\u00a0? Un logement dans un palais\u00a0? Le grand cordon de la L\u00e9gion d\u2019honneur\u00a0? Le droit de gr\u00e2ce r\u00e9galien\u00a0? La curiosit\u00e9 des foules\u00a0? La ma\u00eetrise des d\u00e9crets\u00a0? Les hommes qui se courbent\u00a0? Les hommes qui se couchent\u00a0? La t\u00e9l\u00e9vision \u00e0 la botte\u00a0? La chasse au li\u00e8vre, au tigre, au pauvre\u00a0? [\u2026] Le doigt sur le bouton de la guerre atomique\u00a0? Un Pr\u00e9sident qui r\u00e8gne, qui gouverne, qui juge, qui l\u00e9gif\u00e8re, qui commente lui-m\u00eame les nouvelles qu\u2019il inspire, monarque souverain d\u2019un pouvoir absolu\u00a0? J\u2019ai prononc\u00e9 le mot qu\u2019il fallait taire, l\u2019absolu.\u00a0\u00bb<\/a><\/p>\n<p class=\"auteur\"><span class=\"author\"><span class=\"surname\">Fran\u00e7ois <\/span><span class=\"name\">MITTERRAND<\/span><\/span> (1916-1996), <cite>Ici et maintenant<\/cite> (1980)<\/p>\n\n<\/blockquote><\/div>\n<\/div>\n<\/div>\n<\/div><\/div>\n<\/div>\n<\/div>\n<\/div>\n<\/div>\n<style>\r\n        a .cit-num {\r\n            text-decoration: none !important;\r\n            color: inherit !important;\r\n        }\r\n    <\/style>","protected":false},"excerpt":{"rendered":"<p>Privil\u00e8ge r\u00e9galien, moins pesant depuis l\u2019abolition (r\u00e9cente) de la peine de mort (1981). Cliquez sur une citation pour la consulter dans son contexte historique.Retour \u00e0 l\u2019index Affichage de 1 &#8211; 18 sur 18. \u00ab&nbsp;Je ne suis pas d&rsquo;accord avec ce que vous dites, mais je me battrai jusqu&rsquo;\u00e0 la mort pour que vous ayez le [&#8230;]<\/p>\n","protected":false},"author":1,"featured_media":0,"parent":0,"menu_order":0,"comment_status":"closed","ping_status":"closed","template":"","meta":{"site-sidebar-layout":"default","site-content-layout":"","ast-site-content-layout":"default","site-content-style":"default","site-sidebar-style":"default","ast-global-header-display":"","ast-banner-title-visibility":"","ast-main-header-display":"","ast-hfb-above-header-display":"","ast-hfb-below-header-display":"","ast-hfb-mobile-header-display":"","site-post-title":"","ast-breadcrumbs-content":"","ast-featured-img":"","footer-sml-layout":"","theme-transparent-header-meta":"","adv-header-id-meta":"","stick-header-meta":"","header-above-stick-meta":"","header-main-stick-meta":"","header-below-stick-meta":"","astra-migrate-meta-layouts":"default","ast-page-background-enabled":"default","ast-page-background-meta":{"desktop":{"background-color":"var(--ast-global-color-5)","background-image":"","background-repeat":"repeat","background-position":"center center","background-size":"auto","background-attachment":"scroll","background-type":"","background-media":"","overlay-type":"","overlay-color":"","overlay-opacity":"","overlay-gradient":""},"tablet":{"background-color":"","background-image":"","background-repeat":"repeat","background-position":"center center","background-size":"auto","background-attachment":"scroll","background-type":"","background-media":"","overlay-type":"","overlay-color":"","overlay-opacity":"","overlay-gradient":""},"mobile":{"background-color":"","background-image":"","background-repeat":"repeat","background-position":"center center","background-size":"auto","background-attachment":"scroll","background-type":"","background-media":"","overlay-type":"","overlay-color":"","overlay-opacity":"","overlay-gradient":""}},"ast-content-background-meta":{"desktop":{"background-color":"var(--ast-global-color-4)","background-image":"","background-repeat":"repeat","background-position":"center center","background-size":"auto","background-attachment":"scroll","background-type":"","background-media":"","overlay-type":"","overlay-color":"","overlay-opacity":"","overlay-gradient":""},"tablet":{"background-color":"var(--ast-global-color-4)","background-image":"","background-repeat":"repeat","background-position":"center center","background-size":"auto","background-attachment":"scroll","background-type":"","background-media":"","overlay-type":"","overlay-color":"","overlay-opacity":"","overlay-gradient":""},"mobile":{"background-color":"var(--ast-global-color-4)","background-image":"","background-repeat":"repeat","background-position":"center center","background-size":"auto","background-attachment":"scroll","background-type":"","background-media":"","overlay-type":"","overlay-color":"","overlay-opacity":"","overlay-gradient":""}},"iawp_total_views":19,"footnotes":""},"class_list":["post-10629","page","type-page","status-publish","hentry"],"_links":{"self":[{"href":"https:\/\/histoire-en-citations.fr\/WP\/wp-json\/wp\/v2\/pages\/10629","targetHints":{"allow":["GET"]}}],"collection":[{"href":"https:\/\/histoire-en-citations.fr\/WP\/wp-json\/wp\/v2\/pages"}],"about":[{"href":"https:\/\/histoire-en-citations.fr\/WP\/wp-json\/wp\/v2\/types\/page"}],"author":[{"embeddable":true,"href":"https:\/\/histoire-en-citations.fr\/WP\/wp-json\/wp\/v2\/users\/1"}],"replies":[{"embeddable":true,"href":"https:\/\/histoire-en-citations.fr\/WP\/wp-json\/wp\/v2\/comments?post=10629"}],"version-history":[{"count":5,"href":"https:\/\/histoire-en-citations.fr\/WP\/wp-json\/wp\/v2\/pages\/10629\/revisions"}],"predecessor-version":[{"id":15088,"href":"https:\/\/histoire-en-citations.fr\/WP\/wp-json\/wp\/v2\/pages\/10629\/revisions\/15088"}],"wp:attachment":[{"href":"https:\/\/histoire-en-citations.fr\/WP\/wp-json\/wp\/v2\/media?parent=10629"}],"curies":[{"name":"wp","href":"https:\/\/api.w.org\/{rel}","templated":true}]}}