{"id":10633,"date":"2025-09-22T07:34:54","date_gmt":"2025-09-22T05:34:54","guid":{"rendered":"https:\/\/histoire-en-citations.fr\/WP\/ecologie\/"},"modified":"2025-11-19T08:51:42","modified_gmt":"2025-11-19T07:51:42","slug":"ecologie","status":"publish","type":"page","link":"https:\/\/histoire-en-citations.fr\/WP\/ecologie\/","title":{"rendered":"\u00e9cologie"},"content":{"rendered":"<div class=\"content\">\n<div class=\"view view-index-taxo view-id-index_taxo view-display-id-page view-dom-id-cf962b2ce6e9ac45f0982324f347ea5f\">\n<div class=\"view-header\">\n<p class=\"presentation\">Mot inconnu dans l\u2019histoire avant le <span class=\"caps\">XIX<\/span><sup>e<\/sup>\u00a0si\u00e8cle et mouvement politique tr\u00e8s r\u00e9cent, mais l\u2019homme est en relation avec la nature depuis toujours. De l\u00e0 \u00e0 faire de Voltaire notre premier \u00e9cologiste\u2026 C\u2019est une tentation raisonnable comme son Candide\u00a0: \u201c\u00a0Cultivons notre jardin\u00a0!\u00a0\u201d.<\/p>\n<p class=\"idxinfo\">Cliquez sur une citation pour la consulter dans son contexte historique.<a href=\"https:\/\/histoire-en-citations.fr\/WP\/indexation\/\" class=\"retour\">Retour \u00e0 l\u2019index<\/a><\/p>\n<p> Affichage de 1 \u2013 12 sur 12.    <\/p><\/div>\n<div class=\"view-content\">\n<div class=\"views-row views-row-1 views-row-odd views-row-first\">\n<div class=\"views-field views-field-field-index-collection\">\n<div class=\"field-content\">\n<div class=\"field-collection-view clearfix view-mode-full field-collection-view-final\">\n<div class=\"entity entity-field-collection-item field-collection-item-field-index-collection clearfix\">\n<div class=\"content\">\n<blockquote>\n<p class=\"citation-small\"><a href=\"https:\/\/histoire-en-citations.fr\/WP\/un-tour-de-france-historique-et-inedit-de-henri-iv-a-la-revolution\/#1021\">\u00ab\u00a0Cultivons notre jardin.\u00a0\u00bb<\/a><\/p>\n<p class=\"auteur\"><span class=\"author\"><span class=\"name\">VOLTAIRE<\/span><\/span> (1694-1778), <cite>Candide<\/cite> (1759)<\/p>\n\n<\/blockquote><\/div>\n<\/div>\n<\/div>\n<\/div><\/div>\n<\/div>\n<div class=\"views-row views-row-2 views-row-even\">\n<div class=\"views-field views-field-field-index-collection\">\n<div class=\"field-content\">\n<div class=\"field-collection-view clearfix view-mode-full field-collection-view-final\">\n<div class=\"entity entity-field-collection-item field-collection-item-field-index-collection clearfix\">\n<div class=\"content\">\n<blockquote>\n<p class=\"citation-small\"><a href=\"https:\/\/histoire-en-citations.fr\/WP\/qui-a-dit-quoi-de-qui-cinquieme-republique-de-mitterrand-a-macron\/#2961\">\u00ab Au regard de l\u2019histoire de la vie sur Terre, celle de l\u2019humanit\u00e9 commence \u00e0 peine. Et pourtant, la voici d\u00e9j\u00e0, par la faute de l\u2019homme, mena\u00e7ante pour la nature et donc elle-m\u00eame menac\u00e9e. \u00bb<\/a><\/p>\n<p class=\"auteur\"><span class=\"author\"><span class=\"surname\">Jacques <\/span><span class=\"name\">CHIRAC<\/span><\/span> (1932-2019), pr\u00e9sident de la R\u00e9publique, Discours au Sommet mondial de Johannesburg (Afrique du Sud), 2\u00a0septembre 2002<\/p>\n\n<\/blockquote><\/div>\n<\/div>\n<\/div>\n<\/div><\/div>\n<\/div>\n<div class=\"views-row views-row-3 views-row-odd\">\n<div class=\"views-field views-field-field-index-collection\">\n<div class=\"field-content\">\n<div class=\"field-collection-view clearfix view-mode-full field-collection-view-final\">\n<div class=\"entity entity-field-collection-item field-collection-item-field-index-collection clearfix\">\n<div class=\"content\">\n<blockquote>\n<p class=\"citation-small\"><a href=\"https:\/\/histoire-en-citations.fr\/WP\/la-foire-aux-utopies-du-plus-classique-au-plus-original-de-1914-a-nos-jours\/#2962\">Un autre monde est possible.<\/a><\/p>\n<p class=\"auteur\">Slogan du mouvement altermondialiste<\/p>\n\n<\/blockquote><\/div>\n<\/div>\n<\/div>\n<\/div><\/div>\n<\/div>\n<div class=\"views-row views-row-4 views-row-even\">\n<div class=\"views-field views-field-field-index-collection\">\n<div class=\"field-content\">\n<div class=\"field-collection-view clearfix view-mode-full field-collection-view-final\">\n<div class=\"entity entity-field-collection-item field-collection-item-field-index-collection clearfix\">\n<div class=\"content\">\n<blockquote>\n<p class=\"citation-small\"><a href=\"https:\/\/histoire-en-citations.fr\/WP\/les-appels-dans-lhistoire-de-napoleon-a-nos-jours\/#3146\">Paysans, ouvriers, tous unis, nous garderons le Larzac.<\/a><\/p>\n<p class=\"auteur\">Slogan de la manifestation du Larzac, 24 et 25\u00a0ao\u00fbt 1973<\/p>\n\n<\/blockquote><\/div>\n<\/div>\n<\/div>\n<\/div><\/div>\n<\/div>\n<div class=\"views-row views-row-5 views-row-odd\">\n<div class=\"views-field views-field-field-index-collection\">\n<div class=\"field-content\">\n<div class=\"field-collection-view clearfix view-mode-full field-collection-view-final\">\n<div class=\"entity entity-field-collection-item field-collection-item-field-index-collection clearfix\">\n<div class=\"content\">\n<blockquote>\n<p class=\"citation-small\"><a href=\"https:\/\/histoire-en-citations.fr\/WP\/les-mysteres-de-lhistoire-les-annees-mitterrand\/#3255\">\u00ab\u00a0La th\u00e8se de l\u2019ignorance scandalis\u00e9e tient lieu de ligne de d\u00e9fense officielle.\u00a0\u00bb<\/a><\/p>\n<p class=\"auteur\"><span class=\"author\"><span class=\"surname\">Serge <\/span><span class=\"name\">JULY<\/span><\/span> (n\u00e9 en 1942), directeur de <cite>Lib\u00e9ration<\/cite><\/p>\n\n<\/blockquote><\/div>\n<\/div>\n<\/div>\n<\/div><\/div>\n<\/div>\n<div class=\"views-row views-row-6 views-row-even\">\n<div class=\"views-field views-field-field-index-collection\">\n<div class=\"field-content\">\n<div class=\"field-collection-view clearfix view-mode-full field-collection-view-final\">\n<div class=\"entity entity-field-collection-item field-collection-item-field-index-collection clearfix\">\n<div class=\"content\">\n<blockquote>\n<p class=\"citation-small\"><a href=\"https:\/\/histoire-en-citations.fr\/WP\/qui-a-dit-quoi-de-qui-cinquieme-republique-de-mitterrand-a-macron\/#3320\">\u00ab\u00a0Que voulez-vous, je suis Fran\u00e7ais, et j\u2019adore aller expliquer aux autres ce que je suis infoutu de faire chez moi.\u00a0\u00bb<\/a><\/p>\n<p class=\"auteur\"><span class=\"author\"><span class=\"surname\">Jacques <\/span><span class=\"name\">CHIRAC<\/span><\/span> (1932-2019), <cite>Dans la peau de Jacques Chirac<\/cite> (2006), Karl Z\u00e9ro et Michel Royer<\/p>\n\n<\/blockquote><\/div>\n<\/div>\n<\/div>\n<\/div><\/div>\n<\/div>\n<div class=\"views-row views-row-7 views-row-odd\">\n<div class=\"views-field views-field-field-index-collection\">\n<div class=\"field-content\">\n<div class=\"field-collection-view clearfix view-mode-full field-collection-view-final\">\n<div class=\"entity entity-field-collection-item field-collection-item-field-index-collection clearfix\">\n<div class=\"content\">\n<blockquote>\n<p class=\"citation-small\"><a href=\"https:\/\/histoire-en-citations.fr\/WP\/les-punchlines-cinquieme-republique-apres-de-gaulle\/#3357\">\u00ab\u00a0Le monde n\u2019est pas une marchandise.\u00a0\u00bb<\/a><\/p>\n<p class=\"auteur\"><span class=\"author\"><span class=\"surname\">Jos\u00e9 <\/span><span class=\"name\">BOV\u00c9<\/span><\/span> (n\u00e9 en 1953), titre de son livre (2000)<\/p>\n\n<\/blockquote><\/div>\n<\/div>\n<\/div>\n<\/div><\/div>\n<\/div>\n<div class=\"views-row views-row-8 views-row-even\">\n<div class=\"views-field views-field-field-index-collection\">\n<div class=\"field-content\">\n<div class=\"field-collection-view clearfix view-mode-full field-collection-view-final\">\n<div class=\"entity entity-field-collection-item field-collection-item-field-index-collection clearfix\">\n<div class=\"content\">\n<blockquote>\n<p class=\"citation-small\"><a href=\"https:\/\/histoire-en-citations.fr\/WP\/le-cv-des-acteurs-de-lhistoire-de-chirac-a-macron\/#3379\">\u00ab\u00a0La moiti\u00e9 du nuage d\u2019ozone qui s\u00e9vit dans la r\u00e9gion parisienne est d\u2019importation anglaise et allemande.\u00a0\u00bb<\/a><\/p>\n<p class=\"auteur\"><span class=\"author\"><span class=\"surname\">Roselyne <\/span><span class=\"name\">BACHELOT<\/span><\/span> (n\u00e9e en 1946), ministre de l\u2019\u00c9cologie et du D\u00e9veloppement durable, <cite>Le Parisien<\/cite>, 20\u00a0septembre 2003<\/p>\n\n<\/blockquote><\/div>\n<\/div>\n<\/div>\n<\/div><\/div>\n<\/div>\n<div class=\"views-row views-row-9 views-row-odd\">\n<div class=\"views-field views-field-field-index-collection\">\n<div class=\"field-content\">\n<div class=\"field-collection-view clearfix view-mode-full field-collection-view-final\">\n<div class=\"entity entity-field-collection-item field-collection-item-field-index-collection clearfix\">\n<div class=\"content\">\n<blockquote>\n<p class=\"citation-small\"><a href=\"https:\/\/histoire-en-citations.fr\/WP\/la-terre-dans-tous-ses-etats-de-la-revolution-a-nos-jours\/#3457\">\u00ab\u00a0Les \u00e9colos sont capables du meilleur comme du pire\u00a0; mais c\u2019est dans le pire qu\u2019ils sont les meilleurs.\u00a0\u00bb<\/a><\/p>\n<p class=\"auteur\"><span class=\"author\"><span class=\"surname\">Gabriel <\/span><span class=\"name\">COHN-BENDIT<\/span><\/span> (n\u00e9 en 1936), fr\u00e8re de Daniel, s\u00e9lection du prix Press Club, humour et politique, 2011<\/p>\n\n<\/blockquote><\/div>\n<\/div>\n<\/div>\n<\/div><\/div>\n<\/div>\n<div class=\"views-row views-row-10 views-row-even\">\n<div class=\"views-field views-field-field-index-collection\">\n<div class=\"field-content\">\n<div class=\"field-collection-view clearfix view-mode-full field-collection-view-final\">\n<div class=\"entity entity-field-collection-item field-collection-item-field-index-collection clearfix\">\n<div class=\"content\">\n<blockquote>\n<p class=\"citation-small\"><a href=\"https:\/\/histoire-en-citations.fr\/WP\/le-cv-des-acteurs-de-lhistoire-de-chirac-a-macron\/#3482\">\u00ab\u00a0Je suis coinc\u00e9e entre la gauche molle qui ne promet rien et la gauche folle qui promet tout.\u00a0\u00bb<\/a><\/p>\n<p class=\"auteur\"><span class=\"author\"><span class=\"surname\">Eva <\/span><span class=\"name\">JOLY<\/span><\/span> (n\u00e9e en 1943), \u00e9mission \u00ab\u00a0Des paroles et des actes\u00a0\u00bb, France 2, 11\u00a0avril 2012<\/p>\n\n<\/blockquote><\/div>\n<\/div>\n<\/div>\n<\/div><\/div>\n<\/div>\n<div class=\"views-row views-row-11 views-row-odd\">\n<div class=\"views-field views-field-field-index-collection\">\n<div class=\"field-content\">\n<div class=\"field-collection-view clearfix view-mode-full field-collection-view-final\">\n<div class=\"entity entity-field-collection-item field-collection-item-field-index-collection clearfix\">\n<div class=\"content\">\n<blockquote>\n<p class=\"citation-small\"><a href=\"https:\/\/histoire-en-citations.fr\/WP\/gabriel-cohn-bendit-les-ecolos-sont-capables-du-meilleur-comme-du-pire-mais-cest-dans-le-pire-quils-sont-les-meilleurs\/#3483\">\u00ab\u00a0L\u2019\u00e9cologie a besoin d\u2019un avocat, pas d\u2019un juge.\u00a0\u00bb<\/a><\/p>\n<p class=\"auteur\"><span class=\"author\"><span class=\"surname\">Corinne <\/span><span class=\"name\">LEPAGE<\/span><\/span> (n\u00e9e en 1951), 17\u00a0avril 2012<\/p>\n\n<\/blockquote><\/div>\n<\/div>\n<\/div>\n<\/div><\/div>\n<\/div>\n<div class=\"views-row views-row-12 views-row-even views-row-last\">\n<div class=\"views-field views-field-field-index-collection\">\n<div class=\"field-content\">\n<div class=\"field-collection-view clearfix view-mode-full field-collection-view-final\">\n<div class=\"entity entity-field-collection-item field-collection-item-field-index-collection clearfix\">\n<div class=\"content\">\n<blockquote>\n<p class=\"citation-small\"><a href=\"https:\/\/histoire-en-citations.fr\/WP\/un-tour-de-france-historique-et-inedit-de-la-seconde-guerre-mondiale-a-nos-jours\/#3491\">\u00ab\u00a0Il est hors de question de laisser un kyste s\u2019organiser.\u00a0\u00bb<\/a><\/p>\n<p class=\"auteur\"><span class=\"author\"><span class=\"surname\">Manuel <\/span><span class=\"name\">VALLS<\/span><\/span> (n\u00e9 en 1962), ministre de l\u2019Int\u00e9rieur, 23 novembre 2012, pour justifier l\u2019op\u00e9ration d\u2019expulsion des squatteurs \u00e0 Notre-Dame-des Landes (NDDL). <cite>Presse-Oc\u00e9an<\/cite> et de nombreux journaux<\/p>\n\n<\/blockquote><\/div>\n<\/div>\n<\/div>\n<\/div><\/div>\n<\/div>\n<\/div>\n<\/div>\n<\/div>\n<style>\r\n        a .cit-num {\r\n            text-decoration: none !important;\r\n            color: inherit !important;\r\n        }\r\n    <\/style>","protected":false},"excerpt":{"rendered":"<p>Mot inconnu dans l\u2019histoire avant le XIXe\u00a0si\u00e8cle et mouvement politique tr\u00e8s r\u00e9cent, mais l\u2019homme est en relation avec la nature depuis toujours. De l\u00e0 \u00e0 faire de Voltaire notre premier \u00e9cologiste&#8230; C\u2019est une tentation raisonnable comme son Candide\u00a0: \u201c\u00a0Cultivons notre jardin\u00a0!\u00a0\u201d. Cliquez sur une citation pour la consulter dans son contexte historique.Retour \u00e0 l\u2019index Affichage [&#8230;]<\/p>\n","protected":false},"author":1,"featured_media":0,"parent":0,"menu_order":0,"comment_status":"closed","ping_status":"closed","template":"","meta":{"site-sidebar-layout":"default","site-content-layout":"","ast-site-content-layout":"default","site-content-style":"default","site-sidebar-style":"default","ast-global-header-display":"","ast-banner-title-visibility":"","ast-main-header-display":"","ast-hfb-above-header-display":"","ast-hfb-below-header-display":"","ast-hfb-mobile-header-display":"","site-post-title":"","ast-breadcrumbs-content":"","ast-featured-img":"","footer-sml-layout":"","theme-transparent-header-meta":"","adv-header-id-meta":"","stick-header-meta":"","header-above-stick-meta":"","header-main-stick-meta":"","header-below-stick-meta":"","astra-migrate-meta-layouts":"default","ast-page-background-enabled":"default","ast-page-background-meta":{"desktop":{"background-color":"var(--ast-global-color-5)","background-image":"","background-repeat":"repeat","background-position":"center center","background-size":"auto","background-attachment":"scroll","background-type":"","background-media":"","overlay-type":"","overlay-color":"","overlay-opacity":"","overlay-gradient":""},"tablet":{"background-color":"","background-image":"","background-repeat":"repeat","background-position":"center center","background-size":"auto","background-attachment":"scroll","background-type":"","background-media":"","overlay-type":"","overlay-color":"","overlay-opacity":"","overlay-gradient":""},"mobile":{"background-color":"","background-image":"","background-repeat":"repeat","background-position":"center center","background-size":"auto","background-attachment":"scroll","background-type":"","background-media":"","overlay-type":"","overlay-color":"","overlay-opacity":"","overlay-gradient":""}},"ast-content-background-meta":{"desktop":{"background-color":"var(--ast-global-color-4)","background-image":"","background-repeat":"repeat","background-position":"center center","background-size":"auto","background-attachment":"scroll","background-type":"","background-media":"","overlay-type":"","overlay-color":"","overlay-opacity":"","overlay-gradient":""},"tablet":{"background-color":"var(--ast-global-color-4)","background-image":"","background-repeat":"repeat","background-position":"center center","background-size":"auto","background-attachment":"scroll","background-type":"","background-media":"","overlay-type":"","overlay-color":"","overlay-opacity":"","overlay-gradient":""},"mobile":{"background-color":"var(--ast-global-color-4)","background-image":"","background-repeat":"repeat","background-position":"center center","background-size":"auto","background-attachment":"scroll","background-type":"","background-media":"","overlay-type":"","overlay-color":"","overlay-opacity":"","overlay-gradient":""}},"iawp_total_views":13,"footnotes":""},"class_list":["post-10633","page","type-page","status-publish","hentry"],"_links":{"self":[{"href":"https:\/\/histoire-en-citations.fr\/WP\/wp-json\/wp\/v2\/pages\/10633","targetHints":{"allow":["GET"]}}],"collection":[{"href":"https:\/\/histoire-en-citations.fr\/WP\/wp-json\/wp\/v2\/pages"}],"about":[{"href":"https:\/\/histoire-en-citations.fr\/WP\/wp-json\/wp\/v2\/types\/page"}],"author":[{"embeddable":true,"href":"https:\/\/histoire-en-citations.fr\/WP\/wp-json\/wp\/v2\/users\/1"}],"replies":[{"embeddable":true,"href":"https:\/\/histoire-en-citations.fr\/WP\/wp-json\/wp\/v2\/comments?post=10633"}],"version-history":[{"count":4,"href":"https:\/\/histoire-en-citations.fr\/WP\/wp-json\/wp\/v2\/pages\/10633\/revisions"}],"predecessor-version":[{"id":15090,"href":"https:\/\/histoire-en-citations.fr\/WP\/wp-json\/wp\/v2\/pages\/10633\/revisions\/15090"}],"wp:attachment":[{"href":"https:\/\/histoire-en-citations.fr\/WP\/wp-json\/wp\/v2\/media?parent=10633"}],"curies":[{"name":"wp","href":"https:\/\/api.w.org\/{rel}","templated":true}]}}