{"id":10661,"date":"2025-09-22T07:34:55","date_gmt":"2025-09-22T05:34:55","guid":{"rendered":"https:\/\/histoire-en-citations.fr\/WP\/feminisme\/"},"modified":"2025-11-19T08:51:40","modified_gmt":"2025-11-19T07:51:40","slug":"feminisme","status":"publish","type":"page","link":"https:\/\/histoire-en-citations.fr\/WP\/feminisme\/","title":{"rendered":"f\u00e9minisme"},"content":{"rendered":"<div class=\"content\">\n<div class=\"view view-index-taxo view-id-index_taxo view-display-id-page view-dom-id-165ee6e3a6accccab3fd16e9dbcb63e4\">\n<div class=\"view-header\">\n<p class=\"presentation\">Th\u00e8me \u00e0 traiter, au m\u00eame titre que le sexisme \u00e0 l\u2019oppos\u00e9. Les deux sont naturellement li\u00e9s, aussi plaisants que s\u00e9rieux, voire dramatiques. La cause des femmes remporte d\u2019incontestables victoires l\u00e9gales au <span class=\"caps\">XX<\/span><sup>e<\/sup>\u00a0si\u00e8cle (droit de vote, <span class=\"caps\">IVG<\/span>), mais la lutte continue (pour l\u2019\u00e9galit\u00e9 des salaires, la parit\u00e9 en politique).<\/p>\n<p class=\"idxinfo\">Cliquez sur une citation pour la consulter dans son contexte historique.<a href=\"https:\/\/histoire-en-citations.fr\/WP\/indexation\/\" class=\"retour\">Retour \u00e0 l\u2019index<\/a><\/p>\n<p> Affichage de 1 \u2013 16 sur 16.    <\/p><\/div>\n<div class=\"view-content\">\n<div class=\"views-row views-row-1 views-row-odd views-row-first\">\n<div class=\"views-field views-field-field-index-collection\">\n<div class=\"field-content\">\n<div class=\"field-collection-view clearfix view-mode-full field-collection-view-final\">\n<div class=\"entity entity-field-collection-item field-collection-item-field-index-collection clearfix\">\n<div class=\"content\">\n<blockquote>\n<p class=\"citation-small\"><a href=\"https:\/\/histoire-en-citations.fr\/WP\/ces-etrangers-qui-firent-lhistoire-de-france-i\/#269\">\u00ab\u00a0L\u2019existence de la plupart des femmes est plus dure que celles d\u2019esclaves entre les Sarrasins.\u00a0\u00bb<\/a><\/p>\n<p class=\"auteur\"><span class=\"author\"><span class=\"surname\">Christine de <\/span><span class=\"name\">PISAN (ou PIZAN)<\/span><\/span> (vers 1364-vers 1430)<\/p>\n\n<\/blockquote><\/div>\n<\/div>\n<\/div>\n<\/div><\/div>\n<\/div>\n<div class=\"views-row views-row-2 views-row-even\">\n<div class=\"views-field views-field-field-index-collection\">\n<div class=\"field-content\">\n<div class=\"field-collection-view clearfix view-mode-full field-collection-view-final\">\n<div class=\"entity entity-field-collection-item field-collection-item-field-index-collection clearfix\">\n<div class=\"content\">\n<blockquote>\n<p class=\"citation-small\"><a href=\"https:\/\/histoire-en-citations.fr\/WP\/lhistoire-en-caricatures-sous-la-revolution\/#1325\">\u00ab\u00a0Vous avez bris\u00e9 le sceptre du despotisme [\u2026] et tous les jours vous souffrez que treize millions d\u2019esclaves portent les fers de treize millions de despotes\u00a0!\u00a0\u00bb<\/a><\/p>\n<p class=\"auteur\">Requ\u00eate des dames \u00e0 l\u2019Assembl\u00e9e nationale<\/p>\n\n<\/blockquote><\/div>\n<\/div>\n<\/div>\n<\/div><\/div>\n<\/div>\n<div class=\"views-row views-row-3 views-row-odd\">\n<div class=\"views-field views-field-field-index-collection\">\n<div class=\"field-content\">\n<div class=\"field-collection-view clearfix view-mode-full field-collection-view-final\">\n<div class=\"entity entity-field-collection-item field-collection-item-field-index-collection clearfix\">\n<div class=\"content\">\n<blockquote>\n<p class=\"citation-small\"><a href=\"https:\/\/histoire-en-citations.fr\/WP\/les-mysteres-de-lhistoire-de-louis-xiv-a-napoleon\/#1367\">\u00ab\u00a0Le roi n\u2019a qu\u2019un homme, c\u2019est sa femme.\u00a0\u00bb<\/a><\/p>\n<p class=\"auteur\"><span class=\"author\"><span class=\"surname\">Comte de <\/span><span class=\"name\">MIRABEAU<\/span><\/span> (1749-1791)<\/p>\n\n<\/blockquote><\/div>\n<\/div>\n<\/div>\n<\/div><\/div>\n<\/div>\n<div class=\"views-row views-row-4 views-row-even\">\n<div class=\"views-field views-field-field-index-collection\">\n<div class=\"field-content\">\n<div class=\"field-collection-view clearfix view-mode-full field-collection-view-final\">\n<div class=\"entity entity-field-collection-item field-collection-item-field-index-collection clearfix\">\n<div class=\"content\">\n<blockquote>\n<p class=\"citation-small\"><a href=\"https:\/\/histoire-en-citations.fr\/WP\/lhistoire-en-caricatures-sous-la-revolution\/#1397\">\u00ab\u00a0La femme a le droit de monter \u00e0 l\u2019\u00e9chafaud\u00a0; elle doit avoir \u00e9galement celui de monter \u00e0 la tribune.\u00a0\u00bb<\/a><\/p>\n<p class=\"auteur\"><span class=\"author\"><span class=\"surname\">Olympe de <\/span><span class=\"name\">GOUGES<\/span><\/span> (1748-1793), <cite>D\u00e9claration des droits de la femme et de la citoyenne<\/cite>, septembre\u00a01791<\/p>\n\n<\/blockquote><\/div>\n<\/div>\n<\/div>\n<\/div><\/div>\n<\/div>\n<div class=\"views-row views-row-5 views-row-odd\">\n<div class=\"views-field views-field-field-index-collection\">\n<div class=\"field-content\">\n<div class=\"field-collection-view clearfix view-mode-full field-collection-view-final\">\n<div class=\"entity entity-field-collection-item field-collection-item-field-index-collection clearfix\">\n<div class=\"content\">\n<blockquote>\n<p class=\"citation-small\"><a href=\"https:\/\/histoire-en-citations.fr\/WP\/lhistoire-en-caricatures-sous-la-revolution\/#1408\">\u00ab\u00a0Armons-nous, nous en avons le droit par la nature et m\u00eame par la loi. Montrons aux hommes que nous ne leur sommes inf\u00e9rieures ni en vertus ni en courage. Il est temps que les femmes sortent de leur honteuse nullit\u00e9.\u00a0\u00bb<\/a><\/p>\n<p class=\"auteur\"><span class=\"author\"><span class=\"surname\">Th\u00e9roigne de <\/span><span class=\"name\">M\u00c9RICOURT<\/span><\/span> (1762-1817), Discours prononc\u00e9 \u00e0 la Soci\u00e9t\u00e9 fraternelle des Minimes, 25\u00a0mars 1792<\/p>\n\n<\/blockquote><\/div>\n<\/div>\n<\/div>\n<\/div><\/div>\n<\/div>\n<div class=\"views-row views-row-6 views-row-even\">\n<div class=\"views-field views-field-field-index-collection\">\n<div class=\"field-content\">\n<div class=\"field-collection-view clearfix view-mode-full field-collection-view-final\">\n<div class=\"entity entity-field-collection-item field-collection-item-field-index-collection clearfix\">\n<div class=\"content\">\n<blockquote>\n<p class=\"citation-small\"><a href=\"https:\/\/histoire-en-citations.fr\/WP\/les-appels-dans-lhistoire-du-moyen-age-a-la-revolution\/#1552\">\u00ab\u00a0Enfants de la Patrie, vous vengerez ma mort.\u00a0\u00bb<\/a><\/p>\n<p class=\"auteur\"><span class=\"author\"><span class=\"surname\">Olympe de <\/span><span class=\"name\">GOUGES<\/span><\/span> (1748-1793), guillotin\u00e9e le 3\u00a0novembre\u00a01793. Son mot de la fin<\/p>\n\n<\/blockquote><\/div>\n<\/div>\n<\/div>\n<\/div><\/div>\n<\/div>\n<div class=\"views-row views-row-7 views-row-odd\">\n<div class=\"views-field views-field-field-index-collection\">\n<div class=\"field-content\">\n<div class=\"field-collection-view clearfix view-mode-full field-collection-view-final\">\n<div class=\"entity entity-field-collection-item field-collection-item-field-index-collection clearfix\">\n<div class=\"content\">\n<blockquote>\n<p class=\"citation-small\"><a href=\"https:\/\/histoire-en-citations.fr\/WP\/lhistoire-en-caricatures-monarchie-de-juillet-et-deuxieme-republique\/#2161\">\u00ab\u00a0Aujourd\u2019hui que le droit du travail est le premier de tous les droits [\u2026] je viens, au nom du travail, affirmer les droits politiques des femmes, la moiti\u00e9 du peuple.\u00a0\u00bb<\/a><\/p>\n<p class=\"auteur\"><span class=\"author\"><span class=\"surname\">Benjamin Olinde <\/span><span class=\"name\">RODRIGUES<\/span><\/span> (1794 ou 1795-1851), Discours \u00e0 la Bourse, 30\u00a0avril 1848<\/p>\n\n<\/blockquote><\/div>\n<\/div>\n<\/div>\n<\/div><\/div>\n<\/div>\n<div class=\"views-row views-row-8 views-row-even\">\n<div class=\"views-field views-field-field-index-collection\">\n<div class=\"field-content\">\n<div class=\"field-collection-view clearfix view-mode-full field-collection-view-final\">\n<div class=\"entity entity-field-collection-item field-collection-item-field-index-collection clearfix\">\n<div class=\"content\">\n<blockquote>\n<p class=\"citation-small\"><a href=\"https:\/\/histoire-en-citations.fr\/WP\/lhistoire-en-caricatures-monarchie-de-juillet-et-deuxieme-republique\/#2162\">\u00ab\u00a0Tremblez tyrans portant culotte\u00a0!Femmes, notre jour est venu\u00a0;Point de piti\u00e9, mettons en voteTous les torts du sexe barbu\u00a0!Notre patience est \u00e0 bout,Debout, V\u00e9nusiennes, debout [\u2026] \u00bb<\/a><\/p>\n<p class=\"auteur\"><span class=\"author\"><span class=\"surname\">Louise de <\/span><span class=\"name\">CHAUMONT<\/span><\/span> (XIX<sup>e<\/sup> si\u00e8cle), <cite>La Marseillaise des femmes (ou Marseillaise des cotillons)<\/cite>, chanson de 1848<\/p>\n\n<\/blockquote><\/div>\n<\/div>\n<\/div>\n<\/div><\/div>\n<\/div>\n<div class=\"views-row views-row-9 views-row-odd\">\n<div class=\"views-field views-field-field-index-collection\">\n<div class=\"field-content\">\n<div class=\"field-collection-view clearfix view-mode-full field-collection-view-final\">\n<div class=\"entity entity-field-collection-item field-collection-item-field-index-collection clearfix\">\n<div class=\"content\">\n<blockquote>\n<p class=\"citation-small\"><a href=\"https:\/\/histoire-en-citations.fr\/WP\/lhistoire-en-caricatures-monarchie-de-juillet-et-deuxieme-republique\/#2195\">\u00ab\u00a0Une Assembl\u00e9e l\u00e9gislative, enti\u00e8rement compos\u00e9e d\u2019hommes, est aussi incomp\u00e9tente pour faire les lois qui r\u00e9gissent une soci\u00e9t\u00e9 compos\u00e9e d\u2019hommes et de femmes, que le serait une assembl\u00e9e compos\u00e9e de privil\u00e9gi\u00e9s pour discuter les int\u00e9r\u00eats des travailleurs, ou une assembl\u00e9e de capitalistes pour soutenir l\u2019honneur du pays.\u00a0\u00bb<\/a><\/p>\n<p class=\"auteur\"><span class=\"author\"><span class=\"surname\">Jeanne <\/span><span class=\"name\">DEROIN<\/span><\/span> (1805-1894)<\/p>\n\n<\/blockquote><\/div>\n<\/div>\n<\/div>\n<\/div><\/div>\n<\/div>\n<div class=\"views-row views-row-10 views-row-even\">\n<div class=\"views-field views-field-field-index-collection\">\n<div class=\"field-content\">\n<div class=\"field-collection-view clearfix view-mode-full field-collection-view-final\">\n<div class=\"entity entity-field-collection-item field-collection-item-field-index-collection clearfix\">\n<div class=\"content\">\n<blockquote>\n<p class=\"citation-small\"><a href=\"https:\/\/histoire-en-citations.fr\/WP\/limpertinence-a-la-francaise-une-vertu-nationale-de-la-revolution-a-nos-jours\/#2470\">\u00ab\u00a0Je ne veux pas \u00eatre, par ma complaisance, complice de la vaste exploitation que l\u2019autocratie masculine se croit le droit d\u2019exercer \u00e0 l\u2019\u00e9gard des femmes. Je n\u2019ai pas de droits, donc je n\u2019ai pas de charges, je ne vote pas, je ne paye pas.\u00a0\u00bb<\/a><\/p>\n<p class=\"auteur\"><span class=\"author\"><span class=\"surname\">Hubertine <\/span><span class=\"name\">AUCLERT<\/span><\/span> (1848-1914)<\/p>\n\n<\/blockquote><\/div>\n<\/div>\n<\/div>\n<\/div><\/div>\n<\/div>\n<div class=\"views-row views-row-11 views-row-odd\">\n<div class=\"views-field views-field-field-index-collection\">\n<div class=\"field-content\">\n<div class=\"field-collection-view clearfix view-mode-full field-collection-view-final\">\n<div class=\"entity entity-field-collection-item field-collection-item-field-index-collection clearfix\">\n<div class=\"content\">\n<blockquote>\n<p class=\"citation-small\"><a href=\"https:\/\/histoire-en-citations.fr\/WP\/limpertinence-a-la-francaise-une-vertu-nationale-de-la-revolution-a-nos-jours\/#2637\">\u00ab\u00a0Faisons donc la gr\u00e8ve, camarades\u00a0! la gr\u00e8ve des ventres. Plus d\u2019enfants pour le Capitalisme, qui en fait de la chair \u00e0 travail que l\u2019on exploite, ou de la chair \u00e0 plaisir que l\u2019on souille\u00a0!\u00a0\u00bb<\/a><\/p>\n<p class=\"auteur\"><span class=\"author\"><span class=\"surname\">Nelly <\/span><span class=\"name\">ROUSSEL<\/span><\/span> (1878-1922), <cite>La Voix des femmes<\/cite>, 6\u00a0mai 1920<\/p>\n\n<\/blockquote><\/div>\n<\/div>\n<\/div>\n<\/div><\/div>\n<\/div>\n<div class=\"views-row views-row-12 views-row-even\">\n<div class=\"views-field views-field-field-index-collection\">\n<div class=\"field-content\">\n<div class=\"field-collection-view clearfix view-mode-full field-collection-view-final\">\n<div class=\"entity entity-field-collection-item field-collection-item-field-index-collection clearfix\">\n<div class=\"content\">\n<blockquote>\n<p class=\"citation-small\"><a href=\"https:\/\/histoire-en-citations.fr\/WP\/qui-a-dit-quoi-de-qui-troisieme-republique\/#2665\">\u00ab\u00a0Les paysannes restaient bouche b\u00e9e quand je leur parlais du vote. Les ouvri\u00e8res riaient, les commer\u00e7antes haussaient les \u00e9paules, les bourgeoises me repoussaient horrifi\u00e9es.\u00a0\u00bb<\/a><\/p>\n<p class=\"auteur\"><span class=\"author\"><span class=\"surname\">Louise <\/span><span class=\"name\">WEISS<\/span><\/span> (1893-1983) \u00e9voquant une de ses conf\u00e9rences de 1934<\/p>\n\n<\/blockquote><\/div>\n<\/div>\n<\/div>\n<\/div><\/div>\n<\/div>\n<div class=\"views-row views-row-13 views-row-odd\">\n<div class=\"views-field views-field-field-index-collection\">\n<div class=\"field-content\">\n<div class=\"field-collection-view clearfix view-mode-full field-collection-view-final\">\n<div class=\"entity entity-field-collection-item field-collection-item-field-index-collection clearfix\">\n<div class=\"content\">\n<blockquote>\n<p class=\"citation-small\"><a href=\"https:\/\/histoire-en-citations.fr\/WP\/plus-de-50-idees-recues-qui-faussent-lhistoire\/#2854\">\u00ab\u00a0Le pr\u00e9sent enveloppe le pass\u00e9 et dans le pass\u00e9 toute l\u2019Histoire a \u00e9t\u00e9 faite par des m\u00e2les.\u00a0\u00bb<\/a><\/p>\n<p class=\"auteur\"><span class=\"author\"><span class=\"surname\">Simone de <\/span><span class=\"name\">BEAUVOIR<\/span><\/span> (1908-1986), <cite>Le Deuxi\u00e8me Sexe<\/cite> (1949)<\/p>\n\n<\/blockquote><\/div>\n<\/div>\n<\/div>\n<\/div><\/div>\n<\/div>\n<div class=\"views-row views-row-14 views-row-even\">\n<div class=\"views-field views-field-field-index-collection\">\n<div class=\"field-content\">\n<div class=\"field-collection-view clearfix view-mode-full field-collection-view-final\">\n<div class=\"entity entity-field-collection-item field-collection-item-field-index-collection clearfix\">\n<div class=\"content\">\n<blockquote>\n<p class=\"citation-small\"><a href=\"https:\/\/histoire-en-citations.fr\/WP\/limpertinence-a-la-francaise-une-vertu-nationale-de-la-revolution-a-nos-jours\/#3125\">\u00ab\u00a0Il y a plus inconnu que le Soldat inconnu\u00a0: sa femme\u00a0!\u00a0\u00bb<\/a><\/p>\n<p class=\"auteur\">Banderole d\u00e9roul\u00e9e par le MLF sur la dalle du Soldat inconnu, place de l\u2019\u00c9toile, 26\u00a0ao\u00fbt 1970<\/p>\n\n<\/blockquote><\/div>\n<\/div>\n<\/div>\n<\/div><\/div>\n<\/div>\n<div class=\"views-row views-row-15 views-row-odd\">\n<div class=\"views-field views-field-field-index-collection\">\n<div class=\"field-content\">\n<div class=\"field-collection-view clearfix view-mode-full field-collection-view-final\">\n<div class=\"entity entity-field-collection-item field-collection-item-field-index-collection clearfix\">\n<div class=\"content\">\n<blockquote>\n<p class=\"citation-small\"><a href=\"https:\/\/histoire-en-citations.fr\/WP\/ces-etrangers-qui-firent-lhistoire-de-france-de-francoise-giroud-a-pierre-cardin\/#3155\">\u00ab\u00a0[La femme sera] vraiment l\u2019\u00e9gale de l\u2019homme le jour o\u00f9 \u00e0 un poste important on d\u00e9signera une femme incomp\u00e9tente.\u00a0\u00bb<\/a><\/p>\n<p class=\"auteur\"><span class=\"author\"><span class=\"surname\">Fran\u00e7oise <\/span><span class=\"name\">GIROUD<\/span><\/span> (1916-2003), cit\u00e9e dans <cite>Le\u00a0Monde<\/cite>, 11\u00a0mars 1983<\/p>\n\n<\/blockquote><\/div>\n<\/div>\n<\/div>\n<\/div><\/div>\n<\/div>\n<div class=\"views-row views-row-16 views-row-even views-row-last\">\n<div class=\"views-field views-field-field-index-collection\">\n<div class=\"field-content\">\n<div class=\"field-collection-view clearfix view-mode-full field-collection-view-final\">\n<div class=\"entity entity-field-collection-item field-collection-item-field-index-collection clearfix\">\n<div class=\"content\">\n<blockquote>\n<p class=\"citation-small\"><a href=\"https:\/\/histoire-en-citations.fr\/WP\/les-mysteres-de-lhistoire-dalain-juppe-a-labbe-pierre\/#3455\">\u00ab\u00a0Nous avons eu droit \u00e0 un floril\u00e8ge de remarques sexistes, du \u00ab\u00a0il n\u2019y a pas mort d\u2019homme\u00a0\u00bb au \u00ab\u00a0troussage de domestique\u00a0\u00bb en passant par \u00ab\u00a0c\u2019est un tort d\u2019aimer les femmes\u00a0?\u00a0\u00bb Nous sommes en col\u00e8re, r\u00e9volt\u00e9es et r\u00e9volt\u00e9s, indign\u00e9es et indign\u00e9s.\u00a0\u00bb<\/a><\/p>\n<p class=\"auteur\">P\u00e9tition contre le sexisme, lanc\u00e9e par Paroles de femmes, Osez le f\u00e9minisme et la Barbe, 25\u00a0000 signatures, 21\u00a0mai 2011<\/p>\n\n<\/blockquote><\/div>\n<\/div>\n<\/div>\n<\/div><\/div>\n<\/div>\n<\/div>\n<\/div>\n<\/div>\n<style>\r\n        a .cit-num {\r\n            text-decoration: none !important;\r\n            color: inherit !important;\r\n        }\r\n    <\/style>","protected":false},"excerpt":{"rendered":"<p>Th\u00e8me \u00e0 traiter, au m\u00eame titre que le sexisme \u00e0 l\u2019oppos\u00e9. Les deux sont naturellement li\u00e9s, aussi plaisants que s\u00e9rieux, voire dramatiques. La cause des femmes remporte d\u2019incontestables victoires l\u00e9gales au XXe\u00a0si\u00e8cle (droit de vote, IVG), mais la lutte continue (pour l\u2019\u00e9galit\u00e9 des salaires, la parit\u00e9 en politique). Cliquez sur une citation pour la consulter [&#8230;]<\/p>\n","protected":false},"author":1,"featured_media":0,"parent":0,"menu_order":0,"comment_status":"closed","ping_status":"closed","template":"","meta":{"site-sidebar-layout":"default","site-content-layout":"","ast-site-content-layout":"default","site-content-style":"default","site-sidebar-style":"default","ast-global-header-display":"","ast-banner-title-visibility":"","ast-main-header-display":"","ast-hfb-above-header-display":"","ast-hfb-below-header-display":"","ast-hfb-mobile-header-display":"","site-post-title":"","ast-breadcrumbs-content":"","ast-featured-img":"","footer-sml-layout":"","theme-transparent-header-meta":"","adv-header-id-meta":"","stick-header-meta":"","header-above-stick-meta":"","header-main-stick-meta":"","header-below-stick-meta":"","astra-migrate-meta-layouts":"default","ast-page-background-enabled":"default","ast-page-background-meta":{"desktop":{"background-color":"var(--ast-global-color-5)","background-image":"","background-repeat":"repeat","background-position":"center center","background-size":"auto","background-attachment":"scroll","background-type":"","background-media":"","overlay-type":"","overlay-color":"","overlay-opacity":"","overlay-gradient":""},"tablet":{"background-color":"","background-image":"","background-repeat":"repeat","background-position":"center center","background-size":"auto","background-attachment":"scroll","background-type":"","background-media":"","overlay-type":"","overlay-color":"","overlay-opacity":"","overlay-gradient":""},"mobile":{"background-color":"","background-image":"","background-repeat":"repeat","background-position":"center center","background-size":"auto","background-attachment":"scroll","background-type":"","background-media":"","overlay-type":"","overlay-color":"","overlay-opacity":"","overlay-gradient":""}},"ast-content-background-meta":{"desktop":{"background-color":"var(--ast-global-color-4)","background-image":"","background-repeat":"repeat","background-position":"center center","background-size":"auto","background-attachment":"scroll","background-type":"","background-media":"","overlay-type":"","overlay-color":"","overlay-opacity":"","overlay-gradient":""},"tablet":{"background-color":"var(--ast-global-color-4)","background-image":"","background-repeat":"repeat","background-position":"center center","background-size":"auto","background-attachment":"scroll","background-type":"","background-media":"","overlay-type":"","overlay-color":"","overlay-opacity":"","overlay-gradient":""},"mobile":{"background-color":"var(--ast-global-color-4)","background-image":"","background-repeat":"repeat","background-position":"center center","background-size":"auto","background-attachment":"scroll","background-type":"","background-media":"","overlay-type":"","overlay-color":"","overlay-opacity":"","overlay-gradient":""}},"iawp_total_views":48,"footnotes":""},"class_list":["post-10661","page","type-page","status-publish","hentry"],"_links":{"self":[{"href":"https:\/\/histoire-en-citations.fr\/WP\/wp-json\/wp\/v2\/pages\/10661","targetHints":{"allow":["GET"]}}],"collection":[{"href":"https:\/\/histoire-en-citations.fr\/WP\/wp-json\/wp\/v2\/pages"}],"about":[{"href":"https:\/\/histoire-en-citations.fr\/WP\/wp-json\/wp\/v2\/types\/page"}],"author":[{"embeddable":true,"href":"https:\/\/histoire-en-citations.fr\/WP\/wp-json\/wp\/v2\/users\/1"}],"replies":[{"embeddable":true,"href":"https:\/\/histoire-en-citations.fr\/WP\/wp-json\/wp\/v2\/comments?post=10661"}],"version-history":[{"count":4,"href":"https:\/\/histoire-en-citations.fr\/WP\/wp-json\/wp\/v2\/pages\/10661\/revisions"}],"predecessor-version":[{"id":15085,"href":"https:\/\/histoire-en-citations.fr\/WP\/wp-json\/wp\/v2\/pages\/10661\/revisions\/15085"}],"wp:attachment":[{"href":"https:\/\/histoire-en-citations.fr\/WP\/wp-json\/wp\/v2\/media?parent=10661"}],"curies":[{"name":"wp","href":"https:\/\/api.w.org\/{rel}","templated":true}]}}