{"id":10693,"date":"2025-09-22T07:34:32","date_gmt":"2025-09-22T05:34:32","guid":{"rendered":"https:\/\/histoire-en-citations.fr\/WP\/histoire\/"},"modified":"2025-11-19T08:52:00","modified_gmt":"2025-11-19T07:52:00","slug":"histoire","status":"publish","type":"page","link":"https:\/\/histoire-en-citations.fr\/WP\/histoire\/","title":{"rendered":"histoire"},"content":{"rendered":"<div class=\"content\">\n<div class=\"view view-index-taxo view-id-index_taxo view-display-id-page view-dom-id-f59a6ee90f2666c3e4a1f256053354e5\">\n<div class=\"view-header\">       Affichage de 1 \u2013 25 sur 116.    <\/div>\n<div class=\"view-content\">\n<div class=\"views-row views-row-1 views-row-odd views-row-first\">\n<div class=\"views-field views-field-field-index-collection\">\n<div class=\"field-content\">\n<div class=\"field-collection-view clearfix view-mode-full field-collection-view-final\">\n<div class=\"entity entity-field-collection-item field-collection-item-field-index-collection clearfix\">\n<div class=\"content\">\n<blockquote>\n<p class=\"citation-small\"><a href=\"https:\/\/histoire-en-citations.fr\/WP\/plus-de-50-idees-recues-qui-faussent-lhistoire\/#11\">\u00ab\u00a0Et le Christ\u00a0? \u2014 C\u2019est un anarchiste qui a r\u00e9ussi. C\u2019est le seul.\u00a0\u00bb<\/a><\/p>\n<p class=\"auteur\"><span class=\"author\"><span class=\"surname\">Andr\u00e9 <\/span><span class=\"name\">MALRAUX<\/span><\/span> (1901-1976), <cite>L\u2019Espoir<\/cite> (1937)<\/p>\n\n<\/blockquote><\/div>\n<\/div>\n<\/div>\n<\/div><\/div>\n<\/div>\n<div class=\"views-row views-row-2 views-row-even\">\n<div class=\"views-field views-field-field-index-collection\">\n<div class=\"field-content\">\n<div class=\"field-collection-view clearfix view-mode-full field-collection-view-final\">\n<div class=\"entity entity-field-collection-item field-collection-item-field-index-collection clearfix\">\n<div class=\"content\">\n<blockquote>\n<p class=\"citation-small\"><a href=\"https:\/\/histoire-en-citations.fr\/WP\/la-politique-est-elle-en-panne-de-reve\/#24\">\u00ab\u00a0Sa courte vie de combattant eut cette \u00e9l\u00e9gante beaut\u00e9 qui charmait les Anciens et qui \u00e9tait une faveur des Dieux.\u00a0\u00bb<\/a><\/p>\n<p class=\"auteur\"><span class=\"author\"><span class=\"surname\">Camille <\/span><span class=\"name\">JULLIAN<\/span><\/span> (1859-1933), <cite>Vercing\u00e9torix<\/cite> (1902)<\/p>\n\n<\/blockquote><\/div>\n<\/div>\n<\/div>\n<\/div><\/div>\n<\/div>\n<div class=\"views-row views-row-3 views-row-odd\">\n<div class=\"views-field views-field-field-index-collection\">\n<div class=\"field-content\">\n<div class=\"field-collection-view clearfix view-mode-full field-collection-view-final\">\n<div class=\"entity entity-field-collection-item field-collection-item-field-index-collection clearfix\">\n<div class=\"content\">\n<blockquote>\n<p class=\"citation-small\"><a href=\"https:\/\/histoire-en-citations.fr\/WP\/les-mysteres-de-lhistoire-de-malraux-aux-diamants-de-bokassa\/#70\">\u00ab\u00a0Charles, savant, modeste, [\u2026] ma\u00eetre du monde, bien-aim\u00e9 du peuple [\u2026], sommet de l\u2019Europe [\u2026] est en train de tracer les murs de la Rome nouvelle.\u00a0\u00bb<\/a><\/p>\n<p class=\"auteur\"><span class=\"author\"><span class=\"name\">ANGILBERT<\/span><\/span> (vers 740-814) parlant de Charlemagne en 799<\/p>\n\n<\/blockquote><\/div>\n<\/div>\n<\/div>\n<\/div><\/div>\n<\/div>\n<div class=\"views-row views-row-4 views-row-even\">\n<div class=\"views-field views-field-field-index-collection\">\n<div class=\"field-content\">\n<div class=\"field-collection-view clearfix view-mode-full field-collection-view-final\">\n<div class=\"entity entity-field-collection-item field-collection-item-field-index-collection clearfix\">\n<div class=\"content\">\n<blockquote>\n<p class=\"citation-small\"><a href=\"https:\/\/histoire-en-citations.fr\/WP\/un-tour-de-france-historique-et-inedit-de-la-gaule-au-xvie-siecle\/#72\">\u00ab\u00a0Souviens-toi du vase de Soissons\u00a0!\u00a0\u00bb<\/a><\/p>\n<p class=\"auteur\"><span class=\"author\"><span class=\"name\">CLOVIS<\/span><\/span> (vers 466-511), vers 486<\/p>\n\n<\/blockquote><\/div>\n<\/div>\n<\/div>\n<\/div><\/div>\n<\/div>\n<div class=\"views-row views-row-5 views-row-odd\">\n<div class=\"views-field views-field-field-index-collection\">\n<div class=\"field-content\">\n<div class=\"field-collection-view clearfix view-mode-full field-collection-view-final\">\n<div class=\"entity entity-field-collection-item field-collection-item-field-index-collection clearfix\">\n<div class=\"content\">\n<blockquote>\n<p class=\"citation-small\"><a href=\"https:\/\/histoire-en-citations.fr\/WP\/recit-ou-roman-national-une-confusion-inadmissible\/#391\">\u00ab\u00a0L\u2019histoire de France commence avec la langue fran\u00e7aise. La langue est le signe principal d\u2019une nationalit\u00e9.\u00a0\u00bb<\/a><\/p>\n<p class=\"auteur\"><span class=\"author\"><span class=\"surname\">Jules <\/span><span class=\"name\">MICHELET<\/span><\/span> (1798-1874), <cite>Histoire de France<\/cite>, tome III (1840)<\/p>\n\n<\/blockquote><\/div>\n<\/div>\n<\/div>\n<\/div><\/div>\n<\/div>\n<div class=\"views-row views-row-6 views-row-even\">\n<div class=\"views-field views-field-field-index-collection\">\n<div class=\"field-content\">\n<div class=\"field-collection-view clearfix view-mode-full field-collection-view-final\">\n<div class=\"entity entity-field-collection-item field-collection-item-field-index-collection clearfix\">\n<div class=\"content\">\n<blockquote>\n<p class=\"citation-small\"><a href=\"https:\/\/histoire-en-citations.fr\/WP\/lhistoire-en-caricatures-de-lantiquite-a-la-renaissance\/#535\">\u00ab\u00a0P\u00e9risse le souvenir de ce jour\u00a0!\u00a0\u00bb<\/a><\/p>\n<p class=\"auteur\"><span class=\"author\"><span class=\"surname\">Michel de <\/span><span class=\"name\">L\u2019HOSPITAL<\/span><\/span> (vers 1504-1573), \u00e9voquant la Saint-Barth\u00e9lemy<\/p>\n\n<\/blockquote><\/div>\n<\/div>\n<\/div>\n<\/div><\/div>\n<\/div>\n<div class=\"views-row views-row-7 views-row-odd\">\n<div class=\"views-field views-field-field-index-collection\">\n<div class=\"field-content\">\n<div class=\"field-collection-view clearfix view-mode-full field-collection-view-final\">\n<div class=\"entity entity-field-collection-item field-collection-item-field-index-collection clearfix\">\n<div class=\"content\">\n<blockquote>\n<p class=\"citation-small\"><a href=\"https:\/\/histoire-en-citations.fr\/WP\/les-mysteres-de-lhistoire-gaule-et-moyen-age\/#604\">\u00ab\u00a0Le personnage du B\u00e9arnais grandit en Majest\u00e9 d\u00e9bonnaire et naturelle au fur et \u00e0 mesure que s\u2019\u00e9tend le r\u00f4le qui lui est d\u00e9volu par l\u2019Histoire.\u00a0\u00bb<\/a><\/p>\n<p class=\"auteur\"><span class=\"author\"><span class=\"surname\">Emmanuel <\/span><span class=\"name\">LE ROY LADURIE<\/span><\/span> (n\u00e9 en 1929), <cite>L\u2019\u00c9tat royal\u00a0: de Louis\u00a0XI \u00e0 Henri\u00a0IV, 1460-1610<\/cite> (1987)<\/p>\n\n<\/blockquote><\/div>\n<\/div>\n<\/div>\n<\/div><\/div>\n<\/div>\n<div class=\"views-row views-row-8 views-row-even\">\n<div class=\"views-field views-field-field-index-collection\">\n<div class=\"field-content\">\n<div class=\"field-collection-view clearfix view-mode-full field-collection-view-final\">\n<div class=\"entity entity-field-collection-item field-collection-item-field-index-collection clearfix\">\n<div class=\"content\">\n<blockquote>\n<p class=\"citation-small\"><a href=\"https:\/\/histoire-en-citations.fr\/WP\/qui-a-dit-quoi-de-qui-renaissance-naissance-de-la-monarchie-absolue\/#742\">\u00ab\u00a0En d\u00e9pit de tous, sinon de tout, l\u2019action du cardinal [Richelieu] conjugu\u00e9e avec celle du roi [Louis\u00a0XIII] avait \u00e9t\u00e9 d\u00e9cisive pour l\u2019avenir du pays, en l\u2019engageant dans la voie qui allait faire de lui un \u00e9tat moderne.\u00a0\u00bb<\/a><\/p>\n<p class=\"auteur\"><span class=\"author\"><span class=\"surname\">Charles de <\/span><span class=\"name\">GAULLE<\/span><\/span> (1890-1970)<\/p>\n\n<\/blockquote><\/div>\n<\/div>\n<\/div>\n<\/div><\/div>\n<\/div>\n<div class=\"views-row views-row-9 views-row-odd\">\n<div class=\"views-field views-field-field-index-collection\">\n<div class=\"field-content\">\n<div class=\"field-collection-view clearfix view-mode-full field-collection-view-final\">\n<div class=\"entity entity-field-collection-item field-collection-item-field-index-collection clearfix\">\n<div class=\"content\">\n<blockquote>\n<p class=\"citation-small\"><a href=\"https:\/\/histoire-en-citations.fr\/WP\/eloge-des-citations-apocryphes\/#807\">\u00ab\u00a0L\u2019\u00c9tat, c\u2019est moi.\u00a0\u00bb<\/a><\/p>\n<p class=\"auteur\"><span class=\"author\"><span class=\"name\">LOUIS XIV<\/span><\/span> (1638-1715)<\/p>\n\n<\/blockquote><\/div>\n<\/div>\n<\/div>\n<\/div><\/div>\n<\/div>\n<div class=\"views-row views-row-10 views-row-even\">\n<div class=\"views-field views-field-field-index-collection\">\n<div class=\"field-content\">\n<div class=\"field-collection-view clearfix view-mode-full field-collection-view-final\">\n<div class=\"entity entity-field-collection-item field-collection-item-field-index-collection clearfix\">\n<div class=\"content\">\n<blockquote>\n<p class=\"citation-small\"><a href=\"https:\/\/histoire-en-citations.fr\/WP\/portrait-de-louis-xiv-en-citations\/#1154\">\u00ab\u00a0Les ministres passent en revue comme dans une lanterne magique. Par ma foi, notre si\u00e8cle est un pauvre si\u00e8cle, apr\u00e8s le si\u00e8cle de Louis\u00a0XIV.\u00a0\u00bb<\/a><\/p>\n<p class=\"auteur\"><span class=\"author\"><span class=\"name\">VOLTAIRE<\/span><\/span> (1694-1778), Lettre \u00e0 Mme\u00a0du Deffand, novembre\u00a01758, <cite>Correspondance<\/cite> (posthume)<\/p>\n\n<\/blockquote><\/div>\n<\/div>\n<\/div>\n<\/div><\/div>\n<\/div>\n<div class=\"views-row views-row-11 views-row-odd\">\n<div class=\"views-field views-field-field-index-collection\">\n<div class=\"field-content\">\n<div class=\"field-collection-view clearfix view-mode-full field-collection-view-final\">\n<div class=\"entity entity-field-collection-item field-collection-item-field-index-collection clearfix\">\n<div class=\"content\">\n<blockquote>\n<p class=\"citation-small\"><a href=\"https:\/\/histoire-en-citations.fr\/WP\/lhistoire-en-caricatures-revolution-2e-partie\/#1206\">\u00ab\u00a0Or, \u00e9coutez, petits et grands, \/ L\u2019histoire d\u2019un roi de vingt ansQui va nous ramener en France \/ Les bonnes m\u0153urs et l\u2019abondance.\u00a0\u00bb<\/a><\/p>\n<p class=\"auteur\"><span class=\"author\"><span class=\"surname\">Charles <\/span><span class=\"name\">COLL\u00c9<\/span><\/span> (1709-1783), <cite>Or, \u00e9coutez, petits et grands<\/cite>, chanson (mai\u00a01774)<\/p>\n\n<\/blockquote><\/div>\n<\/div>\n<\/div>\n<\/div><\/div>\n<\/div>\n<div class=\"views-row views-row-12 views-row-even\">\n<div class=\"views-field views-field-field-index-collection\">\n<div class=\"field-content\">\n<div class=\"field-collection-view clearfix view-mode-full field-collection-view-final\">\n<div class=\"entity entity-field-collection-item field-collection-item-field-index-collection clearfix\">\n<div class=\"content\">\n<blockquote>\n<p class=\"citation-small\"><a href=\"https:\/\/histoire-en-citations.fr\/WP\/lopinion-publique-des-francais-des-origines-au-siecle-des-lumieres\/#1248\">\u00ab\u00a0Ils sont toujours en retard d\u2019une arm\u00e9e, d\u2019une ann\u00e9e et d\u2019une id\u00e9e.\u00a0\u00bb<\/a><\/p>\n<p class=\"auteur\"><span class=\"author\"><span class=\"name\">RIVAROL<\/span><\/span> (1753-1801), jugeant la haute noblesse de son temps<\/p>\n\n<\/blockquote><\/div>\n<\/div>\n<\/div>\n<\/div><\/div>\n<\/div>\n<div class=\"views-row views-row-13 views-row-odd\">\n<div class=\"views-field views-field-field-index-collection\">\n<div class=\"field-content\">\n<div class=\"field-collection-view clearfix view-mode-full field-collection-view-final\">\n<div class=\"entity entity-field-collection-item field-collection-item-field-index-collection clearfix\">\n<div class=\"content\">\n<blockquote>\n<p class=\"citation-small\"><a href=\"https:\/\/histoire-en-citations.fr\/WP\/recit-ou-roman-national-une-confusion-inadmissible\/#1268\">\u00ab\u00a0Quand on se m\u00eale de diriger une r\u00e9volution, la difficult\u00e9 n\u2019est pas de la faire aller, mais de la retenir.\u00a0\u00bb<\/a><\/p>\n<p class=\"auteur\"><span class=\"author\"><span class=\"surname\">Comte de <\/span><span class=\"name\">MIRABEAU<\/span><\/span> (1749-1791)<\/p>\n\n<\/blockquote><\/div>\n<\/div>\n<\/div>\n<\/div><\/div>\n<\/div>\n<div class=\"views-row views-row-14 views-row-even\">\n<div class=\"views-field views-field-field-index-collection\">\n<div class=\"field-content\">\n<div class=\"field-collection-view clearfix view-mode-full field-collection-view-final\">\n<div class=\"entity entity-field-collection-item field-collection-item-field-index-collection clearfix\">\n<div class=\"content\">\n<blockquote>\n<p class=\"citation-small\"><a href=\"https:\/\/histoire-en-citations.fr\/WP\/recit-ou-roman-national-une-confusion-inadmissible\/#1288\">\u00ab\u00a0C\u2019est \u00e0 l\u2019horloge de la France que vont [\u2026] sonner les premiers coups des nouveaux temps.\u00a0\u00bb<\/a><\/p>\n<p class=\"auteur\"><span class=\"author\"><span class=\"surname\">Claude <\/span><span class=\"name\">MANCERON<\/span><\/span> (1923-1999), <cite>Les Hommes de la libert\u00e9, Le sang de la Bastille<\/cite> (1987)<\/p>\n\n<\/blockquote><\/div>\n<\/div>\n<\/div>\n<\/div><\/div>\n<\/div>\n<div class=\"views-row views-row-15 views-row-odd\">\n<div class=\"views-field views-field-field-index-collection\">\n<div class=\"field-content\">\n<div class=\"field-collection-view clearfix view-mode-full field-collection-view-final\">\n<div class=\"entity entity-field-collection-item field-collection-item-field-index-collection clearfix\">\n<div class=\"content\">\n<blockquote>\n<p class=\"citation-small\"><a href=\"https:\/\/histoire-en-citations.fr\/WP\/lhistoire-en-caricatures-revolution-2e-partie\/#1301\">\u00ab\u00a0Les si\u00e8cles finissent par avoir une poche de fiel. Cette poche cr\u00e8ve. C\u2019est Marat.\u00a0\u00bb<\/a><\/p>\n<p class=\"auteur\"><span class=\"author\"><span class=\"surname\">Victor <\/span><span class=\"name\">HUGO<\/span><\/span> (1802-1885), <cite>Quatre-vingt-treize<\/cite> (1874)<\/p>\n\n<\/blockquote><\/div>\n<\/div>\n<\/div>\n<\/div><\/div>\n<\/div>\n<div class=\"views-row views-row-16 views-row-even\">\n<div class=\"views-field views-field-field-index-collection\">\n<div class=\"field-content\">\n<div class=\"field-collection-view clearfix view-mode-full field-collection-view-final\">\n<div class=\"entity entity-field-collection-item field-collection-item-field-index-collection clearfix\">\n<div class=\"content\">\n<blockquote>\n<p class=\"citation-small\"><a href=\"https:\/\/histoire-en-citations.fr\/WP\/limpertinence-a-la-francaise-une-vertu-nationale-de-la-revolution-a-nos-jours\/#1321\">\u00ab\u00a0\u2018Allez dire \u00e0 votre ma\u00eetre\u2026\u2019 Votre ma\u00eetre\u00a0! c\u00a0\u2018est le roi de France devenu \u00e9tranger. C\u2019est toute une fronti\u00e8re trac\u00e9e entre le tr\u00f4ne et le peuple. C\u2019est la r\u00e9volution qui laisse \u00e9chapper son cri. Personne ne l\u2019eut os\u00e9 avant Mirabeau. Il n\u2019appartient qu\u2019aux grands hommes de prononcer les mots d\u00e9cisifs des grandes \u00e9poques.\u00a0\u00bb<\/a><\/p>\n<p class=\"auteur\"><span class=\"author\"><span class=\"surname\">Victor <\/span><span class=\"name\">HUGO<\/span><\/span> (1802-1885), <cite>Litt\u00e9rature et philosophie m\u00eal\u00e9es<\/cite> (1834)<\/p>\n\n<\/blockquote><\/div>\n<\/div>\n<\/div>\n<\/div><\/div>\n<\/div>\n<div class=\"views-row views-row-17 views-row-odd\">\n<div class=\"views-field views-field-field-index-collection\">\n<div class=\"field-content\">\n<div class=\"field-collection-view clearfix view-mode-full field-collection-view-final\">\n<div class=\"entity entity-field-collection-item field-collection-item-field-index-collection clearfix\">\n<div class=\"content\">\n<blockquote>\n<p class=\"citation-small\"><a href=\"https:\/\/histoire-en-citations.fr\/WP\/lhistoire-en-caricatures-sous-la-revolution\/#1324\">\u00ab\u00a0L\u2019histoire n\u2019a trop souvent racont\u00e9 les actions que de b\u00eates f\u00e9roces parmi lesquelles on distingue de loin en loin des h\u00e9ros. Il nous est permis d\u2019esp\u00e9rer que nous commen\u00e7ons l\u2019histoire des hommes, celle de fr\u00e8res n\u00e9s pour se rendre mutuellement heureux.\u00a0\u00bb<\/a><\/p>\n<p class=\"auteur\"><span class=\"author\"><span class=\"surname\">Comte de <\/span><span class=\"name\">MIRABEAU<\/span><\/span> (1749-1791), Assembl\u00e9e nationale, 27\u00a0juin 1789<\/p>\n\n<\/blockquote><\/div>\n<\/div>\n<\/div>\n<\/div><\/div>\n<\/div>\n<div class=\"views-row views-row-18 views-row-even\">\n<div class=\"views-field views-field-field-index-collection\">\n<div class=\"field-content\">\n<div class=\"field-collection-view clearfix view-mode-full field-collection-view-final\">\n<div class=\"entity entity-field-collection-item field-collection-item-field-index-collection clearfix\">\n<div class=\"content\">\n<blockquote>\n<p class=\"citation-small\"><a href=\"https:\/\/histoire-en-citations.fr\/WP\/les-surnoms-jeu-de-mots-entre-petite-et-grande-histoire-la-revolution\/#1361\">\u00ab\u00a0Lorsque le roi brise son sceptre, ses serviteurs doivent briser leur \u00e9p\u00e9e\u00a0!\u00a0\u00bb<\/a><\/p>\n<p class=\"auteur\"><span class=\"author\"><span class=\"surname\">Comte de <\/span><span class=\"name\">MIRABEAU<\/span><\/span> (1749-1791), 4\u00a0f\u00e9vrier 1790 \u00e0 l\u2019Assembl\u00e9e<\/p>\n\n<\/blockquote><\/div>\n<\/div>\n<\/div>\n<\/div><\/div>\n<\/div>\n<div class=\"views-row views-row-19 views-row-odd\">\n<div class=\"views-field views-field-field-index-collection\">\n<div class=\"field-content\">\n<div class=\"field-collection-view clearfix view-mode-full field-collection-view-final\">\n<div class=\"entity entity-field-collection-item field-collection-item-field-index-collection clearfix\">\n<div class=\"content\">\n<blockquote>\n<p class=\"citation-small\"><a href=\"https:\/\/histoire-en-citations.fr\/WP\/recit-ou-roman-national-une-confusion-inadmissible\/#1435\">\u00ab\u00a0De ce jour et de ce lieu date une \u00e8re nouvelle de l\u2019histoire du monde et vous pourrez dire\u00a0: j\u2019y \u00e9tais.\u00a0\u00bb<\/a><\/p>\n<p class=\"auteur\"><span class=\"author\"><span class=\"surname\">Johann Wolfgang von <\/span><span class=\"name\">GOETHE<\/span><\/span> (1749-1832), <cite>Aus meinem Lebe\u00a0: Dichtung und Warheit \u2013\u00a0De ma vie\u00a0: Po\u00e9sie et V\u00e9rit\u00e9<\/cite> (1811-1833), autobiographie<\/p>\n\n<\/blockquote><\/div>\n<\/div>\n<\/div>\n<\/div><\/div>\n<\/div>\n<div class=\"views-row views-row-20 views-row-even\">\n<div class=\"views-field views-field-field-index-collection\">\n<div class=\"field-content\">\n<div class=\"field-collection-view clearfix view-mode-full field-collection-view-final\">\n<div class=\"entity entity-field-collection-item field-collection-item-field-index-collection clearfix\">\n<div class=\"content\">\n<blockquote>\n<p class=\"citation-small\"><a href=\"https:\/\/histoire-en-citations.fr\/WP\/nos-relations-avec-langleterre-de-la-seconde-guerre-de-cent-ans-a-lentente-cordiale\/#1460\">\u00ab\u00a0La loi atteint sans peine les coupables sans appuis, \u00e0 peine dans la dur\u00e9e des si\u00e8cles a-t-elle pu frapper un roi. Et cependant, ce sont les crimes des rois qui enfantent tous les autres crimes, avec les passions l\u00e2ches, et la mis\u00e8re.\u00a0\u00bb<\/a><\/p>\n<p class=\"auteur\"><span class=\"author\"><span class=\"surname\">Maximilien <\/span><span class=\"name\">ROBESPIERRE<\/span><\/span> (1758-1794), Sur le parti \u00e0 prendre \u00e0 l\u2019\u00e9gard de Louis\u00a0XVI, Convention, 3\u00a0d\u00e9cembre\u00a01792<\/p>\n\n<\/blockquote><\/div>\n<\/div>\n<\/div>\n<\/div><\/div>\n<\/div>\n<div class=\"views-row views-row-21 views-row-odd\">\n<div class=\"views-field views-field-field-index-collection\">\n<div class=\"field-content\">\n<div class=\"field-collection-view clearfix view-mode-full field-collection-view-final\">\n<div class=\"entity entity-field-collection-item field-collection-item-field-index-collection clearfix\">\n<div class=\"content\">\n<blockquote>\n<p class=\"citation-small\"><a href=\"https:\/\/histoire-en-citations.fr\/WP\/lhistoire-en-caricatures-revolution-2e-partie\/#1484\">\u00ab\u00a0On a tu\u00e9 des rois bien avant le 21\u00a0janvier 1793. Mais Ravaillac, Damiens et leurs \u00e9mules voulaient atteindre la personne du roi, non le principe [\u2026] Ils n\u2019imaginaient pas que le tr\u00f4ne p\u00fbt rester toujours vide.\u00a0\u00bb<\/a><\/p>\n<p class=\"auteur\"><span class=\"author\"><span class=\"surname\">Albert <\/span><span class=\"name\">CAMUS<\/span><\/span> (1913-1960), <cite>L\u2019Homme r\u00e9volt\u00e9<\/cite> (1951)<\/p>\n\n<\/blockquote><\/div>\n<\/div>\n<\/div>\n<\/div><\/div>\n<\/div>\n<div class=\"views-row views-row-22 views-row-even\">\n<div class=\"views-field views-field-field-index-collection\">\n<div class=\"field-content\">\n<div class=\"field-collection-view clearfix view-mode-full field-collection-view-final\">\n<div class=\"entity entity-field-collection-item field-collection-item-field-index-collection clearfix\">\n<div class=\"content\">\n<blockquote>\n<p class=\"citation-small\"><a href=\"https:\/\/histoire-en-citations.fr\/WP\/portrait-de-danton-en-citations\/#1508\">\u00ab\u00a0Oui, la Gironde \u00e9tait r\u00e9publicaine [\u2026] Oui, sa proscription a \u00e9t\u00e9 un malheur.\u00a0\u00bb<\/a><\/p>\n<p class=\"auteur\"><span class=\"author\"><span class=\"name\">LEVASSEUR de la Sarthe<\/span><\/span> (1747-1834), <cite>M\u00e9moires<\/cite> (1830)<\/p>\n\n<\/blockquote><\/div>\n<\/div>\n<\/div>\n<\/div><\/div>\n<\/div>\n<div class=\"views-row views-row-23 views-row-odd\">\n<div class=\"views-field views-field-field-index-collection\">\n<div class=\"field-content\">\n<div class=\"field-collection-view clearfix view-mode-full field-collection-view-final\">\n<div class=\"entity entity-field-collection-item field-collection-item-field-index-collection clearfix\">\n<div class=\"content\">\n<blockquote>\n<p class=\"citation-small\"><a href=\"https:\/\/histoire-en-citations.fr\/WP\/portrait-en-citations-de-jules-michelet\/#1551\">\u00ab\u00a0La mort des Girondins, demand\u00e9e tant de fois, fut le calmant qu\u2019on crut devoir donner \u00e0 la fureur des violents.\u00a0\u00bb<\/a><\/p>\n<p class=\"auteur\"><span class=\"author\"><span class=\"surname\">Jules <\/span><span class=\"name\">MICHELET<\/span><\/span> (1798-1874), <cite>Histoire de la R\u00e9volution fran\u00e7aise<\/cite> (1847-1853)<\/p>\n\n<\/blockquote><\/div>\n<\/div>\n<\/div>\n<\/div><\/div>\n<\/div>\n<div class=\"views-row views-row-24 views-row-even\">\n<div class=\"views-field views-field-field-index-collection\">\n<div class=\"field-content\">\n<div class=\"field-collection-view clearfix view-mode-full field-collection-view-final\">\n<div class=\"entity entity-field-collection-item field-collection-item-field-index-collection clearfix\">\n<div class=\"content\">\n<blockquote>\n<p class=\"citation-small\"><a href=\"https:\/\/histoire-en-citations.fr\/WP\/la-guerre-histoire-en-citations-dune-tragedie-seculaire-et-quotidienne-revolution\/#1560\">\u00ab\u00a0Pour la premi\u00e8re fois depuis l\u2019Antiquit\u00e9, une arm\u00e9e vraiment nationale marche au combat, pour la premi\u00e8re fois aussi une nation parvient \u00e0 armer et \u00e0 nourrir pareil nombre de soldats, tels sont les caract\u00e8res originaux de l\u2019arm\u00e9e de l\u2019an\u00a0II.\u00a0\u00bb<\/a><\/p>\n<p class=\"auteur\"><span class=\"author\"><span class=\"surname\">Georges <\/span><span class=\"name\">LEFEBVRE<\/span><\/span> (1874-1959), <cite>La R\u00e9volution fran\u00e7aise<\/cite> (1951)<\/p>\n\n<\/blockquote><\/div>\n<\/div>\n<\/div>\n<\/div><\/div>\n<\/div>\n<div class=\"views-row views-row-25 views-row-odd views-row-last\">\n<div class=\"views-field views-field-field-index-collection\">\n<div class=\"field-content\">\n<div class=\"field-collection-view clearfix view-mode-full field-collection-view-final\">\n<div class=\"entity entity-field-collection-item field-collection-item-field-index-collection clearfix\">\n<div class=\"content\">\n<blockquote>\n<p class=\"citation-small\"><a href=\"https:\/\/histoire-en-citations.fr\/WP\/portrait-de-danton-en-citations\/#1582\">\u00ab\u00a0Ma demeure sera bient\u00f4t dans le n\u00e9ant\u00a0; quant \u00e0 mon nom, vous le trouverez dans le panth\u00e9on de l\u2019Histoire.\u00a0\u00bb<\/a><\/p>\n<p class=\"auteur\"><span class=\"author\"><span class=\"surname\">Georges Jacques <\/span><span class=\"name\">DANTON<\/span><\/span> (1759-1794), r\u00e9ponse au Tribunal r\u00e9volutionnaire, 2\u00a0avril\u00a01794<\/p>\n\n<\/blockquote><\/div>\n<\/div>\n<\/div>\n<\/div><\/div>\n<\/div>\n<\/div>\n<h2 class=\"element-invisible\">Pages<\/h2>\n<ul class=\"pagination pagination-lg pull-right\">\n<li class=\"active\"><a href=\"https:\/\/histoire-en-citations.fr\/WP\/indexation\/\">1<\/a><\/li>\n<li class=\"pager-item\"><a title=\"Aller \u00e0 la page 2\" href=\"https:\/\/histoire-en-citations.fr\/WP\/indexation\/\">2<\/a><\/li>\n<li class=\"pager-item\"><a title=\"Aller \u00e0 la page 3\" href=\"https:\/\/histoire-en-citations.fr\/WP\/indexation\/\">3<\/a><\/li>\n<li class=\"pager-item\"><a title=\"Aller \u00e0 la page 4\" href=\"https:\/\/histoire-en-citations.fr\/WP\/indexation\/\">4<\/a><\/li>\n<li class=\"pager-item\"><a title=\"Aller \u00e0 la page 5\" href=\"https:\/\/histoire-en-citations.fr\/WP\/indexation\/\">5<\/a><\/li>\n<li class=\"pager-next\"><a title=\"Aller \u00e0 la page suivante\" href=\"https:\/\/histoire-en-citations.fr\/WP\/indexation\/\">suivant\u00a0\u203a<\/a><\/li>\n<li class=\"pager-last\"><a title=\"Aller \u00e0 la derni\u00e8re page\" href=\"https:\/\/histoire-en-citations.fr\/WP\/indexation\/\">dernier\u00a0\u00bb<\/a><\/li>\n<\/ul>\n<\/div><\/div>\n<style>\r\n        a .cit-num {\r\n            text-decoration: none !important;\r\n            color: inherit !important;\r\n        }\r\n    <\/style>","protected":false},"excerpt":{"rendered":"<p>Affichage de 1 &#8211; 25 sur 116. \u00ab&nbsp;Et le Christ&nbsp;? \u2014 C\u2019est un anarchiste qui a r\u00e9ussi. C\u2019est le seul.&nbsp;\u00bb11Andr\u00e9 MALRAUX (1901-1976), L\u2019Espoir (1937) \u00ab&nbsp;Sa courte vie de combattant eut cette \u00e9l\u00e9gante beaut\u00e9 qui charmait les Anciens et qui \u00e9tait une faveur des Dieux.&nbsp;\u00bb24Camille JULLIAN (1859-1933), Vercing\u00e9torix (1902) \u00ab&nbsp;Charles, savant, modeste, [\u2026] ma\u00eetre du monde, [&#8230;]<\/p>\n","protected":false},"author":1,"featured_media":0,"parent":0,"menu_order":0,"comment_status":"closed","ping_status":"closed","template":"","meta":{"site-sidebar-layout":"default","site-content-layout":"","ast-site-content-layout":"default","site-content-style":"default","site-sidebar-style":"default","ast-global-header-display":"","ast-banner-title-visibility":"","ast-main-header-display":"","ast-hfb-above-header-display":"","ast-hfb-below-header-display":"","ast-hfb-mobile-header-display":"","site-post-title":"","ast-breadcrumbs-content":"","ast-featured-img":"","footer-sml-layout":"","theme-transparent-header-meta":"","adv-header-id-meta":"","stick-header-meta":"","header-above-stick-meta":"","header-main-stick-meta":"","header-below-stick-meta":"","astra-migrate-meta-layouts":"default","ast-page-background-enabled":"default","ast-page-background-meta":{"desktop":{"background-color":"var(--ast-global-color-5)","background-image":"","background-repeat":"repeat","background-position":"center center","background-size":"auto","background-attachment":"scroll","background-type":"","background-media":"","overlay-type":"","overlay-color":"","overlay-opacity":"","overlay-gradient":""},"tablet":{"background-color":"","background-image":"","background-repeat":"repeat","background-position":"center center","background-size":"auto","background-attachment":"scroll","background-type":"","background-media":"","overlay-type":"","overlay-color":"","overlay-opacity":"","overlay-gradient":""},"mobile":{"background-color":"","background-image":"","background-repeat":"repeat","background-position":"center center","background-size":"auto","background-attachment":"scroll","background-type":"","background-media":"","overlay-type":"","overlay-color":"","overlay-opacity":"","overlay-gradient":""}},"ast-content-background-meta":{"desktop":{"background-color":"var(--ast-global-color-4)","background-image":"","background-repeat":"repeat","background-position":"center center","background-size":"auto","background-attachment":"scroll","background-type":"","background-media":"","overlay-type":"","overlay-color":"","overlay-opacity":"","overlay-gradient":""},"tablet":{"background-color":"var(--ast-global-color-4)","background-image":"","background-repeat":"repeat","background-position":"center center","background-size":"auto","background-attachment":"scroll","background-type":"","background-media":"","overlay-type":"","overlay-color":"","overlay-opacity":"","overlay-gradient":""},"mobile":{"background-color":"var(--ast-global-color-4)","background-image":"","background-repeat":"repeat","background-position":"center center","background-size":"auto","background-attachment":"scroll","background-type":"","background-media":"","overlay-type":"","overlay-color":"","overlay-opacity":"","overlay-gradient":""}},"iawp_total_views":12,"footnotes":""},"class_list":["post-10693","page","type-page","status-publish","hentry"],"_links":{"self":[{"href":"https:\/\/histoire-en-citations.fr\/WP\/wp-json\/wp\/v2\/pages\/10693","targetHints":{"allow":["GET"]}}],"collection":[{"href":"https:\/\/histoire-en-citations.fr\/WP\/wp-json\/wp\/v2\/pages"}],"about":[{"href":"https:\/\/histoire-en-citations.fr\/WP\/wp-json\/wp\/v2\/types\/page"}],"author":[{"embeddable":true,"href":"https:\/\/histoire-en-citations.fr\/WP\/wp-json\/wp\/v2\/users\/1"}],"replies":[{"embeddable":true,"href":"https:\/\/histoire-en-citations.fr\/WP\/wp-json\/wp\/v2\/comments?post=10693"}],"version-history":[{"count":5,"href":"https:\/\/histoire-en-citations.fr\/WP\/wp-json\/wp\/v2\/pages\/10693\/revisions"}],"predecessor-version":[{"id":15121,"href":"https:\/\/histoire-en-citations.fr\/WP\/wp-json\/wp\/v2\/pages\/10693\/revisions\/15121"}],"wp:attachment":[{"href":"https:\/\/histoire-en-citations.fr\/WP\/wp-json\/wp\/v2\/media?parent=10693"}],"curies":[{"name":"wp","href":"https:\/\/api.w.org\/{rel}","templated":true}]}}