{"id":10723,"date":"2025-09-22T07:34:20","date_gmt":"2025-09-22T05:34:20","guid":{"rendered":"https:\/\/histoire-en-citations.fr\/WP\/mai-68\/"},"modified":"2025-09-22T07:34:20","modified_gmt":"2025-09-22T05:34:20","slug":"mai-68","status":"publish","type":"page","link":"https:\/\/histoire-en-citations.fr\/WP\/mai-68\/","title":{"rendered":"Mai 68"},"content":{"rendered":"<div class=\"content\">\n<div class=\"view view-index-taxo view-id-index_taxo view-display-id-page view-dom-id-2f75b1fdd12e4699f42a61e325609213\">\n<div class=\"view-header\">Affichage de 1 \u2013 25 sur 42.<\/div>\n<div class=\"view-content\">\n<div class=\"views-row views-row-1 views-row-odd views-row-first\">\n<div class=\"views-field views-field-field-index-collection\">\n<div class=\"field-content\">\n<div class=\"field-collection-view clearfix view-mode-full field-collection-view-final\">\n<div class=\"entity entity-field-collection-item field-collection-item-field-index-collection clearfix\">\n<div class=\"content\">\n<blockquote>\n<p class=\"citation-small\"><a href=\"https:\/\/histoire-en-citations.fr\/WP\/lopinion-publique-des-francais-de-la-revolution-a-la-troisieme-republique#2098\">\u00ab\u00a0La France est une nation qui s\u2019ennuie.\u00a0\u00bb<\/a><\/p>\n<p class=\"auteur\"><span class=\"author\"><span class=\"surname\">Alphonse de <\/span><span class=\"name\">LAMARTINE<\/span><\/span> (1790-1869), Discours \u00e0 la Chambre, 10\u00a0janvier 1839<\/p>\n<p>\u00a0<\/p>\n<\/blockquote>\n<\/div>\n<\/div>\n<\/div>\n<\/div>\n<\/div>\n<\/div>\n<div class=\"views-row views-row-2 views-row-even\">\n<div class=\"views-field views-field-field-index-collection\">\n<div class=\"field-content\">\n<div class=\"field-collection-view clearfix view-mode-full field-collection-view-final\">\n<div class=\"entity entity-field-collection-item field-collection-item-field-index-collection clearfix\">\n<div class=\"content\">\n<blockquote>\n<p class=\"citation-small\"><a href=\"https:\/\/histoire-en-citations.fr\/WP\/lopinion-publique-des-francais-de-la-quatrieme-republique-a-nos-jours#2949\">M\u00e9tro-boulot-dodo.<\/a><\/p>\n<p class=\"auteur\"><span class=\"author\"><span class=\"surname\">Pierre <\/span><span class=\"name\">B\u00c9ARN<\/span><\/span> (1902-2004), <cite>Couleurs d\u2019usine<\/cite>, po\u00e8mes (1951)<\/p>\n<p>\u00a0<\/p>\n<\/blockquote>\n<\/div>\n<\/div>\n<\/div>\n<\/div>\n<\/div>\n<\/div>\n<div class=\"views-row views-row-3 views-row-odd\">\n<div class=\"views-field views-field-field-index-collection\">\n<div class=\"field-content\">\n<div class=\"field-collection-view clearfix view-mode-full field-collection-view-final\">\n<div class=\"entity entity-field-collection-item field-collection-item-field-index-collection clearfix\">\n<div class=\"content\">\n<blockquote>\n<p class=\"citation-small\"><a href=\"https:\/\/histoire-en-citations.fr\/WP\/le-progres-oui-mais-de-la-restauration-a-nos-jours#2950\">On ne tombe pas amoureux d\u2019un taux de croissance.<\/a><\/p>\n<p class=\"auteur\">Slogan de Mai\u00a068<\/p>\n<p>\u00a0<\/p>\n<\/blockquote>\n<\/div>\n<\/div>\n<\/div>\n<\/div>\n<\/div>\n<\/div>\n<div class=\"views-row views-row-4 views-row-even\">\n<div class=\"views-field views-field-field-index-collection\">\n<div class=\"field-content\">\n<div class=\"field-collection-view clearfix view-mode-full field-collection-view-final\">\n<div class=\"entity entity-field-collection-item field-collection-item-field-index-collection clearfix\">\n<div class=\"content\">\n<blockquote>\n<p class=\"citation-small\"><a href=\"https:\/\/histoire-en-citations.fr\/WP\/qui-a-dit-quoi-de-qui-cinquieme-republique-sous-de-gaulle-pompidou-et-giscard-destaing#2951\">J\u2019emmerde la soci\u00e9t\u00e9, mais elle me le rend bien.<\/a><\/p>\n<p class=\"auteur\">Slogan de Mai\u00a068<\/p>\n<p>\u00a0<\/p>\n<\/blockquote>\n<\/div>\n<\/div>\n<\/div>\n<\/div>\n<\/div>\n<\/div>\n<div class=\"views-row views-row-5 views-row-odd\">\n<div class=\"views-field views-field-field-index-collection\">\n<div class=\"field-content\">\n<div class=\"field-collection-view clearfix view-mode-full field-collection-view-final\">\n<div class=\"entity entity-field-collection-item field-collection-item-field-index-collection clearfix\">\n<div class=\"content\">\n<blockquote>\n<p class=\"citation-small\"><a href=\"https:\/\/histoire-en-citations.fr\/WP\/lhistoire-en-caricatures-de-1939-a-nos-jours#2952\">D\u00e9fense de ne pas afficher.L\u2019imagination au pouvoir.Exag\u00e9rer, c\u2019est commencer d\u2019inventer.Prenez vos d\u00e9sirs pour des r\u00e9alit\u00e9s.Faites l\u2019amour, pas la guerre.<\/a><\/p>\n<p class=\"auteur\">Slogans de Mai\u00a068<\/p>\n<p>\u00a0<\/p>\n<\/blockquote>\n<\/div>\n<\/div>\n<\/div>\n<\/div>\n<\/div>\n<\/div>\n<div class=\"views-row views-row-6 views-row-even\">\n<div class=\"views-field views-field-field-index-collection\">\n<div class=\"field-content\">\n<div class=\"field-collection-view clearfix view-mode-full field-collection-view-final\">\n<div class=\"entity entity-field-collection-item field-collection-item-field-index-collection clearfix\">\n<div class=\"content\">\n<blockquote>\n<p class=\"citation-small\"><a href=\"https:\/\/histoire-en-citations.fr\/WP\/lopinion-publique-des-francais-de-la-quatrieme-republique-a-nos-jours#2953\">\u00ab\u00a0Nous ne parvenons pas \u00e0 accomplir des r\u00e9formes autrement qu\u2019en faisant semblant de faire des r\u00e9volutions.\u00a0\u00bb<\/a><\/p>\n<p class=\"auteur\"><span class=\"author\"><span class=\"surname\">Jacques <\/span><span class=\"name\">CHABAN-DELMAS<\/span><\/span> (1915-2000), Assembl\u00e9e nationale, 16\u00a0septembre 1969<\/p>\n<p>\u00a0<\/p>\n<\/blockquote>\n<\/div>\n<\/div>\n<\/div>\n<\/div>\n<\/div>\n<\/div>\n<div class=\"views-row views-row-7 views-row-odd\">\n<div class=\"views-field views-field-field-index-collection\">\n<div class=\"field-content\">\n<div class=\"field-collection-view clearfix view-mode-full field-collection-view-final\">\n<div class=\"entity entity-field-collection-item field-collection-item-field-index-collection clearfix\">\n<div class=\"content\">\n<blockquote>\n<p class=\"citation-small\"><a href=\"https:\/\/histoire-en-citations.fr\/WP\/40-petites-et-grandes-erreurs-historiques-en-citations-de-la-iiie-republique-a-nos-jours#3038\">\u00ab\u00a0L\u2019ann\u00e9e 1968, je la salue avec s\u00e9r\u00e9nit\u00e9.\u00a0\u00bb<\/a><\/p>\n<p class=\"auteur\"><span class=\"author\"><span class=\"surname\">Charles de <\/span><span class=\"name\">GAULLE<\/span><\/span> (1890-1970), Allocution radiot\u00e9l\u00e9vis\u00e9e, 31\u00a0d\u00e9cembre 1967<\/p>\n<p>\u00a0<\/p>\n<\/blockquote>\n<\/div>\n<\/div>\n<\/div>\n<\/div>\n<\/div>\n<\/div>\n<div class=\"views-row views-row-8 views-row-even\">\n<div class=\"views-field views-field-field-index-collection\">\n<div class=\"field-content\">\n<div class=\"field-collection-view clearfix view-mode-full field-collection-view-final\">\n<div class=\"entity entity-field-collection-item field-collection-item-field-index-collection clearfix\">\n<div class=\"content\">\n<blockquote>\n<p class=\"citation-small\"><a href=\"https:\/\/histoire-en-citations.fr\/WP\/qui-a-dit-quoi-de-qui-cinquieme-republique-sous-de-gaulle-pompidou-et-giscard-destaing#3039\">\u00ab\u00a0Quand la France s\u2019ennuie.\u00a0\u00bb<\/a><\/p>\n<p class=\"auteur\"><span class=\"author\"><span class=\"surname\">Pierre <\/span><span class=\"name\">VIANSSON-PONT\u00c9<\/span><\/span> (1920-1979), titre de son article, <cite>Le\u00a0Monde<\/cite>, 15\u00a0mars 1968<\/p>\n<p>\u00a0<\/p>\n<\/blockquote>\n<\/div>\n<\/div>\n<\/div>\n<\/div>\n<\/div>\n<\/div>\n<div class=\"views-row views-row-9 views-row-odd\">\n<div class=\"views-field views-field-field-index-collection\">\n<div class=\"field-content\">\n<div class=\"field-collection-view clearfix view-mode-full field-collection-view-final\">\n<div class=\"entity entity-field-collection-item field-collection-item-field-index-collection clearfix\">\n<div class=\"content\">\n<blockquote>\n<p class=\"citation-small\"><a href=\"https:\/\/histoire-en-citations.fr\/WP\/limpertinence-a-la-francaise-une-vertu-nationale-de-la-revolution-a-nos-jours#3040\">Professeurs, vous \u00eates vieux, votre culture aussi.<\/a><\/p>\n<p class=\"auteur\">Slogan, murs de Nanterre, 22\u00a0mars 1968<\/p>\n<p>\u00a0<\/p>\n<\/blockquote>\n<\/div>\n<\/div>\n<\/div>\n<\/div>\n<\/div>\n<\/div>\n<div class=\"views-row views-row-10 views-row-even\">\n<div class=\"views-field views-field-field-index-collection\">\n<div class=\"field-content\">\n<div class=\"field-collection-view clearfix view-mode-full field-collection-view-final\">\n<div class=\"entity entity-field-collection-item field-collection-item-field-index-collection clearfix\">\n<div class=\"content\">\n<blockquote>\n<p class=\"citation-small\"><a href=\"https:\/\/histoire-en-citations.fr\/WP\/les-punchlines-cinquieme-republique-sous-de-gaulle#3041\">\u00ab\u00a0Jour J [3\u00a0mai] et heure H [16\u00a0h\u00a050], embarquement des \u00e9tudiants de la Sorbonne.\u00a0\u00bb<\/a><\/p>\n<p class=\"auteur\"><span class=\"author\"><span class=\"surname\">Maurice <\/span><span class=\"name\">GRIMAUD<\/span><\/span> (1913-2009), <cite>En mai, fais ce qu\u2019il te pla\u00eet<\/cite> (1977)<\/p>\n<p>\u00a0<\/p>\n<\/blockquote>\n<\/div>\n<\/div>\n<\/div>\n<\/div>\n<\/div>\n<\/div>\n<div class=\"views-row views-row-11 views-row-odd\">\n<div class=\"views-field views-field-field-index-collection\">\n<div class=\"field-content\">\n<div class=\"field-collection-view clearfix view-mode-full field-collection-view-final\">\n<div class=\"entity entity-field-collection-item field-collection-item-field-index-collection clearfix\">\n<div class=\"content\">\n<blockquote>\n<p class=\"citation-small\"><a href=\"https:\/\/histoire-en-citations.fr\/WP\/portrait-de-charles-de-gaulle-en-citations#3042\">\u00ab\u00a0Le gouvernement a perdu le contr\u00f4le de ses facult\u00e9s.\u00a0\u00bb<\/a><\/p>\n<p class=\"auteur\"><cite>Le Canard encha\u00een\u00e9<\/cite>, manchette de l\u2019hebdomadaire satirique, 8\u00a0mai 1968<\/p>\n<p>\u00a0<\/p>\n<\/blockquote>\n<\/div>\n<\/div>\n<\/div>\n<\/div>\n<\/div>\n<\/div>\n<div class=\"views-row views-row-12 views-row-even\">\n<div class=\"views-field views-field-field-index-collection\">\n<div class=\"field-content\">\n<div class=\"field-collection-view clearfix view-mode-full field-collection-view-final\">\n<div class=\"entity entity-field-collection-item field-collection-item-field-index-collection clearfix\">\n<div class=\"content\">\n<blockquote>\n<p class=\"citation-small\"><a href=\"https:\/\/histoire-en-citations.fr\/WP\/de-gaulle-lannee-1968-je-la-salue-avec-serenite-2#3043\">\u00ab\u00a0Depuis le 6\u00a0mai, le transistor est devenu le cordon ombilical qui relie la France \u00e0 sa r\u00e9volution. La t\u00e9l\u00e9vision, musel\u00e9e ou presque, a pour l\u2019instant renvers\u00e9 le r\u00e9gime de l\u2019image. Le pouvoir est \u00e0 la parole.\u00a0\u00bb<\/a><\/p>\n<p class=\"auteur\"><span class=\"author\"><span class=\"surname\">Dani\u00e8le <\/span><span class=\"name\">HEYMANN<\/span><\/span> (1933-2019), <cite>L\u2019Express<\/cite>, juin\u00a01968<\/p>\n<p>\u00a0<\/p>\n<\/blockquote>\n<\/div>\n<\/div>\n<\/div>\n<\/div>\n<\/div>\n<\/div>\n<div class=\"views-row views-row-13 views-row-odd\">\n<div class=\"views-field views-field-field-index-collection\">\n<div class=\"field-content\">\n<div class=\"field-collection-view clearfix view-mode-full field-collection-view-final\">\n<div class=\"entity entity-field-collection-item field-collection-item-field-index-collection clearfix\">\n<div class=\"content\">\n<blockquote>\n<p class=\"citation-small\"><a href=\"https:\/\/histoire-en-citations.fr\/WP\/la-politique-est-elle-en-panne-de-reve-de-napoleon-a-nos-jours#3044\">Sous les pav\u00e9s, la plage. L\u2019aboutissement de toute pens\u00e9e, c\u2019est le pav\u00e9.<\/a><\/p>\n<p class=\"auteur\">Slogans de la nuit du 10 au 11\u00a0mai 1968<\/p>\n<p>\u00a0<\/p>\n<\/blockquote>\n<\/div>\n<\/div>\n<\/div>\n<\/div>\n<\/div>\n<\/div>\n<div class=\"views-row views-row-14 views-row-even\">\n<div class=\"views-field views-field-field-index-collection\">\n<div class=\"field-content\">\n<div class=\"field-collection-view clearfix view-mode-full field-collection-view-final\">\n<div class=\"entity entity-field-collection-item field-collection-item-field-index-collection clearfix\">\n<div class=\"content\">\n<blockquote>\n<p class=\"citation-small\"><a href=\"https:\/\/histoire-en-citations.fr\/WP\/citations-referentielles-le-miroir-de-lhistoire-cinquieme-republique-sous-de-gaulle#3045\">\u00ab\u00a0J\u2019ai d\u00e9cid\u00e9 que la Sorbonne serait librement ouverte \u00e0 partir de lundi.\u00a0\u00bb<\/a><\/p>\n<p class=\"auteur\"><span class=\"author\"><span class=\"surname\">Georges <\/span><span class=\"name\">POMPIDOU<\/span><\/span> (1911-1974), Discours radiodiffus\u00e9, samedi 11\u00a0mai 1968, 23\u00a0heures<\/p>\n<p>\u00a0<\/p>\n<\/blockquote>\n<\/div>\n<\/div>\n<\/div>\n<\/div>\n<\/div>\n<\/div>\n<div class=\"views-row views-row-15 views-row-odd\">\n<div class=\"views-field views-field-field-index-collection\">\n<div class=\"field-content\">\n<div class=\"field-collection-view clearfix view-mode-full field-collection-view-final\">\n<div class=\"entity entity-field-collection-item field-collection-item-field-index-collection clearfix\">\n<div class=\"content\">\n<blockquote>\n<p class=\"citation-small\"><a href=\"https:\/\/histoire-en-citations.fr\/WP\/citations-referentielles-le-miroir-de-lhistoire-cinquieme-republique-sous-de-gaulle#3046\">Interdit d\u2019interdire.Celui qui peut attribuer un chiffre \u00e0 un texte est un con.Quand le dernier des sociologues aura \u00e9t\u00e9 \u00e9trangl\u00e9 avec les tripes du dernier bureaucrate, aurons-nous encore des probl\u00e8mes\u00a0?<\/a><\/p>\n<p class=\"auteur\">Slogans du 13\u00a0mai 1968<\/p>\n<p>\u00a0<\/p>\n<\/blockquote>\n<\/div>\n<\/div>\n<\/div>\n<\/div>\n<\/div>\n<\/div>\n<div class=\"views-row views-row-16 views-row-even\">\n<div class=\"views-field views-field-field-index-collection\">\n<div class=\"field-content\">\n<div class=\"field-collection-view clearfix view-mode-full field-collection-view-final\">\n<div class=\"entity entity-field-collection-item field-collection-item-field-index-collection clearfix\">\n<div class=\"content\">\n<blockquote>\n<p class=\"citation-small\"><a href=\"https:\/\/histoire-en-citations.fr\/WP\/les-appels-dans-lhistoire-de-napoleon-a-nos-jours#3047\">Ouvriers, enseignants, \u00e9tudiants solidaires.<\/a><\/p>\n<p class=\"auteur\">Inscription sur les banni\u00e8res, 13\u00a0mai 1968<\/p>\n<p>\u00a0<\/p>\n<\/blockquote>\n<\/div>\n<\/div>\n<\/div>\n<\/div>\n<\/div>\n<\/div>\n<div class=\"views-row views-row-17 views-row-odd\">\n<div class=\"views-field views-field-field-index-collection\">\n<div class=\"field-content\">\n<div class=\"field-collection-view clearfix view-mode-full field-collection-view-final\">\n<div class=\"entity entity-field-collection-item field-collection-item-field-index-collection clearfix\">\n<div class=\"content\">\n<blockquote>\n<p class=\"citation-small\"><a href=\"https:\/\/histoire-en-citations.fr\/WP\/la-guerre-histoire-en-citations-dune-tragedie-seculaire-et-quotidienne-de-la-seconde-guerre-mondiale-a-nos-jours#3048\">\u00ab\u00a0En moins d\u2019une semaine, dans un printemps sans histoire, une temp\u00eate fait lever sur Paris les pav\u00e9s de l\u2019\u00e9meute, les mousquetons du pouvoir et les id\u00e9es de tout le monde. Une partie de la jeunesse fran\u00e7aise a d\u00e9clar\u00e9 sa guerre. Elle l\u2019a d\u00e9clar\u00e9e \u00e0 tous, faute de savoir \u00e0 qui.\u00a0\u00bb<\/a><\/p>\n<p class=\"auteur\"><cite>L\u2019Express<\/cite>, 13\u00a0mai 1968<\/p>\n<p>\u00a0<\/p>\n<\/blockquote>\n<\/div>\n<\/div>\n<\/div>\n<\/div>\n<\/div>\n<\/div>\n<div class=\"views-row views-row-18 views-row-even\">\n<div class=\"views-field views-field-field-index-collection\">\n<div class=\"field-content\">\n<div class=\"field-collection-view clearfix view-mode-full field-collection-view-final\">\n<div class=\"entity entity-field-collection-item field-collection-item-field-index-collection clearfix\">\n<div class=\"content\">\n<blockquote>\n<p class=\"citation-small\"><a href=\"https:\/\/histoire-en-citations.fr\/WP\/limpertinence-a-la-francaise-une-vertu-nationale-de-la-revolution-a-nos-jours#3049\">Tout pouvoir abuse, le pouvoir absolu abuse absolument. Ne me lib\u00e8re pas, je m\u2019en charge. L\u2019alcool tue, prenez du LSD.<\/a><\/p>\n<p class=\"auteur\">Slogans \u00e0 Nanterre, 14\u00a0mai 1968<\/p>\n<p>\u00a0<\/p>\n<\/blockquote>\n<\/div>\n<\/div>\n<\/div>\n<\/div>\n<\/div>\n<\/div>\n<div class=\"views-row views-row-19 views-row-odd\">\n<div class=\"views-field views-field-field-index-collection\">\n<div class=\"field-content\">\n<div class=\"field-collection-view clearfix view-mode-full field-collection-view-final\">\n<div class=\"entity entity-field-collection-item field-collection-item-field-index-collection clearfix\">\n<div class=\"content\">\n<blockquote>\n<p class=\"citation-small\"><a href=\"https:\/\/histoire-en-citations.fr\/WP\/nos-premiers-ministres-de-michel-debre-a-michel-rocard#3050\">\u00ab\u00a0\u00c0 travers les \u00e9tudiants, c\u2019est le probl\u00e8me m\u00eame de la jeunesse qui est pos\u00e9, de sa place dans la soci\u00e9t\u00e9, de ses obligations et de ses droits, de son \u00e9quilibre moral m\u00eame.\u00a0\u00bb<\/a><\/p>\n<p class=\"auteur\"><span class=\"author\"><span class=\"surname\">Georges <\/span><span class=\"name\">POMPIDOU<\/span><\/span> (1911-1974), Premier ministre, Assembl\u00e9e nationale, 14\u00a0mai 1968<\/p>\n<p>\u00a0<\/p>\n<\/blockquote>\n<\/div>\n<\/div>\n<\/div>\n<\/div>\n<\/div>\n<\/div>\n<div class=\"views-row views-row-20 views-row-even\">\n<div class=\"views-field views-field-field-index-collection\">\n<div class=\"field-content\">\n<div class=\"field-collection-view clearfix view-mode-full field-collection-view-final\">\n<div class=\"entity entity-field-collection-item field-collection-item-field-index-collection clearfix\">\n<div class=\"content\">\n<blockquote>\n<p class=\"citation-small\"><a href=\"https:\/\/histoire-en-citations.fr\/WP\/la-politique-est-elle-en-panne-de-reve-de-napoleon-a-nos-jours#3051\">Soyez r\u00e9alistes, demandez l\u2019impossible.Aux examens, r\u00e9pondez par des questions.<\/a><\/p>\n<p class=\"auteur\">Slogans \u00e0 Censier (annexe de la Sorbonne), 14\u00a0mai 1968<\/p>\n<p>\u00a0<\/p>\n<\/blockquote>\n<\/div>\n<\/div>\n<\/div>\n<\/div>\n<\/div>\n<\/div>\n<div class=\"views-row views-row-21 views-row-odd\">\n<div class=\"views-field views-field-field-index-collection\">\n<div class=\"field-content\">\n<div class=\"field-collection-view clearfix view-mode-full field-collection-view-final\">\n<div class=\"entity entity-field-collection-item field-collection-item-field-index-collection clearfix\">\n<div class=\"content\">\n<blockquote>\n<p class=\"citation-small\"><a href=\"https:\/\/histoire-en-citations.fr\/WP\/qui-a-dit-quoi-de-qui-cinquieme-republique-sous-de-gaulle-pompidou-et-giscard-destaing#3052\">\u00ab\u00a0Se retrouver vedette presque du jour au lendemain, \u00e7a monte \u00e0 la t\u00eate. Plus moyen d\u2019entrer dans un bistrot sans qu\u2019on attende de vous des paroles historiques [\u2026] Des gens, des inconnus vous baisent les mains en vous qualifiant de fils du peuple. C\u2019est \u00e9trange, grisant, fonci\u00e8rement jouissif. Et c\u2019est dur, agressif, effrayant. Je ne savais plus qui j\u2019\u00e9tais.\u00a0\u00bb<\/a><\/p>\n<p class=\"auteur\"><span class=\"author\"><span class=\"surname\">Alain <\/span><span class=\"name\">GEISMAR<\/span><\/span> (n\u00e9 en 1939), en 1986<\/p>\n<p>\u00a0<\/p>\n<\/blockquote>\n<\/div>\n<\/div>\n<\/div>\n<\/div>\n<\/div>\n<\/div>\n<div class=\"views-row views-row-22 views-row-even\">\n<div class=\"views-field views-field-field-index-collection\">\n<div class=\"field-content\">\n<div class=\"field-collection-view clearfix view-mode-full field-collection-view-final\">\n<div class=\"entity entity-field-collection-item field-collection-item-field-index-collection clearfix\">\n<div class=\"content\">\n<blockquote>\n<p class=\"citation-small\"><a href=\"https:\/\/histoire-en-citations.fr\/WP\/lhistoire-en-proverbes-et-dictons-devises-maximes-et-autres-slogans-de-la-revolution-a-nos-jours#3053\">Quand l\u2019assembl\u00e9e nationale devient un th\u00e9\u00e2tre bourgeois, tous les th\u00e9\u00e2tres bourgeois doivent devenir des assembl\u00e9es nationales.<\/a><\/p>\n<p class=\"auteur\">Slogan, soir du 15\u00a0mai 1968 \u00e0 l\u2019Od\u00e9on-Th\u00e9\u00e2tre de France<\/p>\n<p>\u00a0<\/p>\n<\/blockquote>\n<\/div>\n<\/div>\n<\/div>\n<\/div>\n<\/div>\n<\/div>\n<div class=\"views-row views-row-23 views-row-odd\">\n<div class=\"views-field views-field-field-index-collection\">\n<div class=\"field-content\">\n<div class=\"field-collection-view clearfix view-mode-full field-collection-view-final\">\n<div class=\"entity entity-field-collection-item field-collection-item-field-index-collection clearfix\">\n<div class=\"content\">\n<blockquote>\n<p class=\"citation-small\"><a href=\"https:\/\/histoire-en-citations.fr\/WP\/les-punchlines-cinquieme-republique-sous-de-gaulle#3054\">Tout est dada. L\u2019art, c\u2019est de la merde.Cours, camarade, le vieux monde est derri\u00e8re toi.<\/a><\/p>\n<p class=\"auteur\">Slogans, nuit du 15\u00a0mai 1968 \u00e0 l\u2019Od\u00e9on<\/p>\n<p>\u00a0<\/p>\n<\/blockquote>\n<\/div>\n<\/div>\n<\/div>\n<\/div>\n<\/div>\n<\/div>\n<div class=\"views-row views-row-24 views-row-even\">\n<div class=\"views-field views-field-field-index-collection\">\n<div class=\"field-content\">\n<div class=\"field-collection-view clearfix view-mode-full field-collection-view-final\">\n<div class=\"entity entity-field-collection-item field-collection-item-field-index-collection clearfix\">\n<div class=\"content\">\n<blockquote>\n<p class=\"citation-small\"><a href=\"https:\/\/histoire-en-citations.fr\/WP\/de-gaulle-lannee-1968-je-la-salue-avec-serenite-2#3055\">\u00ab\u00a0On peut n\u00e9gocier avec le patronat apr\u00e8s une gr\u00e8ve, jamais avant.\u00a0\u00bb<\/a><\/p>\n<p class=\"auteur\"><span class=\"author\"><span class=\"surname\">Eug\u00e8ne <\/span><span class=\"name\">DESCAMPS<\/span><\/span> (1922-1990), secr\u00e9taire g\u00e9n\u00e9ral de la CFDT (Conf\u00e9d\u00e9ration fran\u00e7aise d\u00e9mocratique du travail)<\/p>\n<p>\u00a0<\/p>\n<\/blockquote>\n<\/div>\n<\/div>\n<\/div>\n<\/div>\n<\/div>\n<\/div>\n<div class=\"views-row views-row-25 views-row-odd views-row-last\">\n<div class=\"views-field views-field-field-index-collection\">\n<div class=\"field-content\">\n<div class=\"field-collection-view clearfix view-mode-full field-collection-view-final\">\n<div class=\"entity entity-field-collection-item field-collection-item-field-index-collection clearfix\">\n<div class=\"content\">\n<blockquote>\n<p class=\"citation-small\"><a href=\"https:\/\/histoire-en-citations.fr\/WP\/lhistoire-en-caricatures-de-1939-a-nos-jours#3056\">\u00ab\u00a0La r\u00e9cr\u00e9ation est finie.\u00a0\u00bb<\/a><\/p>\n<p class=\"auteur\"><span class=\"author\"><span class=\"surname\">Charles de <\/span><span class=\"name\">GAULLE<\/span><\/span> (1890-1970), Orly, samedi 18\u00a0mai 1968<\/p>\n<p>\u00a0<\/p>\n<\/blockquote>\n<\/div>\n<\/div>\n<\/div>\n<\/div>\n<\/div>\n<\/div>\n<\/div>\n<h2 class=\"element-invisible\">Pages<\/h2>\n<ul class=\"pagination pagination-lg pull-right\">\n<li class=\"active\"><a href=\"https:\/\/histoire-en-citations.fr\/WP\/indexation\/\">1<\/a><\/li>\n<li class=\"pager-item\"><a title=\"Aller \u00e0 la page 2\" href=\"https:\/\/histoire-en-citations.fr\/WP\/indexation\/\">2<\/a><\/li>\n<li class=\"pager-next\"><a title=\"Aller \u00e0 la page suivante\" href=\"https:\/\/histoire-en-citations.fr\/WP\/indexation\/\">suivant\u00a0\u203a<\/a><\/li>\n<li class=\"pager-last\"><a title=\"Aller \u00e0 la derni\u00e8re page\" href=\"https:\/\/histoire-en-citations.fr\/WP\/indexation\/\">dernier\u00a0\u00bb<\/a><\/li>\n<\/ul>\n<\/div>\n<\/div>\n<style>\r\n        a .cit-num {\r\n            text-decoration: none !important;\r\n            color: inherit !important;\r\n        }\r\n    <\/style>","protected":false},"excerpt":{"rendered":"<p>Affichage de 1 &#8211; 25 sur 42.\u00ab\u00a0La France est une nation qui s\u2019ennuie.\u00a0\u00bb2098Alphonse de LAMARTINE (1790-1869), Discours \u00e0 la Chambre, 10\u00a0janvier 1839\u00a0M\u00e9tro-boulot-dodo.2949Pierre B\u00c9ARN (1902-2004), Couleurs d&rsquo;usine, po\u00e8mes (1951)\u00a0On ne tombe pas amoureux d\u2019un taux de croissance.2950Slogan de Mai\u00a068\u00a0J\u2019emmerde la soci\u00e9t\u00e9, mais elle me le rend bien.2951Slogan de Mai\u00a068\u00a0D\u00e9fense de ne pas afficher.L\u2019imagination au pouvoir.Exag\u00e9rer, c\u2019est [&#8230;]<\/p>\n","protected":false},"author":1,"featured_media":0,"parent":0,"menu_order":0,"comment_status":"closed","ping_status":"closed","template":"","meta":{"site-sidebar-layout":"default","site-content-layout":"","ast-site-content-layout":"default","site-content-style":"default","site-sidebar-style":"default","ast-global-header-display":"","ast-banner-title-visibility":"","ast-main-header-display":"","ast-hfb-above-header-display":"","ast-hfb-below-header-display":"","ast-hfb-mobile-header-display":"","site-post-title":"","ast-breadcrumbs-content":"","ast-featured-img":"","footer-sml-layout":"","theme-transparent-header-meta":"","adv-header-id-meta":"","stick-header-meta":"","header-above-stick-meta":"","header-main-stick-meta":"","header-below-stick-meta":"","astra-migrate-meta-layouts":"default","ast-page-background-enabled":"default","ast-page-background-meta":{"desktop":{"background-color":"var(--ast-global-color-5)","background-image":"","background-repeat":"repeat","background-position":"center center","background-size":"auto","background-attachment":"scroll","background-type":"","background-media":"","overlay-type":"","overlay-color":"","overlay-opacity":"","overlay-gradient":""},"tablet":{"background-color":"","background-image":"","background-repeat":"repeat","background-position":"center center","background-size":"auto","background-attachment":"scroll","background-type":"","background-media":"","overlay-type":"","overlay-color":"","overlay-opacity":"","overlay-gradient":""},"mobile":{"background-color":"","background-image":"","background-repeat":"repeat","background-position":"center center","background-size":"auto","background-attachment":"scroll","background-type":"","background-media":"","overlay-type":"","overlay-color":"","overlay-opacity":"","overlay-gradient":""}},"ast-content-background-meta":{"desktop":{"background-color":"var(--ast-global-color-4)","background-image":"","background-repeat":"repeat","background-position":"center center","background-size":"auto","background-attachment":"scroll","background-type":"","background-media":"","overlay-type":"","overlay-color":"","overlay-opacity":"","overlay-gradient":""},"tablet":{"background-color":"var(--ast-global-color-4)","background-image":"","background-repeat":"repeat","background-position":"center center","background-size":"auto","background-attachment":"scroll","background-type":"","background-media":"","overlay-type":"","overlay-color":"","overlay-opacity":"","overlay-gradient":""},"mobile":{"background-color":"var(--ast-global-color-4)","background-image":"","background-repeat":"repeat","background-position":"center center","background-size":"auto","background-attachment":"scroll","background-type":"","background-media":"","overlay-type":"","overlay-color":"","overlay-opacity":"","overlay-gradient":""}},"iawp_total_views":112,"footnotes":""},"class_list":["post-10723","page","type-page","status-publish","hentry"],"_links":{"self":[{"href":"https:\/\/histoire-en-citations.fr\/WP\/wp-json\/wp\/v2\/pages\/10723","targetHints":{"allow":["GET"]}}],"collection":[{"href":"https:\/\/histoire-en-citations.fr\/WP\/wp-json\/wp\/v2\/pages"}],"about":[{"href":"https:\/\/histoire-en-citations.fr\/WP\/wp-json\/wp\/v2\/types\/page"}],"author":[{"embeddable":true,"href":"https:\/\/histoire-en-citations.fr\/WP\/wp-json\/wp\/v2\/users\/1"}],"replies":[{"embeddable":true,"href":"https:\/\/histoire-en-citations.fr\/WP\/wp-json\/wp\/v2\/comments?post=10723"}],"version-history":[{"count":4,"href":"https:\/\/histoire-en-citations.fr\/WP\/wp-json\/wp\/v2\/pages\/10723\/revisions"}],"predecessor-version":[{"id":13577,"href":"https:\/\/histoire-en-citations.fr\/WP\/wp-json\/wp\/v2\/pages\/10723\/revisions\/13577"}],"wp:attachment":[{"href":"https:\/\/histoire-en-citations.fr\/WP\/wp-json\/wp\/v2\/media?parent=10723"}],"curies":[{"name":"wp","href":"https:\/\/api.w.org\/{rel}","templated":true}]}}