{"id":10783,"date":"2025-09-22T07:33:28","date_gmt":"2025-09-22T05:33:28","guid":{"rendered":"https:\/\/histoire-en-citations.fr\/WP\/presse-journal\/"},"modified":"2025-09-22T07:33:28","modified_gmt":"2025-09-22T05:33:28","slug":"presse-journal","status":"publish","type":"page","link":"https:\/\/histoire-en-citations.fr\/WP\/presse-journal\/","title":{"rendered":"presse (journal)"},"content":{"rendered":"<div class=\"content\">\n<div class=\"view view-index-taxo view-id-index_taxo view-display-id-page view-dom-id-c0274b90320bb4c5510a8350bd510f2f\">\n<div class=\"view-header\">       Affichage de 1 \u2013 25 sur 90.    <\/div>\n<div class=\"view-content\">\n<div class=\"views-row views-row-1 views-row-odd views-row-first\">\n<div class=\"views-field views-field-field-index-collection\">\n<div class=\"field-content\">\n<div class=\"field-collection-view clearfix view-mode-full field-collection-view-final\">\n<div class=\"entity entity-field-collection-item field-collection-item-field-index-collection clearfix\">\n<div class=\"content\">\n<blockquote>\n<p class=\"citation-small\"><a href=\"https:\/\/histoire-en-citations.fr\/WP\/recit-ou-roman-national-une-confusion-inadmissible-ii#1274\">\u00ab\u00a0Les grands ne sont grands que parce que nous sommes \u00e0 genoux\u00a0: levons-nous\u00a0!\u00a0\u00bb<\/a><\/p>\n<p class=\"auteur\"><span class=\"author\"><span class=\"surname\">Pierre Victurnien <\/span><span class=\"name\">VERGNIAUD<\/span><\/span> (1753-1793) et <span class=\"author\"><span class=\"surname\">\u00c9lis\u00e9e (de) <\/span><span class=\"name\">LOUSTALOT<\/span><\/span> (1762-1790), devise en t\u00eate du journal de Louis-Marie Prudhomme, <cite>Les R\u00e9volutions de Paris<\/cite><\/p>\n\n<\/blockquote><\/div>\n<\/div>\n<\/div>\n<\/div><\/div>\n<\/div>\n<div class=\"views-row views-row-2 views-row-even\">\n<div class=\"views-field views-field-field-index-collection\">\n<div class=\"field-content\">\n<div class=\"field-collection-view clearfix view-mode-full field-collection-view-final\">\n<div class=\"entity entity-field-collection-item field-collection-item-field-index-collection clearfix\">\n<div class=\"content\">\n<blockquote>\n<p class=\"citation-small\"><a href=\"https:\/\/histoire-en-citations.fr\/WP\/les-appels-dans-lhistoire-du-moyen-age-a-la-revolution#1380\">\u00ab\u00a0Il y a une ann\u00e9e que cinq ou six cents t\u00eates abattues vous auraient rendus libres et heureux. Aujourd\u2019hui, il en faudrait abattre dix mille. Sous quelques mois peut-\u00eatre en abattrez-vous cent mille, et vous ferez \u00e0 merveille\u2026\u00a0\u00bb<\/a><\/p>\n<p class=\"auteur\"><span class=\"author\"><span class=\"surname\">Jean-Paul <\/span><span class=\"name\">MARAT<\/span><\/span> (1743-1793), <cite>L\u2019Ami du peuple<\/cite>, d\u00e9cembre\u00a01790<\/p>\n\n<\/blockquote><\/div>\n<\/div>\n<\/div>\n<\/div><\/div>\n<\/div>\n<div class=\"views-row views-row-3 views-row-odd\">\n<div class=\"views-field views-field-field-index-collection\">\n<div class=\"field-content\">\n<div class=\"field-collection-view clearfix view-mode-full field-collection-view-final\">\n<div class=\"entity entity-field-collection-item field-collection-item-field-index-collection clearfix\">\n<div class=\"content\">\n<blockquote>\n<p class=\"citation-small\"><a href=\"https:\/\/histoire-en-citations.fr\/WP\/les-appels-dans-lhistoire-du-moyen-age-a-la-revolution#1429\">\u00ab\u00a0Il faut purger les prisons et ne pas laisser de tra\u00eetres derri\u00e8re nous en partant pour les fronti\u00e8res.\u00a0\u00bb<\/a><\/p>\n<p class=\"auteur\">Mot d\u2019ordre de la presse r\u00e9volutionnaire<\/p>\n\n<\/blockquote><\/div>\n<\/div>\n<\/div>\n<\/div><\/div>\n<\/div>\n<div class=\"views-row views-row-4 views-row-even\">\n<div class=\"views-field views-field-field-index-collection\">\n<div class=\"field-content\">\n<div class=\"field-collection-view clearfix view-mode-full field-collection-view-final\">\n<div class=\"entity entity-field-collection-item field-collection-item-field-index-collection clearfix\">\n<div class=\"content\">\n<blockquote>\n<p class=\"citation-small\"><a href=\"https:\/\/histoire-en-citations.fr\/WP\/portrait-de-louis-xvi-en-citations#1463\">\u00ab\u00a0Foutre\u00a0! [\u2026] Il est bon que le peuple souverain s\u2019accoutume \u00e0 juger les rois.\u00a0\u00bb<\/a><\/p>\n<p class=\"auteur\"><span class=\"author\"><span class=\"surname\">Jacques <\/span><span class=\"name\">H\u00c9BERT<\/span><\/span> (1757-1794), <cite>Le P\u00e8re Duchesne<\/cite>, d\u00e9cembre\u00a01792<\/p>\n\n<\/blockquote><\/div>\n<\/div>\n<\/div>\n<\/div><\/div>\n<\/div>\n<div class=\"views-row views-row-5 views-row-odd\">\n<div class=\"views-field views-field-field-index-collection\">\n<div class=\"field-content\">\n<div class=\"field-collection-view clearfix view-mode-full field-collection-view-final\">\n<div class=\"entity entity-field-collection-item field-collection-item-field-index-collection clearfix\">\n<div class=\"content\">\n<blockquote>\n<p class=\"citation-small\"><a href=\"https:\/\/histoire-en-citations.fr\/WP\/lhistoire-en-caricatures-revolution-2e-partie#1495\">\u00ab\u00a0C\u2019est par la violence que doit s\u2019\u00e9tablir la libert\u00e9, et le moment est venu d\u2019organiser momentan\u00e9ment le despotisme de la libert\u00e9 pour \u00e9craser le despotisme des rois.\u00a0\u00bb<\/a><\/p>\n<p class=\"auteur\"><span class=\"author\"><span class=\"surname\">Jean-Paul <\/span><span class=\"name\">MARAT<\/span><\/span> (1743-1793), <cite>L\u2019Ami du peuple<\/cite>, 13\u00a0avril 1793<\/p>\n\n<\/blockquote><\/div>\n<\/div>\n<\/div>\n<\/div><\/div>\n<\/div>\n<div class=\"views-row views-row-6 views-row-even\">\n<div class=\"views-field views-field-field-index-collection\">\n<div class=\"field-content\">\n<div class=\"field-collection-view clearfix view-mode-full field-collection-view-final\">\n<div class=\"entity entity-field-collection-item field-collection-item-field-index-collection clearfix\">\n<div class=\"content\">\n<blockquote>\n<p class=\"citation-small\"><a href=\"https:\/\/histoire-en-citations.fr\/WP\/vergniaud-hommes-de-la-gironde-levez-vous-si-vous-developpez-une-grande-energie-vous-forcerez-a-la-paix-des-hommes-qui-provoquent-la-guerre-civile#1509\">\u00ab\u00a0Croyez que le petit-bourgeois est le plus cruel ennemi des sans-culottes, parce qu\u2019il est plus pr\u00e8s d\u2019eux.\u00a0\u00bb<\/a><\/p>\n<p class=\"auteur\"><cite>Journal de la Montagne<\/cite>, 13\u00a0juin 1793<\/p>\n\n<\/blockquote><\/div>\n<\/div>\n<\/div>\n<\/div><\/div>\n<\/div>\n<div class=\"views-row views-row-7 views-row-odd\">\n<div class=\"views-field views-field-field-index-collection\">\n<div class=\"field-content\">\n<div class=\"field-collection-view clearfix view-mode-full field-collection-view-final\">\n<div class=\"entity entity-field-collection-item field-collection-item-field-index-collection clearfix\">\n<div class=\"content\">\n<blockquote>\n<p class=\"citation-small\"><a href=\"https:\/\/histoire-en-citations.fr\/WP\/les-appels-dans-lhistoire-du-moyen-age-a-la-revolution#1523\">\u00ab\u00a0Mettre \u00e0 la gueule du canon tous les accapareurs, les financiers, les avocats, les calotins, et tous les bougres qui n\u2019ont v\u00e9cu jusqu\u2019\u00e0 pr\u00e9sent que pour le malheur public.\u00a0\u00bb<\/a><\/p>\n<p class=\"auteur\"><span class=\"author\"><span class=\"surname\">Jacques <\/span><span class=\"name\">H\u00c9BERT<\/span><\/span> (1757-1794), <cite>Le P\u00e8re Duchesne<\/cite>, fin juillet\u00a01793<\/p>\n\n<\/blockquote><\/div>\n<\/div>\n<\/div>\n<\/div><\/div>\n<\/div>\n<div class=\"views-row views-row-8 views-row-even\">\n<div class=\"views-field views-field-field-index-collection\">\n<div class=\"field-content\">\n<div class=\"field-collection-view clearfix view-mode-full field-collection-view-final\">\n<div class=\"entity entity-field-collection-item field-collection-item-field-index-collection clearfix\">\n<div class=\"content\">\n<blockquote>\n<p class=\"citation-small\"><a href=\"https:\/\/histoire-en-citations.fr\/WP\/les-mysteres-de-lhistoire-de-louis-xiv-a-napoleon#1543\">\u00ab\u00a0La plus grande joie du P\u00e8re Duchesne apr\u00e8s avoir vu de ses propres yeux la t\u00eate du Veto femelle s\u00e9par\u00e9e de son col de grue et sa grande col\u00e8re contre les deux avocats du diable qui ont os\u00e9 plaider la cause de cette guenon.\u00a0\u00bb<\/a><\/p>\n<p class=\"auteur\"><span class=\"author\"><span class=\"surname\">Jacques <\/span><span class=\"name\">H\u00c9BERT<\/span><\/span> (1757-1794), <cite>Le P\u00e8re Duchesne<\/cite>, n\u00b0\u00a0299, titre du journal au lendemain du 16\u00a0octobre\u00a01793<\/p>\n\n<\/blockquote><\/div>\n<\/div>\n<\/div>\n<\/div><\/div>\n<\/div>\n<div class=\"views-row views-row-9 views-row-odd\">\n<div class=\"views-field views-field-field-index-collection\">\n<div class=\"field-content\">\n<div class=\"field-collection-view clearfix view-mode-full field-collection-view-final\">\n<div class=\"entity entity-field-collection-item field-collection-item-field-index-collection clearfix\">\n<div class=\"content\">\n<blockquote>\n<p class=\"citation-small\"><a href=\"https:\/\/histoire-en-citations.fr\/WP\/lhistoire-en-chantant-la-revolution-et-le-directoire#1580\">\u00ab\u00a0Son foutu m\u00e2tin de journal \/ Nous a bougrement fait de mal,Qu\u2019on le foute \u00e0 la guillotine \/ Et toute sa clique coquine,Ah\u00a0! ah\u00a0! ah\u00a0! mais vraiment \/ Guillotinez-les proprement.\u00a0\u00bb<\/a><\/p>\n<p class=\"auteur\"><span class=\"author\"><span class=\"name\">BEAUCHANT<\/span><\/span> (fin du XVIII<sup>e<\/sup> si\u00e8cle), <cite>Impromptu sur le raccourcissement du P\u00e8re Duchesne<\/cite>, printemps 1794, chanson<\/p>\n\n<\/blockquote><\/div>\n<\/div>\n<\/div>\n<\/div><\/div>\n<\/div>\n<div class=\"views-row views-row-10 views-row-even\">\n<div class=\"views-field views-field-field-index-collection\">\n<div class=\"field-content\">\n<div class=\"field-collection-view clearfix view-mode-full field-collection-view-final\">\n<div class=\"entity entity-field-collection-item field-collection-item-field-index-collection clearfix\">\n<div class=\"content\">\n<blockquote>\n<p class=\"citation-small\"><a href=\"https:\/\/histoire-en-citations.fr\/WP\/la-guerre-histoire-en-citations-dune-tragedie-seculaire-et-quotidienne-napoleon#1649\">\u00ab\u00a0Napol\u00e9on vole comme l\u2019\u00e9clair et frappe comme la foudre. Il est partout et il voit tout. Il sait qu\u2019il est des hommes dont le pouvoir n\u2019a d\u2019autres bornes que leur volont\u00e9, quand la vertu des plus sublimes vertus seconde un vaste g\u00e9nie.\u00a0\u00bb<\/a><\/p>\n<p class=\"auteur\"><cite>La France vue de l\u2019arm\u00e9e d\u2019Italie<\/cite>, 1797<\/p>\n\n<\/blockquote><\/div>\n<\/div>\n<\/div>\n<\/div><\/div>\n<\/div>\n<div class=\"views-row views-row-11 views-row-odd\">\n<div class=\"views-field views-field-field-index-collection\">\n<div class=\"field-content\">\n<div class=\"field-collection-view clearfix view-mode-full field-collection-view-final\">\n<div class=\"entity entity-field-collection-item field-collection-item-field-index-collection clearfix\">\n<div class=\"content\">\n<blockquote>\n<p class=\"citation-small\"><a href=\"https:\/\/histoire-en-citations.fr\/WP\/paroles-de-papes-breve-histoire-de-la-religion-en-france-du-siecle-de-louis-xiv-a-nos-jours#1797\">\u00ab\u00a0Je jure de maintenir l\u2019int\u00e9grit\u00e9 du territoire de la R\u00e9publique, de respecter et de faire respecter l\u2019\u00e9galit\u00e9 des droits, la libert\u00e9 politique et civile, de gouverner dans la seule vue de l\u2019int\u00e9r\u00eat, du bonheur et de la gloire du peuple fran\u00e7ais.\u00a0\u00bb<\/a><\/p>\n<p class=\"auteur\"><span class=\"author\"><span class=\"name\">NAPOL\u00c9ON\u00a0I<sup>er<\/sup><\/span><\/span> (1769-1821), cath\u00e9drale Notre-Dame de Paris, le jour de son sacre par Pie VII, 2\u00a0d\u00e9cembre 1804<\/p>\n\n<\/blockquote><\/div>\n<\/div>\n<\/div>\n<\/div><\/div>\n<\/div>\n<div class=\"views-row views-row-12 views-row-even\">\n<div class=\"views-field views-field-field-index-collection\">\n<div class=\"field-content\">\n<div class=\"field-collection-view clearfix view-mode-full field-collection-view-final\">\n<div class=\"entity entity-field-collection-item field-collection-item-field-index-collection clearfix\">\n<div class=\"content\">\n<blockquote>\n<p class=\"citation-small\"><a href=\"https:\/\/histoire-en-citations.fr\/WP\/qui-a-dit-quoi-de-qui-directoire-consulat-et-premier-empire#1811\">\u00ab\u00a0La libert\u00e9 de la pens\u00e9e est la premi\u00e8re conqu\u00eate du si\u00e8cle. L\u2019Empereur veut qu\u2019elle soit conserv\u00e9e.\u00a0\u00bb<\/a><\/p>\n<p class=\"auteur\"><span class=\"author\"><span class=\"name\">NAPOL\u00c9ON\u00a0I<sup>er<\/sup><\/span><\/span> (1769-1821), <cite>Le Moniteur<\/cite>, 22\u00a0janvier 1806<\/p>\n\n<\/blockquote><\/div>\n<\/div>\n<\/div>\n<\/div><\/div>\n<\/div>\n<div class=\"views-row views-row-13 views-row-odd\">\n<div class=\"views-field views-field-field-index-collection\">\n<div class=\"field-content\">\n<div class=\"field-collection-view clearfix view-mode-full field-collection-view-final\">\n<div class=\"entity entity-field-collection-item field-collection-item-field-index-collection clearfix\">\n<div class=\"content\">\n<blockquote>\n<p class=\"citation-small\"><a href=\"https:\/\/histoire-en-citations.fr\/WP\/napoleon-super-star-de-lhistoire-3e-episode-lempereur-absolu-pour-le-meilleur-et-pour-le-pire#1861\">\u00ab\u00a0L\u2019Empereur, si puissant, si victorieux, n\u2019est inquiet que d\u2019une chose au monde\u00a0: les gens qui parlent et, \u00e0 leur d\u00e9faut, les gens qui pensent.\u00a0\u00bb<\/a><\/p>\n<p class=\"auteur\"><span class=\"author\"><span class=\"surname\">Comte de <\/span><span class=\"name\">NARBONNE<\/span><\/span> (1755-1813), \u00e0 Vuillemain, lors d\u2019une visite \u00e0 l\u2019\u00c9cole normale en 1812<\/p>\n\n<\/blockquote><\/div>\n<\/div>\n<\/div>\n<\/div><\/div>\n<\/div>\n<div class=\"views-row views-row-14 views-row-even\">\n<div class=\"views-field views-field-field-index-collection\">\n<div class=\"field-content\">\n<div class=\"field-collection-view clearfix view-mode-full field-collection-view-final\">\n<div class=\"entity entity-field-collection-item field-collection-item-field-index-collection clearfix\">\n<div class=\"content\">\n<blockquote>\n<p class=\"citation-small\"><a href=\"https:\/\/histoire-en-citations.fr\/WP\/lopinion-publique-des-francais-de-la-revolution-a-la-troisieme-republique#1971\">\u00ab\u00a0Une opinion ne devient pas criminelle en devenant publique.\u00a0\u00bb<\/a><\/p>\n<p class=\"auteur\"><span class=\"author\"><span class=\"surname\">Comte de <\/span><span class=\"name\">SERRE<\/span><\/span> (1776-1824), pr\u00e9ambule des trois lois favorables \u00e0 la libert\u00e9 de la presse, 22\u00a0mars\u00a01819<\/p>\n\n<\/blockquote><\/div>\n<\/div>\n<\/div>\n<\/div><\/div>\n<\/div>\n<div class=\"views-row views-row-15 views-row-odd\">\n<div class=\"views-field views-field-field-index-collection\">\n<div class=\"field-content\">\n<div class=\"field-collection-view clearfix view-mode-full field-collection-view-final\">\n<div class=\"entity entity-field-collection-item field-collection-item-field-index-collection clearfix\">\n<div class=\"content\">\n<blockquote>\n<p class=\"citation-small\"><a href=\"https:\/\/histoire-en-citations.fr\/WP\/lopinion-publique-des-francais-de-la-revolution-a-la-troisieme-republique#1972\">\u00ab\u00a0La libert\u00e9 de la presse, c\u2019est l\u2019expansion et l\u2019impulsion de la vapeur dans l\u2019ordre intellectuel, force terrible mais vivifiante, qui porte et r\u00e9pand en un clin d\u2019\u0153il les faits et les id\u00e9es sur toute la face de la terre.\u00a0\u00bb<\/a><\/p>\n<p class=\"auteur\"><span class=\"author\"><span class=\"surname\">Fran\u00e7ois <\/span><span class=\"name\">GUIZOT<\/span><\/span> (1787-1874), <cite>M\u00e9moires pour servir \u00e0 l\u2019histoire de mon temps<\/cite> (1858-1867)<\/p>\n\n<\/blockquote><\/div>\n<\/div>\n<\/div>\n<\/div><\/div>\n<\/div>\n<div class=\"views-row views-row-16 views-row-even\">\n<div class=\"views-field views-field-field-index-collection\">\n<div class=\"field-content\">\n<div class=\"field-collection-view clearfix view-mode-full field-collection-view-final\">\n<div class=\"entity entity-field-collection-item field-collection-item-field-index-collection clearfix\">\n<div class=\"content\">\n<blockquote>\n<p class=\"citation-small\"><a href=\"https:\/\/histoire-en-citations.fr\/WP\/portrait-de-talleyrand-en-citations#1985\">\u00ab\u00a0Il y a quelqu\u2019un qui a plus d\u2019esprit que Voltaire, c\u2019est tout le monde.\u00a0\u00bb<\/a><\/p>\n<p class=\"auteur\"><span class=\"author\"><span class=\"name\">TALLEYRAND<\/span><\/span> (1754-1838), d\u00e9fendant la libert\u00e9 de la presse contre la censure, 24\u00a0juin 1821<\/p>\n\n<\/blockquote><\/div>\n<\/div>\n<\/div>\n<\/div><\/div>\n<\/div>\n<div class=\"views-row views-row-17 views-row-odd\">\n<div class=\"views-field views-field-field-index-collection\">\n<div class=\"field-content\">\n<div class=\"field-collection-view clearfix view-mode-full field-collection-view-final\">\n<div class=\"entity entity-field-collection-item field-collection-item-field-index-collection clearfix\">\n<div class=\"content\">\n<blockquote>\n<p class=\"citation-small\"><a href=\"https:\/\/histoire-en-citations.fr\/WP\/louis-xviii-que-voulez-vous-il-a-conspire-contre-louis-xvi-il-a-conspire-contre-moi-il-conspirera-contre-lui-meme#1990\">\u00ab\u00a0La d\u00e9mocratie coule \u00e0 pleins bords dans la France, telle que les si\u00e8cles et les \u00e9v\u00e9nements l\u2019ont faite.\u00a0\u00bb<\/a><\/p>\n<p class=\"auteur\"><span class=\"author\"><span class=\"surname\">Pierre-Paul <\/span><span class=\"name\">ROYER-COLLARD<\/span><\/span> (1763-1845), Chambre des d\u00e9put\u00e9s, 22\u00a0janvier 1822<\/p>\n\n<\/blockquote><\/div>\n<\/div>\n<\/div>\n<\/div><\/div>\n<\/div>\n<div class=\"views-row views-row-18 views-row-even\">\n<div class=\"views-field views-field-field-index-collection\">\n<div class=\"field-content\">\n<div class=\"field-collection-view clearfix view-mode-full field-collection-view-final\">\n<div class=\"entity entity-field-collection-item field-collection-item-field-index-collection clearfix\">\n<div class=\"content\">\n<blockquote>\n<p class=\"citation-small\"><a href=\"https:\/\/histoire-en-citations.fr\/WP\/lhistoire-en-caricatures-de-la-restauration-a-la-monarchie-de-juillet#1997\">\u00ab\u00a0L\u2019\u00e9poque actuelle sera difficile \u00e0 expliquer \u00e0 nos arri\u00e8re-neveux.\u00a0\u00bb<\/a><\/p>\n<p class=\"auteur\"><cite>Le Constitutionnel<\/cite>, \u00e0 propos de la loi sur le sacril\u00e8ge, avril\u00a01825<\/p>\n\n<\/blockquote><\/div>\n<\/div>\n<\/div>\n<\/div><\/div>\n<\/div>\n<div class=\"views-row views-row-19 views-row-odd\">\n<div class=\"views-field views-field-field-index-collection\">\n<div class=\"field-content\">\n<div class=\"field-collection-view clearfix view-mode-full field-collection-view-final\">\n<div class=\"entity entity-field-collection-item field-collection-item-field-index-collection clearfix\">\n<div class=\"content\">\n<blockquote>\n<p class=\"citation-small\"><a href=\"https:\/\/histoire-en-citations.fr\/WP\/limpertinence-a-la-francaise-une-vertu-nationale-de-la-revolution-a-nos-jours#2001\">\u00ab\u00a0La Cour rend des arr\u00eats, et non pas des services.\u00a0\u00bb<\/a><\/p>\n<p class=\"auteur\"><span class=\"author\"><span class=\"surname\">Antoine <\/span><span class=\"name\">S\u00c9GUIER<\/span><\/span> (1768-1848), r\u00e9ponse au garde des Sceaux Peyronnet lui demandant d\u2019arranger les choses, dans un proc\u00e8s contre la presse, janvier\u00a01826<\/p>\n\n<\/blockquote><\/div>\n<\/div>\n<\/div>\n<\/div><\/div>\n<\/div>\n<div class=\"views-row views-row-20 views-row-even\">\n<div class=\"views-field views-field-field-index-collection\">\n<div class=\"field-content\">\n<div class=\"field-collection-view clearfix view-mode-full field-collection-view-final\">\n<div class=\"entity entity-field-collection-item field-collection-item-field-index-collection clearfix\">\n<div class=\"content\">\n<blockquote>\n<p class=\"citation-small\"><a href=\"https:\/\/histoire-en-citations.fr\/WP\/lecture-recommandee-en-temps-de-vacances-les-memoires-du-xvie-siecle-a-la-monarchie-de-juillet#2002\">\u00ab\u00a0Autant proposer une loi en un seul article, qui dirait\u00a0: L\u2019imprimerie est supprim\u00e9e en France au profit de la Belgique.\u00a0\u00bb<\/a><\/p>\n<p class=\"auteur\"><span class=\"author\"><span class=\"surname\">Casimir <\/span><span class=\"name\">P\u00c9RIER<\/span><\/span> (1777-1832), \u00e0 propos du projet de loi sur la police de la presse, Chambre des d\u00e9put\u00e9s, 29\u00a0d\u00e9cembre\u00a01826.<br>Mot \u00e9galement attribu\u00e9, selon quelques sources, \u00e0 <span class=\"author\"><span class=\"name\">ROYER-COLLARD<\/span><\/span> (1763-1845), autre d\u00e9put\u00e9 lib\u00e9ral<\/p>\n\n<\/blockquote><\/div>\n<\/div>\n<\/div>\n<\/div><\/div>\n<\/div>\n<div class=\"views-row views-row-21 views-row-odd\">\n<div class=\"views-field views-field-field-index-collection\">\n<div class=\"field-content\">\n<div class=\"field-collection-view clearfix view-mode-full field-collection-view-final\">\n<div class=\"entity entity-field-collection-item field-collection-item-field-index-collection clearfix\">\n<div class=\"content\">\n<blockquote>\n<p class=\"citation-small\"><a href=\"https:\/\/histoire-en-citations.fr\/WP\/lhistoire-en-caricatures-monarchie-de-juillet-et-deuxieme-republique#2003\">\u00ab\u00a0J\u2019ai aid\u00e9 \u00e0 conqu\u00e9rir celle de nos libert\u00e9s qui les vaut toutes, la libert\u00e9 de la presse.\u00a0\u00bb<\/a><\/p>\n<p class=\"auteur\"><span class=\"author\"><span class=\"surname\">Fran\u00e7ois Ren\u00e9 de <\/span><span class=\"name\">CHATEAUBRIAND<\/span><\/span> (1768-1848), <cite>M\u00e9moires d\u2019outre-tombe<\/cite> (posthume)<\/p>\n\n<\/blockquote><\/div>\n<\/div>\n<\/div>\n<\/div><\/div>\n<\/div>\n<div class=\"views-row views-row-22 views-row-even\">\n<div class=\"views-field views-field-field-index-collection\">\n<div class=\"field-content\">\n<div class=\"field-collection-view clearfix view-mode-full field-collection-view-final\">\n<div class=\"entity entity-field-collection-item field-collection-item-field-index-collection clearfix\">\n<div class=\"content\">\n<blockquote>\n<p class=\"citation-small\"><a href=\"https:\/\/histoire-en-citations.fr\/WP\/qui-a-dit-quoi-de-qui-restauration-et-monarchie-de-juillet#2007\">\u00ab\u00a0C\u2019est la le\u00e7on d\u2019un p\u00e8re qui laisse toujours percer sa sollicitude \u00e0 travers sa s\u00e9v\u00e9rit\u00e9 ou pour mieux dire sa pr\u00e9voyance.\u00a0\u00bb<\/a><\/p>\n<p class=\"auteur\"><cite>Le Moniteur<\/cite>, 24\u00a0juin 1827<\/p>\n\n<\/blockquote><\/div>\n<\/div>\n<\/div>\n<\/div><\/div>\n<\/div>\n<div class=\"views-row views-row-23 views-row-odd\">\n<div class=\"views-field views-field-field-index-collection\">\n<div class=\"field-content\">\n<div class=\"field-collection-view clearfix view-mode-full field-collection-view-final\">\n<div class=\"entity entity-field-collection-item field-collection-item-field-index-collection clearfix\">\n<div class=\"content\">\n<blockquote>\n<p class=\"citation-small\"><a href=\"https:\/\/histoire-en-citations.fr\/WP\/patrimoine-historique-tresor-national-et-passion-francaise-de-la-revolution-a-nos-jours#2043\">\u00ab\u00a0La presse est un \u00e9l\u00e9ment jadis ignor\u00e9, une force autrefois inconnue, introduite maintenant dans le monde\u00a0; c\u2019est la parole \u00e0 l\u2019\u00e9tat de foudre\u00a0: c\u2019est l\u2019\u00e9lectricit\u00e9 sociale. Plus vous pr\u00e9tendrez la comprimer, plus l\u2019explosion sera violente.\u00a0\u00bb<\/a><\/p>\n<p class=\"auteur\"><span class=\"author\"><span class=\"surname\">Fran\u00e7ois Ren\u00e9 de <\/span><span class=\"name\">CHATEAUBRIAND<\/span><\/span> (1768-1848), <cite>M\u00e9moires d\u2019outre-tombe<\/cite> (posthume)<\/p>\n\n<\/blockquote><\/div>\n<\/div>\n<\/div>\n<\/div><\/div>\n<\/div>\n<div class=\"views-row views-row-24 views-row-even\">\n<div class=\"views-field views-field-field-index-collection\">\n<div class=\"field-content\">\n<div class=\"field-collection-view clearfix view-mode-full field-collection-view-final\">\n<div class=\"entity entity-field-collection-item field-collection-item-field-index-collection clearfix\">\n<div class=\"content\">\n<blockquote>\n<p class=\"citation-small\"><a href=\"https:\/\/histoire-en-citations.fr\/WP\/histoire-litterature-lhistoire-ecrite-par-les-historiens-de-napoleon-a-nos-jours#2077\">\u00ab\u00a0Le chol\u00e9ra-blocus a succ\u00e9d\u00e9 au chol\u00e9ra-morbus.\u00a0\u00bb<\/a><\/p>\n<p class=\"auteur\">Journaux d\u2019opposition<\/p>\n\n<\/blockquote><\/div>\n<\/div>\n<\/div>\n<\/div><\/div>\n<\/div>\n<div class=\"views-row views-row-25 views-row-odd views-row-last\">\n<div class=\"views-field views-field-field-index-collection\">\n<div class=\"field-content\">\n<div class=\"field-collection-view clearfix view-mode-full field-collection-view-final\">\n<div class=\"entity entity-field-collection-item field-collection-item-field-index-collection clearfix\">\n<div class=\"content\">\n<blockquote>\n<p class=\"citation-small\"><a href=\"https:\/\/histoire-en-citations.fr\/WP\/citations-referentielles-le-miroir-de-lhistoire-restauration-monarchie-de-juillet-deuxieme-republique#2088\">\u00ab\u00a0La grande passion de ces temps-ci, c\u2019est [\u2026] la passion de l\u2019avenir, c\u2019est la passion du perfectionnement social [\u2026] Eh bien\u00a0: l\u2019instrument de cette passion actuelle du monde moral, c\u2019est la presse, c\u2019est l\u2019outil de la civilisation.\u00a0\u00bb<\/a><\/p>\n<p class=\"auteur\"><span class=\"author\"><span class=\"surname\">Alphonse de <\/span><span class=\"name\">LAMARTINE<\/span><\/span> (1790-1869), Chambre des d\u00e9put\u00e9s, 21\u00a0ao\u00fbt 1835<\/p>\n\n<\/blockquote><\/div>\n<\/div>\n<\/div>\n<\/div><\/div>\n<\/div>\n<\/div>\n<h2 class=\"element-invisible\">Pages<\/h2>\n<ul class=\"pagination pagination-lg pull-right\">\n<li class=\"active\"><a href=\"https:\/\/histoire-en-citations.fr\/WP\/indexation\/\">1<\/a><\/li>\n<li class=\"pager-item\"><a title=\"Aller \u00e0 la page 2\" href=\"https:\/\/histoire-en-citations.fr\/WP\/presse-journal\/\">2<\/a><\/li>\n<li class=\"pager-item\"><a title=\"Aller \u00e0 la page 3\" href=\"https:\/\/histoire-en-citations.fr\/WP\/presse-journal\/\">3<\/a><\/li>\n<li class=\"pager-item\"><a title=\"Aller \u00e0 la page 4\" href=\"https:\/\/histoire-en-citations.fr\/WP\/presse-journal\/\">4<\/a><\/li>\n<li class=\"pager-next\"><a title=\"Aller \u00e0 la page suivante\" href=\"https:\/\/histoire-en-citations.fr\/WP\/presse-journal\/\">suivant\u00a0\u203a<\/a><\/li>\n<li class=\"pager-last\"><a title=\"Aller \u00e0 la derni\u00e8re page\" href=\"https:\/\/histoire-en-citations.fr\/WP\/presse-journal\/\">dernier\u00a0\u00bb<\/a><\/li>\n<\/ul>\n<\/div><\/div>\n<style>\r\n        a .cit-num {\r\n            text-decoration: none !important;\r\n            color: inherit !important;\r\n        }\r\n    <\/style>","protected":false},"excerpt":{"rendered":"<p>Affichage de 1 &#8211; 25 sur 90. \u00ab&nbsp;Les grands ne sont grands que parce que nous sommes \u00e0 genoux&nbsp;: levons-nous&nbsp;!&nbsp;\u00bb1274Pierre Victurnien VERGNIAUD (1753-1793) et \u00c9lis\u00e9e (de) LOUSTALOT (1762-1790), devise en t\u00eate du journal de Louis-Marie Prudhomme, Les R\u00e9volutions de Paris \u00ab&nbsp;Il y a une ann\u00e9e que cinq ou six cents t\u00eates abattues vous auraient rendus [&#8230;]<\/p>\n","protected":false},"author":1,"featured_media":0,"parent":0,"menu_order":0,"comment_status":"closed","ping_status":"closed","template":"","meta":{"site-sidebar-layout":"default","site-content-layout":"","ast-site-content-layout":"default","site-content-style":"default","site-sidebar-style":"default","ast-global-header-display":"","ast-banner-title-visibility":"","ast-main-header-display":"","ast-hfb-above-header-display":"","ast-hfb-below-header-display":"","ast-hfb-mobile-header-display":"","site-post-title":"","ast-breadcrumbs-content":"","ast-featured-img":"","footer-sml-layout":"","theme-transparent-header-meta":"","adv-header-id-meta":"","stick-header-meta":"","header-above-stick-meta":"","header-main-stick-meta":"","header-below-stick-meta":"","astra-migrate-meta-layouts":"default","ast-page-background-enabled":"default","ast-page-background-meta":{"desktop":{"background-color":"var(--ast-global-color-5)","background-image":"","background-repeat":"repeat","background-position":"center center","background-size":"auto","background-attachment":"scroll","background-type":"","background-media":"","overlay-type":"","overlay-color":"","overlay-opacity":"","overlay-gradient":""},"tablet":{"background-color":"","background-image":"","background-repeat":"repeat","background-position":"center center","background-size":"auto","background-attachment":"scroll","background-type":"","background-media":"","overlay-type":"","overlay-color":"","overlay-opacity":"","overlay-gradient":""},"mobile":{"background-color":"","background-image":"","background-repeat":"repeat","background-position":"center center","background-size":"auto","background-attachment":"scroll","background-type":"","background-media":"","overlay-type":"","overlay-color":"","overlay-opacity":"","overlay-gradient":""}},"ast-content-background-meta":{"desktop":{"background-color":"var(--ast-global-color-4)","background-image":"","background-repeat":"repeat","background-position":"center center","background-size":"auto","background-attachment":"scroll","background-type":"","background-media":"","overlay-type":"","overlay-color":"","overlay-opacity":"","overlay-gradient":""},"tablet":{"background-color":"var(--ast-global-color-4)","background-image":"","background-repeat":"repeat","background-position":"center center","background-size":"auto","background-attachment":"scroll","background-type":"","background-media":"","overlay-type":"","overlay-color":"","overlay-opacity":"","overlay-gradient":""},"mobile":{"background-color":"var(--ast-global-color-4)","background-image":"","background-repeat":"repeat","background-position":"center center","background-size":"auto","background-attachment":"scroll","background-type":"","background-media":"","overlay-type":"","overlay-color":"","overlay-opacity":"","overlay-gradient":""}},"iawp_total_views":6,"footnotes":""},"class_list":["post-10783","page","type-page","status-publish","hentry"],"_links":{"self":[{"href":"https:\/\/histoire-en-citations.fr\/WP\/wp-json\/wp\/v2\/pages\/10783","targetHints":{"allow":["GET"]}}],"collection":[{"href":"https:\/\/histoire-en-citations.fr\/WP\/wp-json\/wp\/v2\/pages"}],"about":[{"href":"https:\/\/histoire-en-citations.fr\/WP\/wp-json\/wp\/v2\/types\/page"}],"author":[{"embeddable":true,"href":"https:\/\/histoire-en-citations.fr\/WP\/wp-json\/wp\/v2\/users\/1"}],"replies":[{"embeddable":true,"href":"https:\/\/histoire-en-citations.fr\/WP\/wp-json\/wp\/v2\/comments?post=10783"}],"version-history":[{"count":4,"href":"https:\/\/histoire-en-citations.fr\/WP\/wp-json\/wp\/v2\/pages\/10783\/revisions"}],"predecessor-version":[{"id":13607,"href":"https:\/\/histoire-en-citations.fr\/WP\/wp-json\/wp\/v2\/pages\/10783\/revisions\/13607"}],"wp:attachment":[{"href":"https:\/\/histoire-en-citations.fr\/WP\/wp-json\/wp\/v2\/media?parent=10783"}],"curies":[{"name":"wp","href":"https:\/\/api.w.org\/{rel}","templated":true}]}}